{"id":543,"date":"2017-04-03T22:52:31","date_gmt":"2017-04-03T20:52:31","guid":{"rendered":"http:\/\/www.muenster.org\/zwar-wolbeck\/?page_id=543"},"modified":"2025-01-29T21:04:51","modified_gmt":"2025-01-29T20:04:51","slug":"planung-2","status":"publish","type":"page","link":"https:\/\/www.muenster.org\/zwar-wolbeck\/planung-2\/","title":{"rendered":"Freizeittipp"},"content":{"rendered":"<div class=\"beschreibung\">\n<div class=\"veranstaltungsdaten\">\n<ul>\n<li class=\"titel\" style=\"text-align: justify;\"><span style=\"font-family: helvetica, arial, sans-serif; font-size: 14pt; color: #003300;\">Faltenrock-Party: Samstag, 22.02.25 ab 18 Uhr Faltenrock-Party des B-Side Kulturvereins, eine \u00dc60-Party. Im Februar als &#8222;Rock spezial.&#8220; Die besten Grooves zum Tanzen. DJs: Kersten und Burkhard &#8211; das garantiert eine bunte Rock- und Pop-Mischung mit den \u00fcblichen Regeln (keine Schlager). Endlich ist es soweit, das beliebte, ehrenamtlich organisierte \u00dc60-Tanzformat findet erstmalig in der renovierten B-Side am Hafen statt. U60 muss von \u00dc60 begleitet werden. Am Mittelhafen 42; Beginn: 18:00 Uhr &#8211; Ende: 23:00 Uhr &#8211; Eintritt: 8\u20ac.<\/span><\/li>\n<\/ul>\n<\/div>\n<div class=\"veranstaltungsdaten\">\n<ul>\n<li class=\"titel\" style=\"text-align: justify;\"><span style=\"font-size: 14pt; font-family: helvetica, arial, sans-serif; color: #003300;\">Kino und Kaffee. Regelm\u00e4\u00dfig wird im Cinema an der Warendorfer Stra\u00dfe ein aktueller Film gezeigt, der einem \u00e4lteren Publikum besonders empfohlen werden kann. Am Donnerstag, 28. November, um 14.30 Uhr ist der polnisch-schwedische Film &#8222;Frau aus Freiheit&#8220; zu sehen, der im Polen der fr\u00fchen 1980er Jahren spielt. Die dargestellten gesellschaftlichen Themen sind auch im heutigen Polen von h\u00f6chster Brisanz.<br \/>\n<\/span>&#8211;<\/li>\n<li class=\"titel\" style=\"text-align: justify;\"><span style=\"font-size: 14pt; font-family: helvetica, arial, sans-serif; color: #003300;\">M\u00fcnsters Senioren-Zeitung online &#8211; Kritisch, informativ und unterhaltsam spricht M\u00fcnsters Senioren Zeitung (MSZ) seit 1981; Vor allem die Interessen und Belange der \u00e4lteren Generation an. Elf ehrenamtlich t\u00e4tige Redakteurinnen und Redakteuren betreut das viertelj\u00e4hrlich erscheinende Magazin &#8211; von der Themenfindung bis zum Layout. Jetzt ist die MSZ auch online abrufbar.<br \/>\n<\/span><\/li>\n<\/ul>\n<\/div>\n<\/div>\n<p style=\"text-align: justify;\"><span style=\"font-size: 14pt; color: #003300; font-family: helvetica, arial, sans-serif;\"><strong>********* ********* ********* ********* ********* ********* *********<br \/>\n<\/strong><\/span><\/p>\n<p style=\"text-align: justify;\"><span style=\"font-size: 14pt; font-family: helvetica, arial, sans-serif; color: #003300;\">\u00a0\u00a0\u00a0\u00a0\u00a0\u00a0\u00a0\u00a0\u00a0\u00a0\u00a0\u00a0\u00a0\u00a0\u00a0\u00a0\u00a0\u00a0\u00a0\u00a0\u00a0\u00a0\u00a0\u00a0\u00a0\u00a0\u00a0\u00a0\u00a0 \u00a0 \u00a0 \u00a0 \u00a0 \u00a0 \u00a0 \u00a0 \u00a0 \u00a0 \u00a0 \u00a0 \u00a0 \u00a0 \u00a0 \u00a0 \u00a0 \u00a0 \u00a0 \u00a0 \u00a0 \u00a0 \u00a0 \u00a0 \u00a0 <em>Vorschl\u00e4ge: U<\/em><em>nterschiedlich<\/em><br \/>\n<\/span><\/p>\n","protected":false},"excerpt":{"rendered":"<p>Faltenrock-Party: Samstag, 22.02.25 ab 18 Uhr Faltenrock-Party des B-Side Kulturvereins, eine \u00dc60-Party. Im Februar als &#8222;Rock spezial.&#8220; Die besten Grooves zum Tanzen. DJs: Kersten und Burkhard &#8211; das garantiert eine bunte Rock- und Pop-Mischung mit den \u00fcblichen Regeln (keine Schlager). &hellip; <a href=\"https:\/\/www.muenster.org\/zwar-wolbeck\/planung-2\/\">Weiterlesen <span class=\"meta-nav\">&rarr;<\/span><\/a><\/p>\n","protected":false},"author":1,"featured_media":0,"parent":0,"menu_order":0,"comment_status":"closed","ping_status":"closed","template":"","meta":{"_bbp_topic_count":0,"_bbp_reply_count":0,"_bbp_total_topic_count":0,"_bbp_total_reply_count":0,"_bbp_voice_count":0,"_bbp_anonymous_reply_count":0,"_bbp_topic_count_hidden":0,"_bbp_reply_count_hidden":0,"_bbp_forum_subforum_count":0,"footnotes":""},"class_list":["post-543","page","type-page","status-publish","hentry"],"_links":{"self":[{"href":"https:\/\/www.muenster.org\/zwar-wolbeck\/wp-json\/wp\/v2\/pages\/543","targetHints":{"allow":["GET"]}}],"collection":[{"href":"https:\/\/www.muenster.org\/zwar-wolbeck\/wp-json\/wp\/v2\/pages"}],"about":[{"href":"https:\/\/www.muenster.org\/zwar-wolbeck\/wp-json\/wp\/v2\/types\/page"}],"author":[{"embeddable":true,"href":"https:\/\/www.muenster.org\/zwar-wolbeck\/wp-json\/wp\/v2\/users\/1"}],"replies":[{"embeddable":true,"href":"https:\/\/www.muenster.org\/zwar-wolbeck\/wp-json\/wp\/v2\/comments?post=543"}],"version-history":[{"count":327,"href":"https:\/\/www.muenster.org\/zwar-wolbeck\/wp-json\/wp\/v2\/pages\/543\/revisions"}],"predecessor-version":[{"id":2947,"href":"https:\/\/www.muenster.org\/zwar-wolbeck\/wp-json\/wp\/v2\/pages\/543\/revisions\/2947"}],"wp:attachment":[{"href":"https:\/\/www.muenster.org\/zwar-wolbeck\/wp-json\/wp\/v2\/media?parent=543"}],"curies":[{"name":"wp","href":"https:\/\/api.w.org\/{rel}","templated":true}]}}