{"id":21,"date":"2016-07-08T16:36:16","date_gmt":"2016-07-08T14:36:16","guid":{"rendered":"http:\/\/www.muenster.org\/zwar-wolbeck\/?page_id=21"},"modified":"2019-11-06T20:11:27","modified_gmt":"2019-11-06T19:11:27","slug":"gruppen","status":"publish","type":"page","link":"https:\/\/www.muenster.org\/zwar-wolbeck\/gruppen\/","title":{"rendered":"Gruppen"},"content":{"rendered":"<p style=\"text-align: justify;\"><span style=\"color: #003300; font-size: 14pt; font-family: helvetica, arial, sans-serif;\">Hier finden Sie die regelm\u00e4\u00dfigen Interessengruppen, die sich einem Thema widmen. Sie k\u00f6nnen jede Gruppe anklicken und erfahren, wann die Treffen stattfinden<em>. <\/em>Wenn Sie eine Gruppe anspricht, k\u00f6nnen Sie einfach mit der entsprechenden Kontaktperson Kontakt aufnehmen. \u00a0<\/span><\/p>\n<p style=\"text-align: justify;\"><span style=\"font-family: helvetica, arial, sans-serif; font-size: 14pt; color: #003300;\"><strong><u>Info<\/u><\/strong>: <em><span style=\"font-size: 12pt;\">Mit dem PC sind die unter Gruppen aufgef\u00fchrten Untermen\u00fcs (verschiedene Gruppen) gut zu \u00f6ffnen. Mit dem Smartphone sollten Sie f\u00fcr zwei Sekunden auf \u201eGruppen\u201c dr\u00fccken. Es \u00f6ffnet sich ein wei\u00dfes Pop-Up-Men\u00fc. Sie sollten nicht auf die Aufforderungen klicken, sondern neben dem Pop-Up-Men\u00fc oder darunter. Anschlie\u00dfend k\u00f6nnen Sie die Untermen\u00fcs \u00f6ffnen.<\/span><\/em><\/span><\/p>\n<p style=\"text-align: justify;\">\n<p style=\"text-align: justify;\"><span style=\"color: #003300; font-family: helvetica, arial, sans-serif; font-size: 14pt;\">\u00a0\u00a0<\/span><\/p>\n","protected":false},"excerpt":{"rendered":"<p>Hier finden Sie die regelm\u00e4\u00dfigen Interessengruppen, die sich einem Thema widmen. Sie k\u00f6nnen jede Gruppe anklicken und erfahren, wann die Treffen stattfinden. Wenn Sie eine Gruppe anspricht, k\u00f6nnen Sie einfach mit der entsprechenden Kontaktperson Kontakt aufnehmen. \u00a0 Info: Mit dem &hellip; <a href=\"https:\/\/www.muenster.org\/zwar-wolbeck\/gruppen\/\">Weiterlesen <span class=\"meta-nav\">&rarr;<\/span><\/a><\/p>\n","protected":false},"author":1,"featured_media":0,"parent":0,"menu_order":0,"comment_status":"closed","ping_status":"closed","template":"","meta":{"_bbp_topic_count":0,"_bbp_reply_count":0,"_bbp_total_topic_count":0,"_bbp_total_reply_count":0,"_bbp_voice_count":0,"_bbp_anonymous_reply_count":0,"_bbp_topic_count_hidden":0,"_bbp_reply_count_hidden":0,"_bbp_forum_subforum_count":0,"footnotes":""},"class_list":["post-21","page","type-page","status-publish","hentry"],"_links":{"self":[{"href":"https:\/\/www.muenster.org\/zwar-wolbeck\/wp-json\/wp\/v2\/pages\/21","targetHints":{"allow":["GET"]}}],"collection":[{"href":"https:\/\/www.muenster.org\/zwar-wolbeck\/wp-json\/wp\/v2\/pages"}],"about":[{"href":"https:\/\/www.muenster.org\/zwar-wolbeck\/wp-json\/wp\/v2\/types\/page"}],"author":[{"embeddable":true,"href":"https:\/\/www.muenster.org\/zwar-wolbeck\/wp-json\/wp\/v2\/users\/1"}],"replies":[{"embeddable":true,"href":"https:\/\/www.muenster.org\/zwar-wolbeck\/wp-json\/wp\/v2\/comments?post=21"}],"version-history":[{"count":10,"href":"https:\/\/www.muenster.org\/zwar-wolbeck\/wp-json\/wp\/v2\/pages\/21\/revisions"}],"predecessor-version":[{"id":2184,"href":"https:\/\/www.muenster.org\/zwar-wolbeck\/wp-json\/wp\/v2\/pages\/21\/revisions\/2184"}],"wp:attachment":[{"href":"https:\/\/www.muenster.org\/zwar-wolbeck\/wp-json\/wp\/v2\/media?parent=21"}],"curies":[{"name":"wp","href":"https:\/\/api.w.org\/{rel}","templated":true}]}}