{"id":8,"date":"2018-06-11T21:19:34","date_gmt":"2018-06-11T19:19:34","guid":{"rendered":"http:\/\/www.muenster.org\/wolbeckentdecken\/home\/"},"modified":"2022-03-09T16:13:50","modified_gmt":"2022-03-09T15:13:50","slug":"startseite","status":"publish","type":"page","link":"https:\/\/www.muenster.org\/wolbeckentdecken\/","title":{"rendered":"Home"},"content":{"rendered":"\n\n\n<div class=\"ttr_Home_html_row0 row\">\n<div class=\"post_column col-lg-4 col-md-12 col-sm-12 col-xs-12\" style=\"height: auto;\">\n<div class=\"ttr_Home_html_column00\">\n<div style=\"height: 0px; width: 0px; overflow: hidden; -webkit-margin-top-collapse: separate;\">&nbsp;<\/div>\n<div class=\"html_content\">\n\n<p>&nbsp;<\/p>\n<p><a href=\"https:\/\/www.muenster.org\/wolbeckentdecken\/radtouren\/\"><img loading=\"lazy\" class=\"ttr_uniform alignnone\" style=\"max-width: 182px; max-height: 130px;\" src=\"https:\/\/i0.wp.com\/www.muenster.org\/wolbeckentdecken\/wp-content\/uploads\/2019\/12\/54.jpg?resize=181%2C129&#038;ssl=1\" width=\"181\" height=\"129\"  data-recalc-dims=\"1\"><\/a><\/p>\n<p style=\"margin: 0.14em 0em 0em 0.57em; text-align: Center;\"><a class=\"tt_link\" href=\"https:\/\/www.muenster.org\/wolbeckentdecken\/radtouren\" target=\"_self\" rel=\"noopener noreferrer\"><span style=\"font-size: 1.714em; color: rgba(0,0,255,1);\">Radtouren<\/span><\/a><\/p>\n<p>&nbsp;<\/p>\n<p style=\"margin: 0.14em 0em 0em 0.57em; text-align: Center;\">Mit der Leetze Wolbeck und Umgebung erkunden<\/p>\n<p style=\"margin: 0.14em 0em 0em 0.57em; text-align: Center;\">&nbsp;<\/p>\n<\/div>\n<div style=\"height: 0px; width: 0px; overflow: hidden; -webkit-margin-top-collapse: separate;\">&nbsp;<\/div>\n<div style=\"clear: both;\">&nbsp;<\/div>\n<\/div>\n<\/div>\n<div class=\"clearfix visible-sm-block visible-md-block visible-xs-block\">&nbsp;<\/div>\n<div class=\"post_column col-lg-4 col-md-12 col-sm-12 col-xs-12\" style=\"height: 370px;\">\n<div class=\"ttr_Home_html_column01\" style=\"height: inherit;\">\n<div style=\"height: 0px; width: 0px; overflow: hidden; -webkit-margin-top-collapse: separate;\">&nbsp;<\/div>\n<div class=\"html_content\">\n<p>&nbsp;<\/p>\n<p style=\"margin: 0.14em 0em 0em 0.57em;\"><a href=\"https:\/\/www.muenster.org\/wolbeckentdecken\/spaziergaenge\/\"><span class=\"ttr_image\" style=\"float: none; display: block; text-align: center; overflow: hidden; margin: 0em 0em 0em 0em;\"><img loading=\"lazy\" class=\"ttr_uniform alignnone\" style=\"max-width: 181.857142857143px; max-height: 130px;\" src=\"https:\/\/i0.wp.com\/www.muenster.org\/wolbeckentdecken\/wp-content\/uploads\/2019\/12\/55.jpg?resize=180%2C128&#038;ssl=1\" width=\"180\" height=\"128\"  data-recalc-dims=\"1\"><\/span><\/a><\/p>\n<p style=\"margin: 0.14em 0em 0em 0em; text-align: Center;\"><a class=\"tt_link\" href=\"https:\/\/www.muenster.org\/wolbeckentdecken\/spaziergaenge\" target=\"_self\" rel=\"noopener noreferrer\"><span style=\"font-size: 1.714em; color: rgba(0,0,255,1);\">Spazierg\u00e4nge<\/span><\/a><\/p>\n<p style=\"text-align: Center;\">&nbsp;<\/p>\n<p style=\"text-align: Center;\">Historische St\u00e4tten in Wolbeck zu Fu\u00df entdecken<\/p>\n<\/div>\n<div style=\"height: 0px; width: 0px; overflow: hidden; -webkit-margin-top-collapse: separate;\">&nbsp;<\/div>\n<div style=\"clear: both;\">&nbsp;<\/div>\n<\/div>\n<\/div>\n<div class=\"clearfix visible-sm-block visible-md-block visible-xs-block\">&nbsp;<\/div>\n<div class=\"post_column col-lg-4 col-md-12 col-sm-12 col-xs-12\" style=\"height: 370px;\">\n<div class=\"ttr_Home_html_column02\" style=\"height: inherit;\">\n<div style=\"height: 0px; width: 0px; overflow: hidden; -webkit-margin-top-collapse: separate;\">&nbsp;<\/div>\n<div class=\"html_content\">\n<p style=\"margin: 0.14em 0em 0em 0em;\"><br style=\"font-size: 1.143em;\"><a href=\"https:\/\/www.muenster.org\/wolbeckentdecken\/angelseitenweg\"><span class=\"ttr_image\" style=\"float: none; display: block; text-align: center; overflow: hidden; margin: 0em 0em 0em 0em; padding: 0em 0em 0em 0em;\"><img loading=\"lazy\" class=\"ttr_uniform alignnone\" style=\"max-width: 182px; max-height: 130px;\" src=\"https:\/\/i0.wp.com\/www.muenster.org\/wolbeckentdecken\/wp-content\/uploads\/2019\/12\/56.jpg?resize=180%2C129&#038;ssl=1\" width=\"180\" height=\"129\"  data-recalc-dims=\"1\"><\/span><\/a><\/p>\n\n<p style=\"margin: 0.14em 0em 0em 0em; text-align: Center;\"><a class=\"tt_link\" href=\"https:\/\/www.muenster.org\/wolbeckentdecken\/angelseitenweg\" target=\"_self\" rel=\"noopener noreferrer\"><span style=\"font-size: 1.714em; color: rgba(0,0,255,1);\">Angelseitenweg<\/span><\/a><\/p>\n<p style=\"margin: 0.36em 0em 0.36em 0em; text-align: Center;\">&nbsp;<\/p>\n<p style=\"margin: 0.36em 0em 0.36em 0em; text-align: Center;\">Spaziergang entlang der Angel<\/p>\n<\/div>\n<div style=\"height: 0px; width: 0px; overflow: hidden; -webkit-margin-top-collapse: separate;\">&nbsp;<\/div>\n<div style=\"clear: both;\">&nbsp;<\/div>\n<\/div>\n<\/div>\n<div class=\"clearfix visible-lg-block visible-sm-block visible-md-block visible-xs-block\">&nbsp;<\/div>\n<\/div>\n<!--  -->\n\n<div class=\"ttr_Home_html_row1 row\">\n<div class=\"post_column col-lg-4 col-md-6 col-sm-6 col-xs-12\">\n<div class=\"ttr_Home_html_column10\">\n<div style=\"height: 0px; width: 0px; overflow: hidden; -webkit-margin-top-collapse: separate;\">&nbsp;<\/div>\n<div class=\"html_content\">\n<p style=\"margin: 0.36em 0em 0.36em 0em;\">&nbsp;<\/p>\n<p style=\"margin: 0.36em 0em 0.36em 0em;\">&nbsp;<\/p>\n<figure><a href=\"https:\/\/www.muenster.org\/wolbeckentdecken\/tiergarten-2\/\"><img class=\"ttr_uniform\" style=\"max-width: 182px; max-height: 130px;\" src=\"https:\/\/i0.wp.com\/www.muenster.org\/wolbeckentdecken\/wp-content\/uploads\/2021\/12\/51.jpg?w=900&#038;ssl=1\" data-recalc-dims=\"1\"><\/a><\/figure><p><\/p>\n<p style=\"margin: 0.14em 0em 0em 0.57em; text-align: Center;\"><a class=\"tt_link\" href=\"https:\/\/www.muenster.org\/wolbeckentdecken\/tiergarten\" target=\"_self\" rel=\"noopener\"><span style=\"font-size: 1.714em; color: rgba(0,0,255,1);\">Wolbecks Tiergarten<\/span><\/a><\/p>\n<p style=\"margin: 0.36em 0em 0.36em 0em;\">&nbsp;<\/p>\n<p style=\"margin: 0.14em 0em 0em 0.57em; text-align: Center;\">Ein Wald mit Geschichte und Naturlehrpfad<\/p>\n<p style=\"margin: 0.14em 0em 0em 0.57em; text-align: Center;\">&nbsp;<\/p>\n<p>&nbsp;<\/p>\n<\/div>\n<div style=\"height: 0px; width: 0px; overflow: hidden; -webkit-margin-top-collapse: separate;\">&nbsp;<\/div>\n<div style=\"clear: both;\">&nbsp;<\/div>\n<\/div>\n<\/div>\n<div class=\"clearfix visible-xs-block\">&nbsp;<\/div>\n<div class=\"post_column col-lg-4 col-md-6 col-sm-6 col-xs-12\">\n<div class=\"ttr_Home_html_column11\">\n<div style=\"height: 0px; width: 0px; overflow: hidden; -webkit-margin-top-collapse: separate;\">&nbsp;<\/div>\n<div class=\"html_content\">\n<p style=\"margin: 0.36em 0em 0.36em 0em;\">&nbsp;<\/p>\n<p style=\"margin: 0.36em 0em 0.36em 0em;\">&nbsp;<\/p>\n<figure>\n<a href=\"https:\/\/www.muenster.org\/wolbeckentdecken\/geschichte\">\n<img class=\"ttr_uniform\" style=\"max-width: 182px; max-height: 130px;\" src=\"https:\/\/i0.wp.com\/www.muenster.org\/wolbeckentdecken\/wp-content\/uploads\/2021\/12\/52.jpg?w=900&#038;ssl=1\" data-recalc-dims=\"1\">\n<\/a>\n\n<\/figure><p><\/p>\n<p style=\"margin: 0.14em 0em 0em 0.57em; text-align: Center;\"><a class=\"tt_link\" href=\"https:\/\/www.muenster.org\/wolbeckentdecken\/geschichte\" target=\"_self\" rel=\"noopener\"><span style=\"font-size: 1.714em; color: rgba(0,0,255,1);\">Wolbecks Geschichte<\/span><\/a><\/p>\n<p style=\"margin: 0.36em 0em 0.36em 0em;\">&nbsp;<\/p>\n<p style=\"margin: 0.14em 0em 0em 0.57em; text-align: Center;\">Informationen zu 700 Jahren Wigbold Wolbeck<\/p>\n<p style=\"margin: 0.14em 0em 0em 0.57em; text-align: Center;\">&nbsp;<\/p>\n<p>&nbsp;<\/p>\n<\/div>\n<div style=\"height: 0px; width: 0px; overflow: hidden; -webkit-margin-top-collapse: separate;\">&nbsp;<\/div>\n<div style=\"clear: both;\">&nbsp;<\/div>\n<\/div>\n<\/div>\n<div class=\"clearfix visible-sm-block visible-md-block visible-xs-block\">&nbsp;<\/div>\n<div class=\"post_column col-lg-4 col-md-6 col-sm-6 col-xs-12\">\n<div class=\"ttr_Home_html_column12\">\n<div style=\"height: 0px; width: 0px; overflow: hidden; -webkit-margin-top-collapse: separate;\">&nbsp;<\/div>\n<div class=\"html_content\">\n<p style=\"margin: 0.36em 0em 0.36em 0em;\">&nbsp;<\/p>\n<p style=\"margin: 0.36em 0em 0.36em 0em;\">&nbsp;<\/p>\n<figure><a href=\"https:\/\/www.muenster.org\/wolbeckentdecken\/bilder-wolbeck\/\"><img class=\"ttr_uniform\" style=\"max-width: 182px; max-height: 130px;\" src=\"https:\/\/i0.wp.com\/www.muenster.org\/wolbeckentdecken\/wp-content\/uploads\/2021\/12\/53.jpg?w=900&#038;ssl=1\" data-recalc-dims=\"1\"><\/a><\/figure><p><\/p>\n<p style=\"margin: 0.14em 0em 0em 0.57em; text-align: Center;\"><a class=\"tt_link\" href=\"https:\/\/www.muenster.org\/wolbeckentdecken\/bilder-wolbeck\" target=\"_self\" rel=\"noopener\"><span style=\"font-size: 1.714em; color: rgba(0,0,255,1);\">Bilder aus Wolbeck<\/span><\/a><\/p>\n<p style=\"margin: 0.36em 0em 0.36em 0em;\">&nbsp;<\/p>\n<p style=\"margin: 0.14em 0em 0em 0.57em; text-align: Center;\">Bilder aus Wolbeck und Umgebung<\/p>\n<p style=\"margin: 0.14em 0em 0em 0.57em; text-align: Center;\">&nbsp;<\/p>\n<p>&nbsp;<\/p>\n<\/div>\n<div style=\"height: 0px; width: 0px; overflow: hidden; -webkit-margin-top-collapse: separate;\">&nbsp;<\/div>\n<div style=\"clear: both;\">&nbsp;<\/div>\n<\/div>\n<\/div>\n<div class=\"clearfix visible-lg-block visible-xs-block\">&nbsp;<\/div>\n<\/div>\n\n<!-- -->\n\n<div class=\"ttr_Home_html_row2 row\">\n<div class=\"post_column col-lg-4 col-md-6 col-sm-6 col-xs-12\">\n<div class=\"ttr_Home_html_column10\">\n<div style=\"height: 0px; width: 0px; overflow: hidden; -webkit-margin-top-collapse: separate;\">&nbsp;<\/div>\n<div class=\"html_content\">\n<p style=\"margin: 0.36em 0em 0.36em 0em;\">&nbsp;<\/p>\n<p style=\"margin: 0.36em 0em 0.36em 0em;\">&nbsp;<\/p>\n<figure><a href=\"https:\/\/www.muenster.org\/wolbeckentdecken\/stolpersteine-2\"><img class=\"ttr_uniform\" style=\"max-width: 182px; max-height: 130px;\" src=\"https:\/\/i0.wp.com\/www.muenster.org\/wolbeckentdecken\/wp-content\/uploads\/2022\/03\/stolpersteine.jpg?w=900&#038;ssl=1\" data-recalc-dims=\"1\"><\/a><\/figure><p><\/p>\n<p style=\"margin: 0.14em 0em 0em 0.57em; text-align: Center;\"><a class=\"tt_link\" href=\"https:\/\/www.muenster.org\/wolbeckentdecken\/stolpersteine-2\" target=\"_self\" rel=\"noopener\"><span style=\"font-size: 1.714em; color: rgba(0,0,255,1);\">Stolpersteine<\/span><\/a><\/p>\n<p style=\"margin: 0.36em 0em 0.36em 0em;\">&nbsp;<\/p>\n<p style=\"margin: 0.14em 0em 0em 0.57em; text-align: Center;\">St\u00e4tten j\u00fcdischen Lebens<\/p>\n<p style=\"margin: 0.14em 0em 0em 0.57em; text-align: Center;\">&nbsp;<\/p>\n<p>&nbsp;<\/p>\n<\/div>\n<div style=\"height: 0px; width: 0px; overflow: hidden; -webkit-margin-top-collapse: separate;\">&nbsp;<\/div>\n<div style=\"clear: both;\">&nbsp;<\/div>\n<\/div>\n<\/div>\n<div class=\"clearfix visible-xs-block\">&nbsp;<\/div>\n<div class=\"post_column col-lg-4 col-md-6 col-sm-6 col-xs-12\">\n<div class=\"ttr_Home_html_column11\">\n<div style=\"height: 0px; width: 0px; overflow: hidden; -webkit-margin-top-collapse: separate;\">&nbsp;<\/div>\n<div class=\"html_content\">\n\n\n\n\n\n\n<\/div>\n<div style=\"height: 0px; width: 0px; overflow: hidden; -webkit-margin-top-collapse: separate;\">&nbsp;<\/div>\n<div style=\"clear: both;\">&nbsp;<\/div>\n<\/div>\n<\/div>\n<div class=\"clearfix visible-sm-block visible-md-block visible-xs-block\">&nbsp;<\/div>\n<div class=\"post_column col-lg-4 col-md-6 col-sm-6 col-xs-12\">\n<div class=\"ttr_Home_html_column12\">\n<div style=\"height: 0px; width: 0px; overflow: hidden; -webkit-margin-top-collapse: separate;\">&nbsp;<\/div>\n<div class=\"html_content\">\n\n\n\n\n<\/div>\n<div style=\"height: 0px; width: 0px; overflow: hidden; -webkit-margin-top-collapse: separate;\">&nbsp;<\/div>\n<div style=\"clear: both;\">&nbsp;<\/div>\n<\/div>\n<\/div>\n<div class=\"clearfix visible-lg-block visible-xs-block\">&nbsp;<\/div>\n<\/div>\n\n\n\n<div class=\"wp-block-cover aligncenter is-light\"><span aria-hidden=\"true\" class=\"has-white-background-color has-background-dim-100 wp-block-cover__gradient-background has-background-dim\"><\/span><div class=\"wp-block-cover__inner-container\">\n<p class=\"has-text-align-center has-large-font-size\"><\/p>\n<\/div><\/div>\n","protected":false},"excerpt":{"rendered":"<p>&nbsp; &nbsp; Radtouren &nbsp; Mit der Leetze Wolbeck und Umgebung erkunden &nbsp; &nbsp; &nbsp; &nbsp; &nbsp; &nbsp; Spazierg\u00e4nge &nbsp; Historische St\u00e4tten in Wolbeck zu Fu\u00df entdecken &nbsp; &nbsp; &nbsp; &nbsp; Angelseitenweg &nbsp; Spaziergang entlang der Angel &nbsp; &nbsp; &nbsp; &nbsp; &hellip;<\/p>\n<p><a href=\"https:\/\/www.muenster.org\/wolbeckentdecken\/\">Continue Reading<span class=\"meta-nav\">&rarr;<\/span><\/a><\/p>\n","protected":false},"author":1,"featured_media":0,"parent":0,"menu_order":1,"comment_status":"closed","ping_status":"closed","template":"","meta":{"ngg_post_thumbnail":0,"spay_email":""},"jetpack_sharing_enabled":true,"jetpack_shortlink":"https:\/\/wp.me\/Pa2lO4-8","_links":{"self":[{"href":"https:\/\/www.muenster.org\/wolbeckentdecken\/wp-json\/wp\/v2\/pages\/8"}],"collection":[{"href":"https:\/\/www.muenster.org\/wolbeckentdecken\/wp-json\/wp\/v2\/pages"}],"about":[{"href":"https:\/\/www.muenster.org\/wolbeckentdecken\/wp-json\/wp\/v2\/types\/page"}],"author":[{"embeddable":true,"href":"https:\/\/www.muenster.org\/wolbeckentdecken\/wp-json\/wp\/v2\/users\/1"}],"replies":[{"embeddable":true,"href":"https:\/\/www.muenster.org\/wolbeckentdecken\/wp-json\/wp\/v2\/comments?post=8"}],"version-history":[{"count":120,"href":"https:\/\/www.muenster.org\/wolbeckentdecken\/wp-json\/wp\/v2\/pages\/8\/revisions"}],"predecessor-version":[{"id":1327,"href":"https:\/\/www.muenster.org\/wolbeckentdecken\/wp-json\/wp\/v2\/pages\/8\/revisions\/1327"}],"wp:attachment":[{"href":"https:\/\/www.muenster.org\/wolbeckentdecken\/wp-json\/wp\/v2\/media?parent=8"}],"curies":[{"name":"wp","href":"https:\/\/api.w.org\/{rel}","templated":true}]}}