{"id":52,"date":"2017-12-21T22:57:16","date_gmt":"2017-12-21T21:57:16","guid":{"rendered":"http:\/\/www.muenster.org\/saltovocale\/?page_id=52"},"modified":"2026-01-16T12:05:31","modified_gmt":"2026-01-16T11:05:31","slug":"fotos","status":"publish","type":"page","link":"https:\/\/www.muenster.org\/saltovocale\/fotos\/","title":{"rendered":"Fotos &#038; Videos"},"content":{"rendered":"\n<p><mark style=\"background-color:rgba(0, 0, 0, 0)\" class=\"has-inline-color has-bright-red-color\"><strong>NEU: <\/strong><\/mark>Einen <strong>Video-Trailer <\/strong>von Salto Vocale sehen Sie, wenn Sie <a href=\"https:\/\/www.muenster.org\/saltovocale\/wp-content\/uploads\/Trailer_Salto_Vocale_mit_Vorspann.mp4\">hier<\/a> klicken. <\/p>\n\n\n\n<figure class=\"wp-block-image size-full\"><a href=\"https:\/\/www.muenster.org\/saltovocale\/wp-content\/uploads\/Trailer_Salto_Vocale_mit_Vorspann.mp4\"><img loading=\"lazy\" decoding=\"async\" width=\"300\" height=\"225\" src=\"https:\/\/www.muenster.org\/saltovocale\/wp-content\/uploads\/Montage_Videobild.jpg\" alt=\"\" class=\"wp-image-499\"\/><\/a><figcaption class=\"wp-element-caption\">Salto Vocale live auf dem A-Cappella-Fest in Rheine 2021<\/figcaption><\/figure>\n\n\n\n<h2 class=\"wp-block-heading\">&#8222;Winter Wonderland&#8220;, Er\u00f6ffnung des Kulturlands Dumte, 21.12.2025<\/h2>\n\n\n\n<figure class=\"wp-block-gallery has-nested-images columns-default is-cropped wp-block-gallery-2 is-layout-flex wp-block-gallery-is-layout-flex\">\n<figure class=\"wp-block-image size-large\"><img loading=\"lazy\" decoding=\"async\" width=\"1024\" height=\"683\" data-id=\"1037\" src=\"https:\/\/www.muenster.org\/saltovocale\/wp-content\/uploads\/DSCF7070_Stefan-Joeken-1024x683.jpg\" alt=\"\" class=\"wp-image-1037\" srcset=\"https:\/\/www.muenster.org\/saltovocale\/wp-content\/uploads\/DSCF7070_Stefan-Joeken-1024x683.jpg 1024w, https:\/\/www.muenster.org\/saltovocale\/wp-content\/uploads\/DSCF7070_Stefan-Joeken-300x200.jpg 300w, https:\/\/www.muenster.org\/saltovocale\/wp-content\/uploads\/DSCF7070_Stefan-Joeken-768x512.jpg 768w, https:\/\/www.muenster.org\/saltovocale\/wp-content\/uploads\/DSCF7070_Stefan-Joeken-1536x1024.jpg 1536w, https:\/\/www.muenster.org\/saltovocale\/wp-content\/uploads\/DSCF7070_Stefan-Joeken-2048x1365.jpg 2048w, https:\/\/www.muenster.org\/saltovocale\/wp-content\/uploads\/DSCF7070_Stefan-Joeken-1200x800.jpg 1200w\" sizes=\"auto, (max-width: 709px) 85vw, (max-width: 909px) 67vw, (max-width: 1362px) 62vw, 840px\" \/><\/figure>\n\n\n\n<figure class=\"wp-block-image size-large\"><img loading=\"lazy\" decoding=\"async\" width=\"1024\" height=\"683\" data-id=\"1035\" src=\"https:\/\/www.muenster.org\/saltovocale\/wp-content\/uploads\/DSCF7025_Stefan-Joeken-1024x683.jpg\" alt=\"\" class=\"wp-image-1035\" srcset=\"https:\/\/www.muenster.org\/saltovocale\/wp-content\/uploads\/DSCF7025_Stefan-Joeken-1024x683.jpg 1024w, https:\/\/www.muenster.org\/saltovocale\/wp-content\/uploads\/DSCF7025_Stefan-Joeken-300x200.jpg 300w, https:\/\/www.muenster.org\/saltovocale\/wp-content\/uploads\/DSCF7025_Stefan-Joeken-768x512.jpg 768w, https:\/\/www.muenster.org\/saltovocale\/wp-content\/uploads\/DSCF7025_Stefan-Joeken-1536x1024.jpg 1536w, https:\/\/www.muenster.org\/saltovocale\/wp-content\/uploads\/DSCF7025_Stefan-Joeken-2048x1365.jpg 2048w, https:\/\/www.muenster.org\/saltovocale\/wp-content\/uploads\/DSCF7025_Stefan-Joeken-1200x800.jpg 1200w\" sizes=\"auto, (max-width: 709px) 85vw, (max-width: 909px) 67vw, (max-width: 1362px) 62vw, 840px\" \/><\/figure>\n\n\n\n<figure class=\"wp-block-image size-large\"><img loading=\"lazy\" decoding=\"async\" width=\"1024\" height=\"683\" data-id=\"1038\" src=\"https:\/\/www.muenster.org\/saltovocale\/wp-content\/uploads\/DSCF7136_Stefan-Joeken-1024x683.jpg\" alt=\"\" class=\"wp-image-1038\" srcset=\"https:\/\/www.muenster.org\/saltovocale\/wp-content\/uploads\/DSCF7136_Stefan-Joeken-1024x683.jpg 1024w, https:\/\/www.muenster.org\/saltovocale\/wp-content\/uploads\/DSCF7136_Stefan-Joeken-300x200.jpg 300w, https:\/\/www.muenster.org\/saltovocale\/wp-content\/uploads\/DSCF7136_Stefan-Joeken-768x512.jpg 768w, https:\/\/www.muenster.org\/saltovocale\/wp-content\/uploads\/DSCF7136_Stefan-Joeken-1536x1024.jpg 1536w, https:\/\/www.muenster.org\/saltovocale\/wp-content\/uploads\/DSCF7136_Stefan-Joeken-2048x1365.jpg 2048w, https:\/\/www.muenster.org\/saltovocale\/wp-content\/uploads\/DSCF7136_Stefan-Joeken-1200x800.jpg 1200w\" sizes=\"auto, (max-width: 709px) 85vw, (max-width: 909px) 67vw, (max-width: 1362px) 62vw, 840px\" \/><\/figure>\n\n\n\n<figure class=\"wp-block-image size-large\"><img loading=\"lazy\" decoding=\"async\" width=\"1024\" height=\"768\" data-id=\"1028\" src=\"https:\/\/www.muenster.org\/saltovocale\/wp-content\/uploads\/251221_dumte_Kathrin_Pieper_Greven-1024x768.jpg\" alt=\"\" class=\"wp-image-1028\" srcset=\"https:\/\/www.muenster.org\/saltovocale\/wp-content\/uploads\/251221_dumte_Kathrin_Pieper_Greven-1024x768.jpg 1024w, https:\/\/www.muenster.org\/saltovocale\/wp-content\/uploads\/251221_dumte_Kathrin_Pieper_Greven-300x225.jpg 300w, https:\/\/www.muenster.org\/saltovocale\/wp-content\/uploads\/251221_dumte_Kathrin_Pieper_Greven-768x576.jpg 768w, https:\/\/www.muenster.org\/saltovocale\/wp-content\/uploads\/251221_dumte_Kathrin_Pieper_Greven-1536x1152.jpg 1536w, https:\/\/www.muenster.org\/saltovocale\/wp-content\/uploads\/251221_dumte_Kathrin_Pieper_Greven-1200x900.jpg 1200w, https:\/\/www.muenster.org\/saltovocale\/wp-content\/uploads\/251221_dumte_Kathrin_Pieper_Greven.jpg 2048w\" sizes=\"auto, (max-width: 709px) 85vw, (max-width: 909px) 67vw, (max-width: 1362px) 62vw, 840px\" \/><\/figure>\n\n\n\n<figure class=\"wp-block-image size-large\"><img loading=\"lazy\" decoding=\"async\" width=\"1024\" height=\"683\" data-id=\"1029\" src=\"https:\/\/www.muenster.org\/saltovocale\/wp-content\/uploads\/DSCF1398_Stefan-Joeken-1024x683.jpg\" alt=\"\" class=\"wp-image-1029\" srcset=\"https:\/\/www.muenster.org\/saltovocale\/wp-content\/uploads\/DSCF1398_Stefan-Joeken-1024x683.jpg 1024w, https:\/\/www.muenster.org\/saltovocale\/wp-content\/uploads\/DSCF1398_Stefan-Joeken-300x200.jpg 300w, https:\/\/www.muenster.org\/saltovocale\/wp-content\/uploads\/DSCF1398_Stefan-Joeken-768x512.jpg 768w, https:\/\/www.muenster.org\/saltovocale\/wp-content\/uploads\/DSCF1398_Stefan-Joeken-1536x1024.jpg 1536w, https:\/\/www.muenster.org\/saltovocale\/wp-content\/uploads\/DSCF1398_Stefan-Joeken-2048x1366.jpg 2048w, https:\/\/www.muenster.org\/saltovocale\/wp-content\/uploads\/DSCF1398_Stefan-Joeken-1200x800.jpg 1200w\" sizes=\"auto, (max-width: 709px) 85vw, (max-width: 909px) 67vw, (max-width: 1362px) 62vw, 840px\" \/><\/figure>\n\n\n\n<figure class=\"wp-block-image size-large\"><img loading=\"lazy\" decoding=\"async\" width=\"1024\" height=\"678\" data-id=\"1030\" src=\"https:\/\/www.muenster.org\/saltovocale\/wp-content\/uploads\/DSCF1404_Stefan-Joeken-1024x678.jpg\" alt=\"\" class=\"wp-image-1030\" srcset=\"https:\/\/www.muenster.org\/saltovocale\/wp-content\/uploads\/DSCF1404_Stefan-Joeken-1024x678.jpg 1024w, https:\/\/www.muenster.org\/saltovocale\/wp-content\/uploads\/DSCF1404_Stefan-Joeken-300x199.jpg 300w, https:\/\/www.muenster.org\/saltovocale\/wp-content\/uploads\/DSCF1404_Stefan-Joeken-768x509.jpg 768w, https:\/\/www.muenster.org\/saltovocale\/wp-content\/uploads\/DSCF1404_Stefan-Joeken-1536x1018.jpg 1536w, https:\/\/www.muenster.org\/saltovocale\/wp-content\/uploads\/DSCF1404_Stefan-Joeken-2048x1357.jpg 2048w, https:\/\/www.muenster.org\/saltovocale\/wp-content\/uploads\/DSCF1404_Stefan-Joeken-1200x795.jpg 1200w\" sizes=\"auto, (max-width: 709px) 85vw, (max-width: 909px) 67vw, (max-width: 1362px) 62vw, 840px\" \/><\/figure>\n\n\n\n<figure class=\"wp-block-image size-large\"><img loading=\"lazy\" decoding=\"async\" width=\"1024\" height=\"683\" data-id=\"1031\" src=\"https:\/\/www.muenster.org\/saltovocale\/wp-content\/uploads\/DSCF1412_Stefan-Joeken-1024x683.jpg\" alt=\"\" class=\"wp-image-1031\" srcset=\"https:\/\/www.muenster.org\/saltovocale\/wp-content\/uploads\/DSCF1412_Stefan-Joeken-1024x683.jpg 1024w, https:\/\/www.muenster.org\/saltovocale\/wp-content\/uploads\/DSCF1412_Stefan-Joeken-300x200.jpg 300w, https:\/\/www.muenster.org\/saltovocale\/wp-content\/uploads\/DSCF1412_Stefan-Joeken-768x512.jpg 768w, https:\/\/www.muenster.org\/saltovocale\/wp-content\/uploads\/DSCF1412_Stefan-Joeken-1536x1024.jpg 1536w, https:\/\/www.muenster.org\/saltovocale\/wp-content\/uploads\/DSCF1412_Stefan-Joeken-2048x1365.jpg 2048w, https:\/\/www.muenster.org\/saltovocale\/wp-content\/uploads\/DSCF1412_Stefan-Joeken-1200x800.jpg 1200w\" sizes=\"auto, (max-width: 709px) 85vw, (max-width: 909px) 67vw, (max-width: 1362px) 62vw, 840px\" \/><\/figure>\n\n\n\n<figure class=\"wp-block-image size-large\"><img loading=\"lazy\" decoding=\"async\" width=\"1024\" height=\"683\" data-id=\"1032\" src=\"https:\/\/www.muenster.org\/saltovocale\/wp-content\/uploads\/DSCF1429_Stefan-Joeken-1024x683.jpg\" alt=\"\" class=\"wp-image-1032\" srcset=\"https:\/\/www.muenster.org\/saltovocale\/wp-content\/uploads\/DSCF1429_Stefan-Joeken-1024x683.jpg 1024w, https:\/\/www.muenster.org\/saltovocale\/wp-content\/uploads\/DSCF1429_Stefan-Joeken-300x200.jpg 300w, https:\/\/www.muenster.org\/saltovocale\/wp-content\/uploads\/DSCF1429_Stefan-Joeken-768x512.jpg 768w, https:\/\/www.muenster.org\/saltovocale\/wp-content\/uploads\/DSCF1429_Stefan-Joeken-1536x1024.jpg 1536w, https:\/\/www.muenster.org\/saltovocale\/wp-content\/uploads\/DSCF1429_Stefan-Joeken-2048x1365.jpg 2048w, https:\/\/www.muenster.org\/saltovocale\/wp-content\/uploads\/DSCF1429_Stefan-Joeken-1200x800.jpg 1200w\" sizes=\"auto, (max-width: 709px) 85vw, (max-width: 909px) 67vw, (max-width: 1362px) 62vw, 840px\" \/><\/figure>\n\n\n\n<figure class=\"wp-block-image size-large\"><img loading=\"lazy\" decoding=\"async\" width=\"1024\" height=\"683\" data-id=\"1033\" src=\"https:\/\/www.muenster.org\/saltovocale\/wp-content\/uploads\/DSCF1463_Stefan-Joeken-1024x683.jpg\" alt=\"\" class=\"wp-image-1033\" srcset=\"https:\/\/www.muenster.org\/saltovocale\/wp-content\/uploads\/DSCF1463_Stefan-Joeken-1024x683.jpg 1024w, https:\/\/www.muenster.org\/saltovocale\/wp-content\/uploads\/DSCF1463_Stefan-Joeken-300x200.jpg 300w, https:\/\/www.muenster.org\/saltovocale\/wp-content\/uploads\/DSCF1463_Stefan-Joeken-768x512.jpg 768w, https:\/\/www.muenster.org\/saltovocale\/wp-content\/uploads\/DSCF1463_Stefan-Joeken-1536x1024.jpg 1536w, https:\/\/www.muenster.org\/saltovocale\/wp-content\/uploads\/DSCF1463_Stefan-Joeken-2048x1365.jpg 2048w, https:\/\/www.muenster.org\/saltovocale\/wp-content\/uploads\/DSCF1463_Stefan-Joeken-1200x800.jpg 1200w\" sizes=\"auto, (max-width: 709px) 85vw, (max-width: 909px) 67vw, (max-width: 1362px) 62vw, 840px\" \/><\/figure>\n\n\n\n<figure class=\"wp-block-image size-large\"><img loading=\"lazy\" decoding=\"async\" width=\"1024\" height=\"683\" data-id=\"1034\" src=\"https:\/\/www.muenster.org\/saltovocale\/wp-content\/uploads\/DSCF1473_Stefan-Joeken-1024x683.jpg\" alt=\"\" class=\"wp-image-1034\" srcset=\"https:\/\/www.muenster.org\/saltovocale\/wp-content\/uploads\/DSCF1473_Stefan-Joeken-1024x683.jpg 1024w, https:\/\/www.muenster.org\/saltovocale\/wp-content\/uploads\/DSCF1473_Stefan-Joeken-300x200.jpg 300w, https:\/\/www.muenster.org\/saltovocale\/wp-content\/uploads\/DSCF1473_Stefan-Joeken-768x512.jpg 768w, https:\/\/www.muenster.org\/saltovocale\/wp-content\/uploads\/DSCF1473_Stefan-Joeken-1536x1024.jpg 1536w, https:\/\/www.muenster.org\/saltovocale\/wp-content\/uploads\/DSCF1473_Stefan-Joeken-2048x1366.jpg 2048w, https:\/\/www.muenster.org\/saltovocale\/wp-content\/uploads\/DSCF1473_Stefan-Joeken-1200x800.jpg 1200w\" sizes=\"auto, (max-width: 709px) 85vw, (max-width: 909px) 67vw, (max-width: 1362px) 62vw, 840px\" \/><\/figure>\n\n\n\n<figure class=\"wp-block-image size-large\"><img loading=\"lazy\" decoding=\"async\" width=\"1024\" height=\"768\" data-id=\"1036\" src=\"https:\/\/www.muenster.org\/saltovocale\/wp-content\/uploads\/Dumte_02_Frank_Bitzer-1024x768.jpeg\" alt=\"\" class=\"wp-image-1036\" srcset=\"https:\/\/www.muenster.org\/saltovocale\/wp-content\/uploads\/Dumte_02_Frank_Bitzer-1024x768.jpeg 1024w, https:\/\/www.muenster.org\/saltovocale\/wp-content\/uploads\/Dumte_02_Frank_Bitzer-300x225.jpeg 300w, https:\/\/www.muenster.org\/saltovocale\/wp-content\/uploads\/Dumte_02_Frank_Bitzer-768x576.jpeg 768w, https:\/\/www.muenster.org\/saltovocale\/wp-content\/uploads\/Dumte_02_Frank_Bitzer-1536x1152.jpeg 1536w, https:\/\/www.muenster.org\/saltovocale\/wp-content\/uploads\/Dumte_02_Frank_Bitzer-1200x900.jpeg 1200w, https:\/\/www.muenster.org\/saltovocale\/wp-content\/uploads\/Dumte_02_Frank_Bitzer.jpeg 2048w\" sizes=\"auto, (max-width: 709px) 85vw, (max-width: 909px) 67vw, (max-width: 1362px) 62vw, 840px\" \/><\/figure>\n\n\n\n<figure class=\"wp-block-image size-large\"><img loading=\"lazy\" decoding=\"async\" width=\"1024\" height=\"768\" data-id=\"1039\" src=\"https:\/\/www.muenster.org\/saltovocale\/wp-content\/uploads\/Dumte_03_Frank_Bitzer-1024x768.jpeg\" alt=\"\" class=\"wp-image-1039\" srcset=\"https:\/\/www.muenster.org\/saltovocale\/wp-content\/uploads\/Dumte_03_Frank_Bitzer-1024x768.jpeg 1024w, https:\/\/www.muenster.org\/saltovocale\/wp-content\/uploads\/Dumte_03_Frank_Bitzer-300x225.jpeg 300w, https:\/\/www.muenster.org\/saltovocale\/wp-content\/uploads\/Dumte_03_Frank_Bitzer-768x576.jpeg 768w, https:\/\/www.muenster.org\/saltovocale\/wp-content\/uploads\/Dumte_03_Frank_Bitzer-1536x1152.jpeg 1536w, https:\/\/www.muenster.org\/saltovocale\/wp-content\/uploads\/Dumte_03_Frank_Bitzer-1200x900.jpeg 1200w, https:\/\/www.muenster.org\/saltovocale\/wp-content\/uploads\/Dumte_03_Frank_Bitzer.jpeg 2048w\" sizes=\"auto, (max-width: 709px) 85vw, (max-width: 909px) 67vw, (max-width: 1362px) 62vw, 840px\" \/><\/figure>\n<\/figure>\n\n\n\n<p>Dank an Stefan J\u00f6ken, Kathrin Pieper (Greven) und Frank Bitzer f\u00fcr die Fotos! Hier geht es zum <a href=\"https:\/\/www.muenster.org\/saltovocale\/wp-content\/uploads\/WN-2021224-Salto-Vocale-Weihnachtskonzert-Dumte.pdf\" data-type=\"link\" data-id=\"https:\/\/www.muenster.org\/saltovocale\/wp-content\/uploads\/WN-Artikel_251223.jpg\" target=\"_blank\" rel=\"noreferrer noopener nofollow\">Bericht der Westf\u00e4lischen Nachrichten<\/a> vom 24.12.2025.<\/p>\n\n\n\n<h2 class=\"wp-block-heading\">&#8222;Musik f\u00fcr den Frieden&#8220;, M\u00fcnster, 6.9.2025<\/h2>\n\n\n\n<div class=\"wp-block-group\"><div class=\"wp-block-group__inner-container is-layout-constrained wp-block-group-is-layout-constrained\">\n<figure class=\"wp-block-gallery has-nested-images columns-default is-cropped wp-block-gallery-3 is-layout-flex wp-block-gallery-is-layout-flex\">\n<figure class=\"wp-block-image size-large\"><img loading=\"lazy\" decoding=\"async\" width=\"1024\" height=\"768\" data-id=\"997\" src=\"https:\/\/www.muenster.org\/saltovocale\/wp-content\/uploads\/250906_MuFrie_Martin_Firgau_SVoc_05-1024x768.jpg\" alt=\"\" class=\"wp-image-997\" srcset=\"https:\/\/www.muenster.org\/saltovocale\/wp-content\/uploads\/250906_MuFrie_Martin_Firgau_SVoc_05-1024x768.jpg 1024w, https:\/\/www.muenster.org\/saltovocale\/wp-content\/uploads\/250906_MuFrie_Martin_Firgau_SVoc_05-300x225.jpg 300w, https:\/\/www.muenster.org\/saltovocale\/wp-content\/uploads\/250906_MuFrie_Martin_Firgau_SVoc_05-768x576.jpg 768w, https:\/\/www.muenster.org\/saltovocale\/wp-content\/uploads\/250906_MuFrie_Martin_Firgau_SVoc_05-1536x1152.jpg 1536w, https:\/\/www.muenster.org\/saltovocale\/wp-content\/uploads\/250906_MuFrie_Martin_Firgau_SVoc_05-2048x1536.jpg 2048w, https:\/\/www.muenster.org\/saltovocale\/wp-content\/uploads\/250906_MuFrie_Martin_Firgau_SVoc_05-1200x900.jpg 1200w\" sizes=\"auto, (max-width: 709px) 85vw, (max-width: 909px) 67vw, (max-width: 1362px) 62vw, 840px\" \/><\/figure>\n\n\n\n<figure class=\"wp-block-image size-large\"><img loading=\"lazy\" decoding=\"async\" width=\"1024\" height=\"640\" data-id=\"996\" src=\"https:\/\/www.muenster.org\/saltovocale\/wp-content\/uploads\/250906_MuFrie_Martin_Firgau_SVoc_03-1024x640.jpg\" alt=\"\" class=\"wp-image-996\" srcset=\"https:\/\/www.muenster.org\/saltovocale\/wp-content\/uploads\/250906_MuFrie_Martin_Firgau_SVoc_03-1024x640.jpg 1024w, https:\/\/www.muenster.org\/saltovocale\/wp-content\/uploads\/250906_MuFrie_Martin_Firgau_SVoc_03-300x188.jpg 300w, https:\/\/www.muenster.org\/saltovocale\/wp-content\/uploads\/250906_MuFrie_Martin_Firgau_SVoc_03-768x480.jpg 768w, https:\/\/www.muenster.org\/saltovocale\/wp-content\/uploads\/250906_MuFrie_Martin_Firgau_SVoc_03-1536x961.jpg 1536w, https:\/\/www.muenster.org\/saltovocale\/wp-content\/uploads\/250906_MuFrie_Martin_Firgau_SVoc_03-2048x1281.jpg 2048w, https:\/\/www.muenster.org\/saltovocale\/wp-content\/uploads\/250906_MuFrie_Martin_Firgau_SVoc_03-1200x751.jpg 1200w\" sizes=\"auto, (max-width: 709px) 85vw, (max-width: 909px) 67vw, (max-width: 1362px) 62vw, 840px\" \/><\/figure>\n\n\n\n<figure class=\"wp-block-image size-large\"><img loading=\"lazy\" decoding=\"async\" width=\"1024\" height=\"663\" data-id=\"995\" src=\"https:\/\/www.muenster.org\/saltovocale\/wp-content\/uploads\/250906_MuFrie_Martin_Firgau_SVoc_01-1024x663.jpg\" alt=\"\" class=\"wp-image-995\" srcset=\"https:\/\/www.muenster.org\/saltovocale\/wp-content\/uploads\/250906_MuFrie_Martin_Firgau_SVoc_01-1024x663.jpg 1024w, https:\/\/www.muenster.org\/saltovocale\/wp-content\/uploads\/250906_MuFrie_Martin_Firgau_SVoc_01-300x194.jpg 300w, https:\/\/www.muenster.org\/saltovocale\/wp-content\/uploads\/250906_MuFrie_Martin_Firgau_SVoc_01-768x497.jpg 768w, https:\/\/www.muenster.org\/saltovocale\/wp-content\/uploads\/250906_MuFrie_Martin_Firgau_SVoc_01-1536x995.jpg 1536w, https:\/\/www.muenster.org\/saltovocale\/wp-content\/uploads\/250906_MuFrie_Martin_Firgau_SVoc_01-2048x1326.jpg 2048w, https:\/\/www.muenster.org\/saltovocale\/wp-content\/uploads\/250906_MuFrie_Martin_Firgau_SVoc_01-1200x777.jpg 1200w\" sizes=\"auto, (max-width: 709px) 85vw, (max-width: 909px) 67vw, (max-width: 1362px) 62vw, 840px\" \/><\/figure>\n\n\n\n<figure class=\"wp-block-image size-large\"><img loading=\"lazy\" decoding=\"async\" width=\"1024\" height=\"768\" data-id=\"994\" src=\"https:\/\/www.muenster.org\/saltovocale\/wp-content\/uploads\/250906_MuFrie_Martin_Firgau_SVoc_02-1024x768.jpg\" alt=\"\" class=\"wp-image-994\" srcset=\"https:\/\/www.muenster.org\/saltovocale\/wp-content\/uploads\/250906_MuFrie_Martin_Firgau_SVoc_02-1024x768.jpg 1024w, https:\/\/www.muenster.org\/saltovocale\/wp-content\/uploads\/250906_MuFrie_Martin_Firgau_SVoc_02-300x225.jpg 300w, https:\/\/www.muenster.org\/saltovocale\/wp-content\/uploads\/250906_MuFrie_Martin_Firgau_SVoc_02-768x576.jpg 768w, https:\/\/www.muenster.org\/saltovocale\/wp-content\/uploads\/250906_MuFrie_Martin_Firgau_SVoc_02-1536x1152.jpg 1536w, https:\/\/www.muenster.org\/saltovocale\/wp-content\/uploads\/250906_MuFrie_Martin_Firgau_SVoc_02-2048x1536.jpg 2048w, https:\/\/www.muenster.org\/saltovocale\/wp-content\/uploads\/250906_MuFrie_Martin_Firgau_SVoc_02-1200x900.jpg 1200w\" sizes=\"auto, (max-width: 709px) 85vw, (max-width: 909px) 67vw, (max-width: 1362px) 62vw, 840px\" \/><\/figure>\n\n\n\n<figure class=\"wp-block-image size-large\"><img loading=\"lazy\" decoding=\"async\" width=\"1024\" height=\"620\" data-id=\"993\" src=\"https:\/\/www.muenster.org\/saltovocale\/wp-content\/uploads\/250906_MuFrie_Martin_Firgau_SVoc_04-1024x620.jpg\" alt=\"\" class=\"wp-image-993\" srcset=\"https:\/\/www.muenster.org\/saltovocale\/wp-content\/uploads\/250906_MuFrie_Martin_Firgau_SVoc_04-1024x620.jpg 1024w, https:\/\/www.muenster.org\/saltovocale\/wp-content\/uploads\/250906_MuFrie_Martin_Firgau_SVoc_04-300x182.jpg 300w, https:\/\/www.muenster.org\/saltovocale\/wp-content\/uploads\/250906_MuFrie_Martin_Firgau_SVoc_04-768x465.jpg 768w, https:\/\/www.muenster.org\/saltovocale\/wp-content\/uploads\/250906_MuFrie_Martin_Firgau_SVoc_04-1536x930.jpg 1536w, https:\/\/www.muenster.org\/saltovocale\/wp-content\/uploads\/250906_MuFrie_Martin_Firgau_SVoc_04-2048x1240.jpg 2048w, https:\/\/www.muenster.org\/saltovocale\/wp-content\/uploads\/250906_MuFrie_Martin_Firgau_SVoc_04-1200x726.jpg 1200w\" sizes=\"auto, (max-width: 709px) 85vw, (max-width: 909px) 67vw, (max-width: 1362px) 62vw, 840px\" \/><\/figure>\n\n\n\n<figure class=\"wp-block-image size-large\"><img loading=\"lazy\" decoding=\"async\" width=\"1024\" height=\"601\" data-id=\"991\" src=\"https:\/\/www.muenster.org\/saltovocale\/wp-content\/uploads\/MuFrie_2025_03_cut-1024x601.jpg\" alt=\"\" class=\"wp-image-991\" srcset=\"https:\/\/www.muenster.org\/saltovocale\/wp-content\/uploads\/MuFrie_2025_03_cut-1024x601.jpg 1024w, https:\/\/www.muenster.org\/saltovocale\/wp-content\/uploads\/MuFrie_2025_03_cut-300x176.jpg 300w, https:\/\/www.muenster.org\/saltovocale\/wp-content\/uploads\/MuFrie_2025_03_cut-768x451.jpg 768w, https:\/\/www.muenster.org\/saltovocale\/wp-content\/uploads\/MuFrie_2025_03_cut-1200x704.jpg 1200w, https:\/\/www.muenster.org\/saltovocale\/wp-content\/uploads\/MuFrie_2025_03_cut.jpg 1450w\" sizes=\"auto, (max-width: 709px) 85vw, (max-width: 909px) 67vw, (max-width: 1362px) 62vw, 840px\" \/><\/figure>\n\n\n\n<figure class=\"wp-block-image size-large\"><img loading=\"lazy\" decoding=\"async\" width=\"1024\" height=\"768\" data-id=\"998\" src=\"https:\/\/www.muenster.org\/saltovocale\/wp-content\/uploads\/20250906_154629_JH_SVoc-1024x768.jpg\" alt=\"\" class=\"wp-image-998\" srcset=\"https:\/\/www.muenster.org\/saltovocale\/wp-content\/uploads\/20250906_154629_JH_SVoc-1024x768.jpg 1024w, https:\/\/www.muenster.org\/saltovocale\/wp-content\/uploads\/20250906_154629_JH_SVoc-300x225.jpg 300w, https:\/\/www.muenster.org\/saltovocale\/wp-content\/uploads\/20250906_154629_JH_SVoc-768x576.jpg 768w, https:\/\/www.muenster.org\/saltovocale\/wp-content\/uploads\/20250906_154629_JH_SVoc-1536x1152.jpg 1536w, https:\/\/www.muenster.org\/saltovocale\/wp-content\/uploads\/20250906_154629_JH_SVoc-2048x1536.jpg 2048w, https:\/\/www.muenster.org\/saltovocale\/wp-content\/uploads\/20250906_154629_JH_SVoc-1200x900.jpg 1200w\" sizes=\"auto, (max-width: 709px) 85vw, (max-width: 909px) 67vw, (max-width: 1362px) 62vw, 840px\" \/><\/figure>\n<\/figure>\n<\/div><\/div>\n\n\n\n<h2 class=\"wp-block-heading\">Frauenstra\u00dfe 24, M\u00fcnster, 22.12.2024<\/h2>\n\n\n\n<figure class=\"wp-block-gallery has-nested-images columns-default is-cropped wp-block-gallery-4 is-layout-flex wp-block-gallery-is-layout-flex\">\n<figure class=\"wp-block-image size-large\"><img loading=\"lazy\" decoding=\"async\" width=\"800\" height=\"600\" data-id=\"968\" src=\"https:\/\/www.muenster.org\/saltovocale\/wp-content\/uploads\/241222_f24_12_frank.jpg\" alt=\"\" class=\"wp-image-968\" srcset=\"https:\/\/www.muenster.org\/saltovocale\/wp-content\/uploads\/241222_f24_12_frank.jpg 800w, https:\/\/www.muenster.org\/saltovocale\/wp-content\/uploads\/241222_f24_12_frank-300x225.jpg 300w, https:\/\/www.muenster.org\/saltovocale\/wp-content\/uploads\/241222_f24_12_frank-768x576.jpg 768w\" sizes=\"auto, (max-width: 800px) 85vw, 800px\" \/><\/figure>\n\n\n\n<figure class=\"wp-block-image size-large\"><img loading=\"lazy\" decoding=\"async\" width=\"800\" height=\"600\" data-id=\"969\" src=\"https:\/\/www.muenster.org\/saltovocale\/wp-content\/uploads\/241222_f24_13_frank.jpg\" alt=\"\" class=\"wp-image-969\" srcset=\"https:\/\/www.muenster.org\/saltovocale\/wp-content\/uploads\/241222_f24_13_frank.jpg 800w, https:\/\/www.muenster.org\/saltovocale\/wp-content\/uploads\/241222_f24_13_frank-300x225.jpg 300w, https:\/\/www.muenster.org\/saltovocale\/wp-content\/uploads\/241222_f24_13_frank-768x576.jpg 768w\" sizes=\"auto, (max-width: 800px) 85vw, 800px\" \/><\/figure>\n\n\n\n<figure class=\"wp-block-image size-large\"><img loading=\"lazy\" decoding=\"async\" width=\"800\" height=\"600\" data-id=\"970\" src=\"https:\/\/www.muenster.org\/saltovocale\/wp-content\/uploads\/241222_f24_14_frank.jpg\" alt=\"\" class=\"wp-image-970\" srcset=\"https:\/\/www.muenster.org\/saltovocale\/wp-content\/uploads\/241222_f24_14_frank.jpg 800w, https:\/\/www.muenster.org\/saltovocale\/wp-content\/uploads\/241222_f24_14_frank-300x225.jpg 300w, https:\/\/www.muenster.org\/saltovocale\/wp-content\/uploads\/241222_f24_14_frank-768x576.jpg 768w\" sizes=\"auto, (max-width: 800px) 85vw, 800px\" \/><\/figure>\n\n\n\n<figure class=\"wp-block-image size-large\"><img loading=\"lazy\" decoding=\"async\" width=\"800\" height=\"600\" data-id=\"971\" src=\"https:\/\/www.muenster.org\/saltovocale\/wp-content\/uploads\/241222_f24_15_frank.jpg\" alt=\"\" class=\"wp-image-971\" srcset=\"https:\/\/www.muenster.org\/saltovocale\/wp-content\/uploads\/241222_f24_15_frank.jpg 800w, https:\/\/www.muenster.org\/saltovocale\/wp-content\/uploads\/241222_f24_15_frank-300x225.jpg 300w, https:\/\/www.muenster.org\/saltovocale\/wp-content\/uploads\/241222_f24_15_frank-768x576.jpg 768w\" sizes=\"auto, (max-width: 800px) 85vw, 800px\" \/><\/figure>\n\n\n\n<figure class=\"wp-block-image size-large\"><img loading=\"lazy\" decoding=\"async\" width=\"800\" height=\"600\" data-id=\"972\" src=\"https:\/\/www.muenster.org\/saltovocale\/wp-content\/uploads\/241222_f24_16_frank.jpg\" alt=\"\" class=\"wp-image-972\" srcset=\"https:\/\/www.muenster.org\/saltovocale\/wp-content\/uploads\/241222_f24_16_frank.jpg 800w, https:\/\/www.muenster.org\/saltovocale\/wp-content\/uploads\/241222_f24_16_frank-300x225.jpg 300w, https:\/\/www.muenster.org\/saltovocale\/wp-content\/uploads\/241222_f24_16_frank-768x576.jpg 768w\" sizes=\"auto, (max-width: 800px) 85vw, 800px\" \/><\/figure>\n\n\n\n<figure class=\"wp-block-image size-large\"><img loading=\"lazy\" decoding=\"async\" width=\"800\" height=\"600\" data-id=\"967\" src=\"https:\/\/www.muenster.org\/saltovocale\/wp-content\/uploads\/241222_f24_11_frank.jpg\" alt=\"\" class=\"wp-image-967\" srcset=\"https:\/\/www.muenster.org\/saltovocale\/wp-content\/uploads\/241222_f24_11_frank.jpg 800w, https:\/\/www.muenster.org\/saltovocale\/wp-content\/uploads\/241222_f24_11_frank-300x225.jpg 300w, https:\/\/www.muenster.org\/saltovocale\/wp-content\/uploads\/241222_f24_11_frank-768x576.jpg 768w\" sizes=\"auto, (max-width: 800px) 85vw, 800px\" \/><\/figure>\n<\/figure>\n\n\n\n<p><\/p>\n\n\n\n<figure class=\"wp-block-gallery has-nested-images columns-default is-cropped wp-block-gallery-5 is-layout-flex wp-block-gallery-is-layout-flex\">\n<figure class=\"wp-block-image size-large\"><img loading=\"lazy\" decoding=\"async\" width=\"800\" height=\"539\" data-id=\"964\" src=\"https:\/\/www.muenster.org\/saltovocale\/wp-content\/uploads\/241222_f24_10.jpg\" alt=\"\" class=\"wp-image-964\" srcset=\"https:\/\/www.muenster.org\/saltovocale\/wp-content\/uploads\/241222_f24_10.jpg 800w, https:\/\/www.muenster.org\/saltovocale\/wp-content\/uploads\/241222_f24_10-300x202.jpg 300w, https:\/\/www.muenster.org\/saltovocale\/wp-content\/uploads\/241222_f24_10-768x517.jpg 768w\" sizes=\"auto, (max-width: 800px) 85vw, 800px\" \/><\/figure>\n\n\n\n<figure class=\"wp-block-image size-large\"><img loading=\"lazy\" decoding=\"async\" width=\"800\" height=\"433\" data-id=\"961\" src=\"https:\/\/www.muenster.org\/saltovocale\/wp-content\/uploads\/241222_f24_07.jpg\" alt=\"\" class=\"wp-image-961\" srcset=\"https:\/\/www.muenster.org\/saltovocale\/wp-content\/uploads\/241222_f24_07.jpg 800w, https:\/\/www.muenster.org\/saltovocale\/wp-content\/uploads\/241222_f24_07-300x162.jpg 300w, https:\/\/www.muenster.org\/saltovocale\/wp-content\/uploads\/241222_f24_07-768x416.jpg 768w\" sizes=\"auto, (max-width: 800px) 85vw, 800px\" \/><\/figure>\n\n\n\n<figure class=\"wp-block-image size-large\"><img loading=\"lazy\" decoding=\"async\" width=\"800\" height=\"473\" data-id=\"960\" src=\"https:\/\/www.muenster.org\/saltovocale\/wp-content\/uploads\/241222_f24_06.jpg\" alt=\"\" class=\"wp-image-960\" srcset=\"https:\/\/www.muenster.org\/saltovocale\/wp-content\/uploads\/241222_f24_06.jpg 800w, https:\/\/www.muenster.org\/saltovocale\/wp-content\/uploads\/241222_f24_06-300x177.jpg 300w, https:\/\/www.muenster.org\/saltovocale\/wp-content\/uploads\/241222_f24_06-768x454.jpg 768w\" sizes=\"auto, (max-width: 800px) 85vw, 800px\" \/><\/figure>\n\n\n\n<figure class=\"wp-block-image size-large\"><img loading=\"lazy\" decoding=\"async\" width=\"800\" height=\"600\" data-id=\"957\" src=\"https:\/\/www.muenster.org\/saltovocale\/wp-content\/uploads\/241222_f24_02.jpg\" alt=\"\" class=\"wp-image-957\" srcset=\"https:\/\/www.muenster.org\/saltovocale\/wp-content\/uploads\/241222_f24_02.jpg 800w, https:\/\/www.muenster.org\/saltovocale\/wp-content\/uploads\/241222_f24_02-300x225.jpg 300w, https:\/\/www.muenster.org\/saltovocale\/wp-content\/uploads\/241222_f24_02-768x576.jpg 768w\" sizes=\"auto, (max-width: 800px) 85vw, 800px\" \/><\/figure>\n\n\n\n<figure class=\"wp-block-image size-large\"><img loading=\"lazy\" decoding=\"async\" width=\"800\" height=\"600\" data-id=\"956\" src=\"https:\/\/www.muenster.org\/saltovocale\/wp-content\/uploads\/241222_f24_01.jpg\" alt=\"\" class=\"wp-image-956\" srcset=\"https:\/\/www.muenster.org\/saltovocale\/wp-content\/uploads\/241222_f24_01.jpg 800w, https:\/\/www.muenster.org\/saltovocale\/wp-content\/uploads\/241222_f24_01-300x225.jpg 300w, https:\/\/www.muenster.org\/saltovocale\/wp-content\/uploads\/241222_f24_01-768x576.jpg 768w\" sizes=\"auto, (max-width: 800px) 85vw, 800px\" \/><\/figure>\n\n\n\n<figure class=\"wp-block-image size-large\"><img loading=\"lazy\" decoding=\"async\" width=\"630\" height=\"800\" data-id=\"963\" src=\"https:\/\/www.muenster.org\/saltovocale\/wp-content\/uploads\/241222_f24_09.jpg\" alt=\"\" class=\"wp-image-963\" srcset=\"https:\/\/www.muenster.org\/saltovocale\/wp-content\/uploads\/241222_f24_09.jpg 630w, https:\/\/www.muenster.org\/saltovocale\/wp-content\/uploads\/241222_f24_09-236x300.jpg 236w\" sizes=\"auto, (max-width: 630px) 85vw, 630px\" \/><\/figure>\n\n\n\n<figure class=\"wp-block-image size-large\"><img loading=\"lazy\" decoding=\"async\" width=\"499\" height=\"800\" data-id=\"962\" src=\"https:\/\/www.muenster.org\/saltovocale\/wp-content\/uploads\/241222_f24_08.jpg\" alt=\"\" class=\"wp-image-962\" srcset=\"https:\/\/www.muenster.org\/saltovocale\/wp-content\/uploads\/241222_f24_08.jpg 499w, https:\/\/www.muenster.org\/saltovocale\/wp-content\/uploads\/241222_f24_08-187x300.jpg 187w\" sizes=\"auto, (max-width: 499px) 85vw, 499px\" \/><\/figure>\n\n\n\n<figure class=\"wp-block-image size-large\"><img loading=\"lazy\" decoding=\"async\" width=\"800\" height=\"515\" data-id=\"959\" src=\"https:\/\/www.muenster.org\/saltovocale\/wp-content\/uploads\/241222_f24_05.jpg\" alt=\"\" class=\"wp-image-959\" srcset=\"https:\/\/www.muenster.org\/saltovocale\/wp-content\/uploads\/241222_f24_05.jpg 800w, https:\/\/www.muenster.org\/saltovocale\/wp-content\/uploads\/241222_f24_05-300x193.jpg 300w, https:\/\/www.muenster.org\/saltovocale\/wp-content\/uploads\/241222_f24_05-768x494.jpg 768w\" sizes=\"auto, (max-width: 800px) 85vw, 800px\" \/><\/figure>\n\n\n\n<figure class=\"wp-block-image size-large\"><img loading=\"lazy\" decoding=\"async\" width=\"800\" height=\"634\" data-id=\"958\" src=\"https:\/\/www.muenster.org\/saltovocale\/wp-content\/uploads\/241222_f24_04.jpg\" alt=\"\" class=\"wp-image-958\" srcset=\"https:\/\/www.muenster.org\/saltovocale\/wp-content\/uploads\/241222_f24_04.jpg 800w, https:\/\/www.muenster.org\/saltovocale\/wp-content\/uploads\/241222_f24_04-300x238.jpg 300w, https:\/\/www.muenster.org\/saltovocale\/wp-content\/uploads\/241222_f24_04-768x609.jpg 768w\" sizes=\"auto, (max-width: 800px) 85vw, 800px\" \/><\/figure>\n<\/figure>\n\n\n\n<h2 class=\"wp-block-heading\">Johannes-Hospiz, M\u00fcnster, 2.12.2024<\/h2>\n\n\n\n<figure class=\"wp-block-gallery has-nested-images columns-default is-cropped wp-block-gallery-6 is-layout-flex wp-block-gallery-is-layout-flex\">\n<figure class=\"wp-block-image size-large\"><img loading=\"lazy\" decoding=\"async\" width=\"1024\" height=\"768\" data-id=\"946\" src=\"https:\/\/www.muenster.org\/saltovocale\/wp-content\/uploads\/241202_hospiz_03-1024x768.jpeg\" alt=\"\" class=\"wp-image-946\" srcset=\"https:\/\/www.muenster.org\/saltovocale\/wp-content\/uploads\/241202_hospiz_03-1024x768.jpeg 1024w, https:\/\/www.muenster.org\/saltovocale\/wp-content\/uploads\/241202_hospiz_03-300x225.jpeg 300w, https:\/\/www.muenster.org\/saltovocale\/wp-content\/uploads\/241202_hospiz_03-768x576.jpeg 768w, https:\/\/www.muenster.org\/saltovocale\/wp-content\/uploads\/241202_hospiz_03-1536x1152.jpeg 1536w, https:\/\/www.muenster.org\/saltovocale\/wp-content\/uploads\/241202_hospiz_03-1200x900.jpeg 1200w, https:\/\/www.muenster.org\/saltovocale\/wp-content\/uploads\/241202_hospiz_03.jpeg 1600w\" sizes=\"auto, (max-width: 709px) 85vw, (max-width: 909px) 67vw, (max-width: 1362px) 62vw, 840px\" \/><\/figure>\n\n\n\n<figure class=\"wp-block-image size-large\"><img loading=\"lazy\" decoding=\"async\" width=\"768\" height=\"1024\" data-id=\"947\" src=\"https:\/\/www.muenster.org\/saltovocale\/wp-content\/uploads\/241202_hospiz_04-768x1024.jpeg\" alt=\"\" class=\"wp-image-947\" srcset=\"https:\/\/www.muenster.org\/saltovocale\/wp-content\/uploads\/241202_hospiz_04-768x1024.jpeg 768w, https:\/\/www.muenster.org\/saltovocale\/wp-content\/uploads\/241202_hospiz_04-225x300.jpeg 225w, https:\/\/www.muenster.org\/saltovocale\/wp-content\/uploads\/241202_hospiz_04-1152x1536.jpeg 1152w, https:\/\/www.muenster.org\/saltovocale\/wp-content\/uploads\/241202_hospiz_04.jpeg 1200w\" sizes=\"auto, (max-width: 768px) 85vw, 768px\" \/><\/figure>\n\n\n\n<figure class=\"wp-block-image size-large\"><img loading=\"lazy\" decoding=\"async\" width=\"768\" height=\"1024\" data-id=\"949\" src=\"https:\/\/www.muenster.org\/saltovocale\/wp-content\/uploads\/241202_hospiz_01-768x1024.jpeg\" alt=\"\" class=\"wp-image-949\" srcset=\"https:\/\/www.muenster.org\/saltovocale\/wp-content\/uploads\/241202_hospiz_01-768x1024.jpeg 768w, https:\/\/www.muenster.org\/saltovocale\/wp-content\/uploads\/241202_hospiz_01-225x300.jpeg 225w, https:\/\/www.muenster.org\/saltovocale\/wp-content\/uploads\/241202_hospiz_01-1152x1536.jpeg 1152w, https:\/\/www.muenster.org\/saltovocale\/wp-content\/uploads\/241202_hospiz_01.jpeg 1200w\" sizes=\"auto, (max-width: 768px) 85vw, 768px\" \/><\/figure>\n<\/figure>\n\n\n\n<h2 class=\"wp-block-heading\">Kulturkneipe Frauenstra\u00dfe 24, M\u00fcnster, 25.08.2024<\/h2>\n\n\n\n<figure class=\"wp-block-gallery has-nested-images columns-default is-cropped wp-block-gallery-7 is-layout-flex wp-block-gallery-is-layout-flex\">\n<figure class=\"wp-block-image size-large\"><img loading=\"lazy\" decoding=\"async\" width=\"800\" height=\"600\" data-id=\"924\" src=\"https:\/\/www.muenster.org\/saltovocale\/wp-content\/uploads\/240825_f24_06.jpg\" alt=\"\" class=\"wp-image-924\" srcset=\"https:\/\/www.muenster.org\/saltovocale\/wp-content\/uploads\/240825_f24_06.jpg 800w, https:\/\/www.muenster.org\/saltovocale\/wp-content\/uploads\/240825_f24_06-300x225.jpg 300w, https:\/\/www.muenster.org\/saltovocale\/wp-content\/uploads\/240825_f24_06-768x576.jpg 768w\" sizes=\"auto, (max-width: 800px) 85vw, 800px\" \/><\/figure>\n\n\n\n<figure class=\"wp-block-image size-large\"><img loading=\"lazy\" decoding=\"async\" width=\"800\" height=\"600\" data-id=\"923\" src=\"https:\/\/www.muenster.org\/saltovocale\/wp-content\/uploads\/240825_f24_07.jpg\" alt=\"\" class=\"wp-image-923\" srcset=\"https:\/\/www.muenster.org\/saltovocale\/wp-content\/uploads\/240825_f24_07.jpg 800w, https:\/\/www.muenster.org\/saltovocale\/wp-content\/uploads\/240825_f24_07-300x225.jpg 300w, https:\/\/www.muenster.org\/saltovocale\/wp-content\/uploads\/240825_f24_07-768x576.jpg 768w\" sizes=\"auto, (max-width: 800px) 85vw, 800px\" \/><\/figure>\n\n\n\n<figure class=\"wp-block-image size-large\"><img loading=\"lazy\" decoding=\"async\" width=\"800\" height=\"600\" data-id=\"922\" src=\"https:\/\/www.muenster.org\/saltovocale\/wp-content\/uploads\/240825_f24_01.jpg\" alt=\"\" class=\"wp-image-922\" srcset=\"https:\/\/www.muenster.org\/saltovocale\/wp-content\/uploads\/240825_f24_01.jpg 800w, https:\/\/www.muenster.org\/saltovocale\/wp-content\/uploads\/240825_f24_01-300x225.jpg 300w, https:\/\/www.muenster.org\/saltovocale\/wp-content\/uploads\/240825_f24_01-768x576.jpg 768w\" sizes=\"auto, (max-width: 800px) 85vw, 800px\" \/><\/figure>\n\n\n\n<figure class=\"wp-block-image size-large\"><img loading=\"lazy\" decoding=\"async\" width=\"800\" height=\"600\" data-id=\"919\" src=\"https:\/\/www.muenster.org\/saltovocale\/wp-content\/uploads\/240825_f24_04.jpg\" alt=\"\" class=\"wp-image-919\" srcset=\"https:\/\/www.muenster.org\/saltovocale\/wp-content\/uploads\/240825_f24_04.jpg 800w, https:\/\/www.muenster.org\/saltovocale\/wp-content\/uploads\/240825_f24_04-300x225.jpg 300w, https:\/\/www.muenster.org\/saltovocale\/wp-content\/uploads\/240825_f24_04-768x576.jpg 768w\" sizes=\"auto, (max-width: 800px) 85vw, 800px\" \/><\/figure>\n\n\n\n<figure class=\"wp-block-image size-large\"><img loading=\"lazy\" decoding=\"async\" width=\"800\" height=\"600\" data-id=\"918\" src=\"https:\/\/www.muenster.org\/saltovocale\/wp-content\/uploads\/240825_f24_05.jpg\" alt=\"\" class=\"wp-image-918\" srcset=\"https:\/\/www.muenster.org\/saltovocale\/wp-content\/uploads\/240825_f24_05.jpg 800w, https:\/\/www.muenster.org\/saltovocale\/wp-content\/uploads\/240825_f24_05-300x225.jpg 300w, https:\/\/www.muenster.org\/saltovocale\/wp-content\/uploads\/240825_f24_05-768x576.jpg 768w\" sizes=\"auto, (max-width: 800px) 85vw, 800px\" \/><\/figure>\n\n\n\n<figure class=\"wp-block-image size-large\"><img loading=\"lazy\" decoding=\"async\" width=\"800\" height=\"600\" data-id=\"921\" src=\"https:\/\/www.muenster.org\/saltovocale\/wp-content\/uploads\/240825_f24_02.jpg\" alt=\"\" class=\"wp-image-921\" srcset=\"https:\/\/www.muenster.org\/saltovocale\/wp-content\/uploads\/240825_f24_02.jpg 800w, https:\/\/www.muenster.org\/saltovocale\/wp-content\/uploads\/240825_f24_02-300x225.jpg 300w, https:\/\/www.muenster.org\/saltovocale\/wp-content\/uploads\/240825_f24_02-768x576.jpg 768w\" sizes=\"auto, (max-width: 800px) 85vw, 800px\" \/><\/figure>\n<\/figure>\n\n\n\n<h2 class=\"wp-block-heading\">Mokido M\u00fcnster-Kinderhaus, 18.12.2023<\/h2>\n\n\n\n<figure class=\"wp-block-gallery has-nested-images columns-default is-cropped wp-block-gallery-8 is-layout-flex wp-block-gallery-is-layout-flex\">\n<figure class=\"wp-block-image size-large\"><img loading=\"lazy\" decoding=\"async\" width=\"768\" height=\"1024\" data-id=\"850\" src=\"https:\/\/www.muenster.org\/saltovocale\/wp-content\/uploads\/231218_mokido_08-web-768x1024.jpg\" alt=\"\" class=\"wp-image-850\" srcset=\"https:\/\/www.muenster.org\/saltovocale\/wp-content\/uploads\/231218_mokido_08-web-768x1024.jpg 768w, https:\/\/www.muenster.org\/saltovocale\/wp-content\/uploads\/231218_mokido_08-web-225x300.jpg 225w, https:\/\/www.muenster.org\/saltovocale\/wp-content\/uploads\/231218_mokido_08-web.jpg 800w\" sizes=\"auto, (max-width: 768px) 85vw, 768px\" \/><\/figure>\n\n\n\n<figure class=\"wp-block-image size-large\"><img loading=\"lazy\" decoding=\"async\" width=\"600\" height=\"800\" data-id=\"848\" src=\"https:\/\/www.muenster.org\/saltovocale\/wp-content\/uploads\/231218_mokido_06-web.jpg\" alt=\"\" class=\"wp-image-848\" srcset=\"https:\/\/www.muenster.org\/saltovocale\/wp-content\/uploads\/231218_mokido_06-web.jpg 600w, https:\/\/www.muenster.org\/saltovocale\/wp-content\/uploads\/231218_mokido_06-web-225x300.jpg 225w\" sizes=\"auto, (max-width: 600px) 85vw, 600px\" \/><\/figure>\n\n\n\n<figure class=\"wp-block-image size-large\"><img loading=\"lazy\" decoding=\"async\" width=\"600\" height=\"800\" data-id=\"847\" src=\"https:\/\/www.muenster.org\/saltovocale\/wp-content\/uploads\/231218_mokido_05-web.jpg\" alt=\"\" class=\"wp-image-847\" srcset=\"https:\/\/www.muenster.org\/saltovocale\/wp-content\/uploads\/231218_mokido_05-web.jpg 600w, https:\/\/www.muenster.org\/saltovocale\/wp-content\/uploads\/231218_mokido_05-web-225x300.jpg 225w\" sizes=\"auto, (max-width: 600px) 85vw, 600px\" \/><\/figure>\n\n\n\n<figure class=\"wp-block-image size-large\"><img loading=\"lazy\" decoding=\"async\" width=\"800\" height=\"600\" data-id=\"852\" src=\"https:\/\/www.muenster.org\/saltovocale\/wp-content\/uploads\/231218_mokido_11-web.jpg\" alt=\"\" class=\"wp-image-852\" srcset=\"https:\/\/www.muenster.org\/saltovocale\/wp-content\/uploads\/231218_mokido_11-web.jpg 800w, https:\/\/www.muenster.org\/saltovocale\/wp-content\/uploads\/231218_mokido_11-web-300x225.jpg 300w, https:\/\/www.muenster.org\/saltovocale\/wp-content\/uploads\/231218_mokido_11-web-768x576.jpg 768w\" sizes=\"auto, (max-width: 800px) 85vw, 800px\" \/><\/figure>\n\n\n\n<figure class=\"wp-block-image size-large\"><img loading=\"lazy\" decoding=\"async\" width=\"800\" height=\"600\" data-id=\"851\" src=\"https:\/\/www.muenster.org\/saltovocale\/wp-content\/uploads\/231218_mokido_09-web.jpg\" alt=\"\" class=\"wp-image-851\" srcset=\"https:\/\/www.muenster.org\/saltovocale\/wp-content\/uploads\/231218_mokido_09-web.jpg 800w, https:\/\/www.muenster.org\/saltovocale\/wp-content\/uploads\/231218_mokido_09-web-300x225.jpg 300w, https:\/\/www.muenster.org\/saltovocale\/wp-content\/uploads\/231218_mokido_09-web-768x576.jpg 768w\" sizes=\"auto, (max-width: 800px) 85vw, 800px\" \/><\/figure>\n\n\n\n<figure class=\"wp-block-image size-large\"><img loading=\"lazy\" decoding=\"async\" width=\"800\" height=\"600\" data-id=\"846\" src=\"https:\/\/www.muenster.org\/saltovocale\/wp-content\/uploads\/231218_mokido_02-web.jpg\" alt=\"\" class=\"wp-image-846\" srcset=\"https:\/\/www.muenster.org\/saltovocale\/wp-content\/uploads\/231218_mokido_02-web.jpg 800w, https:\/\/www.muenster.org\/saltovocale\/wp-content\/uploads\/231218_mokido_02-web-300x225.jpg 300w, https:\/\/www.muenster.org\/saltovocale\/wp-content\/uploads\/231218_mokido_02-web-768x576.jpg 768w\" sizes=\"auto, (max-width: 800px) 85vw, 800px\" \/><\/figure>\n\n\n\n<figure class=\"wp-block-image size-large\"><img loading=\"lazy\" decoding=\"async\" width=\"800\" height=\"600\" data-id=\"845\" src=\"https:\/\/www.muenster.org\/saltovocale\/wp-content\/uploads\/231218_mokido_01-web.jpg\" alt=\"\" class=\"wp-image-845\" srcset=\"https:\/\/www.muenster.org\/saltovocale\/wp-content\/uploads\/231218_mokido_01-web.jpg 800w, https:\/\/www.muenster.org\/saltovocale\/wp-content\/uploads\/231218_mokido_01-web-300x225.jpg 300w, https:\/\/www.muenster.org\/saltovocale\/wp-content\/uploads\/231218_mokido_01-web-768x576.jpg 768w\" sizes=\"auto, (max-width: 800px) 85vw, 800px\" \/><\/figure>\n\n\n\n<figure class=\"wp-block-image size-large\"><img loading=\"lazy\" decoding=\"async\" width=\"800\" height=\"600\" data-id=\"849\" src=\"https:\/\/www.muenster.org\/saltovocale\/wp-content\/uploads\/231218_mokido_07-web.jpg\" alt=\"\" class=\"wp-image-849\" srcset=\"https:\/\/www.muenster.org\/saltovocale\/wp-content\/uploads\/231218_mokido_07-web.jpg 800w, https:\/\/www.muenster.org\/saltovocale\/wp-content\/uploads\/231218_mokido_07-web-300x225.jpg 300w, https:\/\/www.muenster.org\/saltovocale\/wp-content\/uploads\/231218_mokido_07-web-768x576.jpg 768w\" sizes=\"auto, (max-width: 800px) 85vw, 800px\" \/><\/figure>\n<\/figure>\n\n\n\n<h2 class=\"wp-block-heading\" style=\"font-size:30px\"><strong>Zukunftswerkstatt, M\u00fcnster, 26.11.2023<\/strong><\/h2>\n\n\n\n<figure class=\"wp-block-gallery has-nested-images columns-default is-cropped wp-block-gallery-9 is-layout-flex wp-block-gallery-is-layout-flex\">\n<figure class=\"wp-block-image size-large\"><img loading=\"lazy\" decoding=\"async\" width=\"800\" height=\"600\" data-id=\"833\" src=\"https:\/\/www.muenster.org\/saltovocale\/wp-content\/uploads\/231126_Zukunftswerkstatt_image018.jpg\" alt=\"\" class=\"wp-image-833\" srcset=\"https:\/\/www.muenster.org\/saltovocale\/wp-content\/uploads\/231126_Zukunftswerkstatt_image018.jpg 800w, https:\/\/www.muenster.org\/saltovocale\/wp-content\/uploads\/231126_Zukunftswerkstatt_image018-300x225.jpg 300w, https:\/\/www.muenster.org\/saltovocale\/wp-content\/uploads\/231126_Zukunftswerkstatt_image018-768x576.jpg 768w\" sizes=\"auto, (max-width: 800px) 85vw, 800px\" \/><\/figure>\n\n\n\n<figure class=\"wp-block-image size-large\"><img loading=\"lazy\" decoding=\"async\" width=\"800\" height=\"600\" data-id=\"832\" src=\"https:\/\/www.muenster.org\/saltovocale\/wp-content\/uploads\/231126_Zukunftswerkstatt_image015.jpg\" alt=\"\" class=\"wp-image-832\" srcset=\"https:\/\/www.muenster.org\/saltovocale\/wp-content\/uploads\/231126_Zukunftswerkstatt_image015.jpg 800w, https:\/\/www.muenster.org\/saltovocale\/wp-content\/uploads\/231126_Zukunftswerkstatt_image015-300x225.jpg 300w, https:\/\/www.muenster.org\/saltovocale\/wp-content\/uploads\/231126_Zukunftswerkstatt_image015-768x576.jpg 768w\" sizes=\"auto, (max-width: 800px) 85vw, 800px\" \/><\/figure>\n\n\n\n<figure class=\"wp-block-image size-large\"><img loading=\"lazy\" decoding=\"async\" width=\"800\" height=\"600\" data-id=\"831\" src=\"https:\/\/www.muenster.org\/saltovocale\/wp-content\/uploads\/231126_Zukunftswerkstatt_image014.jpg\" alt=\"\" class=\"wp-image-831\" srcset=\"https:\/\/www.muenster.org\/saltovocale\/wp-content\/uploads\/231126_Zukunftswerkstatt_image014.jpg 800w, https:\/\/www.muenster.org\/saltovocale\/wp-content\/uploads\/231126_Zukunftswerkstatt_image014-300x225.jpg 300w, https:\/\/www.muenster.org\/saltovocale\/wp-content\/uploads\/231126_Zukunftswerkstatt_image014-768x576.jpg 768w\" sizes=\"auto, (max-width: 800px) 85vw, 800px\" \/><\/figure>\n\n\n\n<figure class=\"wp-block-image size-large\"><img loading=\"lazy\" decoding=\"async\" width=\"800\" height=\"600\" data-id=\"830\" src=\"https:\/\/www.muenster.org\/saltovocale\/wp-content\/uploads\/231126_Zukunftswerkstatt_image013.jpg\" alt=\"\" class=\"wp-image-830\" srcset=\"https:\/\/www.muenster.org\/saltovocale\/wp-content\/uploads\/231126_Zukunftswerkstatt_image013.jpg 800w, https:\/\/www.muenster.org\/saltovocale\/wp-content\/uploads\/231126_Zukunftswerkstatt_image013-300x225.jpg 300w, https:\/\/www.muenster.org\/saltovocale\/wp-content\/uploads\/231126_Zukunftswerkstatt_image013-768x576.jpg 768w\" sizes=\"auto, (max-width: 800px) 85vw, 800px\" \/><\/figure>\n\n\n\n<figure class=\"wp-block-image size-large\"><img loading=\"lazy\" decoding=\"async\" width=\"800\" height=\"600\" data-id=\"829\" src=\"https:\/\/www.muenster.org\/saltovocale\/wp-content\/uploads\/231126_Zukunftswerkstatt_image012.jpg\" alt=\"\" class=\"wp-image-829\" srcset=\"https:\/\/www.muenster.org\/saltovocale\/wp-content\/uploads\/231126_Zukunftswerkstatt_image012.jpg 800w, https:\/\/www.muenster.org\/saltovocale\/wp-content\/uploads\/231126_Zukunftswerkstatt_image012-300x225.jpg 300w, https:\/\/www.muenster.org\/saltovocale\/wp-content\/uploads\/231126_Zukunftswerkstatt_image012-768x576.jpg 768w\" sizes=\"auto, (max-width: 800px) 85vw, 800px\" \/><\/figure>\n\n\n\n<figure class=\"wp-block-image size-large\"><img loading=\"lazy\" decoding=\"async\" width=\"800\" height=\"600\" data-id=\"828\" src=\"https:\/\/www.muenster.org\/saltovocale\/wp-content\/uploads\/231126_Zukunftswerkstatt_image005.jpg\" alt=\"\" class=\"wp-image-828\" srcset=\"https:\/\/www.muenster.org\/saltovocale\/wp-content\/uploads\/231126_Zukunftswerkstatt_image005.jpg 800w, https:\/\/www.muenster.org\/saltovocale\/wp-content\/uploads\/231126_Zukunftswerkstatt_image005-300x225.jpg 300w, https:\/\/www.muenster.org\/saltovocale\/wp-content\/uploads\/231126_Zukunftswerkstatt_image005-768x576.jpg 768w\" sizes=\"auto, (max-width: 800px) 85vw, 800px\" \/><\/figure>\n<\/figure>\n\n\n\n<h2 class=\"wp-block-heading has-large-font-size\">Emsgalerie, Rheine, 11.12.2022<\/h2>\n\n\n\n<figure class=\"wp-block-gallery has-nested-images columns-default is-cropped wp-block-gallery-10 is-layout-flex wp-block-gallery-is-layout-flex\">\n<figure class=\"wp-block-image size-large\"><img loading=\"lazy\" decoding=\"async\" width=\"600\" height=\"800\" data-id=\"755\" src=\"https:\/\/www.muenster.org\/saltovocale\/wp-content\/uploads\/221211_Emsgalerie_09.jpg\" alt=\"\" class=\"wp-image-755\" srcset=\"https:\/\/www.muenster.org\/saltovocale\/wp-content\/uploads\/221211_Emsgalerie_09.jpg 600w, https:\/\/www.muenster.org\/saltovocale\/wp-content\/uploads\/221211_Emsgalerie_09-225x300.jpg 225w\" sizes=\"auto, (max-width: 600px) 85vw, 600px\" \/><\/figure>\n\n\n\n<figure class=\"wp-block-image size-large\"><img loading=\"lazy\" decoding=\"async\" width=\"800\" height=\"600\" data-id=\"750\" src=\"https:\/\/www.muenster.org\/saltovocale\/wp-content\/uploads\/221211_Emsgalerie_08.jpg\" alt=\"\" class=\"wp-image-750\" srcset=\"https:\/\/www.muenster.org\/saltovocale\/wp-content\/uploads\/221211_Emsgalerie_08.jpg 800w, https:\/\/www.muenster.org\/saltovocale\/wp-content\/uploads\/221211_Emsgalerie_08-300x225.jpg 300w, https:\/\/www.muenster.org\/saltovocale\/wp-content\/uploads\/221211_Emsgalerie_08-768x576.jpg 768w\" sizes=\"auto, (max-width: 800px) 85vw, 800px\" \/><\/figure>\n\n\n\n<figure class=\"wp-block-image size-large\"><img loading=\"lazy\" decoding=\"async\" width=\"600\" height=\"800\" data-id=\"753\" src=\"https:\/\/www.muenster.org\/saltovocale\/wp-content\/uploads\/221211_Emsgalerie_07.jpg\" alt=\"\" class=\"wp-image-753\" srcset=\"https:\/\/www.muenster.org\/saltovocale\/wp-content\/uploads\/221211_Emsgalerie_07.jpg 600w, https:\/\/www.muenster.org\/saltovocale\/wp-content\/uploads\/221211_Emsgalerie_07-225x300.jpg 225w\" sizes=\"auto, (max-width: 600px) 85vw, 600px\" \/><\/figure>\n\n\n\n<figure class=\"wp-block-image size-large\"><img loading=\"lazy\" decoding=\"async\" width=\"800\" height=\"600\" data-id=\"751\" src=\"https:\/\/www.muenster.org\/saltovocale\/wp-content\/uploads\/221211_Emsgalerie_06.jpg\" alt=\"\" class=\"wp-image-751\" srcset=\"https:\/\/www.muenster.org\/saltovocale\/wp-content\/uploads\/221211_Emsgalerie_06.jpg 800w, https:\/\/www.muenster.org\/saltovocale\/wp-content\/uploads\/221211_Emsgalerie_06-300x225.jpg 300w, https:\/\/www.muenster.org\/saltovocale\/wp-content\/uploads\/221211_Emsgalerie_06-768x576.jpg 768w\" sizes=\"auto, (max-width: 800px) 85vw, 800px\" \/><\/figure>\n\n\n\n<figure class=\"wp-block-image size-large\"><img loading=\"lazy\" decoding=\"async\" width=\"600\" height=\"800\" data-id=\"752\" src=\"https:\/\/www.muenster.org\/saltovocale\/wp-content\/uploads\/221211_Emsgalerie_05.jpg\" alt=\"\" class=\"wp-image-752\" srcset=\"https:\/\/www.muenster.org\/saltovocale\/wp-content\/uploads\/221211_Emsgalerie_05.jpg 600w, https:\/\/www.muenster.org\/saltovocale\/wp-content\/uploads\/221211_Emsgalerie_05-225x300.jpg 225w\" sizes=\"auto, (max-width: 600px) 85vw, 600px\" \/><\/figure>\n\n\n\n<figure class=\"wp-block-image size-large\"><img loading=\"lazy\" decoding=\"async\" width=\"800\" height=\"600\" data-id=\"754\" src=\"https:\/\/www.muenster.org\/saltovocale\/wp-content\/uploads\/221211_Emsgalerie_04.jpg\" alt=\"\" class=\"wp-image-754\" srcset=\"https:\/\/www.muenster.org\/saltovocale\/wp-content\/uploads\/221211_Emsgalerie_04.jpg 800w, https:\/\/www.muenster.org\/saltovocale\/wp-content\/uploads\/221211_Emsgalerie_04-300x225.jpg 300w, https:\/\/www.muenster.org\/saltovocale\/wp-content\/uploads\/221211_Emsgalerie_04-768x576.jpg 768w\" sizes=\"auto, (max-width: 800px) 85vw, 800px\" \/><\/figure>\n\n\n\n<figure class=\"wp-block-image size-large\"><img loading=\"lazy\" decoding=\"async\" width=\"800\" height=\"600\" data-id=\"756\" src=\"https:\/\/www.muenster.org\/saltovocale\/wp-content\/uploads\/221211_Emsgalerie_03.jpg\" alt=\"\" class=\"wp-image-756\" srcset=\"https:\/\/www.muenster.org\/saltovocale\/wp-content\/uploads\/221211_Emsgalerie_03.jpg 800w, https:\/\/www.muenster.org\/saltovocale\/wp-content\/uploads\/221211_Emsgalerie_03-300x225.jpg 300w, https:\/\/www.muenster.org\/saltovocale\/wp-content\/uploads\/221211_Emsgalerie_03-768x576.jpg 768w\" sizes=\"auto, (max-width: 800px) 85vw, 800px\" \/><\/figure>\n\n\n\n<figure class=\"wp-block-image size-large\"><img loading=\"lazy\" decoding=\"async\" width=\"800\" height=\"600\" data-id=\"757\" src=\"https:\/\/www.muenster.org\/saltovocale\/wp-content\/uploads\/221211_Emsgalerie_02.jpg\" alt=\"\" class=\"wp-image-757\" srcset=\"https:\/\/www.muenster.org\/saltovocale\/wp-content\/uploads\/221211_Emsgalerie_02.jpg 800w, https:\/\/www.muenster.org\/saltovocale\/wp-content\/uploads\/221211_Emsgalerie_02-300x225.jpg 300w, https:\/\/www.muenster.org\/saltovocale\/wp-content\/uploads\/221211_Emsgalerie_02-768x576.jpg 768w\" sizes=\"auto, (max-width: 800px) 85vw, 800px\" \/><\/figure>\n\n\n\n<figure class=\"wp-block-image size-large\"><img loading=\"lazy\" decoding=\"async\" width=\"800\" height=\"600\" data-id=\"758\" src=\"https:\/\/www.muenster.org\/saltovocale\/wp-content\/uploads\/221211_Emsgalerie_01.jpg\" alt=\"\" class=\"wp-image-758\" srcset=\"https:\/\/www.muenster.org\/saltovocale\/wp-content\/uploads\/221211_Emsgalerie_01.jpg 800w, https:\/\/www.muenster.org\/saltovocale\/wp-content\/uploads\/221211_Emsgalerie_01-300x225.jpg 300w, https:\/\/www.muenster.org\/saltovocale\/wp-content\/uploads\/221211_Emsgalerie_01-768x576.jpg 768w\" sizes=\"auto, (max-width: 800px) 85vw, 800px\" \/><\/figure>\n<\/figure>\n\n\n\n<h2 class=\"wp-block-heading\">Zukunftswerkstatt, M\u00fcnster, 10.12.2022<\/h2>\n\n\n\n<figure class=\"wp-block-gallery has-nested-images columns-default is-cropped wp-block-gallery-11 is-layout-flex wp-block-gallery-is-layout-flex\">\n<figure class=\"wp-block-image size-large\"><img loading=\"lazy\" decoding=\"async\" width=\"800\" height=\"600\" data-id=\"744\" src=\"https:\/\/www.muenster.org\/saltovocale\/wp-content\/uploads\/221210_Zukunftswerkstatt_05b.jpg\" alt=\"\" class=\"wp-image-744\" srcset=\"https:\/\/www.muenster.org\/saltovocale\/wp-content\/uploads\/221210_Zukunftswerkstatt_05b.jpg 800w, https:\/\/www.muenster.org\/saltovocale\/wp-content\/uploads\/221210_Zukunftswerkstatt_05b-300x225.jpg 300w, https:\/\/www.muenster.org\/saltovocale\/wp-content\/uploads\/221210_Zukunftswerkstatt_05b-768x576.jpg 768w\" sizes=\"auto, (max-width: 800px) 85vw, 800px\" \/><\/figure>\n\n\n\n<figure class=\"wp-block-image size-large\"><img loading=\"lazy\" decoding=\"async\" width=\"800\" height=\"600\" data-id=\"748\" src=\"https:\/\/www.muenster.org\/saltovocale\/wp-content\/uploads\/221210_Zukunftswerkstatt_04b.jpg\" alt=\"\" class=\"wp-image-748\" srcset=\"https:\/\/www.muenster.org\/saltovocale\/wp-content\/uploads\/221210_Zukunftswerkstatt_04b.jpg 800w, https:\/\/www.muenster.org\/saltovocale\/wp-content\/uploads\/221210_Zukunftswerkstatt_04b-300x225.jpg 300w, https:\/\/www.muenster.org\/saltovocale\/wp-content\/uploads\/221210_Zukunftswerkstatt_04b-768x576.jpg 768w\" sizes=\"auto, (max-width: 800px) 85vw, 800px\" \/><\/figure>\n\n\n\n<figure class=\"wp-block-image size-large\"><img loading=\"lazy\" decoding=\"async\" width=\"800\" height=\"600\" data-id=\"747\" src=\"https:\/\/www.muenster.org\/saltovocale\/wp-content\/uploads\/221210_Zukunftswerkstatt_03b.jpg\" alt=\"\" class=\"wp-image-747\" srcset=\"https:\/\/www.muenster.org\/saltovocale\/wp-content\/uploads\/221210_Zukunftswerkstatt_03b.jpg 800w, https:\/\/www.muenster.org\/saltovocale\/wp-content\/uploads\/221210_Zukunftswerkstatt_03b-300x225.jpg 300w, https:\/\/www.muenster.org\/saltovocale\/wp-content\/uploads\/221210_Zukunftswerkstatt_03b-768x576.jpg 768w\" sizes=\"auto, (max-width: 800px) 85vw, 800px\" \/><\/figure>\n\n\n\n<figure class=\"wp-block-image size-large\"><img loading=\"lazy\" decoding=\"async\" width=\"780\" height=\"600\" data-id=\"746\" src=\"https:\/\/www.muenster.org\/saltovocale\/wp-content\/uploads\/221210_Zukunftswerkstatt_02b.jpg\" alt=\"\" class=\"wp-image-746\" srcset=\"https:\/\/www.muenster.org\/saltovocale\/wp-content\/uploads\/221210_Zukunftswerkstatt_02b.jpg 780w, https:\/\/www.muenster.org\/saltovocale\/wp-content\/uploads\/221210_Zukunftswerkstatt_02b-300x231.jpg 300w, https:\/\/www.muenster.org\/saltovocale\/wp-content\/uploads\/221210_Zukunftswerkstatt_02b-768x591.jpg 768w\" sizes=\"auto, (max-width: 780px) 85vw, 780px\" \/><\/figure>\n\n\n\n<figure class=\"wp-block-image size-large\"><img loading=\"lazy\" decoding=\"async\" width=\"800\" height=\"616\" data-id=\"745\" src=\"https:\/\/www.muenster.org\/saltovocale\/wp-content\/uploads\/221210_Zukunftswerkstatt_01b.jpg\" alt=\"\" class=\"wp-image-745\" srcset=\"https:\/\/www.muenster.org\/saltovocale\/wp-content\/uploads\/221210_Zukunftswerkstatt_01b.jpg 800w, https:\/\/www.muenster.org\/saltovocale\/wp-content\/uploads\/221210_Zukunftswerkstatt_01b-300x231.jpg 300w, https:\/\/www.muenster.org\/saltovocale\/wp-content\/uploads\/221210_Zukunftswerkstatt_01b-768x591.jpg 768w\" sizes=\"auto, (max-width: 800px) 85vw, 800px\" \/><\/figure>\n<\/figure>\n\n\n\n<h2 class=\"wp-block-heading\">&#8222;B\u00fchne frei&#8220;; Greven, 19.11.2022<\/h2>\n\n\n\n<figure class=\"wp-block-gallery has-nested-images columns-default is-cropped wp-block-gallery-12 is-layout-flex wp-block-gallery-is-layout-flex\">\n<figure class=\"wp-block-image size-large\"><img loading=\"lazy\" decoding=\"async\" width=\"1024\" height=\"768\" data-id=\"737\" src=\"https:\/\/www.muenster.org\/saltovocale\/wp-content\/uploads\/101_2698-1024x768.jpg\" alt=\"\" class=\"wp-image-737\" srcset=\"https:\/\/www.muenster.org\/saltovocale\/wp-content\/uploads\/101_2698-1024x768.jpg 1024w, https:\/\/www.muenster.org\/saltovocale\/wp-content\/uploads\/101_2698-300x225.jpg 300w, https:\/\/www.muenster.org\/saltovocale\/wp-content\/uploads\/101_2698-768x576.jpg 768w, https:\/\/www.muenster.org\/saltovocale\/wp-content\/uploads\/101_2698-1536x1152.jpg 1536w, https:\/\/www.muenster.org\/saltovocale\/wp-content\/uploads\/101_2698-2048x1536.jpg 2048w, https:\/\/www.muenster.org\/saltovocale\/wp-content\/uploads\/101_2698-1200x900.jpg 1200w\" sizes=\"auto, (max-width: 709px) 85vw, (max-width: 909px) 67vw, (max-width: 1362px) 62vw, 840px\" \/><\/figure>\n\n\n\n<figure class=\"wp-block-image size-large\"><img loading=\"lazy\" decoding=\"async\" width=\"1024\" height=\"768\" data-id=\"736\" src=\"https:\/\/www.muenster.org\/saltovocale\/wp-content\/uploads\/101_2697-1024x768.jpg\" alt=\"\" class=\"wp-image-736\" srcset=\"https:\/\/www.muenster.org\/saltovocale\/wp-content\/uploads\/101_2697-1024x768.jpg 1024w, https:\/\/www.muenster.org\/saltovocale\/wp-content\/uploads\/101_2697-300x225.jpg 300w, https:\/\/www.muenster.org\/saltovocale\/wp-content\/uploads\/101_2697-768x576.jpg 768w, https:\/\/www.muenster.org\/saltovocale\/wp-content\/uploads\/101_2697-1536x1152.jpg 1536w, https:\/\/www.muenster.org\/saltovocale\/wp-content\/uploads\/101_2697-2048x1536.jpg 2048w, https:\/\/www.muenster.org\/saltovocale\/wp-content\/uploads\/101_2697-1200x900.jpg 1200w\" sizes=\"auto, (max-width: 709px) 85vw, (max-width: 909px) 67vw, (max-width: 1362px) 62vw, 840px\" \/><\/figure>\n\n\n\n<figure class=\"wp-block-image size-large\"><img loading=\"lazy\" decoding=\"async\" width=\"768\" height=\"1024\" data-id=\"735\" src=\"https:\/\/www.muenster.org\/saltovocale\/wp-content\/uploads\/101_2665-768x1024.jpg\" alt=\"\" class=\"wp-image-735\" srcset=\"https:\/\/www.muenster.org\/saltovocale\/wp-content\/uploads\/101_2665-768x1024.jpg 768w, https:\/\/www.muenster.org\/saltovocale\/wp-content\/uploads\/101_2665-225x300.jpg 225w, https:\/\/www.muenster.org\/saltovocale\/wp-content\/uploads\/101_2665-1152x1536.jpg 1152w, https:\/\/www.muenster.org\/saltovocale\/wp-content\/uploads\/101_2665-1536x2048.jpg 1536w, https:\/\/www.muenster.org\/saltovocale\/wp-content\/uploads\/101_2665-1200x1600.jpg 1200w, https:\/\/www.muenster.org\/saltovocale\/wp-content\/uploads\/101_2665-scaled.jpg 1920w\" sizes=\"auto, (max-width: 768px) 85vw, 768px\" \/><\/figure>\n\n\n\n<figure class=\"wp-block-image size-large\"><img loading=\"lazy\" decoding=\"async\" width=\"1024\" height=\"768\" data-id=\"734\" src=\"https:\/\/www.muenster.org\/saltovocale\/wp-content\/uploads\/101_2647-1024x768.jpg\" alt=\"\" class=\"wp-image-734\" srcset=\"https:\/\/www.muenster.org\/saltovocale\/wp-content\/uploads\/101_2647-1024x768.jpg 1024w, https:\/\/www.muenster.org\/saltovocale\/wp-content\/uploads\/101_2647-300x225.jpg 300w, https:\/\/www.muenster.org\/saltovocale\/wp-content\/uploads\/101_2647-768x576.jpg 768w, https:\/\/www.muenster.org\/saltovocale\/wp-content\/uploads\/101_2647-1536x1152.jpg 1536w, https:\/\/www.muenster.org\/saltovocale\/wp-content\/uploads\/101_2647-2048x1536.jpg 2048w, https:\/\/www.muenster.org\/saltovocale\/wp-content\/uploads\/101_2647-1200x900.jpg 1200w\" sizes=\"auto, (max-width: 709px) 85vw, (max-width: 909px) 67vw, (max-width: 1362px) 62vw, 840px\" \/><\/figure>\n\n\n\n<figure class=\"wp-block-image size-large\"><img loading=\"lazy\" decoding=\"async\" width=\"1024\" height=\"768\" data-id=\"731\" src=\"https:\/\/www.muenster.org\/saltovocale\/wp-content\/uploads\/101_2631-1024x768.jpg\" alt=\"\" class=\"wp-image-731\" srcset=\"https:\/\/www.muenster.org\/saltovocale\/wp-content\/uploads\/101_2631-1024x768.jpg 1024w, https:\/\/www.muenster.org\/saltovocale\/wp-content\/uploads\/101_2631-300x225.jpg 300w, https:\/\/www.muenster.org\/saltovocale\/wp-content\/uploads\/101_2631-768x576.jpg 768w, https:\/\/www.muenster.org\/saltovocale\/wp-content\/uploads\/101_2631-1536x1152.jpg 1536w, https:\/\/www.muenster.org\/saltovocale\/wp-content\/uploads\/101_2631-2048x1536.jpg 2048w, https:\/\/www.muenster.org\/saltovocale\/wp-content\/uploads\/101_2631-1200x900.jpg 1200w\" sizes=\"auto, (max-width: 709px) 85vw, (max-width: 909px) 67vw, (max-width: 1362px) 62vw, 840px\" \/><\/figure>\n\n\n\n<figure class=\"wp-block-image size-large\"><img loading=\"lazy\" decoding=\"async\" width=\"1024\" height=\"768\" data-id=\"730\" src=\"https:\/\/www.muenster.org\/saltovocale\/wp-content\/uploads\/101_2613-1024x768.jpg\" alt=\"\" class=\"wp-image-730\" srcset=\"https:\/\/www.muenster.org\/saltovocale\/wp-content\/uploads\/101_2613-1024x768.jpg 1024w, https:\/\/www.muenster.org\/saltovocale\/wp-content\/uploads\/101_2613-300x225.jpg 300w, https:\/\/www.muenster.org\/saltovocale\/wp-content\/uploads\/101_2613-768x576.jpg 768w, https:\/\/www.muenster.org\/saltovocale\/wp-content\/uploads\/101_2613-1536x1152.jpg 1536w, https:\/\/www.muenster.org\/saltovocale\/wp-content\/uploads\/101_2613-2048x1536.jpg 2048w, https:\/\/www.muenster.org\/saltovocale\/wp-content\/uploads\/101_2613-1200x900.jpg 1200w\" sizes=\"auto, (max-width: 709px) 85vw, (max-width: 909px) 67vw, (max-width: 1362px) 62vw, 840px\" \/><\/figure>\n<\/figure>\n\n\n\n<p><\/p>\n\n\n\n<p>Bericht zu diesem Auftritt: <a href=\"https:\/\/buehnefrei-greven.de\/galerie\/2022\/\" target=\"_blank\" rel=\"noreferrer noopener\">Buehne frei<\/a><\/p>\n\n\n\n<h2 class=\"wp-block-heading\">&#8222;Komm auf die Wiese, Luise&#8220;, Telgte, 15.5.2022<\/h2>\n\n\n\n<figure class=\"wp-block-gallery has-nested-images columns-default is-cropped wp-block-gallery-13 is-layout-flex wp-block-gallery-is-layout-flex\">\n<figure class=\"wp-block-image size-large\"><img loading=\"lazy\" decoding=\"async\" width=\"600\" height=\"800\" data-id=\"676\" src=\"https:\/\/www.muenster.org\/saltovocale\/wp-content\/uploads\/220515_Telgte_image092.jpg\" alt=\"\" class=\"wp-image-676\" srcset=\"https:\/\/www.muenster.org\/saltovocale\/wp-content\/uploads\/220515_Telgte_image092.jpg 600w, https:\/\/www.muenster.org\/saltovocale\/wp-content\/uploads\/220515_Telgte_image092-225x300.jpg 225w\" sizes=\"auto, (max-width: 600px) 85vw, 600px\" \/><\/figure>\n\n\n\n<figure class=\"wp-block-image size-large\"><img loading=\"lazy\" decoding=\"async\" width=\"600\" height=\"800\" data-id=\"674\" src=\"https:\/\/www.muenster.org\/saltovocale\/wp-content\/uploads\/220515_Telgte_image080.jpg\" alt=\"\" class=\"wp-image-674\" srcset=\"https:\/\/www.muenster.org\/saltovocale\/wp-content\/uploads\/220515_Telgte_image080.jpg 600w, https:\/\/www.muenster.org\/saltovocale\/wp-content\/uploads\/220515_Telgte_image080-225x300.jpg 225w\" sizes=\"auto, (max-width: 600px) 85vw, 600px\" \/><\/figure>\n\n\n\n<figure class=\"wp-block-image size-large\"><img loading=\"lazy\" decoding=\"async\" width=\"600\" height=\"800\" data-id=\"672\" src=\"https:\/\/www.muenster.org\/saltovocale\/wp-content\/uploads\/220515_Telgte_image066.jpg\" alt=\"\" class=\"wp-image-672\" srcset=\"https:\/\/www.muenster.org\/saltovocale\/wp-content\/uploads\/220515_Telgte_image066.jpg 600w, https:\/\/www.muenster.org\/saltovocale\/wp-content\/uploads\/220515_Telgte_image066-225x300.jpg 225w\" sizes=\"auto, (max-width: 600px) 85vw, 600px\" \/><\/figure>\n\n\n\n<figure class=\"wp-block-image size-large\"><img loading=\"lazy\" decoding=\"async\" width=\"600\" height=\"800\" data-id=\"675\" src=\"https:\/\/www.muenster.org\/saltovocale\/wp-content\/uploads\/220515_Telgte_image085.jpg\" alt=\"\" class=\"wp-image-675\" srcset=\"https:\/\/www.muenster.org\/saltovocale\/wp-content\/uploads\/220515_Telgte_image085.jpg 600w, https:\/\/www.muenster.org\/saltovocale\/wp-content\/uploads\/220515_Telgte_image085-225x300.jpg 225w\" sizes=\"auto, (max-width: 600px) 85vw, 600px\" \/><\/figure>\n\n\n\n<figure class=\"wp-block-image size-large\"><img loading=\"lazy\" decoding=\"async\" width=\"800\" height=\"600\" data-id=\"678\" src=\"https:\/\/www.muenster.org\/saltovocale\/wp-content\/uploads\/220515_Telgte_image100.jpg\" alt=\"\" class=\"wp-image-678\" srcset=\"https:\/\/www.muenster.org\/saltovocale\/wp-content\/uploads\/220515_Telgte_image100.jpg 800w, https:\/\/www.muenster.org\/saltovocale\/wp-content\/uploads\/220515_Telgte_image100-300x225.jpg 300w, https:\/\/www.muenster.org\/saltovocale\/wp-content\/uploads\/220515_Telgte_image100-768x576.jpg 768w\" sizes=\"auto, (max-width: 800px) 85vw, 800px\" \/><\/figure>\n<\/figure>\n\n\n\n<figure class=\"wp-block-gallery has-nested-images columns-default is-cropped wp-block-gallery-14 is-layout-flex wp-block-gallery-is-layout-flex\">\n<figure class=\"wp-block-image size-large\"><img loading=\"lazy\" decoding=\"async\" width=\"800\" height=\"600\" data-id=\"679\" src=\"https:\/\/www.muenster.org\/saltovocale\/wp-content\/uploads\/220515_Telgte_image102.jpg\" alt=\"\" class=\"wp-image-679\" srcset=\"https:\/\/www.muenster.org\/saltovocale\/wp-content\/uploads\/220515_Telgte_image102.jpg 800w, https:\/\/www.muenster.org\/saltovocale\/wp-content\/uploads\/220515_Telgte_image102-300x225.jpg 300w, https:\/\/www.muenster.org\/saltovocale\/wp-content\/uploads\/220515_Telgte_image102-768x576.jpg 768w\" sizes=\"auto, (max-width: 800px) 85vw, 800px\" \/><\/figure>\n\n\n\n<figure class=\"wp-block-image size-large\"><img loading=\"lazy\" decoding=\"async\" width=\"800\" height=\"600\" data-id=\"677\" src=\"https:\/\/www.muenster.org\/saltovocale\/wp-content\/uploads\/220515_Telgte_image096.jpg\" alt=\"\" class=\"wp-image-677\" srcset=\"https:\/\/www.muenster.org\/saltovocale\/wp-content\/uploads\/220515_Telgte_image096.jpg 800w, https:\/\/www.muenster.org\/saltovocale\/wp-content\/uploads\/220515_Telgte_image096-300x225.jpg 300w, https:\/\/www.muenster.org\/saltovocale\/wp-content\/uploads\/220515_Telgte_image096-768x576.jpg 768w\" sizes=\"auto, (max-width: 800px) 85vw, 800px\" \/><\/figure>\n\n\n\n<figure class=\"wp-block-image size-full\"><img loading=\"lazy\" decoding=\"async\" width=\"800\" height=\"600\" data-id=\"669\" src=\"https:\/\/www.muenster.org\/saltovocale\/wp-content\/uploads\/220515_Telgte_image030.jpg\" alt=\"\" class=\"wp-image-669\" srcset=\"https:\/\/www.muenster.org\/saltovocale\/wp-content\/uploads\/220515_Telgte_image030.jpg 800w, https:\/\/www.muenster.org\/saltovocale\/wp-content\/uploads\/220515_Telgte_image030-300x225.jpg 300w, https:\/\/www.muenster.org\/saltovocale\/wp-content\/uploads\/220515_Telgte_image030-768x576.jpg 768w\" sizes=\"auto, (max-width: 800px) 85vw, 800px\" \/><\/figure>\n\n\n\n<figure class=\"wp-block-image size-large\"><img loading=\"lazy\" decoding=\"async\" width=\"800\" height=\"600\" data-id=\"673\" src=\"https:\/\/www.muenster.org\/saltovocale\/wp-content\/uploads\/220515_Telgte_image074.jpg\" alt=\"\" class=\"wp-image-673\" srcset=\"https:\/\/www.muenster.org\/saltovocale\/wp-content\/uploads\/220515_Telgte_image074.jpg 800w, https:\/\/www.muenster.org\/saltovocale\/wp-content\/uploads\/220515_Telgte_image074-300x225.jpg 300w, https:\/\/www.muenster.org\/saltovocale\/wp-content\/uploads\/220515_Telgte_image074-768x576.jpg 768w\" sizes=\"auto, (max-width: 800px) 85vw, 800px\" \/><\/figure>\n\n\n\n<figure class=\"wp-block-image size-large\"><img loading=\"lazy\" decoding=\"async\" width=\"800\" height=\"600\" data-id=\"671\" src=\"https:\/\/www.muenster.org\/saltovocale\/wp-content\/uploads\/220515_Telgte_image048.jpg\" alt=\"\" class=\"wp-image-671\" srcset=\"https:\/\/www.muenster.org\/saltovocale\/wp-content\/uploads\/220515_Telgte_image048.jpg 800w, https:\/\/www.muenster.org\/saltovocale\/wp-content\/uploads\/220515_Telgte_image048-300x225.jpg 300w, https:\/\/www.muenster.org\/saltovocale\/wp-content\/uploads\/220515_Telgte_image048-768x576.jpg 768w\" sizes=\"auto, (max-width: 800px) 85vw, 800px\" \/><\/figure>\n\n\n\n<figure class=\"wp-block-image size-large\"><img loading=\"lazy\" decoding=\"async\" width=\"800\" height=\"600\" data-id=\"670\" src=\"https:\/\/www.muenster.org\/saltovocale\/wp-content\/uploads\/220515_Telgte_image041.jpg\" alt=\"\" class=\"wp-image-670\" srcset=\"https:\/\/www.muenster.org\/saltovocale\/wp-content\/uploads\/220515_Telgte_image041.jpg 800w, https:\/\/www.muenster.org\/saltovocale\/wp-content\/uploads\/220515_Telgte_image041-300x225.jpg 300w, https:\/\/www.muenster.org\/saltovocale\/wp-content\/uploads\/220515_Telgte_image041-768x576.jpg 768w\" sizes=\"auto, (max-width: 800px) 85vw, 800px\" \/><\/figure>\n<\/figure>\n\n\n\n<h2 class=\"wp-block-heading\">&#8222;B\u00fchne frei&#8220; Greven, 21.11.2021<\/h2>\n\n\n\n<figure class=\"wp-block-gallery has-nested-images columns-default is-cropped wp-block-gallery-15 is-layout-flex wp-block-gallery-is-layout-flex\">\n<figure class=\"wp-block-image size-large\"><img loading=\"lazy\" decoding=\"async\" width=\"800\" height=\"600\" data-id=\"588\" src=\"https:\/\/www.muenster.org\/saltovocale\/wp-content\/uploads\/211120_greven_01.jpg\" alt=\"\" class=\"wp-image-588\" srcset=\"https:\/\/www.muenster.org\/saltovocale\/wp-content\/uploads\/211120_greven_01.jpg 800w, https:\/\/www.muenster.org\/saltovocale\/wp-content\/uploads\/211120_greven_01-300x225.jpg 300w, https:\/\/www.muenster.org\/saltovocale\/wp-content\/uploads\/211120_greven_01-768x576.jpg 768w\" sizes=\"auto, (max-width: 800px) 85vw, 800px\" \/><\/figure>\n\n\n\n<figure class=\"wp-block-image size-large\"><img loading=\"lazy\" decoding=\"async\" width=\"800\" height=\"600\" data-id=\"589\" src=\"https:\/\/www.muenster.org\/saltovocale\/wp-content\/uploads\/211120_greven_02.jpg\" alt=\"\" class=\"wp-image-589\" srcset=\"https:\/\/www.muenster.org\/saltovocale\/wp-content\/uploads\/211120_greven_02.jpg 800w, https:\/\/www.muenster.org\/saltovocale\/wp-content\/uploads\/211120_greven_02-300x225.jpg 300w, https:\/\/www.muenster.org\/saltovocale\/wp-content\/uploads\/211120_greven_02-768x576.jpg 768w\" sizes=\"auto, (max-width: 800px) 85vw, 800px\" \/><\/figure>\n\n\n\n<figure class=\"wp-block-image size-large\"><img loading=\"lazy\" decoding=\"async\" width=\"800\" height=\"600\" data-id=\"590\" src=\"https:\/\/www.muenster.org\/saltovocale\/wp-content\/uploads\/211120_greven_04.jpg\" alt=\"\" class=\"wp-image-590\" srcset=\"https:\/\/www.muenster.org\/saltovocale\/wp-content\/uploads\/211120_greven_04.jpg 800w, https:\/\/www.muenster.org\/saltovocale\/wp-content\/uploads\/211120_greven_04-300x225.jpg 300w, https:\/\/www.muenster.org\/saltovocale\/wp-content\/uploads\/211120_greven_04-768x576.jpg 768w\" sizes=\"auto, (max-width: 800px) 85vw, 800px\" \/><\/figure>\n\n\n\n<figure class=\"wp-block-image size-large\"><img loading=\"lazy\" decoding=\"async\" width=\"800\" height=\"600\" data-id=\"591\" src=\"https:\/\/www.muenster.org\/saltovocale\/wp-content\/uploads\/211120_greven_05.jpg\" alt=\"\" class=\"wp-image-591\" srcset=\"https:\/\/www.muenster.org\/saltovocale\/wp-content\/uploads\/211120_greven_05.jpg 800w, https:\/\/www.muenster.org\/saltovocale\/wp-content\/uploads\/211120_greven_05-300x225.jpg 300w, https:\/\/www.muenster.org\/saltovocale\/wp-content\/uploads\/211120_greven_05-768x576.jpg 768w\" sizes=\"auto, (max-width: 800px) 85vw, 800px\" \/><\/figure>\n\n\n\n<figure class=\"wp-block-image size-large\"><img loading=\"lazy\" decoding=\"async\" width=\"800\" height=\"600\" data-id=\"592\" src=\"https:\/\/www.muenster.org\/saltovocale\/wp-content\/uploads\/211120_greven_06.jpg\" alt=\"\" class=\"wp-image-592\" srcset=\"https:\/\/www.muenster.org\/saltovocale\/wp-content\/uploads\/211120_greven_06.jpg 800w, https:\/\/www.muenster.org\/saltovocale\/wp-content\/uploads\/211120_greven_06-300x225.jpg 300w, https:\/\/www.muenster.org\/saltovocale\/wp-content\/uploads\/211120_greven_06-768x576.jpg 768w\" sizes=\"auto, (max-width: 800px) 85vw, 800px\" \/><\/figure>\n\n\n\n<figure class=\"wp-block-image size-large\"><img loading=\"lazy\" decoding=\"async\" width=\"800\" height=\"600\" data-id=\"593\" src=\"https:\/\/www.muenster.org\/saltovocale\/wp-content\/uploads\/211120_greven_07.jpg\" alt=\"\" class=\"wp-image-593\" srcset=\"https:\/\/www.muenster.org\/saltovocale\/wp-content\/uploads\/211120_greven_07.jpg 800w, https:\/\/www.muenster.org\/saltovocale\/wp-content\/uploads\/211120_greven_07-300x225.jpg 300w, https:\/\/www.muenster.org\/saltovocale\/wp-content\/uploads\/211120_greven_07-768x576.jpg 768w\" sizes=\"auto, (max-width: 800px) 85vw, 800px\" \/><\/figure>\n\n\n\n<figure class=\"wp-block-image size-large\"><img loading=\"lazy\" decoding=\"async\" width=\"800\" height=\"600\" data-id=\"594\" src=\"https:\/\/www.muenster.org\/saltovocale\/wp-content\/uploads\/211120_greven_08.jpg\" alt=\"\" class=\"wp-image-594\" srcset=\"https:\/\/www.muenster.org\/saltovocale\/wp-content\/uploads\/211120_greven_08.jpg 800w, https:\/\/www.muenster.org\/saltovocale\/wp-content\/uploads\/211120_greven_08-300x225.jpg 300w, https:\/\/www.muenster.org\/saltovocale\/wp-content\/uploads\/211120_greven_08-768x576.jpg 768w\" sizes=\"auto, (max-width: 800px) 85vw, 800px\" \/><\/figure>\n\n\n\n<figure class=\"wp-block-image size-large\"><img loading=\"lazy\" decoding=\"async\" width=\"800\" height=\"600\" data-id=\"595\" src=\"https:\/\/www.muenster.org\/saltovocale\/wp-content\/uploads\/211120_greven_09.jpg\" alt=\"\" class=\"wp-image-595\" srcset=\"https:\/\/www.muenster.org\/saltovocale\/wp-content\/uploads\/211120_greven_09.jpg 800w, https:\/\/www.muenster.org\/saltovocale\/wp-content\/uploads\/211120_greven_09-300x225.jpg 300w, https:\/\/www.muenster.org\/saltovocale\/wp-content\/uploads\/211120_greven_09-768x576.jpg 768w\" sizes=\"auto, (max-width: 800px) 85vw, 800px\" \/><\/figure>\n\n\n\n<figure class=\"wp-block-image size-large\"><img loading=\"lazy\" decoding=\"async\" width=\"800\" height=\"498\" data-id=\"596\" src=\"https:\/\/www.muenster.org\/saltovocale\/wp-content\/uploads\/211120_greven_10.jpg\" alt=\"\" class=\"wp-image-596\" srcset=\"https:\/\/www.muenster.org\/saltovocale\/wp-content\/uploads\/211120_greven_10.jpg 800w, https:\/\/www.muenster.org\/saltovocale\/wp-content\/uploads\/211120_greven_10-300x187.jpg 300w, https:\/\/www.muenster.org\/saltovocale\/wp-content\/uploads\/211120_greven_10-768x478.jpg 768w\" sizes=\"auto, (max-width: 800px) 85vw, 800px\" \/><\/figure>\n<\/figure>\n\n\n\n<p><\/p>\n\n\n\n<h2 class=\"wp-block-heading\">Zukunftswerkstatt Kreuzviertel, 29.10.2021<\/h2>\n\n\n\n<figure class=\"wp-block-gallery has-nested-images columns-default is-cropped wp-block-gallery-16 is-layout-flex wp-block-gallery-is-layout-flex\">\n<figure class=\"wp-block-image size-large\"><a href=\"https:\/\/www.muenster.org\/saltovocale\/wp-content\/uploads\/211029_zukunftswerkstatt_06.jpg\"><img loading=\"lazy\" decoding=\"async\" width=\"800\" height=\"549\" data-id=\"561\" src=\"https:\/\/www.muenster.org\/saltovocale\/wp-content\/uploads\/211029_zukunftswerkstatt_06.jpg\" alt=\"\" class=\"wp-image-561\" srcset=\"https:\/\/www.muenster.org\/saltovocale\/wp-content\/uploads\/211029_zukunftswerkstatt_06.jpg 800w, https:\/\/www.muenster.org\/saltovocale\/wp-content\/uploads\/211029_zukunftswerkstatt_06-300x206.jpg 300w, https:\/\/www.muenster.org\/saltovocale\/wp-content\/uploads\/211029_zukunftswerkstatt_06-768x527.jpg 768w\" sizes=\"auto, (max-width: 800px) 85vw, 800px\" \/><\/a><\/figure>\n\n\n\n<figure class=\"wp-block-image size-large\"><a href=\"https:\/\/www.muenster.org\/saltovocale\/wp-content\/uploads\/211029_zukunftswerkstatt_08.jpg\"><img loading=\"lazy\" decoding=\"async\" width=\"800\" height=\"601\" data-id=\"562\" src=\"https:\/\/www.muenster.org\/saltovocale\/wp-content\/uploads\/211029_zukunftswerkstatt_08.jpg\" alt=\"\" class=\"wp-image-562\" srcset=\"https:\/\/www.muenster.org\/saltovocale\/wp-content\/uploads\/211029_zukunftswerkstatt_08.jpg 800w, https:\/\/www.muenster.org\/saltovocale\/wp-content\/uploads\/211029_zukunftswerkstatt_08-300x225.jpg 300w, https:\/\/www.muenster.org\/saltovocale\/wp-content\/uploads\/211029_zukunftswerkstatt_08-768x577.jpg 768w\" sizes=\"auto, (max-width: 800px) 85vw, 800px\" \/><\/a><\/figure>\n\n\n\n<figure class=\"wp-block-image size-large\"><a href=\"https:\/\/www.muenster.org\/saltovocale\/wp-content\/uploads\/211029_zukunftswerkstatt_05.jpg\"><img loading=\"lazy\" decoding=\"async\" width=\"800\" height=\"520\" data-id=\"563\" src=\"https:\/\/www.muenster.org\/saltovocale\/wp-content\/uploads\/211029_zukunftswerkstatt_05.jpg\" alt=\"\" class=\"wp-image-563\" srcset=\"https:\/\/www.muenster.org\/saltovocale\/wp-content\/uploads\/211029_zukunftswerkstatt_05.jpg 800w, https:\/\/www.muenster.org\/saltovocale\/wp-content\/uploads\/211029_zukunftswerkstatt_05-300x195.jpg 300w, https:\/\/www.muenster.org\/saltovocale\/wp-content\/uploads\/211029_zukunftswerkstatt_05-768x499.jpg 768w\" sizes=\"auto, (max-width: 800px) 85vw, 800px\" \/><\/a><\/figure>\n\n\n\n<figure class=\"wp-block-image size-large\"><a href=\"https:\/\/www.muenster.org\/saltovocale\/wp-content\/uploads\/211029_zukunftswerkstatt_09.jpg\"><img loading=\"lazy\" decoding=\"async\" width=\"800\" height=\"481\" data-id=\"564\" src=\"https:\/\/www.muenster.org\/saltovocale\/wp-content\/uploads\/211029_zukunftswerkstatt_09.jpg\" alt=\"\" class=\"wp-image-564\" srcset=\"https:\/\/www.muenster.org\/saltovocale\/wp-content\/uploads\/211029_zukunftswerkstatt_09.jpg 800w, https:\/\/www.muenster.org\/saltovocale\/wp-content\/uploads\/211029_zukunftswerkstatt_09-300x180.jpg 300w, https:\/\/www.muenster.org\/saltovocale\/wp-content\/uploads\/211029_zukunftswerkstatt_09-768x462.jpg 768w\" sizes=\"auto, (max-width: 800px) 85vw, 800px\" \/><\/a><\/figure>\n\n\n\n<figure class=\"wp-block-image size-large\"><a href=\"https:\/\/www.muenster.org\/saltovocale\/wp-content\/uploads\/211029_zukunftswerkstatt_07.jpg\"><img loading=\"lazy\" decoding=\"async\" width=\"800\" height=\"461\" data-id=\"565\" src=\"https:\/\/www.muenster.org\/saltovocale\/wp-content\/uploads\/211029_zukunftswerkstatt_07.jpg\" alt=\"\" class=\"wp-image-565\" srcset=\"https:\/\/www.muenster.org\/saltovocale\/wp-content\/uploads\/211029_zukunftswerkstatt_07.jpg 800w, https:\/\/www.muenster.org\/saltovocale\/wp-content\/uploads\/211029_zukunftswerkstatt_07-300x173.jpg 300w, https:\/\/www.muenster.org\/saltovocale\/wp-content\/uploads\/211029_zukunftswerkstatt_07-768x443.jpg 768w\" sizes=\"auto, (max-width: 800px) 85vw, 800px\" \/><\/a><\/figure>\n\n\n\n<figure class=\"wp-block-image size-large\"><a href=\"https:\/\/www.muenster.org\/saltovocale\/wp-content\/uploads\/211029_zukunftswerkstatt_02.jpg\"><img loading=\"lazy\" decoding=\"async\" width=\"800\" height=\"546\" data-id=\"566\" src=\"https:\/\/www.muenster.org\/saltovocale\/wp-content\/uploads\/211029_zukunftswerkstatt_02.jpg\" alt=\"\" class=\"wp-image-566\" srcset=\"https:\/\/www.muenster.org\/saltovocale\/wp-content\/uploads\/211029_zukunftswerkstatt_02.jpg 800w, https:\/\/www.muenster.org\/saltovocale\/wp-content\/uploads\/211029_zukunftswerkstatt_02-300x205.jpg 300w, https:\/\/www.muenster.org\/saltovocale\/wp-content\/uploads\/211029_zukunftswerkstatt_02-768x524.jpg 768w\" sizes=\"auto, (max-width: 800px) 85vw, 800px\" \/><\/a><\/figure>\n\n\n\n<figure class=\"wp-block-image size-large\"><a href=\"https:\/\/www.muenster.org\/saltovocale\/wp-content\/uploads\/211029_zukunftswerkstatt_03.jpg\"><img loading=\"lazy\" decoding=\"async\" width=\"800\" height=\"558\" data-id=\"567\" src=\"https:\/\/www.muenster.org\/saltovocale\/wp-content\/uploads\/211029_zukunftswerkstatt_03.jpg\" alt=\"\" class=\"wp-image-567\" srcset=\"https:\/\/www.muenster.org\/saltovocale\/wp-content\/uploads\/211029_zukunftswerkstatt_03.jpg 800w, https:\/\/www.muenster.org\/saltovocale\/wp-content\/uploads\/211029_zukunftswerkstatt_03-300x209.jpg 300w, https:\/\/www.muenster.org\/saltovocale\/wp-content\/uploads\/211029_zukunftswerkstatt_03-768x536.jpg 768w\" sizes=\"auto, (max-width: 800px) 85vw, 800px\" \/><\/a><\/figure>\n\n\n\n<figure class=\"wp-block-image size-large\"><a href=\"https:\/\/www.muenster.org\/saltovocale\/wp-content\/uploads\/211029_zukunftswerkstatt_01.jpg\"><img loading=\"lazy\" decoding=\"async\" width=\"800\" height=\"600\" data-id=\"568\" src=\"https:\/\/www.muenster.org\/saltovocale\/wp-content\/uploads\/211029_zukunftswerkstatt_01.jpg\" alt=\"\" class=\"wp-image-568\" srcset=\"https:\/\/www.muenster.org\/saltovocale\/wp-content\/uploads\/211029_zukunftswerkstatt_01.jpg 800w, https:\/\/www.muenster.org\/saltovocale\/wp-content\/uploads\/211029_zukunftswerkstatt_01-300x225.jpg 300w, https:\/\/www.muenster.org\/saltovocale\/wp-content\/uploads\/211029_zukunftswerkstatt_01-768x576.jpg 768w\" sizes=\"auto, (max-width: 800px) 85vw, 800px\" \/><\/a><\/figure>\n\n\n\n<figure class=\"wp-block-image size-large\"><a href=\"https:\/\/www.muenster.org\/saltovocale\/wp-content\/uploads\/211029_zukunftswerkstatt_05-1.jpg\"><img loading=\"lazy\" decoding=\"async\" width=\"800\" height=\"520\" data-id=\"569\" src=\"https:\/\/www.muenster.org\/saltovocale\/wp-content\/uploads\/211029_zukunftswerkstatt_05-1.jpg\" alt=\"\" class=\"wp-image-569\" srcset=\"https:\/\/www.muenster.org\/saltovocale\/wp-content\/uploads\/211029_zukunftswerkstatt_05-1.jpg 800w, https:\/\/www.muenster.org\/saltovocale\/wp-content\/uploads\/211029_zukunftswerkstatt_05-1-300x195.jpg 300w, https:\/\/www.muenster.org\/saltovocale\/wp-content\/uploads\/211029_zukunftswerkstatt_05-1-768x499.jpg 768w\" sizes=\"auto, (max-width: 800px) 85vw, 800px\" \/><\/a><\/figure>\n<\/figure>\n\n\n<h2>Bennohaus M\u00fcnster am 17.09.2021<\/h2>\n<div id='gallery-1' class='gallery galleryid-52 gallery-columns-3 gallery-size-thumbnail'><figure class='gallery-item'>\n\t\t\t<div class='gallery-icon landscape'>\n\t\t\t\t<a href='https:\/\/www.muenster.org\/saltovocale\/210917_bennohaus_08\/'><img loading=\"lazy\" decoding=\"async\" width=\"150\" height=\"150\" src=\"https:\/\/www.muenster.org\/saltovocale\/wp-content\/uploads\/210917_bennohaus_08-150x150.jpg\" class=\"attachment-thumbnail size-thumbnail\" alt=\"\" \/><\/a>\n\t\t\t<\/div><\/figure><figure class='gallery-item'>\n\t\t\t<div class='gallery-icon landscape'>\n\t\t\t\t<a href='https:\/\/www.muenster.org\/saltovocale\/210917_bennohaus_07\/'><img loading=\"lazy\" decoding=\"async\" width=\"150\" height=\"150\" src=\"https:\/\/www.muenster.org\/saltovocale\/wp-content\/uploads\/210917_bennohaus_07-150x150.jpg\" class=\"attachment-thumbnail size-thumbnail\" alt=\"\" \/><\/a>\n\t\t\t<\/div><\/figure><figure class='gallery-item'>\n\t\t\t<div class='gallery-icon landscape'>\n\t\t\t\t<a href='https:\/\/www.muenster.org\/saltovocale\/210917_bennohaus_06\/'><img loading=\"lazy\" decoding=\"async\" width=\"150\" height=\"150\" src=\"https:\/\/www.muenster.org\/saltovocale\/wp-content\/uploads\/210917_bennohaus_06-150x150.jpg\" class=\"attachment-thumbnail size-thumbnail\" alt=\"\" \/><\/a>\n\t\t\t<\/div><\/figure><figure class='gallery-item'>\n\t\t\t<div class='gallery-icon landscape'>\n\t\t\t\t<a href='https:\/\/www.muenster.org\/saltovocale\/210917_bennohaus_05\/'><img loading=\"lazy\" decoding=\"async\" width=\"150\" height=\"150\" src=\"https:\/\/www.muenster.org\/saltovocale\/wp-content\/uploads\/210917_bennohaus_05-150x150.jpg\" class=\"attachment-thumbnail size-thumbnail\" alt=\"\" \/><\/a>\n\t\t\t<\/div><\/figure><figure class='gallery-item'>\n\t\t\t<div class='gallery-icon landscape'>\n\t\t\t\t<a href='https:\/\/www.muenster.org\/saltovocale\/210917_bennohaus_04\/'><img loading=\"lazy\" decoding=\"async\" width=\"150\" height=\"150\" src=\"https:\/\/www.muenster.org\/saltovocale\/wp-content\/uploads\/210917_bennohaus_04-150x150.jpg\" class=\"attachment-thumbnail size-thumbnail\" alt=\"\" \/><\/a>\n\t\t\t<\/div><\/figure><figure class='gallery-item'>\n\t\t\t<div class='gallery-icon landscape'>\n\t\t\t\t<a href='https:\/\/www.muenster.org\/saltovocale\/210917_bennohaus_03\/'><img loading=\"lazy\" decoding=\"async\" width=\"150\" height=\"150\" src=\"https:\/\/www.muenster.org\/saltovocale\/wp-content\/uploads\/210917_bennohaus_03-150x150.jpg\" class=\"attachment-thumbnail size-thumbnail\" alt=\"\" \/><\/a>\n\t\t\t<\/div><\/figure><figure class='gallery-item'>\n\t\t\t<div class='gallery-icon landscape'>\n\t\t\t\t<a href='https:\/\/www.muenster.org\/saltovocale\/210917_bennohaus_02\/'><img loading=\"lazy\" decoding=\"async\" width=\"150\" height=\"150\" src=\"https:\/\/www.muenster.org\/saltovocale\/wp-content\/uploads\/210917_bennohaus_02-150x150.jpg\" class=\"attachment-thumbnail size-thumbnail\" alt=\"\" \/><\/a>\n\t\t\t<\/div><\/figure><figure class='gallery-item'>\n\t\t\t<div class='gallery-icon landscape'>\n\t\t\t\t<a href='https:\/\/www.muenster.org\/saltovocale\/210917_bennohaus_01\/'><img loading=\"lazy\" decoding=\"async\" width=\"150\" height=\"150\" src=\"https:\/\/www.muenster.org\/saltovocale\/wp-content\/uploads\/210917_bennohaus_01-150x150.jpg\" class=\"attachment-thumbnail size-thumbnail\" alt=\"\" \/><\/a>\n\t\t\t<\/div><\/figure>\n\t\t<\/div>\n\n<h2>Tage der Amateurmusik in Rheine am 28.08.2021<\/h2>\n<div id='gallery-2' class='gallery galleryid-52 gallery-columns-3 gallery-size-thumbnail'><figure class='gallery-item'>\n\t\t\t<div class='gallery-icon landscape'>\n\t\t\t\t<a href='https:\/\/www.muenster.org\/saltovocale\/fotos\/kodak-digital-still-camera-16\/'><img loading=\"lazy\" decoding=\"async\" width=\"150\" height=\"150\" src=\"https:\/\/www.muenster.org\/saltovocale\/wp-content\/uploads\/210828_rheine_07-150x150.jpg\" class=\"attachment-thumbnail size-thumbnail\" alt=\"\" \/><\/a>\n\t\t\t<\/div><\/figure><figure class='gallery-item'>\n\t\t\t<div class='gallery-icon landscape'>\n\t\t\t\t<a href='https:\/\/www.muenster.org\/saltovocale\/fotos\/kodak-digital-still-camera-15\/'><img loading=\"lazy\" decoding=\"async\" width=\"150\" height=\"150\" src=\"https:\/\/www.muenster.org\/saltovocale\/wp-content\/uploads\/210828_rheine_06-150x150.jpg\" class=\"attachment-thumbnail size-thumbnail\" alt=\"\" \/><\/a>\n\t\t\t<\/div><\/figure><figure class='gallery-item'>\n\t\t\t<div class='gallery-icon landscape'>\n\t\t\t\t<a href='https:\/\/www.muenster.org\/saltovocale\/fotos\/kodak-digital-still-camera-14\/'><img loading=\"lazy\" decoding=\"async\" width=\"150\" height=\"150\" src=\"https:\/\/www.muenster.org\/saltovocale\/wp-content\/uploads\/210828_rheine_05-150x150.jpg\" class=\"attachment-thumbnail size-thumbnail\" alt=\"\" \/><\/a>\n\t\t\t<\/div><\/figure><figure class='gallery-item'>\n\t\t\t<div class='gallery-icon landscape'>\n\t\t\t\t<a href='https:\/\/www.muenster.org\/saltovocale\/fotos\/kodak-digital-still-camera-13\/'><img loading=\"lazy\" decoding=\"async\" width=\"150\" height=\"150\" src=\"https:\/\/www.muenster.org\/saltovocale\/wp-content\/uploads\/210828_rheine_04-150x150.jpg\" class=\"attachment-thumbnail size-thumbnail\" alt=\"\" \/><\/a>\n\t\t\t<\/div><\/figure><figure class='gallery-item'>\n\t\t\t<div class='gallery-icon landscape'>\n\t\t\t\t<a href='https:\/\/www.muenster.org\/saltovocale\/fotos\/kodak-digital-still-camera-12\/'><img loading=\"lazy\" decoding=\"async\" width=\"150\" height=\"150\" src=\"https:\/\/www.muenster.org\/saltovocale\/wp-content\/uploads\/210828_rheine_03-150x150.jpg\" class=\"attachment-thumbnail size-thumbnail\" alt=\"\" \/><\/a>\n\t\t\t<\/div><\/figure><figure class='gallery-item'>\n\t\t\t<div class='gallery-icon landscape'>\n\t\t\t\t<a href='https:\/\/www.muenster.org\/saltovocale\/fotos\/kodak-digital-still-camera-11\/'><img loading=\"lazy\" decoding=\"async\" width=\"150\" height=\"150\" src=\"https:\/\/www.muenster.org\/saltovocale\/wp-content\/uploads\/210828_rheine_02-150x150.jpg\" class=\"attachment-thumbnail size-thumbnail\" alt=\"\" \/><\/a>\n\t\t\t<\/div><\/figure><figure class='gallery-item'>\n\t\t\t<div class='gallery-icon landscape'>\n\t\t\t\t<a href='https:\/\/www.muenster.org\/saltovocale\/fotos\/kodak-digital-still-camera-10\/'><img loading=\"lazy\" decoding=\"async\" width=\"150\" height=\"150\" src=\"https:\/\/www.muenster.org\/saltovocale\/wp-content\/uploads\/210828_rheine_01-150x150.jpg\" class=\"attachment-thumbnail size-thumbnail\" alt=\"\" \/><\/a>\n\t\t\t<\/div><\/figure><figure class='gallery-item'>\n\t\t\t<div class='gallery-icon landscape'>\n\t\t\t\t<a href='https:\/\/www.muenster.org\/saltovocale\/fotos\/kodak-digital-still-camera-9\/'><img loading=\"lazy\" decoding=\"async\" width=\"150\" height=\"150\" src=\"https:\/\/www.muenster.org\/saltovocale\/wp-content\/uploads\/210828_rheine_08-150x150.jpg\" class=\"attachment-thumbnail size-thumbnail\" alt=\"\" \/><\/a>\n\t\t\t<\/div><\/figure>\n\t\t<\/div>\n\n<h2>Emsgalerie Rheine am 08.12.2019<\/h2>\n<div id='gallery-3' class='gallery galleryid-52 gallery-columns-3 gallery-size-thumbnail'><figure class='gallery-item'>\n\t\t\t<div class='gallery-icon landscape'>\n\t\t\t\t<a href='https:\/\/www.muenster.org\/saltovocale\/kodak-digital-still-camera-8\/'><img loading=\"lazy\" decoding=\"async\" width=\"150\" height=\"150\" src=\"https:\/\/www.muenster.org\/saltovocale\/wp-content\/uploads\/191218_emsgalerie_j_02-150x150.jpg\" class=\"attachment-thumbnail size-thumbnail\" alt=\"\" \/><\/a>\n\t\t\t<\/div><\/figure><figure class='gallery-item'>\n\t\t\t<div class='gallery-icon landscape'>\n\t\t\t\t<a href='https:\/\/www.muenster.org\/saltovocale\/kodak-digital-still-camera-7\/'><img loading=\"lazy\" decoding=\"async\" width=\"150\" height=\"150\" src=\"https:\/\/www.muenster.org\/saltovocale\/wp-content\/uploads\/191218_emsgalerie_j_01-150x150.jpg\" class=\"attachment-thumbnail size-thumbnail\" alt=\"\" \/><\/a>\n\t\t\t<\/div><\/figure><figure class='gallery-item'>\n\t\t\t<div class='gallery-icon landscape'>\n\t\t\t\t<a href='https:\/\/www.muenster.org\/saltovocale\/191218_emsgalerie_04\/'><img loading=\"lazy\" decoding=\"async\" width=\"150\" height=\"150\" src=\"https:\/\/www.muenster.org\/saltovocale\/wp-content\/uploads\/191218_emsgalerie_04-150x150.jpg\" class=\"attachment-thumbnail size-thumbnail\" alt=\"\" \/><\/a>\n\t\t\t<\/div><\/figure><figure class='gallery-item'>\n\t\t\t<div class='gallery-icon landscape'>\n\t\t\t\t<a href='https:\/\/www.muenster.org\/saltovocale\/191218_emsgalerie_03\/'><img loading=\"lazy\" decoding=\"async\" width=\"150\" height=\"150\" src=\"https:\/\/www.muenster.org\/saltovocale\/wp-content\/uploads\/191218_emsgalerie_03-150x150.jpg\" class=\"attachment-thumbnail size-thumbnail\" alt=\"\" \/><\/a>\n\t\t\t<\/div><\/figure><figure class='gallery-item'>\n\t\t\t<div class='gallery-icon landscape'>\n\t\t\t\t<a href='https:\/\/www.muenster.org\/saltovocale\/191218_emsgalerie_02\/'><img loading=\"lazy\" decoding=\"async\" width=\"150\" height=\"150\" src=\"https:\/\/www.muenster.org\/saltovocale\/wp-content\/uploads\/191218_emsgalerie_02-150x150.jpg\" class=\"attachment-thumbnail size-thumbnail\" alt=\"\" \/><\/a>\n\t\t\t<\/div><\/figure><figure class='gallery-item'>\n\t\t\t<div class='gallery-icon landscape'>\n\t\t\t\t<a href='https:\/\/www.muenster.org\/saltovocale\/191218_emsgalerie_01\/'><img loading=\"lazy\" decoding=\"async\" width=\"150\" height=\"150\" src=\"https:\/\/www.muenster.org\/saltovocale\/wp-content\/uploads\/191218_emsgalerie_01-150x150.jpg\" class=\"attachment-thumbnail size-thumbnail\" alt=\"\" \/><\/a>\n\t\t\t<\/div><\/figure>\n\t\t<\/div>\n\n<h2>Private Geburtstagsfeier am 10.6.2019<\/h2>\n<div id='gallery-4' class='gallery galleryid-52 gallery-columns-3 gallery-size-thumbnail'><figure class='gallery-item'>\n\t\t\t<div class='gallery-icon landscape'>\n\t\t\t\t<a href='https:\/\/www.muenster.org\/saltovocale\/fotos\/kodak-digital-still-camera-6\/'><img loading=\"lazy\" decoding=\"async\" width=\"150\" height=\"150\" src=\"https:\/\/www.muenster.org\/saltovocale\/wp-content\/uploads\/img_101_1063-150x150.jpg\" class=\"attachment-thumbnail size-thumbnail\" alt=\"\" \/><\/a>\n\t\t\t<\/div><\/figure><figure class='gallery-item'>\n\t\t\t<div class='gallery-icon landscape'>\n\t\t\t\t<a href='https:\/\/www.muenster.org\/saltovocale\/fotos\/img_101_1053\/'><img loading=\"lazy\" decoding=\"async\" width=\"150\" height=\"150\" src=\"https:\/\/www.muenster.org\/saltovocale\/wp-content\/uploads\/img_101_1053-150x150.jpg\" class=\"attachment-thumbnail size-thumbnail\" alt=\"\" \/><\/a>\n\t\t\t<\/div><\/figure><figure class='gallery-item'>\n\t\t\t<div class='gallery-icon landscape'>\n\t\t\t\t<a href='https:\/\/www.muenster.org\/saltovocale\/fotos\/image_030\/'><img loading=\"lazy\" decoding=\"async\" width=\"150\" height=\"150\" src=\"https:\/\/www.muenster.org\/saltovocale\/wp-content\/uploads\/image_030-150x150.jpg\" class=\"attachment-thumbnail size-thumbnail\" alt=\"\" \/><\/a>\n\t\t\t<\/div><\/figure><figure class='gallery-item'>\n\t\t\t<div class='gallery-icon landscape'>\n\t\t\t\t<a href='https:\/\/www.muenster.org\/saltovocale\/fotos\/image_017\/'><img loading=\"lazy\" decoding=\"async\" width=\"150\" height=\"150\" src=\"https:\/\/www.muenster.org\/saltovocale\/wp-content\/uploads\/image_017-150x150.jpg\" class=\"attachment-thumbnail size-thumbnail\" alt=\"\" \/><\/a>\n\t\t\t<\/div><\/figure><figure class='gallery-item'>\n\t\t\t<div class='gallery-icon landscape'>\n\t\t\t\t<a href='https:\/\/www.muenster.org\/saltovocale\/fotos\/image_016\/'><img loading=\"lazy\" decoding=\"async\" width=\"150\" height=\"150\" src=\"https:\/\/www.muenster.org\/saltovocale\/wp-content\/uploads\/image_016-150x150.jpg\" class=\"attachment-thumbnail size-thumbnail\" alt=\"\" \/><\/a>\n\t\t\t<\/div><\/figure>\n\t\t<\/div>\n\n<h2>Private Geburtstagsfeier am 25.3.2019<\/h2>\n<div id='gallery-5' class='gallery galleryid-52 gallery-columns-3 gallery-size-thumbnail'><figure class='gallery-item'>\n\t\t\t<div class='gallery-icon landscape'>\n\t\t\t\t<a href='https:\/\/www.muenster.org\/saltovocale\/fotos\/kodak-digital-still-camera-4\/'><img loading=\"lazy\" decoding=\"async\" width=\"150\" height=\"150\" src=\"https:\/\/www.muenster.org\/saltovocale\/wp-content\/uploads\/101_0995b-150x150.jpg\" class=\"attachment-thumbnail size-thumbnail\" alt=\"\" \/><\/a>\n\t\t\t<\/div><\/figure><figure class='gallery-item'>\n\t\t\t<div class='gallery-icon landscape'>\n\t\t\t\t<a href='https:\/\/www.muenster.org\/saltovocale\/fotos\/kodak-digital-still-camera-5\/'><img loading=\"lazy\" decoding=\"async\" width=\"150\" height=\"150\" src=\"https:\/\/www.muenster.org\/saltovocale\/wp-content\/uploads\/101_0990b-150x150.jpg\" class=\"attachment-thumbnail size-thumbnail\" alt=\"\" \/><\/a>\n\t\t\t<\/div><\/figure>\n\t\t<\/div>\n\n<h2>Weihnachtsmarkt M\u00fcnster am 10.12.2018<\/h2>\n<div id='gallery-6' class='gallery galleryid-52 gallery-columns-3 gallery-size-thumbnail'><figure class='gallery-item'>\n\t\t\t<div class='gallery-icon landscape'>\n\t\t\t\t<a href='https:\/\/www.muenster.org\/saltovocale\/fotos\/2018-12-15-a\/'><img loading=\"lazy\" decoding=\"async\" width=\"150\" height=\"150\" src=\"https:\/\/www.muenster.org\/saltovocale\/wp-content\/uploads\/2018-12-15-a-150x150.jpg\" class=\"attachment-thumbnail size-thumbnail\" alt=\"\" \/><\/a>\n\t\t\t<\/div><\/figure><figure class='gallery-item'>\n\t\t\t<div class='gallery-icon landscape'>\n\t\t\t\t<a href='https:\/\/www.muenster.org\/saltovocale\/fotos\/2018-12-15-b\/'><img loading=\"lazy\" decoding=\"async\" width=\"150\" height=\"150\" src=\"https:\/\/www.muenster.org\/saltovocale\/wp-content\/uploads\/2018-12-15-b-150x150.jpg\" class=\"attachment-thumbnail size-thumbnail\" alt=\"\" \/><\/a>\n\t\t\t<\/div><\/figure>\n\t\t<\/div>\n\n<h2>Emsgalerie Rheine am 9.12.2018<\/h2>\n<div id='gallery-7' class='gallery galleryid-52 gallery-columns-3 gallery-size-thumbnail'><figure class='gallery-item'>\n\t\t\t<div class='gallery-icon landscape'>\n\t\t\t\t<a href='https:\/\/www.muenster.org\/saltovocale\/fotos\/2018-12-09-a\/'><img loading=\"lazy\" decoding=\"async\" width=\"150\" height=\"150\" src=\"https:\/\/www.muenster.org\/saltovocale\/wp-content\/uploads\/2018-12-09-a-150x150.jpg\" class=\"attachment-thumbnail size-thumbnail\" alt=\"\" \/><\/a>\n\t\t\t<\/div><\/figure><figure class='gallery-item'>\n\t\t\t<div class='gallery-icon landscape'>\n\t\t\t\t<a href='https:\/\/www.muenster.org\/saltovocale\/fotos\/2018-12-09-e\/'><img loading=\"lazy\" decoding=\"async\" width=\"150\" height=\"150\" src=\"https:\/\/www.muenster.org\/saltovocale\/wp-content\/uploads\/2018-12-09-e-150x150.jpg\" class=\"attachment-thumbnail size-thumbnail\" alt=\"\" \/><\/a>\n\t\t\t<\/div><\/figure><figure class='gallery-item'>\n\t\t\t<div class='gallery-icon landscape'>\n\t\t\t\t<a href='https:\/\/www.muenster.org\/saltovocale\/fotos\/2018-12-09-b\/'><img loading=\"lazy\" decoding=\"async\" width=\"150\" height=\"150\" src=\"https:\/\/www.muenster.org\/saltovocale\/wp-content\/uploads\/2018-12-09-b-150x150.jpg\" class=\"attachment-thumbnail size-thumbnail\" alt=\"\" \/><\/a>\n\t\t\t<\/div><\/figure><figure class='gallery-item'>\n\t\t\t<div class='gallery-icon landscape'>\n\t\t\t\t<a href='https:\/\/www.muenster.org\/saltovocale\/fotos\/2018-12-09-c\/'><img loading=\"lazy\" decoding=\"async\" width=\"150\" height=\"150\" src=\"https:\/\/www.muenster.org\/saltovocale\/wp-content\/uploads\/2018-12-09-c-150x150.jpg\" class=\"attachment-thumbnail size-thumbnail\" alt=\"\" \/><\/a>\n\t\t\t<\/div><\/figure><figure class='gallery-item'>\n\t\t\t<div class='gallery-icon landscape'>\n\t\t\t\t<a href='https:\/\/www.muenster.org\/saltovocale\/fotos\/2018-12-09-d\/'><img loading=\"lazy\" decoding=\"async\" width=\"150\" height=\"150\" src=\"https:\/\/www.muenster.org\/saltovocale\/wp-content\/uploads\/2018-12-09-d-150x150.jpg\" class=\"attachment-thumbnail size-thumbnail\" alt=\"\" \/><\/a>\n\t\t\t<\/div><\/figure>\n\t\t<\/div>\n\n<h2>Franziskushospital am 9.12.2018<\/h2>\n<div id='gallery-8' class='gallery galleryid-52 gallery-columns-3 gallery-size-thumbnail'><figure class='gallery-item'>\n\t\t\t<div class='gallery-icon landscape'>\n\t\t\t\t<a href='https:\/\/www.muenster.org\/saltovocale\/fotos\/2018-12-08-a-2\/'><img loading=\"lazy\" decoding=\"async\" width=\"150\" height=\"150\" src=\"https:\/\/www.muenster.org\/saltovocale\/wp-content\/uploads\/2018-12-08-a-1-150x150.jpg\" class=\"attachment-thumbnail size-thumbnail\" alt=\"\" \/><\/a>\n\t\t\t<\/div><\/figure><figure class='gallery-item'>\n\t\t\t<div class='gallery-icon landscape'>\n\t\t\t\t<a href='https:\/\/www.muenster.org\/saltovocale\/fotos\/2018-12-08-b-2\/'><img loading=\"lazy\" decoding=\"async\" width=\"150\" height=\"150\" src=\"https:\/\/www.muenster.org\/saltovocale\/wp-content\/uploads\/2018-12-08-b-1-150x150.jpg\" class=\"attachment-thumbnail size-thumbnail\" alt=\"\" \/><\/a>\n\t\t\t<\/div><\/figure><figure class='gallery-item'>\n\t\t\t<div class='gallery-icon landscape'>\n\t\t\t\t<a href='https:\/\/www.muenster.org\/saltovocale\/fotos\/2018-12-08-c-2\/'><img loading=\"lazy\" decoding=\"async\" width=\"150\" height=\"150\" src=\"https:\/\/www.muenster.org\/saltovocale\/wp-content\/uploads\/2018-12-08-c-1-150x150.jpg\" class=\"attachment-thumbnail size-thumbnail\" alt=\"\" \/><\/a>\n\t\t\t<\/div><\/figure><figure class='gallery-item'>\n\t\t\t<div class='gallery-icon landscape'>\n\t\t\t\t<a href='https:\/\/www.muenster.org\/saltovocale\/fotos\/2018-12-08-d-2\/'><img loading=\"lazy\" decoding=\"async\" width=\"150\" height=\"150\" src=\"https:\/\/www.muenster.org\/saltovocale\/wp-content\/uploads\/2018-12-08-d-1-150x150.jpg\" class=\"attachment-thumbnail size-thumbnail\" alt=\"\" \/><\/a>\n\t\t\t<\/div><\/figure><figure class='gallery-item'>\n\t\t\t<div class='gallery-icon landscape'>\n\t\t\t\t<a href='https:\/\/www.muenster.org\/saltovocale\/fotos\/2018-12-08-e-2\/'><img loading=\"lazy\" decoding=\"async\" width=\"150\" height=\"150\" src=\"https:\/\/www.muenster.org\/saltovocale\/wp-content\/uploads\/2018-12-08-e-1-150x150.jpg\" class=\"attachment-thumbnail size-thumbnail\" alt=\"\" \/><\/a>\n\t\t\t<\/div><\/figure>\n\t\t<\/div>\n\n<h2>Weihnachtsmarkt 2017<\/h2>\n<div id='gallery-9' class='gallery galleryid-52 gallery-columns-3 gallery-size-thumbnail'><figure class='gallery-item'>\n\t\t\t<div class='gallery-icon landscape'>\n\t\t\t\t<a href='https:\/\/www.muenster.org\/saltovocale\/fotos\/171218_weihnachtsmarkt_04-2\/'><img loading=\"lazy\" decoding=\"async\" width=\"150\" height=\"150\" src=\"https:\/\/www.muenster.org\/saltovocale\/wp-content\/uploads\/2018\/10\/171218_Weihnachtsmarkt_04-150x150.jpg\" class=\"attachment-thumbnail size-thumbnail\" alt=\"\" \/><\/a>\n\t\t\t<\/div><\/figure><figure class='gallery-item'>\n\t\t\t<div class='gallery-icon landscape'>\n\t\t\t\t<a href='https:\/\/www.muenster.org\/saltovocale\/fotos\/171218_weihnachtsmarkt_02-2\/'><img loading=\"lazy\" decoding=\"async\" width=\"150\" height=\"150\" src=\"https:\/\/www.muenster.org\/saltovocale\/wp-content\/uploads\/2018\/10\/171218_Weihnachtsmarkt_02-150x150.jpg\" class=\"attachment-thumbnail size-thumbnail\" alt=\"\" \/><\/a>\n\t\t\t<\/div><\/figure><figure class='gallery-item'>\n\t\t\t<div class='gallery-icon landscape'>\n\t\t\t\t<a href='https:\/\/www.muenster.org\/saltovocale\/fotos\/171218_weihnachtsmarkt_01-2\/'><img loading=\"lazy\" decoding=\"async\" width=\"150\" height=\"150\" src=\"https:\/\/www.muenster.org\/saltovocale\/wp-content\/uploads\/2018\/10\/171218_Weihnachtsmarkt_01-150x150.jpg\" class=\"attachment-thumbnail size-thumbnail\" alt=\"\" \/><\/a>\n\t\t\t<\/div><\/figure>\n\t\t<\/div>\n\n<h2>Emsgalerie Rheine 2017<\/h2>\n<div id='gallery-10' class='gallery galleryid-52 gallery-columns-3 gallery-size-thumbnail'><figure class='gallery-item'>\n\t\t\t<div class='gallery-icon landscape'>\n\t\t\t\t<a href='https:\/\/www.muenster.org\/saltovocale\/fotos\/171210_emsgalerie_03\/'><img loading=\"lazy\" decoding=\"async\" width=\"150\" height=\"150\" src=\"https:\/\/www.muenster.org\/saltovocale\/wp-content\/uploads\/2017\/12\/171210_Emsgalerie_03-150x150.jpg\" class=\"attachment-thumbnail size-thumbnail\" alt=\"\" \/><\/a>\n\t\t\t<\/div><\/figure><figure class='gallery-item'>\n\t\t\t<div class='gallery-icon landscape'>\n\t\t\t\t<a href='https:\/\/www.muenster.org\/saltovocale\/fotos\/171210_emsgalerie_02\/'><img loading=\"lazy\" decoding=\"async\" width=\"150\" height=\"150\" src=\"https:\/\/www.muenster.org\/saltovocale\/wp-content\/uploads\/2017\/12\/171210_Emsgalerie_02-150x150.jpg\" class=\"attachment-thumbnail size-thumbnail\" alt=\"\" \/><\/a>\n\t\t\t<\/div><\/figure><figure class='gallery-item'>\n\t\t\t<div class='gallery-icon landscape'>\n\t\t\t\t<a href='https:\/\/www.muenster.org\/saltovocale\/fotos\/171210_emsgalerie_04\/'><img loading=\"lazy\" decoding=\"async\" width=\"150\" height=\"150\" src=\"https:\/\/www.muenster.org\/saltovocale\/wp-content\/uploads\/2017\/12\/171210_Emsgalerie_04-150x150.jpg\" class=\"attachment-thumbnail size-thumbnail\" alt=\"\" \/><\/a>\n\t\t\t<\/div><\/figure>\n\t\t<\/div>\n\n<h2>Open Stage Billerbeck, 2016<\/h2>\n<div id='gallery-11' class='gallery galleryid-52 gallery-columns-3 gallery-size-thumbnail'><figure class='gallery-item'>\n\t\t\t<div class='gallery-icon landscape'>\n\t\t\t\t<a href='https:\/\/www.muenster.org\/saltovocale\/fotos\/161207_billerbeck_01\/'><img loading=\"lazy\" decoding=\"async\" width=\"150\" height=\"150\" src=\"https:\/\/www.muenster.org\/saltovocale\/wp-content\/uploads\/2017\/12\/161207_Billerbeck_01-150x150.png\" class=\"attachment-thumbnail size-thumbnail\" alt=\"\" \/><\/a>\n\t\t\t<\/div><\/figure>\n\t\t<\/div>\n\n<h2>Milagro, 2015<\/h2>\n<div id='gallery-12' class='gallery galleryid-52 gallery-columns-3 gallery-size-thumbnail'><figure class='gallery-item'>\n\t\t\t<div class='gallery-icon landscape'>\n\t\t\t\t<a href='https:\/\/www.muenster.org\/saltovocale\/fotos\/151213_milagro_02\/'><img loading=\"lazy\" decoding=\"async\" width=\"150\" height=\"150\" src=\"https:\/\/www.muenster.org\/saltovocale\/wp-content\/uploads\/2017\/12\/151213_Milagro_02-150x150.png\" class=\"attachment-thumbnail size-thumbnail\" alt=\"\" \/><\/a>\n\t\t\t<\/div><\/figure><figure class='gallery-item'>\n\t\t\t<div class='gallery-icon landscape'>\n\t\t\t\t<a href='https:\/\/www.muenster.org\/saltovocale\/fotos\/151213_milagro_01\/'><img loading=\"lazy\" decoding=\"async\" width=\"150\" height=\"150\" src=\"https:\/\/www.muenster.org\/saltovocale\/wp-content\/uploads\/2017\/12\/151213_Milagro_01-150x150.png\" class=\"attachment-thumbnail size-thumbnail\" alt=\"\" \/><\/a>\n\t\t\t<\/div><\/figure><figure class='gallery-item'>\n\t\t\t<div class='gallery-icon landscape'>\n\t\t\t\t<a href='https:\/\/www.muenster.org\/saltovocale\/fotos\/151213_milagro_03\/'><img loading=\"lazy\" decoding=\"async\" width=\"150\" height=\"150\" src=\"https:\/\/www.muenster.org\/saltovocale\/wp-content\/uploads\/2017\/12\/151213_Milagro_03-150x150.png\" class=\"attachment-thumbnail size-thumbnail\" alt=\"\" \/><\/a>\n\t\t\t<\/div><\/figure>\n\t\t<\/div>\n\n<p>Open Stage Billerbeck, 2015<\/p>\n\n\n<figure class=\"wp-block-gallery has-nested-images columns-default is-cropped wp-block-gallery-17 is-layout-flex wp-block-gallery-is-layout-flex\">\n<figure class=\"wp-block-image size-large\"><img loading=\"lazy\" decoding=\"async\" width=\"1024\" height=\"692\" data-id=\"92\" src=\"https:\/\/www.muenster.org\/saltovocale\/wp-content\/uploads\/2018\/10\/151202_billerbeck_02-1024x692.png\" alt=\"\" class=\"wp-image-92\" srcset=\"https:\/\/www.muenster.org\/saltovocale\/wp-content\/uploads\/2018\/10\/151202_billerbeck_02-1024x692.png 1024w, https:\/\/www.muenster.org\/saltovocale\/wp-content\/uploads\/2018\/10\/151202_billerbeck_02-300x203.png 300w, https:\/\/www.muenster.org\/saltovocale\/wp-content\/uploads\/2018\/10\/151202_billerbeck_02-768x519.png 768w, https:\/\/www.muenster.org\/saltovocale\/wp-content\/uploads\/2018\/10\/151202_billerbeck_02-1200x811.png 1200w\" sizes=\"auto, (max-width: 709px) 85vw, (max-width: 909px) 67vw, (max-width: 1362px) 62vw, 840px\" \/><\/figure>\n\n\n\n<figure class=\"wp-block-image size-large\"><img loading=\"lazy\" decoding=\"async\" width=\"1024\" height=\"768\" data-id=\"91\" src=\"https:\/\/www.muenster.org\/saltovocale\/wp-content\/uploads\/2018\/10\/151202_billerbeck_01-1024x768.png\" alt=\"\" class=\"wp-image-91\" srcset=\"https:\/\/www.muenster.org\/saltovocale\/wp-content\/uploads\/2018\/10\/151202_billerbeck_01-1024x768.png 1024w, https:\/\/www.muenster.org\/saltovocale\/wp-content\/uploads\/2018\/10\/151202_billerbeck_01-300x225.png 300w, https:\/\/www.muenster.org\/saltovocale\/wp-content\/uploads\/2018\/10\/151202_billerbeck_01-768x576.png 768w, https:\/\/www.muenster.org\/saltovocale\/wp-content\/uploads\/2018\/10\/151202_billerbeck_01-1200x900.png 1200w\" sizes=\"auto, (max-width: 709px) 85vw, (max-width: 909px) 67vw, (max-width: 1362px) 62vw, 840px\" \/><\/figure>\n<\/figure>\n\n\n\n<p><\/p>\n","protected":false},"excerpt":{"rendered":"<p>NEU: Einen Video-Trailer von Salto Vocale sehen Sie, wenn Sie hier klicken. &#8222;Winter Wonderland&#8220;, Er\u00f6ffnung des Kulturlands Dumte, 21.12.2025 Dank an Stefan J\u00f6ken, Kathrin Pieper (Greven) und Frank Bitzer f\u00fcr die Fotos! Hier geht es zum Bericht der Westf\u00e4lischen Nachrichten vom 24.12.2025. &#8222;Musik f\u00fcr den Frieden&#8220;, M\u00fcnster, 6.9.2025 Frauenstra\u00dfe 24, M\u00fcnster, 22.12.2024 Johannes-Hospiz, M\u00fcnster, 2.12.2024 &hellip; <a href=\"https:\/\/www.muenster.org\/saltovocale\/fotos\/\" class=\"more-link\"><span class=\"screen-reader-text\">\u201eFotos &#038; Videos\u201c <\/span>weiterlesen<\/a><\/p>\n","protected":false},"author":1,"featured_media":0,"parent":0,"menu_order":0,"comment_status":"closed","ping_status":"closed","template":"","meta":{"footnotes":""},"class_list":["post-52","page","type-page","status-publish","hentry"],"_links":{"self":[{"href":"https:\/\/www.muenster.org\/saltovocale\/wp-json\/wp\/v2\/pages\/52","targetHints":{"allow":["GET"]}}],"collection":[{"href":"https:\/\/www.muenster.org\/saltovocale\/wp-json\/wp\/v2\/pages"}],"about":[{"href":"https:\/\/www.muenster.org\/saltovocale\/wp-json\/wp\/v2\/types\/page"}],"author":[{"embeddable":true,"href":"https:\/\/www.muenster.org\/saltovocale\/wp-json\/wp\/v2\/users\/1"}],"replies":[{"embeddable":true,"href":"https:\/\/www.muenster.org\/saltovocale\/wp-json\/wp\/v2\/comments?post=52"}],"version-history":[{"count":61,"href":"https:\/\/www.muenster.org\/saltovocale\/wp-json\/wp\/v2\/pages\/52\/revisions"}],"predecessor-version":[{"id":1065,"href":"https:\/\/www.muenster.org\/saltovocale\/wp-json\/wp\/v2\/pages\/52\/revisions\/1065"}],"wp:attachment":[{"href":"https:\/\/www.muenster.org\/saltovocale\/wp-json\/wp\/v2\/media?parent=52"}],"curies":[{"name":"wp","href":"https:\/\/api.w.org\/{rel}","templated":true}]}}