{"id":311,"date":"2014-12-17T23:50:54","date_gmt":"2014-12-17T22:50:54","guid":{"rendered":"https:\/\/www.muenster.org\/jaeb\/?page_id=311"},"modified":"2026-04-08T20:12:01","modified_gmt":"2026-04-08T18:12:01","slug":"mitglieder-des-jaeb-2","status":"publish","type":"page","link":"https:\/\/www.muenster.org\/jaeb\/ueber-uns\/mitglieder-des-jaeb-2\/","title":{"rendered":"Mitglieder"},"content":{"rendered":"\n<p><strong>Mitglieder 2025\/26<\/strong><\/p>\n\n\n\n<figure class=\"wp-block-gallery aligncenter has-nested-images columns-4 is-cropped wp-block-gallery-1 is-layout-flex wp-block-gallery-is-layout-flex\">\n<figure class=\"wp-block-image size-full\"><img loading=\"lazy\" decoding=\"async\" width=\"672\" height=\"1536\" data-id=\"2633\" src=\"https:\/\/www.muenster.org\/jaeb\/wp-content\/uploads\/2026\/01\/bd17d2ec-c365-448d-97ff-306cda937f0e.jpg\" alt=\"\" class=\"wp-image-2633\" srcset=\"https:\/\/www.muenster.org\/jaeb\/wp-content\/uploads\/2026\/01\/bd17d2ec-c365-448d-97ff-306cda937f0e.jpg 672w, https:\/\/www.muenster.org\/jaeb\/wp-content\/uploads\/2026\/01\/bd17d2ec-c365-448d-97ff-306cda937f0e-131x300.jpg 131w, https:\/\/www.muenster.org\/jaeb\/wp-content\/uploads\/2026\/01\/bd17d2ec-c365-448d-97ff-306cda937f0e-448x1024.jpg 448w\" sizes=\"auto, (max-width: 672px) 100vw, 672px\" \/><figcaption class=\"wp-element-caption\"> <br><\/figcaption><\/figure>\n\n\n\n<figure class=\"wp-block-image size-medium\"><img loading=\"lazy\" decoding=\"async\" width=\"198\" height=\"300\" data-id=\"2634\" src=\"https:\/\/www.muenster.org\/jaeb\/wp-content\/uploads\/2026\/01\/290ffd82-fc2c-41e8-9f22-563f9e08c7e3-198x300.jpg\" alt=\"\" class=\"wp-image-2634\" srcset=\"https:\/\/www.muenster.org\/jaeb\/wp-content\/uploads\/2026\/01\/290ffd82-fc2c-41e8-9f22-563f9e08c7e3-198x300.jpg 198w, https:\/\/www.muenster.org\/jaeb\/wp-content\/uploads\/2026\/01\/290ffd82-fc2c-41e8-9f22-563f9e08c7e3-675x1024.jpg 675w, https:\/\/www.muenster.org\/jaeb\/wp-content\/uploads\/2026\/01\/290ffd82-fc2c-41e8-9f22-563f9e08c7e3-768x1166.jpg 768w, https:\/\/www.muenster.org\/jaeb\/wp-content\/uploads\/2026\/01\/290ffd82-fc2c-41e8-9f22-563f9e08c7e3-1012x1536.jpg 1012w, https:\/\/www.muenster.org\/jaeb\/wp-content\/uploads\/2026\/01\/290ffd82-fc2c-41e8-9f22-563f9e08c7e3.jpg 1349w\" sizes=\"auto, (max-width: 198px) 100vw, 198px\" \/><\/figure>\n\n\n\n<figure class=\"wp-block-image size-large\"><img loading=\"lazy\" decoding=\"async\" width=\"1024\" height=\"683\" data-id=\"2530\" src=\"https:\/\/www.muenster.org\/jaeb\/wp-content\/uploads\/2025\/01\/IMG_7436-1024x683.jpg\" alt=\"\" class=\"wp-image-2530\" srcset=\"https:\/\/www.muenster.org\/jaeb\/wp-content\/uploads\/2025\/01\/IMG_7436-1024x683.jpg 1024w, https:\/\/www.muenster.org\/jaeb\/wp-content\/uploads\/2025\/01\/IMG_7436-300x200.jpg 300w, https:\/\/www.muenster.org\/jaeb\/wp-content\/uploads\/2025\/01\/IMG_7436-768x512.jpg 768w, https:\/\/www.muenster.org\/jaeb\/wp-content\/uploads\/2025\/01\/IMG_7436-1536x1024.jpg 1536w, https:\/\/www.muenster.org\/jaeb\/wp-content\/uploads\/2025\/01\/IMG_7436-2048x1365.jpg 2048w\" sizes=\"auto, (max-width: 1024px) 100vw, 1024px\" \/><figcaption class=\"wp-element-caption\">Marc Schmittka (Vorstand)<\/figcaption><\/figure>\n\n\n\n<figure class=\"wp-block-image size-medium\"><img loading=\"lazy\" decoding=\"async\" width=\"225\" height=\"300\" data-id=\"2632\" src=\"https:\/\/www.muenster.org\/jaeb\/wp-content\/uploads\/2026\/01\/1724ba7b-1858-4922-8212-c8bb5733b9de-225x300.jpg\" alt=\"\" class=\"wp-image-2632\" srcset=\"https:\/\/www.muenster.org\/jaeb\/wp-content\/uploads\/2026\/01\/1724ba7b-1858-4922-8212-c8bb5733b9de-225x300.jpg 225w, https:\/\/www.muenster.org\/jaeb\/wp-content\/uploads\/2026\/01\/1724ba7b-1858-4922-8212-c8bb5733b9de-768x1024.jpg 768w, https:\/\/www.muenster.org\/jaeb\/wp-content\/uploads\/2026\/01\/1724ba7b-1858-4922-8212-c8bb5733b9de-1152x1536.jpg 1152w, https:\/\/www.muenster.org\/jaeb\/wp-content\/uploads\/2026\/01\/1724ba7b-1858-4922-8212-c8bb5733b9de.jpg 1272w\" sizes=\"auto, (max-width: 225px) 100vw, 225px\" \/><\/figure>\n\n\n\n<figure class=\"wp-block-image size-medium\"><img loading=\"lazy\" decoding=\"async\" width=\"200\" height=\"300\" data-id=\"2536\" src=\"https:\/\/www.muenster.org\/jaeb\/wp-content\/uploads\/2025\/01\/IMG_7424-200x300.jpg\" alt=\"\" class=\"wp-image-2536\" srcset=\"https:\/\/www.muenster.org\/jaeb\/wp-content\/uploads\/2025\/01\/IMG_7424-200x300.jpg 200w, https:\/\/www.muenster.org\/jaeb\/wp-content\/uploads\/2025\/01\/IMG_7424-683x1024.jpg 683w, https:\/\/www.muenster.org\/jaeb\/wp-content\/uploads\/2025\/01\/IMG_7424-768x1152.jpg 768w, https:\/\/www.muenster.org\/jaeb\/wp-content\/uploads\/2025\/01\/IMG_7424-1024x1536.jpg 1024w, https:\/\/www.muenster.org\/jaeb\/wp-content\/uploads\/2025\/01\/IMG_7424-1365x2048.jpg 1365w, https:\/\/www.muenster.org\/jaeb\/wp-content\/uploads\/2025\/01\/IMG_7424-scaled.jpg 1707w\" sizes=\"auto, (max-width: 200px) 100vw, 200px\" \/><\/figure>\n\n\n\n<figure class=\"wp-block-image size-medium\"><img loading=\"lazy\" decoding=\"async\" width=\"252\" height=\"300\" data-id=\"2631\" src=\"https:\/\/www.muenster.org\/jaeb\/wp-content\/uploads\/2026\/01\/IMG_1580-252x300.jpeg\" alt=\"\" class=\"wp-image-2631\" srcset=\"https:\/\/www.muenster.org\/jaeb\/wp-content\/uploads\/2026\/01\/IMG_1580-252x300.jpeg 252w, https:\/\/www.muenster.org\/jaeb\/wp-content\/uploads\/2026\/01\/IMG_1580-859x1024.jpeg 859w, https:\/\/www.muenster.org\/jaeb\/wp-content\/uploads\/2026\/01\/IMG_1580-768x915.jpeg 768w, https:\/\/www.muenster.org\/jaeb\/wp-content\/uploads\/2026\/01\/IMG_1580-1289x1536.jpeg 1289w, https:\/\/www.muenster.org\/jaeb\/wp-content\/uploads\/2026\/01\/IMG_1580-1718x2048.jpeg 1718w, https:\/\/www.muenster.org\/jaeb\/wp-content\/uploads\/2026\/01\/IMG_1580.jpeg 1866w\" sizes=\"auto, (max-width: 252px) 100vw, 252px\" \/><\/figure>\n\n\n\n<figure class=\"wp-block-image size-medium is-style-default\"><img loading=\"lazy\" decoding=\"async\" width=\"288\" height=\"300\" data-id=\"2644\" src=\"https:\/\/www.muenster.org\/jaeb\/wp-content\/uploads\/2026\/01\/Marius-Herwig_Hafen2-288x300.jpg\" alt=\"\" class=\"wp-image-2644\" srcset=\"https:\/\/www.muenster.org\/jaeb\/wp-content\/uploads\/2026\/01\/Marius-Herwig_Hafen2-288x300.jpg 288w, https:\/\/www.muenster.org\/jaeb\/wp-content\/uploads\/2026\/01\/Marius-Herwig_Hafen2-984x1024.jpg 984w, https:\/\/www.muenster.org\/jaeb\/wp-content\/uploads\/2026\/01\/Marius-Herwig_Hafen2-768x799.jpg 768w, https:\/\/www.muenster.org\/jaeb\/wp-content\/uploads\/2026\/01\/Marius-Herwig_Hafen2-1476x1536.jpg 1476w, https:\/\/www.muenster.org\/jaeb\/wp-content\/uploads\/2026\/01\/Marius-Herwig_Hafen2-1968x2048.jpg 1968w\" sizes=\"auto, (max-width: 288px) 100vw, 288px\" \/><\/figure>\n\n\n\n<figure class=\"wp-block-image size-large\"><img loading=\"lazy\" decoding=\"async\" width=\"858\" height=\"1024\" data-id=\"2629\" src=\"https:\/\/www.muenster.org\/jaeb\/wp-content\/uploads\/2026\/01\/Screenshot_20251223_072440_Gallery-858x1024.jpg\" alt=\"\" class=\"wp-image-2629\" srcset=\"https:\/\/www.muenster.org\/jaeb\/wp-content\/uploads\/2026\/01\/Screenshot_20251223_072440_Gallery-858x1024.jpg 858w, https:\/\/www.muenster.org\/jaeb\/wp-content\/uploads\/2026\/01\/Screenshot_20251223_072440_Gallery-251x300.jpg 251w, https:\/\/www.muenster.org\/jaeb\/wp-content\/uploads\/2026\/01\/Screenshot_20251223_072440_Gallery-768x916.jpg 768w, https:\/\/www.muenster.org\/jaeb\/wp-content\/uploads\/2026\/01\/Screenshot_20251223_072440_Gallery-1288x1536.jpg 1288w, https:\/\/www.muenster.org\/jaeb\/wp-content\/uploads\/2026\/01\/Screenshot_20251223_072440_Gallery-1717x2048.jpg 1717w\" sizes=\"auto, (max-width: 858px) 100vw, 858px\" \/><\/figure>\n\n\n\n<figure class=\"wp-block-image size-large\"><img loading=\"lazy\" decoding=\"async\" width=\"731\" height=\"1024\" data-id=\"2273\" src=\"https:\/\/www.muenster.org\/jaeb\/wp-content\/uploads\/2022\/12\/20220722_125702-731x1024.jpg\" alt=\"\" class=\"wp-image-2273\" srcset=\"https:\/\/www.muenster.org\/jaeb\/wp-content\/uploads\/2022\/12\/20220722_125702-731x1024.jpg 731w, https:\/\/www.muenster.org\/jaeb\/wp-content\/uploads\/2022\/12\/20220722_125702-214x300.jpg 214w, https:\/\/www.muenster.org\/jaeb\/wp-content\/uploads\/2022\/12\/20220722_125702-768x1075.jpg 768w, https:\/\/www.muenster.org\/jaeb\/wp-content\/uploads\/2022\/12\/20220722_125702-1097x1536.jpg 1097w, https:\/\/www.muenster.org\/jaeb\/wp-content\/uploads\/2022\/12\/20220722_125702-1463x2048.jpg 1463w, https:\/\/www.muenster.org\/jaeb\/wp-content\/uploads\/2022\/12\/20220722_125702.jpg 1778w\" sizes=\"auto, (max-width: 731px) 100vw, 731px\" \/><figcaption class=\"wp-element-caption\">Benedikt Brahm (Vorstand)<\/figcaption><\/figure>\n\n\n\n<figure class=\"wp-block-image size-medium\"><img loading=\"lazy\" decoding=\"async\" width=\"170\" height=\"300\" data-id=\"2628\" src=\"https:\/\/www.muenster.org\/jaeb\/wp-content\/uploads\/2026\/01\/IMG_9859-170x300.jpeg\" alt=\"\" class=\"wp-image-2628\" srcset=\"https:\/\/www.muenster.org\/jaeb\/wp-content\/uploads\/2026\/01\/IMG_9859-170x300.jpeg 170w, https:\/\/www.muenster.org\/jaeb\/wp-content\/uploads\/2026\/01\/IMG_9859-579x1024.jpeg 579w, https:\/\/www.muenster.org\/jaeb\/wp-content\/uploads\/2026\/01\/IMG_9859-768x1359.jpeg 768w, https:\/\/www.muenster.org\/jaeb\/wp-content\/uploads\/2026\/01\/IMG_9859-868x1536.jpeg 868w, https:\/\/www.muenster.org\/jaeb\/wp-content\/uploads\/2026\/01\/IMG_9859-1157x2048.jpeg 1157w, https:\/\/www.muenster.org\/jaeb\/wp-content\/uploads\/2026\/01\/IMG_9859-scaled.jpeg 1446w\" sizes=\"auto, (max-width: 170px) 100vw, 170px\" \/><\/figure>\n\n\n\n<figure class=\"wp-block-image size-medium\"><img loading=\"lazy\" decoding=\"async\" width=\"200\" height=\"300\" data-id=\"2271\" src=\"https:\/\/www.muenster.org\/jaeb\/wp-content\/uploads\/2022\/12\/1655A770-0A7F-4C2A-B0C4-16CA963D9AC7-200x300.jpeg\" alt=\"\" class=\"wp-image-2271\" srcset=\"https:\/\/www.muenster.org\/jaeb\/wp-content\/uploads\/2022\/12\/1655A770-0A7F-4C2A-B0C4-16CA963D9AC7-200x300.jpeg 200w, https:\/\/www.muenster.org\/jaeb\/wp-content\/uploads\/2022\/12\/1655A770-0A7F-4C2A-B0C4-16CA963D9AC7.jpeg 300w\" sizes=\"auto, (max-width: 200px) 100vw, 200px\" \/><figcaption class=\"wp-element-caption\">Cathrin Huesmann (Vorstand)<\/figcaption><\/figure>\n\n\n\n<figure class=\"wp-block-image size-full\"><img loading=\"lazy\" decoding=\"async\" width=\"1179\" height=\"1153\" data-id=\"2668\" src=\"https:\/\/www.muenster.org\/jaeb\/wp-content\/uploads\/2026\/01\/IMG_1626.jpeg\" alt=\"\" class=\"wp-image-2668\" srcset=\"https:\/\/www.muenster.org\/jaeb\/wp-content\/uploads\/2026\/01\/IMG_1626.jpeg 1179w, https:\/\/www.muenster.org\/jaeb\/wp-content\/uploads\/2026\/01\/IMG_1626-300x293.jpeg 300w, https:\/\/www.muenster.org\/jaeb\/wp-content\/uploads\/2026\/01\/IMG_1626-1024x1001.jpeg 1024w, https:\/\/www.muenster.org\/jaeb\/wp-content\/uploads\/2026\/01\/IMG_1626-768x751.jpeg 768w\" sizes=\"auto, (max-width: 1179px) 100vw, 1179px\" \/><\/figure>\n\n\n\n<figure class=\"wp-block-image size-large\"><img loading=\"lazy\" decoding=\"async\" width=\"1024\" height=\"683\" data-id=\"2627\" src=\"https:\/\/www.muenster.org\/jaeb\/wp-content\/uploads\/2026\/01\/1-PP-MS-1-von-1-1024x683.jpg\" alt=\"\" class=\"wp-image-2627\" srcset=\"https:\/\/www.muenster.org\/jaeb\/wp-content\/uploads\/2026\/01\/1-PP-MS-1-von-1-1024x683.jpg 1024w, https:\/\/www.muenster.org\/jaeb\/wp-content\/uploads\/2026\/01\/1-PP-MS-1-von-1-300x200.jpg 300w, https:\/\/www.muenster.org\/jaeb\/wp-content\/uploads\/2026\/01\/1-PP-MS-1-von-1-768x512.jpg 768w, https:\/\/www.muenster.org\/jaeb\/wp-content\/uploads\/2026\/01\/1-PP-MS-1-von-1-1536x1024.jpg 1536w, https:\/\/www.muenster.org\/jaeb\/wp-content\/uploads\/2026\/01\/1-PP-MS-1-von-1-2048x1365.jpg 2048w\" sizes=\"auto, (max-width: 1024px) 100vw, 1024px\" \/><\/figure>\n\n\n\n<figure class=\"wp-block-image size-medium\"><img loading=\"lazy\" decoding=\"async\" width=\"235\" height=\"300\" data-id=\"2626\" src=\"https:\/\/www.muenster.org\/jaeb\/wp-content\/uploads\/2026\/01\/image1-235x300.jpeg\" alt=\"\" class=\"wp-image-2626\" srcset=\"https:\/\/www.muenster.org\/jaeb\/wp-content\/uploads\/2026\/01\/image1-235x300.jpeg 235w, https:\/\/www.muenster.org\/jaeb\/wp-content\/uploads\/2026\/01\/image1-801x1024.jpeg 801w, https:\/\/www.muenster.org\/jaeb\/wp-content\/uploads\/2026\/01\/image1-768x981.jpeg 768w, https:\/\/www.muenster.org\/jaeb\/wp-content\/uploads\/2026\/01\/image1-1202x1536.jpeg 1202w, https:\/\/www.muenster.org\/jaeb\/wp-content\/uploads\/2026\/01\/image1.jpeg 1252w\" sizes=\"auto, (max-width: 235px) 100vw, 235px\" \/><\/figure>\n\n\n\n<figure class=\"wp-block-image size-medium\"><img loading=\"lazy\" decoding=\"async\" width=\"1737\" height=\"2201\" data-id=\"2681\" src=\"https:\/\/www.muenster.org\/jaeb\/wp-content\/uploads\/2026\/03\/IMG_6372-edited-1.jpeg\" alt=\"\" class=\"wp-image-2681\" srcset=\"https:\/\/www.muenster.org\/jaeb\/wp-content\/uploads\/2026\/03\/IMG_6372-edited-1.jpeg 1737w, https:\/\/www.muenster.org\/jaeb\/wp-content\/uploads\/2026\/03\/IMG_6372-edited-1-237x300.jpeg 237w, https:\/\/www.muenster.org\/jaeb\/wp-content\/uploads\/2026\/03\/IMG_6372-edited-1-808x1024.jpeg 808w, https:\/\/www.muenster.org\/jaeb\/wp-content\/uploads\/2026\/03\/IMG_6372-edited-1-768x973.jpeg 768w, https:\/\/www.muenster.org\/jaeb\/wp-content\/uploads\/2026\/03\/IMG_6372-edited-1-1212x1536.jpeg 1212w, https:\/\/www.muenster.org\/jaeb\/wp-content\/uploads\/2026\/03\/IMG_6372-edited-1-1616x2048.jpeg 1616w\" sizes=\"auto, (max-width: 1737px) 100vw, 1737px\" \/><\/figure>\n\n\n\n<figure class=\"wp-block-image size-medium\"><img loading=\"lazy\" decoding=\"async\" width=\"214\" height=\"300\" data-id=\"2624\" src=\"https:\/\/www.muenster.org\/jaeb\/wp-content\/uploads\/2026\/01\/1000006295-214x300.jpg\" alt=\"\" class=\"wp-image-2624\" srcset=\"https:\/\/www.muenster.org\/jaeb\/wp-content\/uploads\/2026\/01\/1000006295-214x300.jpg 214w, https:\/\/www.muenster.org\/jaeb\/wp-content\/uploads\/2026\/01\/1000006295-732x1024.jpg 732w, https:\/\/www.muenster.org\/jaeb\/wp-content\/uploads\/2026\/01\/1000006295-768x1075.jpg 768w, https:\/\/www.muenster.org\/jaeb\/wp-content\/uploads\/2026\/01\/1000006295-1097x1536.jpg 1097w, https:\/\/www.muenster.org\/jaeb\/wp-content\/uploads\/2026\/01\/1000006295.jpg 1156w\" sizes=\"auto, (max-width: 214px) 100vw, 214px\" \/><\/figure>\n\n\n\n<figure class=\"wp-block-image size-medium\"><img loading=\"lazy\" decoding=\"async\" width=\"225\" height=\"300\" data-id=\"2599\" src=\"https:\/\/www.muenster.org\/jaeb\/wp-content\/uploads\/2025\/11\/IMG_0250-225x300.png\" alt=\"\" class=\"wp-image-2599\" srcset=\"https:\/\/www.muenster.org\/jaeb\/wp-content\/uploads\/2025\/11\/IMG_0250-225x300.png 225w, https:\/\/www.muenster.org\/jaeb\/wp-content\/uploads\/2025\/11\/IMG_0250-767x1024.png 767w, https:\/\/www.muenster.org\/jaeb\/wp-content\/uploads\/2025\/11\/IMG_0250-768x1025.png 768w, https:\/\/www.muenster.org\/jaeb\/wp-content\/uploads\/2025\/11\/IMG_0250-1151x1536.png 1151w, https:\/\/www.muenster.org\/jaeb\/wp-content\/uploads\/2025\/11\/IMG_0250.png 1179w\" sizes=\"auto, (max-width: 225px) 100vw, 225px\" \/><\/figure>\n<\/figure>\n\n\n\n<p><\/p>\n\n\n\n<div class=\"wp-block-columns is-layout-flex wp-container-core-columns-is-layout-28f84493 wp-block-columns-is-layout-flex\">\n<div class=\"wp-block-column is-layout-flow wp-block-column-is-layout-flow\">\n<ul class=\"wp-block-list\">\n<li>Marc Schmittka (Gievenbeck) &#8211; Vorstand<\/li>\n\n\n\n<li>Cathrin Huesmann (Sentrup) &#8211; Vorstand<\/li>\n\n\n\n<li>Benedikt Brahm (Amelsb\u00fcren) &#8211; Vorstand<\/li>\n\n\n\n<li>Marina Einhaus (Gremmendorf)<\/li>\n\n\n\n<li>Andreas Haase (Gievenbeck)<\/li>\n\n\n\n<li>Marius Herwig (Angelmodde)<\/li>\n\n\n\n<li>Tim Liebig (Mecklenbeck)<\/li>\n\n\n\n<li>Janina Laurenz (Wolbeck)<\/li>\n\n\n\n<li>Robin Schneega\u00df (Coerde)<\/li>\n\n\n\n<li>Max Terhaer (Kinderhaus)<\/li>\n\n\n\n<li>Kira \u00d6rtker (Hiltrup)<\/li>\n<\/ul>\n<\/div>\n\n\n\n<div class=\"wp-block-column is-layout-flow wp-block-column-is-layout-flow\">\n<ul class=\"wp-block-list\">\n<li>Maximilian Gaber (Wolbeck)<\/li>\n\n\n\n<li>Sandra Doliner (Geist)<\/li>\n\n\n\n<li>Anne Linnemann (Mitte)<\/li>\n\n\n\n<li>Elke Timme (Rumphorst)<\/li>\n\n\n\n<li>Melanie Bechhaus  (Gelmer-Dyckburg)<\/li>\n\n\n\n<li>Yvonne Drath (Handorf)<\/li>\n\n\n\n<li>Franzisca Trupp (Angelmodde)<\/li>\n\n\n\n<li>Daniel Wojnar-Plonka (Aaseestadt)<\/li>\n\n\n\n<li>Denita Baholli (Uppenberg)<\/li>\n\n\n\n<li>Danika Krippendorf (Angelmodde)<\/li>\n<\/ul>\n<\/div>\n<\/div>\n\n\n\n<p>Bei unserer Arbeit unterst\u00fctzt uns der JAEB-Beirat. Der JAEB-Beirat besteht aktuell aus den Ehemaligen: <br>Oliver Elferich (langj\u00e4hriges Mitglied und Vorsitzender des JAEB), Miriam Boehm (langj\u00e4hriges Mitglied und stellvertretende Vorsitzende) und Ann-Christin Spatzier (langj\u00e4hriges Mitglied und Vorsitzende des JAEB)<\/p>\n\n\n\n<p><\/p>\n","protected":false},"excerpt":{"rendered":"<p>Mitglieder 2025\/26 Bei unserer Arbeit unterst\u00fctzt uns der JAEB-Beirat. Der JAEB-Beirat besteht aktuell aus den Ehemaligen: Oliver Elferich (langj\u00e4hriges Mitglied und Vorsitzender des JAEB), Miriam Boehm (langj\u00e4hriges Mitglied und stellvertretende [&hellip;]<\/p>\n","protected":false},"author":10,"featured_media":0,"parent":1078,"menu_order":4,"comment_status":"closed","ping_status":"closed","template":"","meta":{"zakra_page_container_layout":"customizer","zakra_page_sidebar_layout":"customizer","zakra_remove_content_margin":false,"zakra_sidebar":"customizer","zakra_transparent_header":"customizer","zakra_logo":0,"zakra_main_header_style":"default","zakra_menu_item_color":"","zakra_menu_item_hover_color":"","zakra_menu_item_active_color":"","zakra_menu_active_style":"","zakra_page_header":true,"footnotes":""},"class_list":["post-311","page","type-page","status-publish","hentry"],"post_mailing_queue_ids":[],"_links":{"self":[{"href":"https:\/\/www.muenster.org\/jaeb\/wp-json\/wp\/v2\/pages\/311","targetHints":{"allow":["GET"]}}],"collection":[{"href":"https:\/\/www.muenster.org\/jaeb\/wp-json\/wp\/v2\/pages"}],"about":[{"href":"https:\/\/www.muenster.org\/jaeb\/wp-json\/wp\/v2\/types\/page"}],"author":[{"embeddable":true,"href":"https:\/\/www.muenster.org\/jaeb\/wp-json\/wp\/v2\/users\/10"}],"replies":[{"embeddable":true,"href":"https:\/\/www.muenster.org\/jaeb\/wp-json\/wp\/v2\/comments?post=311"}],"version-history":[{"count":66,"href":"https:\/\/www.muenster.org\/jaeb\/wp-json\/wp\/v2\/pages\/311\/revisions"}],"predecessor-version":[{"id":2707,"href":"https:\/\/www.muenster.org\/jaeb\/wp-json\/wp\/v2\/pages\/311\/revisions\/2707"}],"up":[{"embeddable":true,"href":"https:\/\/www.muenster.org\/jaeb\/wp-json\/wp\/v2\/pages\/1078"}],"wp:attachment":[{"href":"https:\/\/www.muenster.org\/jaeb\/wp-json\/wp\/v2\/media?parent=311"}],"curies":[{"name":"wp","href":"https:\/\/api.w.org\/{rel}","templated":true}]}}