{"id":90,"date":"2022-02-28T22:25:44","date_gmt":"2022-02-28T21:25:44","guid":{"rendered":"https:\/\/www.muenster.org\/iuw-ms\/?page_id=90"},"modified":"2025-03-20T12:55:41","modified_gmt":"2025-03-20T11:55:41","slug":"adolph-luederitz","status":"publish","type":"page","link":"https:\/\/www.muenster.org\/iuw-ms\/adolph-luederitz\/","title":{"rendered":"Adolf L\u00fcderitz"},"content":{"rendered":"\n<p>Der Bremer Kaufmann Adolf L\u00fcderitz wird auf der erkl\u00e4renden Tafel unter dem Stra\u00dfennamenschild in der nach ihm benannten Stra\u00dfe als \u201eGr\u00fcnder von Deutsch-S\u00fcdwestafrika\u201c bezeichnet. Tats\u00e4chlich kaufte er von der ans\u00e4ssigen Bev\u00f6lkerung in S\u00fcdwestafrika, dem heutigen Namibia, 1883 Land, um dort mit <strong>Waffen und Alkohol<\/strong> handeln zu k\u00f6nnen sowie um <strong>Bodensch\u00e4tze <\/strong>auszubeuten. <\/p>\n\n\n<div class=\"wp-block-image is-style-default\">\n<figure class=\"aligncenter size-full is-resized\"><img decoding=\"async\" loading=\"lazy\" src=\"https:\/\/www.muenster.org\/iuw-ms\/wp-content\/uploads\/2022\/03\/signal-2022-03-04-18-38-43-749-1.jpg\" alt=\"\" class=\"wp-image-222\" width=\"-2697\" height=\"-1287\" srcset=\"https:\/\/www.muenster.org\/iuw-ms\/wp-content\/uploads\/2022\/03\/signal-2022-03-04-18-38-43-749-1.jpg 687w, https:\/\/www.muenster.org\/iuw-ms\/wp-content\/uploads\/2022\/03\/signal-2022-03-04-18-38-43-749-1-300x143.jpg 300w, https:\/\/www.muenster.org\/iuw-ms\/wp-content\/uploads\/2022\/03\/signal-2022-03-04-18-38-43-749-1-500x238.jpg 500w\" sizes=\"(max-width: 687px) 100vw, 687px\" \/><figcaption class=\"wp-element-caption\">Foto: privat<\/figcaption><\/figure><\/div>\n\n\n<p>Dabei betrog er das Volk der Nama mit dem sogenannten <strong>\u201eMeilenschwindel\u201c<\/strong>, bei dem er diese glauben lie\u00df, bei der im Vertrag angegebenen Ma\u00dfeinheit handele es sich um Englische Meilen, die viermal k\u00fcrzer sind als geografische Meilen. Das von ihm erbeutete Gebiet war damit 16-mal gr\u00f6\u00dfer, als von seinen Vertragspartnern vermutet. Von kritischen Stimmen wurde L\u00fcderitz deswegen schon zu Lebzeiten als <strong>\u201eL\u00fcgenfritz\u201c<\/strong> bezeichnet. Mit weiteren Vertr\u00e4gen dieser Art sicherte sich L\u00fcderitz im Folgenden gro\u00dfe Teile der K\u00fcste des heutigen Namibias und lie\u00df sich die Gebiete ab 1884 milit\u00e4risch durch das Deutsche Reich absichern.<a href=\"applewebdata:\/\/47AF3765-C9B6-4490-B6F2-D92B23A9F0DA#_edn1\"><sup>[1]<\/sup><\/a><\/p>\n\n\n<div class=\"wp-block-image is-style-default\">\n<figure class=\"aligncenter size-large is-resized\"><img decoding=\"async\" src=\"https:\/\/www.muenster.org\/iuw-ms\/wp-content\/uploads\/2022\/03\/11505651-edited-1.jpg\" alt=\"\" class=\"wp-image-232\" width=\"309\" srcset=\"https:\/\/www.muenster.org\/iuw-ms\/wp-content\/uploads\/2022\/03\/11505651-edited-1.jpg 981w, https:\/\/www.muenster.org\/iuw-ms\/wp-content\/uploads\/2022\/03\/11505651-edited-1-239x300.jpg 239w, https:\/\/www.muenster.org\/iuw-ms\/wp-content\/uploads\/2022\/03\/11505651-edited-1-815x1024.jpg 815w, https:\/\/www.muenster.org\/iuw-ms\/wp-content\/uploads\/2022\/03\/11505651-edited-1-768x965.jpg 768w\" sizes=\"(max-width: 981px) 100vw, 981px\" \/><figcaption class=\"wp-element-caption\">Foto: Bildarchiv der Deutschen Kolonialgesellschaft, Universit\u00e4tsbibliothek Frankfurt am Main, 018-0080-12<\/figcaption><\/figure><\/div>\n\n\n<p>Das Bild von L\u00fcderitz als \u201eGr\u00fcnder\u201c oder auch \u201eKolonialpionier\u201c stammt aus einer Zeit, in der die koloniale Geschichte Deutschlands noch als \u201eglorreiche Vergangenheit\u201c betrachtet wurde. Im Gegensatz dazu gilt die Kolonialgeschichte heute als <strong>\u201edunkles Kapitel\u201c<\/strong> und wird zunehmend kritisch aufgearbeitet. Die Motive, eine Stra\u00dfe nach einem Kolonialakteur wie L\u00fcderitz zu benennen, sind demnach als nicht mehr angemessen zu betrachten und liegen weit hinter dem zur\u00fcck, was in der wissenschaftlichen Forschung schon lange Konsens ist: Dort werden die Methoden L\u00fcderitz\u02bc&nbsp;als \u201e<strong>Musterbeispiele eines r\u00fccksichtlosen, menschenverachtenden Vordringens<\/strong>\u201c<a href=\"applewebdata:\/\/47AF3765-C9B6-4490-B6F2-D92B23A9F0DA#_edn2\"><sup>[2]<\/sup><\/a>&nbsp;bezeichnet. <\/p>\n\n\n\n<p>St\u00e4dte wie <strong>Bochum<\/strong> oder <strong>K\u00f6ln<\/strong> haben sich deswegen dazu entschieden, nach L\u00fcderitz benannte Stra\u00dfen umzubenennen: Die K\u00f6lner L\u00fcderitzstra\u00dfe wurde 1990 in Usambarastra\u00dfe umbenannt, jene in Bochum 1998 in Ottilie-Schoenewald-Stra\u00dfe.<a href=\"applewebdata:\/\/47AF3765-C9B6-4490-B6F2-D92B23A9F0DA#_edn3\"><sup>[3]<\/sup><\/a>&nbsp;In anderen St\u00e4dten, darunter auch die Heimat L\u00fcderitz\u02bc&nbsp;Bremen, wird \u00fcber Umbenennungen debattiert.<\/p>\n\n\n\n<p><strong>Zum Weiterlesen:<\/strong><\/p>\n\n\n\n<ul>\n<li>Bartholom\u00e4us Grill: Wir Herrenmenschen. Unser rassistisches Erbe: Eine Reise in die deutsche Kolonialgeschichte, M\u00fcnchen 2019<\/li>\n\n\n\n<li>Olivia Samnick: Wie Gesch\u00e4ftsleute des Kolonialismus erm\u00f6glichten \u2013 und heute noch davon profitieren, in Katapult, Nr. 20, Jan.-M\u00e4rz 2021, S. 22-28<\/li>\n\n\n\n<li>Christian Staas: \u201eAufr\u00e4umen, aufh\u00e4ngen, niederknallen\u201c. Deutsche Kolonialverbrechen, in: Die Zeit, 23.11.2010,&nbsp;<a href=\"https:\/\/www.zeit.de\/zeit-geschichte\/2010\/04\/Kolonialismus\/komplettansicht?print\" target=\"_blank\" rel=\"noreferrer noopener\">https:\/\/www.zeit.de\/zeit-geschichte\/2010\/04\/Kolonialismus\/komplettansicht?print<\/a><\/li>\n<\/ul>\n\n\n\n<hr class=\"wp-block-separator has-css-opacity\"\/>\n\n\n\n<h2>Anmerkungen:<\/h2>\n\n\n\n<p class=\"has-small-font-size\"><a href=\"applewebdata:\/\/47AF3765-C9B6-4490-B6F2-D92B23A9F0DA#_ednref1\"><sup>[1]<\/sup><\/a>&nbsp;Vgl. Adolf Eduard L\u00fcderitz: \u201eBegr\u00fcnder des deutschen Kolonialwesens\u201c, in: Stadt neu lesen. Dossier zu kolonialen und rassistischen Stra\u00dfennamen in Berlin, hrsg. v. Berliner Entwicklungspolitischen Ratschlag, 2016, S. 28f.<\/p>\n\n\n\n<p class=\"has-small-font-size\"><a href=\"applewebdata:\/\/47AF3765-C9B6-4490-B6F2-D92B23A9F0DA#_ednref2\"><sup>[2]<\/sup><\/a>&nbsp;Zit. n. Winfried Speitkamp, Deutsche Kolonialgeschichte, Stuttgart 2016, S. 27<\/p>\n\n\n\n<p class=\"has-small-font-size\"><a href=\"applewebdata:\/\/47AF3765-C9B6-4490-B6F2-D92B23A9F0DA#_ednref3\"><sup>[3]<\/sup><\/a>&nbsp;<a href=\"http:\/\/freedom-roads.de\/frrd\/umbenenn.htm\" target=\"_blank\" rel=\"noreferrer noopener\">http:\/\/freedom-roads.de\/frrd\/umbenenn.htm<\/a><\/p>\n","protected":false},"excerpt":{"rendered":"<p>Der Bremer Kaufmann Adolf L\u00fcderitz wird auf der erkl\u00e4renden Tafel unter dem Stra\u00dfennamenschild in der nach ihm benannten Stra\u00dfe als \u201eGr\u00fcnder von Deutsch-S\u00fcdwestafrika\u201c bezeichnet. Tats\u00e4chlich kaufte er von der ans\u00e4ssigen Bev\u00f6lkerung in S\u00fcdwestafrika, dem heutigen Namibia, 1883 Land, um dort &hellip; <a href=\"https:\/\/www.muenster.org\/iuw-ms\/adolph-luederitz\/\">Weiterlesen <span class=\"meta-nav\">&rarr;<\/span><\/a><\/p>\n","protected":false},"author":2,"featured_media":0,"parent":0,"menu_order":3,"comment_status":"closed","ping_status":"closed","template":"","meta":[],"_links":{"self":[{"href":"https:\/\/www.muenster.org\/iuw-ms\/wp-json\/wp\/v2\/pages\/90"}],"collection":[{"href":"https:\/\/www.muenster.org\/iuw-ms\/wp-json\/wp\/v2\/pages"}],"about":[{"href":"https:\/\/www.muenster.org\/iuw-ms\/wp-json\/wp\/v2\/types\/page"}],"author":[{"embeddable":true,"href":"https:\/\/www.muenster.org\/iuw-ms\/wp-json\/wp\/v2\/users\/2"}],"replies":[{"embeddable":true,"href":"https:\/\/www.muenster.org\/iuw-ms\/wp-json\/wp\/v2\/comments?post=90"}],"version-history":[{"count":25,"href":"https:\/\/www.muenster.org\/iuw-ms\/wp-json\/wp\/v2\/pages\/90\/revisions"}],"predecessor-version":[{"id":465,"href":"https:\/\/www.muenster.org\/iuw-ms\/wp-json\/wp\/v2\/pages\/90\/revisions\/465"}],"wp:attachment":[{"href":"https:\/\/www.muenster.org\/iuw-ms\/wp-json\/wp\/v2\/media?parent=90"}],"curies":[{"name":"wp","href":"https:\/\/api.w.org\/{rel}","templated":true}]}}