{"id":33,"date":"2022-01-24T14:58:34","date_gmt":"2022-01-24T13:58:34","guid":{"rendered":"https:\/\/www.muenster.org\/iuw-ms\/?page_id=33"},"modified":"2026-04-14T17:44:02","modified_gmt":"2026-04-14T15:44:02","slug":"infos","status":"publish","type":"page","link":"https:\/\/www.muenster.org\/iuw-ms\/infos\/","title":{"rendered":"Weitere Infos"},"content":{"rendered":"\n<h2><strong>Stra\u00dfennamen und Umbenennungen in M\u00fcnster:<\/strong><\/h2>\n\n\n\n<p>Auf der Internetseite der Stadt M\u00fcnster finden sich <a rel=\"noreferrer noopener\" href=\"https:\/\/www.muenster.de\/stadt\/strassennamen\/wer-was-warum.html\" target=\"_blank\">Informationen rund um Stra\u00dfennamen<\/a>, unter anderem zu den aktuellen und vergangenen Debatten um Umbenennung sowie den Umgang mit strittigen Stra\u00dfennamen. Unter &#8222;<a href=\"https:\/\/www.stadt-muenster.de\/strassennamen\/verfahren-einer-strassenbenennung\" target=\"_blank\" rel=\"noreferrer noopener\">Folgen einer Umbenennung<\/a>&#8220; gibt es auch n\u00fctzliche Hinweise dazu, was das f\u00fcr die Anwohnerinnen und Anwohner bedeutet. Dort hei\u00dft es, dass f\u00fcr die Ummeldung der Adressen im Personalausweis und im Fahrzeugschein <strong>keine Geb\u00fchren<\/strong> erhoben werden. Die \u00dcbermittlung der Adress\u00e4nderung unter anderem an das Finanzamt, das Grundbuchamt und die Rentenversicherung \u00fcbernimmt das&nbsp;Vermessungs- und Katasteramt. Auch diese \u00dcbermittlung ist f\u00fcr Anwohner und Eigent\u00fcmer kostenfrei.<\/p>\n\n\n\n<p>An welchen Stellen im Fall einer Umbenennung die neue Adresse unter Umst\u00e4nden gemeldet werden muss, l\u00e4sst sich mit Hilfe dieser <a rel=\"noreferrer noopener\" href=\"https:\/\/www.postbank.de\/dam\/postbank\/pdf\/privatkunden\/Checkliste-Umzug-mitteilen.pdf\" target=\"_blank\">Checkliste <\/a>f\u00fcr Umz\u00fcge pr\u00fcfen. <\/p>\n\n\n\n<h2>Koloniale Spuren in M\u00fcnster:<\/h2>\n\n\n\n<p>In einem Portal des Stadtarchivs M\u00fcnster zu&nbsp;<a rel=\"noreferrer noopener\" href=\"https:\/\/www.stadt-muenster.de\/kolonialspuren\/startseite\" target=\"_blank\">Kolonialen R\u00e4umen<\/a> werden neben <a rel=\"noreferrer noopener\" href=\"https:\/\/www.stadt-muenster.de\/kolonialspuren\/oeffentlicher-raum\/benennungen\" target=\"_blank\">Woermannweg und L\u00fcderitzweg<\/a> auch weitere Spuren der Kolonialzeit vorgestellt. Diese lassen sich auf einer interaktiven Karten finden. <\/p>\n\n\n\n<h2>Diskussionen um koloniale Stra\u00dfennamen in anderen deutschen St\u00e4dten:<\/h2>\n\n\n\n<p>\u00dcber die Diskussion in verschiedenen St\u00e4dten NRWs informiert ein <a rel=\"noreferrer noopener\" href=\"https:\/\/www1.wdr.de\/mediathek\/audio\/wdr5\/wdr5-morgenecho-interview\/audio-umbenennung-von-strassennamen-nachdenken-ueber-geschichte-100.html\" target=\"_blank\">Radiobeitrag auf WDR 5 vom 5. April 2023<\/a>. In D\u00fcsseldorf untersuchte ein wissenschaftlicher Beirat im Auftrag der Stadtverwaltung insgesamt 99 Stra\u00dfennamen. In seinem <a href=\"https:\/\/www.duesseldorf.de\/fileadmin\/Amt41-203\/stadtarchiv\/aktuell\/200123Abschlussbericht_Strassennamen.pdf\" target=\"_blank\" rel=\"noreferrer noopener\">Abschlussbericht<\/a> empfahl er die Umbenennung zahlreicher Stra\u00dfen, darunter die Woermannstra\u00dfe und die L\u00fcderitzstra\u00dfe.  <\/p>\n\n\n\n<p>Auch in Berlin ist seit l\u00e4ngerer Zeit eine Debatte in Gang, die zuletzt in der Umbenennung der L\u00fcderitzstra\u00dfe und des Nachtigalplatzes m\u00fcndete. Eine Sammlung zu weiteren umstrittenen Stra\u00dfen in Berlin, darunter die <a rel=\"noreferrer noopener\" href=\"https:\/\/eineweltstadt.berlin\/publikationen\/stadtneulesen\/woermannkehre\/\" target=\"_blank\">Woermannkehre<\/a>, findet sich auf der Website <a rel=\"noreferrer noopener\" href=\"https:\/\/eineweltstadt.berlin\/publikationen\/stadtneulesen\/\" target=\"_blank\">&#8222;Stadt neu lesen&#8220;<\/a>. <\/p>\n\n\n\n<h2>Lesetipps:<\/h2>\n\n\n\n<p>Einen kritischen und gut lesbaren \u00dcberblick \u00fcber die deutschen Kolonien bietet das Buch <a rel=\"noreferrer noopener\" href=\"https:\/\/www.bpb.de\/shop\/buecher\/schriftenreihe\/297533\/wir-herrenmenschen\/\" target=\"_blank\">&#8222;Wir Herrenmenschen&#8220;<\/a> von Bartholom\u00e4us Grill. Grill arbeitet seit vielen Jahren als Afrikakorrespondent u. a. f\u00fcr die ZEIT und den Spiegel. <\/p>\n\n\n\n<p>Das Buch <a rel=\"noreferrer noopener\" href=\"https:\/\/www.berenberg-verlag.de\/programm\/der-gute-deutsche\/\" target=\"_blank\">&#8222;Der gute Deutsche. Die Ermordung Manga Bells in Kamerun 1914&#8220;<\/a> von Christian Bommarius zeigt die Schrecken der Kolonialzeit anhand des Schicksals einer konkreten Person. Es kann aber auch als Einf\u00fchrung zu den deutschen Kolonien in Afrika gelesen werden.<\/p>\n\n\n\n<p>In seinem erstmals bereits 1978 erschienenen Roman <a rel=\"noreferrer noopener\" href=\"https:\/\/www.dtv.de\/buch\/morenga-14761\" target=\"_blank\">&#8222;Morenga&#8220;<\/a> schildert der Schriftsteller Uwe Timm das koloniale Geschehen in Deutsch-S\u00fcdwestafrika zur Zeit des Aufstands der Herero und Nama ab 1904. Die Hauptfigur, der Veterin\u00e4r Gottschalk, meldet sich freiwillig zum Dienst in der deutschen &#8222;Schutztruppe&#8220;, zweifelt jedoch immer mehr am Sinn der kolonialen Unternehmung vor Ort und zeigt sich stattdessen zunehmend fasziniert vom Anf\u00fchrer der Herero, Jakobus Morenga.  <\/p>\n\n\n\n<p>In dem <a rel=\"noreferrer noopener\" href=\"https:\/\/www.transcript-verlag.de\/978-3-8376-7483-5\/koloniale-spuren-in-muenster-und-im-muensterland\/?number=978-3-8376-7483-5\" target=\"_blank\">Sammelband &#8222;Koloniale Spuren in M\u00fcnster und im M\u00fcnsterland&#8220; <\/a>werden verschiedene Bez\u00fcge in M\u00fcnster und Umgebung zum deutschen Kolonialismus beleuchtet. Der Band enth\u00e4lt auch einen Beitrag zum Woermannweg und zum L\u00fcderitzweg. <\/p>\n\n\n\n<h2>H\u00f6rtipps:<\/h2>\n\n\n\n<p>Der Hamburger Historiker und Kolonialexperte <a rel=\"noreferrer noopener\" href=\"https:\/\/www.geschichte.uni-hamburg.de\/arbeitsbereiche\/globalgeschichte\/personen\/zimmerer.html\" target=\"_blank\">J\u00fcrgen Zimmerer<\/a> spricht im YouTube-Format <a rel=\"noreferrer noopener\" href=\"https:\/\/www.youtube.com\/watch?v=rshNxf6nGGY\" target=\"_blank\">&#8222;Jung &amp; Naiv&#8220;<\/a> ausf\u00fchrlich zur deutschen Kolonialgeschichte und dem Genozid an den Herero und Nama.<\/p>\n\n\n\n<p>Im Podcast <a rel=\"noreferrer noopener\" href=\"https:\/\/anno-punktpunktpunkt.de\/096-unternehmen-weltaneignung\" target=\"_blank\">&#8222;Anno PunktPunktPunkt&#8220;<\/a> spricht der Historiker <a href=\"https:\/\/www.geschichte.uni-hamburg.de\/arbeitsbereiche\/globalgeschichte\/personen\/todzi.html\" target=\"_blank\" rel=\"noreferrer noopener\">Kim Sebastian Todzi<\/a> \u00fcber den Aufstieg und Fall des Hamburger Woermann-Konzerns. Das Thema war auch Gegenstand von Todzis <a href=\"https:\/\/www.wallstein-verlag.de\/9783835353671-unternehmen-weltaneignung.html\" target=\"_blank\" rel=\"noreferrer noopener\">Dissertation<\/a>, die im Wallstein-Verlag ver\u00f6ffentlicht wurde.<\/p>\n","protected":false},"excerpt":{"rendered":"<p>Stra\u00dfennamen und Umbenennungen in M\u00fcnster: Auf der Internetseite der Stadt M\u00fcnster finden sich Informationen rund um Stra\u00dfennamen, unter anderem zu den aktuellen und vergangenen Debatten um Umbenennung sowie den Umgang mit strittigen Stra\u00dfennamen. Unter &#8222;Folgen einer Umbenennung&#8220; gibt es auch &hellip; <a href=\"https:\/\/www.muenster.org\/iuw-ms\/infos\/\">Weiterlesen <span class=\"meta-nav\">&rarr;<\/span><\/a><\/p>\n","protected":false},"author":2,"featured_media":0,"parent":0,"menu_order":7,"comment_status":"closed","ping_status":"closed","template":"","meta":[],"_links":{"self":[{"href":"https:\/\/www.muenster.org\/iuw-ms\/wp-json\/wp\/v2\/pages\/33"}],"collection":[{"href":"https:\/\/www.muenster.org\/iuw-ms\/wp-json\/wp\/v2\/pages"}],"about":[{"href":"https:\/\/www.muenster.org\/iuw-ms\/wp-json\/wp\/v2\/types\/page"}],"author":[{"embeddable":true,"href":"https:\/\/www.muenster.org\/iuw-ms\/wp-json\/wp\/v2\/users\/2"}],"replies":[{"embeddable":true,"href":"https:\/\/www.muenster.org\/iuw-ms\/wp-json\/wp\/v2\/comments?post=33"}],"version-history":[{"count":27,"href":"https:\/\/www.muenster.org\/iuw-ms\/wp-json\/wp\/v2\/pages\/33\/revisions"}],"predecessor-version":[{"id":577,"href":"https:\/\/www.muenster.org\/iuw-ms\/wp-json\/wp\/v2\/pages\/33\/revisions\/577"}],"wp:attachment":[{"href":"https:\/\/www.muenster.org\/iuw-ms\/wp-json\/wp\/v2\/media?parent=33"}],"curies":[{"name":"wp","href":"https:\/\/api.w.org\/{rel}","templated":true}]}}