{"id":1775,"date":"2026-01-03T15:44:06","date_gmt":"2026-01-03T14:44:06","guid":{"rendered":"https:\/\/www.muenster.org\/dfgms\/?post_type=tribe_events&#038;p=1775"},"modified":"2026-01-25T13:11:31","modified_gmt":"2026-01-25T12:11:31","slug":"chantons-ensemble-mitsingabend-mit-walter-weitz","status":"publish","type":"tribe_events","link":"https:\/\/www.muenster.org\/dfgms\/event\/chantons-ensemble-mitsingabend-mit-walter-weitz\/","title":{"rendered":"Chantons ensemble &#8211; Mitsingabend mit Walter Weitz"},"content":{"rendered":"<p class=\"whitespace-break-spaces\" dir=\"auto\"><strong>\u201eEin musikalisches Wiedersehen mit unvergesslichen Stimmen der franz\u00f6sischen Chanson.<\/strong><\/p>\n<p class=\"whitespace-break-spaces\" dir=\"auto\">Erlebe die Magie von Gilbert B\u00e9caud, Fran\u00e7oise Hardy, Jean Ferrat, Georges Brassens, Georges Moustaki, Juliette Gr\u00e9co und anderen Legenden \u2013 zum <strong>Zuh\u00f6ren, Tr\u00e4umen und Mitsingen!\u201c<\/strong>.<\/p>\n<p dir=\"auto\">Eintritt: 10 \u20ac<\/p>\n","protected":false},"excerpt":{"rendered":"<p>\u201eEin musikalisches Wiedersehen mit unvergesslichen Stimmen der franz\u00f6sischen Chanson. Erlebe die Magie von Gilbert B\u00e9caud, Fran\u00e7oise Hardy, Jean Ferrat, Georges Brassens, Georges Moustaki, Juliette Gr\u00e9co und anderen Legenden \u2013 zum Zuh\u00f6ren, Tr\u00e4umen und Mitsingen!\u201c. Eintritt: 10 \u20ac<\/p>\n","protected":false},"author":51,"featured_media":1776,"template":"","meta":{"_tribe_events_status":"","_tribe_events_status_reason":"","footnotes":""},"tags":[],"tribe_events_cat":[45],"class_list":["post-1775","tribe_events","type-tribe_events","status-publish","has-post-thumbnail","hentry","tribe_events_cat-veranstaltungen","cat_veranstaltungen"],"yoast_head":"<!-- This site is optimized with the Yoast SEO plugin v26.0 - https:\/\/yoast.com\/wordpress\/plugins\/seo\/ -->\n<title>Chantons ensemble - Mitsingabend mit Walter Weitz - Deutsch-Franz\u00f6sische Gesellschaft M\u00fcnster e.V.<\/title>\n<meta name=\"robots\" content=\"index, follow, max-snippet:-1, max-image-preview:large, max-video-preview:-1\" \/>\n<link rel=\"canonical\" href=\"https:\/\/www.muenster.org\/dfgms\/event\/chantons-ensemble-mitsingabend-mit-walter-weitz\/\" \/>\n<meta property=\"og:locale\" content=\"de_DE\" \/>\n<meta property=\"og:type\" content=\"article\" \/>\n<meta property=\"og:title\" content=\"Chantons ensemble - Mitsingabend mit Walter Weitz - Deutsch-Franz\u00f6sische Gesellschaft M\u00fcnster e.V.\" \/>\n<meta property=\"og:description\" content=\"\u201eEin musikalisches Wiedersehen mit unvergesslichen Stimmen der franz\u00f6sischen Chanson. Erlebe die Magie von Gilbert B\u00e9caud, Fran\u00e7oise Hardy, Jean Ferrat, Georges Brassens, Georges Moustaki, Juliette Gr\u00e9co und anderen Legenden \u2013 zum Zuh\u00f6ren, Tr\u00e4umen und Mitsingen!\u201c. Eintritt: 10 \u20ac\" \/>\n<meta property=\"og:url\" content=\"https:\/\/www.muenster.org\/dfgms\/event\/chantons-ensemble-mitsingabend-mit-walter-weitz\/\" \/>\n<meta property=\"og:site_name\" content=\"Deutsch-Franz\u00f6sische Gesellschaft M\u00fcnster e.V.\" \/>\n<meta property=\"article:modified_time\" content=\"2026-01-25T12:11:31+00:00\" \/>\n<meta property=\"og:image\" content=\"\/\/www.muenster.org\/dfgms\/wp-content\/uploads\/2026\/01\/walter-schluessellager-solingen-ausschnitt-e1767450626477.jpg\" \/>\n\t<meta property=\"og:image:width\" content=\"150\" \/>\n\t<meta property=\"og:image:height\" content=\"204\" \/>\n\t<meta property=\"og:image:type\" content=\"image\/jpeg\" \/>\n<meta name=\"twitter:card\" content=\"summary_large_image\" \/>\n<meta name=\"twitter:label1\" content=\"Gesch\u00e4tzte Lesezeit\" \/>\n\t<meta name=\"twitter:data1\" content=\"1\u00a0Minute\" \/>\n<script type=\"application\/ld+json\" class=\"yoast-schema-graph\">{\"@context\":\"https:\/\/schema.org\",\"@graph\":[{\"@type\":\"WebPage\",\"@id\":\"https:\/\/www.muenster.org\/dfgms\/event\/chantons-ensemble-mitsingabend-mit-walter-weitz\/\",\"url\":\"https:\/\/www.muenster.org\/dfgms\/event\/chantons-ensemble-mitsingabend-mit-walter-weitz\/\",\"name\":\"Chantons ensemble - Mitsingabend mit Walter Weitz - Deutsch-Franz\u00f6sische Gesellschaft M\u00fcnster e.V.\",\"isPartOf\":{\"@id\":\"https:\/\/www.muenster.org\/dfgms\/#website\"},\"primaryImageOfPage\":{\"@id\":\"https:\/\/www.muenster.org\/dfgms\/event\/chantons-ensemble-mitsingabend-mit-walter-weitz\/#primaryimage\"},\"image\":{\"@id\":\"https:\/\/www.muenster.org\/dfgms\/event\/chantons-ensemble-mitsingabend-mit-walter-weitz\/#primaryimage\"},\"thumbnailUrl\":\"https:\/\/www.muenster.org\/dfgms\/wp-content\/uploads\/2026\/01\/walter-schluessellager-solingen-ausschnitt-e1767450626477.jpg\",\"datePublished\":\"2026-01-03T14:44:06+00:00\",\"dateModified\":\"2026-01-25T12:11:31+00:00\",\"breadcrumb\":{\"@id\":\"https:\/\/www.muenster.org\/dfgms\/event\/chantons-ensemble-mitsingabend-mit-walter-weitz\/#breadcrumb\"},\"inLanguage\":\"de\",\"potentialAction\":[{\"@type\":\"ReadAction\",\"target\":[\"https:\/\/www.muenster.org\/dfgms\/event\/chantons-ensemble-mitsingabend-mit-walter-weitz\/\"]}]},{\"@type\":\"ImageObject\",\"inLanguage\":\"de\",\"@id\":\"https:\/\/www.muenster.org\/dfgms\/event\/chantons-ensemble-mitsingabend-mit-walter-weitz\/#primaryimage\",\"url\":\"https:\/\/www.muenster.org\/dfgms\/wp-content\/uploads\/2026\/01\/walter-schluessellager-solingen-ausschnitt-e1767450626477.jpg\",\"contentUrl\":\"https:\/\/www.muenster.org\/dfgms\/wp-content\/uploads\/2026\/01\/walter-schluessellager-solingen-ausschnitt-e1767450626477.jpg\",\"width\":150,\"height\":204},{\"@type\":\"BreadcrumbList\",\"@id\":\"https:\/\/www.muenster.org\/dfgms\/event\/chantons-ensemble-mitsingabend-mit-walter-weitz\/#breadcrumb\",\"itemListElement\":[{\"@type\":\"ListItem\",\"position\":1,\"name\":\"Startseite\"},{\"@type\":\"ListItem\",\"position\":2,\"name\":\"Veranstaltungen\",\"item\":\"https:\/\/www.muenster.org\/dfgms\/events\/\"},{\"@type\":\"ListItem\",\"position\":3,\"name\":\"Chantons ensemble &#8211; Mitsingabend mit Walter Weitz\"}]},{\"@type\":\"WebSite\",\"@id\":\"https:\/\/www.muenster.org\/dfgms\/#website\",\"url\":\"https:\/\/www.muenster.org\/dfgms\/\",\"name\":\"Deutsch-Franz\u00f6sische Gesellschaft M\u00fcnster e.V.\",\"description\":\"\",\"publisher\":{\"@id\":\"https:\/\/www.muenster.org\/dfgms\/#organization\"},\"potentialAction\":[{\"@type\":\"SearchAction\",\"target\":{\"@type\":\"EntryPoint\",\"urlTemplate\":\"https:\/\/www.muenster.org\/dfgms\/?s={search_term_string}\"},\"query-input\":{\"@type\":\"PropertyValueSpecification\",\"valueRequired\":true,\"valueName\":\"search_term_string\"}}],\"inLanguage\":\"de\"},{\"@type\":\"Organization\",\"@id\":\"https:\/\/www.muenster.org\/dfgms\/#organization\",\"name\":\"Deutsch-Franz\u00f6sische Gesellschaft M\u00fcnster e.V.\",\"url\":\"https:\/\/www.muenster.org\/dfgms\/\",\"logo\":{\"@type\":\"ImageObject\",\"inLanguage\":\"de\",\"@id\":\"https:\/\/www.muenster.org\/dfgms\/#\/schema\/logo\/image\/\",\"url\":\"https:\/\/www.muenster.org\/dfgms\/wp-content\/uploads\/2025\/10\/NewLogoYellow-140x140-1-e1764328303462.jpg\",\"contentUrl\":\"https:\/\/www.muenster.org\/dfgms\/wp-content\/uploads\/2025\/10\/NewLogoYellow-140x140-1-e1764328303462.jpg\",\"width\":110,\"height\":108,\"caption\":\"Deutsch-Franz\u00f6sische Gesellschaft M\u00fcnster e.V.\"},\"image\":{\"@id\":\"https:\/\/www.muenster.org\/dfgms\/#\/schema\/logo\/image\/\"}}]}<\/script>\n<!-- \/ Yoast SEO plugin. -->","yoast_head_json":{"title":"Chantons ensemble - Mitsingabend mit Walter Weitz - Deutsch-Franz\u00f6sische Gesellschaft M\u00fcnster e.V.","robots":{"index":"index","follow":"follow","max-snippet":"max-snippet:-1","max-image-preview":"max-image-preview:large","max-video-preview":"max-video-preview:-1"},"canonical":"https:\/\/www.muenster.org\/dfgms\/event\/chantons-ensemble-mitsingabend-mit-walter-weitz\/","og_locale":"de_DE","og_type":"article","og_title":"Chantons ensemble - Mitsingabend mit Walter Weitz - Deutsch-Franz\u00f6sische Gesellschaft M\u00fcnster e.V.","og_description":"\u201eEin musikalisches Wiedersehen mit unvergesslichen Stimmen der franz\u00f6sischen Chanson. Erlebe die Magie von Gilbert B\u00e9caud, Fran\u00e7oise Hardy, Jean Ferrat, Georges Brassens, Georges Moustaki, Juliette Gr\u00e9co und anderen Legenden \u2013 zum Zuh\u00f6ren, Tr\u00e4umen und Mitsingen!\u201c. Eintritt: 10 \u20ac","og_url":"https:\/\/www.muenster.org\/dfgms\/event\/chantons-ensemble-mitsingabend-mit-walter-weitz\/","og_site_name":"Deutsch-Franz\u00f6sische Gesellschaft M\u00fcnster e.V.","article_modified_time":"2026-01-25T12:11:31+00:00","og_image":[{"width":150,"height":204,"url":"\/\/www.muenster.org\/dfgms\/wp-content\/uploads\/2026\/01\/walter-schluessellager-solingen-ausschnitt-e1767450626477.jpg","type":"image\/jpeg"}],"twitter_card":"summary_large_image","twitter_misc":{"Gesch\u00e4tzte Lesezeit":"1\u00a0Minute"},"schema":{"@context":"https:\/\/schema.org","@graph":[{"@type":"WebPage","@id":"https:\/\/www.muenster.org\/dfgms\/event\/chantons-ensemble-mitsingabend-mit-walter-weitz\/","url":"https:\/\/www.muenster.org\/dfgms\/event\/chantons-ensemble-mitsingabend-mit-walter-weitz\/","name":"Chantons ensemble - Mitsingabend mit Walter Weitz - Deutsch-Franz\u00f6sische Gesellschaft M\u00fcnster e.V.","isPartOf":{"@id":"https:\/\/www.muenster.org\/dfgms\/#website"},"primaryImageOfPage":{"@id":"https:\/\/www.muenster.org\/dfgms\/event\/chantons-ensemble-mitsingabend-mit-walter-weitz\/#primaryimage"},"image":{"@id":"https:\/\/www.muenster.org\/dfgms\/event\/chantons-ensemble-mitsingabend-mit-walter-weitz\/#primaryimage"},"thumbnailUrl":"https:\/\/www.muenster.org\/dfgms\/wp-content\/uploads\/2026\/01\/walter-schluessellager-solingen-ausschnitt-e1767450626477.jpg","datePublished":"2026-01-03T14:44:06+00:00","dateModified":"2026-01-25T12:11:31+00:00","breadcrumb":{"@id":"https:\/\/www.muenster.org\/dfgms\/event\/chantons-ensemble-mitsingabend-mit-walter-weitz\/#breadcrumb"},"inLanguage":"de","potentialAction":[{"@type":"ReadAction","target":["https:\/\/www.muenster.org\/dfgms\/event\/chantons-ensemble-mitsingabend-mit-walter-weitz\/"]}]},{"@type":"ImageObject","inLanguage":"de","@id":"https:\/\/www.muenster.org\/dfgms\/event\/chantons-ensemble-mitsingabend-mit-walter-weitz\/#primaryimage","url":"https:\/\/www.muenster.org\/dfgms\/wp-content\/uploads\/2026\/01\/walter-schluessellager-solingen-ausschnitt-e1767450626477.jpg","contentUrl":"https:\/\/www.muenster.org\/dfgms\/wp-content\/uploads\/2026\/01\/walter-schluessellager-solingen-ausschnitt-e1767450626477.jpg","width":150,"height":204},{"@type":"BreadcrumbList","@id":"https:\/\/www.muenster.org\/dfgms\/event\/chantons-ensemble-mitsingabend-mit-walter-weitz\/#breadcrumb","itemListElement":[{"@type":"ListItem","position":1,"name":"Startseite"},{"@type":"ListItem","position":2,"name":"Veranstaltungen","item":"https:\/\/www.muenster.org\/dfgms\/events\/"},{"@type":"ListItem","position":3,"name":"Chantons ensemble &#8211; Mitsingabend mit Walter Weitz"}]},{"@type":"WebSite","@id":"https:\/\/www.muenster.org\/dfgms\/#website","url":"https:\/\/www.muenster.org\/dfgms\/","name":"Deutsch-Franz\u00f6sische Gesellschaft M\u00fcnster e.V.","description":"","publisher":{"@id":"https:\/\/www.muenster.org\/dfgms\/#organization"},"potentialAction":[{"@type":"SearchAction","target":{"@type":"EntryPoint","urlTemplate":"https:\/\/www.muenster.org\/dfgms\/?s={search_term_string}"},"query-input":{"@type":"PropertyValueSpecification","valueRequired":true,"valueName":"search_term_string"}}],"inLanguage":"de"},{"@type":"Organization","@id":"https:\/\/www.muenster.org\/dfgms\/#organization","name":"Deutsch-Franz\u00f6sische Gesellschaft M\u00fcnster e.V.","url":"https:\/\/www.muenster.org\/dfgms\/","logo":{"@type":"ImageObject","inLanguage":"de","@id":"https:\/\/www.muenster.org\/dfgms\/#\/schema\/logo\/image\/","url":"https:\/\/www.muenster.org\/dfgms\/wp-content\/uploads\/2025\/10\/NewLogoYellow-140x140-1-e1764328303462.jpg","contentUrl":"https:\/\/www.muenster.org\/dfgms\/wp-content\/uploads\/2025\/10\/NewLogoYellow-140x140-1-e1764328303462.jpg","width":110,"height":108,"caption":"Deutsch-Franz\u00f6sische Gesellschaft M\u00fcnster e.V."},"image":{"@id":"https:\/\/www.muenster.org\/dfgms\/#\/schema\/logo\/image\/"}}]}},"_links":{"self":[{"href":"https:\/\/www.muenster.org\/dfgms\/wp-json\/wp\/v2\/tribe_events\/1775","targetHints":{"allow":["GET"]}}],"collection":[{"href":"https:\/\/www.muenster.org\/dfgms\/wp-json\/wp\/v2\/tribe_events"}],"about":[{"href":"https:\/\/www.muenster.org\/dfgms\/wp-json\/wp\/v2\/types\/tribe_events"}],"author":[{"embeddable":true,"href":"https:\/\/www.muenster.org\/dfgms\/wp-json\/wp\/v2\/users\/51"}],"version-history":[{"count":6,"href":"https:\/\/www.muenster.org\/dfgms\/wp-json\/wp\/v2\/tribe_events\/1775\/revisions"}],"predecessor-version":[{"id":1861,"href":"https:\/\/www.muenster.org\/dfgms\/wp-json\/wp\/v2\/tribe_events\/1775\/revisions\/1861"}],"wp:featuredmedia":[{"embeddable":true,"href":"https:\/\/www.muenster.org\/dfgms\/wp-json\/wp\/v2\/media\/1776"}],"wp:attachment":[{"href":"https:\/\/www.muenster.org\/dfgms\/wp-json\/wp\/v2\/media?parent=1775"}],"wp:term":[{"taxonomy":"post_tag","embeddable":true,"href":"https:\/\/www.muenster.org\/dfgms\/wp-json\/wp\/v2\/tags?post=1775"},{"taxonomy":"tribe_events_cat","embeddable":true,"href":"https:\/\/www.muenster.org\/dfgms\/wp-json\/wp\/v2\/tribe_events_cat?post=1775"}],"curies":[{"name":"wp","href":"https:\/\/api.w.org\/{rel}","templated":true}]}}