{"id":1761,"date":"2025-12-31T19:38:30","date_gmt":"2025-12-31T18:38:30","guid":{"rendered":"https:\/\/www.muenster.org\/dfgms\/?post_type=tribe_events&#038;p=1761"},"modified":"2025-12-31T19:48:50","modified_gmt":"2025-12-31T18:48:50","slug":"alexander-senegas-ames-amours-et-amities-tutgut-konzert","status":"publish","type":"tribe_events","link":"https:\/\/www.muenster.org\/dfgms\/event\/alexander-senegas-ames-amours-et-amities-tutgut-konzert\/","title":{"rendered":"Alexander &#038; S\u00e9n\u00e9gas &#8211; Ames, Amours et Amiti\u00e9s \/ TuTgut Konzert"},"content":{"rendered":"<blockquote>\n<p class=\"xdj266r x14z9mp xat24cr x1lziwak x1vvkbs\">&#8222;Aimer la musique, c&#8217;est se garantir un quart de son bonheur&#8220;<br class=\"html-br\" \/>Jules Renard<\/p>\n<\/blockquote>\n<p>Mit \u00c2mes, Amours et Amiti\u00e9s interpretiert das Duo Alexander &amp; S\u00e9negas Chansons aus dem Frankreich der Vierziger bis in die Neunziger Jahre.<\/p>\n<p>Den franz\u00f6sischen Gitarristen Franck S\u00e9n\u00e9gas (geboren \u201978 in Valence, am Ufer der Rh\u00f4ne) und S\u00e4nger Richard Alexander (mit franz\u00f6sischer Mutter und deutschem Vater in M\u00fcnster und Nordfrankreich aufgewachsen) verbindet die Liebe zur franz\u00f6sischen Kultur \u2013 gutes Essen, guter Wein, Poesie und sch\u00f6ne Musik!<\/p>\n<p>Im konzertanten Rahmen pr\u00e4sentieren sie gemeinsam in intim-reduzierter Form Glanzlichter des Chansons und haben mehrere musikalische Programme erarbeitet.<\/p>\n<p>\u00c2mes, Amours et Amiti\u00e9s ist eine Auswahl beliebter und bekannter, aber auch fast vergessener Lieder von Henri Salvador, Charles Trenet, Serge Gainsbourg, Georges Brassens, Charles Aznavour und vielen anderen mehr &#8211; der thematische Schwerpunkt liegt hier auf Chansons, in denen es um Freundschaft, manchmal ungl\u00fcckliche Liebe und Hoffnung geht.<\/p>\n<p>Dazu gibt kurzweilige Hist\u00f6rchen zum Kontext der St\u00fccke und ihrer Original-Interpreten\u2026<\/p>\n<p>Genie\u00dfen Sie die franz\u00f6sische Musikkultur und sichern Sie sich ein St\u00fcck vom Gl\u00fcck!<\/p>\n<p><strong>Eintritt frei!<\/strong><\/p>\n<p><strong>Hutspende&#8230;<\/strong><\/p>\n<p><em>Foto: Ingrid Hagenhenrich (c)<\/em><\/p>\n","protected":false},"excerpt":{"rendered":"<p>&#8222;Aimer la musique, c&#8217;est se garantir un quart de son bonheur&#8220;Jules Renard Mit \u00c2mes, Amours et Amiti\u00e9s interpretiert das Duo Alexander &amp; S\u00e9negas Chansons aus dem Frankreich der Vierziger bis in die Neunziger Jahre. Den franz\u00f6sischen Gitarristen Franck S\u00e9n\u00e9gas (geboren \u201978 in Valence, am Ufer der Rh\u00f4ne) und S\u00e4nger Richard Alexander (mit franz\u00f6sischer Mutter und deutschem Vater in M\u00fcnster und<\/p>\n","protected":false},"author":4,"featured_media":1762,"template":"","meta":{"_tribe_events_status":"","_tribe_events_status_reason":"","footnotes":""},"tags":[],"tribe_events_cat":[],"class_list":["post-1761","tribe_events","type-tribe_events","status-publish","has-post-thumbnail","hentry"],"yoast_head":"<!-- This site is optimized with the Yoast SEO plugin v26.0 - https:\/\/yoast.com\/wordpress\/plugins\/seo\/ -->\n<title>Alexander &amp; S\u00e9n\u00e9gas - Ames, Amours et Amiti\u00e9s \/ TuTgut Konzert - Deutsch-Franz\u00f6sische Gesellschaft M\u00fcnster e.V.<\/title>\n<meta name=\"robots\" content=\"index, follow, max-snippet:-1, max-image-preview:large, max-video-preview:-1\" \/>\n<link rel=\"canonical\" href=\"https:\/\/www.muenster.org\/dfgms\/event\/alexander-senegas-ames-amours-et-amities-tutgut-konzert\/\" \/>\n<meta property=\"og:locale\" content=\"de_DE\" \/>\n<meta property=\"og:type\" content=\"article\" \/>\n<meta property=\"og:title\" content=\"Alexander &amp; S\u00e9n\u00e9gas - Ames, Amours et Amiti\u00e9s \/ TuTgut Konzert - Deutsch-Franz\u00f6sische Gesellschaft M\u00fcnster e.V.\" \/>\n<meta property=\"og:description\" content=\"&#8222;Aimer la musique, c&#8217;est se garantir un quart de son bonheur&#8220;Jules Renard Mit \u00c2mes, Amours et Amiti\u00e9s interpretiert das Duo Alexander &amp; S\u00e9negas Chansons aus dem Frankreich der Vierziger bis in die Neunziger Jahre. Den franz\u00f6sischen Gitarristen Franck S\u00e9n\u00e9gas (geboren \u201978 in Valence, am Ufer der Rh\u00f4ne) und S\u00e4nger Richard Alexander (mit franz\u00f6sischer Mutter und deutschem Vater in M\u00fcnster und\" \/>\n<meta property=\"og:url\" content=\"https:\/\/www.muenster.org\/dfgms\/event\/alexander-senegas-ames-amours-et-amities-tutgut-konzert\/\" \/>\n<meta property=\"og:site_name\" content=\"Deutsch-Franz\u00f6sische Gesellschaft M\u00fcnster e.V.\" \/>\n<meta property=\"article:modified_time\" content=\"2025-12-31T18:48:50+00:00\" \/>\n<meta property=\"og:image\" content=\"\/\/www.muenster.org\/dfgms\/wp-content\/uploads\/2025\/12\/600895399_1247677387184802_2486568959943650680_n.jpg\" \/>\n\t<meta property=\"og:image:width\" content=\"1200\" \/>\n\t<meta property=\"og:image:height\" content=\"628\" \/>\n\t<meta property=\"og:image:type\" content=\"image\/jpeg\" \/>\n<meta name=\"twitter:card\" content=\"summary_large_image\" \/>\n<meta name=\"twitter:label1\" content=\"Gesch\u00e4tzte Lesezeit\" \/>\n\t<meta name=\"twitter:data1\" content=\"2\u00a0Minuten\" \/>\n<script type=\"application\/ld+json\" class=\"yoast-schema-graph\">{\"@context\":\"https:\/\/schema.org\",\"@graph\":[{\"@type\":\"WebPage\",\"@id\":\"https:\/\/www.muenster.org\/dfgms\/event\/alexander-senegas-ames-amours-et-amities-tutgut-konzert\/\",\"url\":\"https:\/\/www.muenster.org\/dfgms\/event\/alexander-senegas-ames-amours-et-amities-tutgut-konzert\/\",\"name\":\"Alexander & S\u00e9n\u00e9gas - Ames, Amours et Amiti\u00e9s \/ TuTgut Konzert - Deutsch-Franz\u00f6sische Gesellschaft M\u00fcnster e.V.\",\"isPartOf\":{\"@id\":\"https:\/\/www.muenster.org\/dfgms\/#website\"},\"primaryImageOfPage\":{\"@id\":\"https:\/\/www.muenster.org\/dfgms\/event\/alexander-senegas-ames-amours-et-amities-tutgut-konzert\/#primaryimage\"},\"image\":{\"@id\":\"https:\/\/www.muenster.org\/dfgms\/event\/alexander-senegas-ames-amours-et-amities-tutgut-konzert\/#primaryimage\"},\"thumbnailUrl\":\"https:\/\/www.muenster.org\/dfgms\/wp-content\/uploads\/2025\/12\/600895399_1247677387184802_2486568959943650680_n.jpg\",\"datePublished\":\"2025-12-31T18:38:30+00:00\",\"dateModified\":\"2025-12-31T18:48:50+00:00\",\"breadcrumb\":{\"@id\":\"https:\/\/www.muenster.org\/dfgms\/event\/alexander-senegas-ames-amours-et-amities-tutgut-konzert\/#breadcrumb\"},\"inLanguage\":\"de\",\"potentialAction\":[{\"@type\":\"ReadAction\",\"target\":[\"https:\/\/www.muenster.org\/dfgms\/event\/alexander-senegas-ames-amours-et-amities-tutgut-konzert\/\"]}]},{\"@type\":\"ImageObject\",\"inLanguage\":\"de\",\"@id\":\"https:\/\/www.muenster.org\/dfgms\/event\/alexander-senegas-ames-amours-et-amities-tutgut-konzert\/#primaryimage\",\"url\":\"https:\/\/www.muenster.org\/dfgms\/wp-content\/uploads\/2025\/12\/600895399_1247677387184802_2486568959943650680_n.jpg\",\"contentUrl\":\"https:\/\/www.muenster.org\/dfgms\/wp-content\/uploads\/2025\/12\/600895399_1247677387184802_2486568959943650680_n.jpg\",\"width\":1200,\"height\":628,\"caption\":\"(c) Ingrid Hagenhenrich\"},{\"@type\":\"BreadcrumbList\",\"@id\":\"https:\/\/www.muenster.org\/dfgms\/event\/alexander-senegas-ames-amours-et-amities-tutgut-konzert\/#breadcrumb\",\"itemListElement\":[{\"@type\":\"ListItem\",\"position\":1,\"name\":\"Startseite\"},{\"@type\":\"ListItem\",\"position\":2,\"name\":\"Veranstaltungen\",\"item\":\"https:\/\/www.muenster.org\/dfgms\/events\/\"},{\"@type\":\"ListItem\",\"position\":3,\"name\":\"Alexander &#038; S\u00e9n\u00e9gas &#8211; Ames, Amours et Amiti\u00e9s \/ TuTgut Konzert\"}]},{\"@type\":\"WebSite\",\"@id\":\"https:\/\/www.muenster.org\/dfgms\/#website\",\"url\":\"https:\/\/www.muenster.org\/dfgms\/\",\"name\":\"Deutsch-Franz\u00f6sische Gesellschaft M\u00fcnster e.V.\",\"description\":\"\",\"publisher\":{\"@id\":\"https:\/\/www.muenster.org\/dfgms\/#organization\"},\"potentialAction\":[{\"@type\":\"SearchAction\",\"target\":{\"@type\":\"EntryPoint\",\"urlTemplate\":\"https:\/\/www.muenster.org\/dfgms\/?s={search_term_string}\"},\"query-input\":{\"@type\":\"PropertyValueSpecification\",\"valueRequired\":true,\"valueName\":\"search_term_string\"}}],\"inLanguage\":\"de\"},{\"@type\":\"Organization\",\"@id\":\"https:\/\/www.muenster.org\/dfgms\/#organization\",\"name\":\"Deutsch-Franz\u00f6sische Gesellschaft M\u00fcnster e.V.\",\"url\":\"https:\/\/www.muenster.org\/dfgms\/\",\"logo\":{\"@type\":\"ImageObject\",\"inLanguage\":\"de\",\"@id\":\"https:\/\/www.muenster.org\/dfgms\/#\/schema\/logo\/image\/\",\"url\":\"https:\/\/www.muenster.org\/dfgms\/wp-content\/uploads\/2025\/10\/NewLogoYellow-140x140-1-e1764328303462.jpg\",\"contentUrl\":\"https:\/\/www.muenster.org\/dfgms\/wp-content\/uploads\/2025\/10\/NewLogoYellow-140x140-1-e1764328303462.jpg\",\"width\":110,\"height\":108,\"caption\":\"Deutsch-Franz\u00f6sische Gesellschaft M\u00fcnster e.V.\"},\"image\":{\"@id\":\"https:\/\/www.muenster.org\/dfgms\/#\/schema\/logo\/image\/\"}}]}<\/script>\n<!-- \/ Yoast SEO plugin. -->","yoast_head_json":{"title":"Alexander & S\u00e9n\u00e9gas - Ames, Amours et Amiti\u00e9s \/ TuTgut Konzert - Deutsch-Franz\u00f6sische Gesellschaft M\u00fcnster e.V.","robots":{"index":"index","follow":"follow","max-snippet":"max-snippet:-1","max-image-preview":"max-image-preview:large","max-video-preview":"max-video-preview:-1"},"canonical":"https:\/\/www.muenster.org\/dfgms\/event\/alexander-senegas-ames-amours-et-amities-tutgut-konzert\/","og_locale":"de_DE","og_type":"article","og_title":"Alexander & S\u00e9n\u00e9gas - Ames, Amours et Amiti\u00e9s \/ TuTgut Konzert - Deutsch-Franz\u00f6sische Gesellschaft M\u00fcnster e.V.","og_description":"&#8222;Aimer la musique, c&#8217;est se garantir un quart de son bonheur&#8220;Jules Renard Mit \u00c2mes, Amours et Amiti\u00e9s interpretiert das Duo Alexander &amp; S\u00e9negas Chansons aus dem Frankreich der Vierziger bis in die Neunziger Jahre. Den franz\u00f6sischen Gitarristen Franck S\u00e9n\u00e9gas (geboren \u201978 in Valence, am Ufer der Rh\u00f4ne) und S\u00e4nger Richard Alexander (mit franz\u00f6sischer Mutter und deutschem Vater in M\u00fcnster und","og_url":"https:\/\/www.muenster.org\/dfgms\/event\/alexander-senegas-ames-amours-et-amities-tutgut-konzert\/","og_site_name":"Deutsch-Franz\u00f6sische Gesellschaft M\u00fcnster e.V.","article_modified_time":"2025-12-31T18:48:50+00:00","og_image":[{"width":1200,"height":628,"url":"\/\/www.muenster.org\/dfgms\/wp-content\/uploads\/2025\/12\/600895399_1247677387184802_2486568959943650680_n.jpg","type":"image\/jpeg"}],"twitter_card":"summary_large_image","twitter_misc":{"Gesch\u00e4tzte Lesezeit":"2\u00a0Minuten"},"schema":{"@context":"https:\/\/schema.org","@graph":[{"@type":"WebPage","@id":"https:\/\/www.muenster.org\/dfgms\/event\/alexander-senegas-ames-amours-et-amities-tutgut-konzert\/","url":"https:\/\/www.muenster.org\/dfgms\/event\/alexander-senegas-ames-amours-et-amities-tutgut-konzert\/","name":"Alexander & S\u00e9n\u00e9gas - Ames, Amours et Amiti\u00e9s \/ TuTgut Konzert - Deutsch-Franz\u00f6sische Gesellschaft M\u00fcnster e.V.","isPartOf":{"@id":"https:\/\/www.muenster.org\/dfgms\/#website"},"primaryImageOfPage":{"@id":"https:\/\/www.muenster.org\/dfgms\/event\/alexander-senegas-ames-amours-et-amities-tutgut-konzert\/#primaryimage"},"image":{"@id":"https:\/\/www.muenster.org\/dfgms\/event\/alexander-senegas-ames-amours-et-amities-tutgut-konzert\/#primaryimage"},"thumbnailUrl":"https:\/\/www.muenster.org\/dfgms\/wp-content\/uploads\/2025\/12\/600895399_1247677387184802_2486568959943650680_n.jpg","datePublished":"2025-12-31T18:38:30+00:00","dateModified":"2025-12-31T18:48:50+00:00","breadcrumb":{"@id":"https:\/\/www.muenster.org\/dfgms\/event\/alexander-senegas-ames-amours-et-amities-tutgut-konzert\/#breadcrumb"},"inLanguage":"de","potentialAction":[{"@type":"ReadAction","target":["https:\/\/www.muenster.org\/dfgms\/event\/alexander-senegas-ames-amours-et-amities-tutgut-konzert\/"]}]},{"@type":"ImageObject","inLanguage":"de","@id":"https:\/\/www.muenster.org\/dfgms\/event\/alexander-senegas-ames-amours-et-amities-tutgut-konzert\/#primaryimage","url":"https:\/\/www.muenster.org\/dfgms\/wp-content\/uploads\/2025\/12\/600895399_1247677387184802_2486568959943650680_n.jpg","contentUrl":"https:\/\/www.muenster.org\/dfgms\/wp-content\/uploads\/2025\/12\/600895399_1247677387184802_2486568959943650680_n.jpg","width":1200,"height":628,"caption":"(c) Ingrid Hagenhenrich"},{"@type":"BreadcrumbList","@id":"https:\/\/www.muenster.org\/dfgms\/event\/alexander-senegas-ames-amours-et-amities-tutgut-konzert\/#breadcrumb","itemListElement":[{"@type":"ListItem","position":1,"name":"Startseite"},{"@type":"ListItem","position":2,"name":"Veranstaltungen","item":"https:\/\/www.muenster.org\/dfgms\/events\/"},{"@type":"ListItem","position":3,"name":"Alexander &#038; S\u00e9n\u00e9gas &#8211; Ames, Amours et Amiti\u00e9s \/ TuTgut Konzert"}]},{"@type":"WebSite","@id":"https:\/\/www.muenster.org\/dfgms\/#website","url":"https:\/\/www.muenster.org\/dfgms\/","name":"Deutsch-Franz\u00f6sische Gesellschaft M\u00fcnster e.V.","description":"","publisher":{"@id":"https:\/\/www.muenster.org\/dfgms\/#organization"},"potentialAction":[{"@type":"SearchAction","target":{"@type":"EntryPoint","urlTemplate":"https:\/\/www.muenster.org\/dfgms\/?s={search_term_string}"},"query-input":{"@type":"PropertyValueSpecification","valueRequired":true,"valueName":"search_term_string"}}],"inLanguage":"de"},{"@type":"Organization","@id":"https:\/\/www.muenster.org\/dfgms\/#organization","name":"Deutsch-Franz\u00f6sische Gesellschaft M\u00fcnster e.V.","url":"https:\/\/www.muenster.org\/dfgms\/","logo":{"@type":"ImageObject","inLanguage":"de","@id":"https:\/\/www.muenster.org\/dfgms\/#\/schema\/logo\/image\/","url":"https:\/\/www.muenster.org\/dfgms\/wp-content\/uploads\/2025\/10\/NewLogoYellow-140x140-1-e1764328303462.jpg","contentUrl":"https:\/\/www.muenster.org\/dfgms\/wp-content\/uploads\/2025\/10\/NewLogoYellow-140x140-1-e1764328303462.jpg","width":110,"height":108,"caption":"Deutsch-Franz\u00f6sische Gesellschaft M\u00fcnster e.V."},"image":{"@id":"https:\/\/www.muenster.org\/dfgms\/#\/schema\/logo\/image\/"}}]}},"_links":{"self":[{"href":"https:\/\/www.muenster.org\/dfgms\/wp-json\/wp\/v2\/tribe_events\/1761","targetHints":{"allow":["GET"]}}],"collection":[{"href":"https:\/\/www.muenster.org\/dfgms\/wp-json\/wp\/v2\/tribe_events"}],"about":[{"href":"https:\/\/www.muenster.org\/dfgms\/wp-json\/wp\/v2\/types\/tribe_events"}],"author":[{"embeddable":true,"href":"https:\/\/www.muenster.org\/dfgms\/wp-json\/wp\/v2\/users\/4"}],"version-history":[{"count":10,"href":"https:\/\/www.muenster.org\/dfgms\/wp-json\/wp\/v2\/tribe_events\/1761\/revisions"}],"predecessor-version":[{"id":1774,"href":"https:\/\/www.muenster.org\/dfgms\/wp-json\/wp\/v2\/tribe_events\/1761\/revisions\/1774"}],"wp:featuredmedia":[{"embeddable":true,"href":"https:\/\/www.muenster.org\/dfgms\/wp-json\/wp\/v2\/media\/1762"}],"wp:attachment":[{"href":"https:\/\/www.muenster.org\/dfgms\/wp-json\/wp\/v2\/media?parent=1761"}],"wp:term":[{"taxonomy":"post_tag","embeddable":true,"href":"https:\/\/www.muenster.org\/dfgms\/wp-json\/wp\/v2\/tags?post=1761"},{"taxonomy":"tribe_events_cat","embeddable":true,"href":"https:\/\/www.muenster.org\/dfgms\/wp-json\/wp\/v2\/tribe_events_cat?post=1761"}],"curies":[{"name":"wp","href":"https:\/\/api.w.org\/{rel}","templated":true}]}}