{"id":1749,"date":"2025-12-22T18:09:03","date_gmt":"2025-12-22T17:09:03","guid":{"rendered":"https:\/\/www.muenster.org\/dfgms\/?post_type=tribe_events&#038;p=1749"},"modified":"2026-04-17T18:18:22","modified_gmt":"2026-04-17T16:18:22","slug":"besuch-in-picassomuseum-christo-und-jeanne-claude-un-realisiert","status":"publish","type":"tribe_events","link":"https:\/\/www.muenster.org\/dfgms\/event\/besuch-in-picassomuseum-christo-und-jeanne-claude-un-realisiert\/","title":{"rendered":"Besuch in Picassomuseum: Christo und Jeanne-Claude \u2013 UN\/REALISIERT"},"content":{"rendered":"<div><\/div>\n<div class=\"adL\">\n<p>Erstmals in Deutschland befasst sich eine <strong>Ausstellung mit den nicht realisierten Projekten von Christo und Jeanne-Claude<\/strong>, die vor allem durch ihre spektakul\u00e4ren Interventionen im Stadt- und Landschaftsraum Ber\u00fchmtheit erlangten. Dabei stehen den publikumswirksamen Gro\u00dfprojekten mehr als doppelt so viele Vorhaben entgegen, deren Umsetzung scheiterte und die sich entsprechend weniger ins kollektive Ged\u00e4chtnis eingebrannt haben \u2013 darunter etwa auch die Verh\u00fcllung von Picassos monumentaler Skulptur Bust of Sylvette auf dem Gel\u00e4nde der New York University.<\/p>\n<p>N\u00e4here Informationen zu den Ausstellungen gibt es unter:\u00a0<a href=\"https:\/\/www.kunstmuseum-picasso-muenster.de\/ausstellungen\/aktuell\" target=\"_blank\" rel=\"noopener\">https:\/\/www.kunstmuseum-picasso-muenster.de\/ausstellungen\/aktuell<\/a><\/p>\n<p>Die F\u00fchrung in deutscher Sprache beginnt um 15.00 Uhr.\u00a0<strong>Treffen im Foyer um 14.45 Uhr.<\/strong><\/p>\n<p>Die Kosten der F\u00fchrung \u00fcbernimmt die DFG. Falls wir mindestens 10 Personen sind, kostet der Eintritt 10 \u20ac pro Person, sonst 12 \u20ac.\u00a0(im gedruckten Programm hat sich leider ein Fehler eingeschlichen, der Preis dort stimmt nicht)<\/p>\n<p>Bitte sendet Eure verbindliche Anmeldung an unsere Mail-Adresse: <a class=\"\" href=\"mailto:dfg@muenster.de\" target=\"_blank\" rel=\"noreferrer noopener\">dfg@muenster.de<\/a><\/p>\n<\/div>\n","protected":false},"excerpt":{"rendered":"<p>Erstmals in Deutschland befasst sich eine Ausstellung mit den nicht realisierten Projekten von Christo und Jeanne-Claude, die vor allem durch ihre spektakul\u00e4ren Interventionen im Stadt- und Landschaftsraum Ber\u00fchmtheit erlangten. Dabei stehen den publikumswirksamen Gro\u00dfprojekten mehr als doppelt so viele Vorhaben entgegen, deren Umsetzung scheiterte und die sich entsprechend weniger ins kollektive Ged\u00e4chtnis eingebrannt haben \u2013 darunter etwa auch die Verh\u00fcllung<\/p>\n","protected":false},"author":51,"featured_media":1815,"template":"","meta":{"_tribe_events_status":"","_tribe_events_status_reason":"","footnotes":""},"tags":[],"tribe_events_cat":[45],"class_list":["post-1749","tribe_events","type-tribe_events","status-publish","has-post-thumbnail","hentry","tribe_events_cat-veranstaltungen","cat_veranstaltungen"],"yoast_head":"<!-- This site is optimized with the Yoast SEO plugin v26.0 - https:\/\/yoast.com\/wordpress\/plugins\/seo\/ -->\n<title>Besuch in Picassomuseum: Christo und Jeanne-Claude \u2013 UN\/REALISIERT - Deutsch-Franz\u00f6sische Gesellschaft M\u00fcnster e.V.<\/title>\n<meta name=\"robots\" content=\"index, follow, max-snippet:-1, max-image-preview:large, max-video-preview:-1\" \/>\n<link rel=\"canonical\" href=\"https:\/\/www.muenster.org\/dfgms\/event\/besuch-in-picassomuseum-christo-und-jeanne-claude-un-realisiert\/\" \/>\n<meta property=\"og:locale\" content=\"de_DE\" \/>\n<meta property=\"og:type\" content=\"article\" \/>\n<meta property=\"og:title\" content=\"Besuch in Picassomuseum: Christo und Jeanne-Claude \u2013 UN\/REALISIERT - Deutsch-Franz\u00f6sische Gesellschaft M\u00fcnster e.V.\" \/>\n<meta property=\"og:description\" content=\"Erstmals in Deutschland befasst sich eine Ausstellung mit den nicht realisierten Projekten von Christo und Jeanne-Claude, die vor allem durch ihre spektakul\u00e4ren Interventionen im Stadt- und Landschaftsraum Ber\u00fchmtheit erlangten. Dabei stehen den publikumswirksamen Gro\u00dfprojekten mehr als doppelt so viele Vorhaben entgegen, deren Umsetzung scheiterte und die sich entsprechend weniger ins kollektive Ged\u00e4chtnis eingebrannt haben \u2013 darunter etwa auch die Verh\u00fcllung\" \/>\n<meta property=\"og:url\" content=\"https:\/\/www.muenster.org\/dfgms\/event\/besuch-in-picassomuseum-christo-und-jeanne-claude-un-realisiert\/\" \/>\n<meta property=\"og:site_name\" content=\"Deutsch-Franz\u00f6sische Gesellschaft M\u00fcnster e.V.\" \/>\n<meta property=\"article:modified_time\" content=\"2026-04-17T16:18:22+00:00\" \/>\n<meta property=\"og:image\" content=\"\/\/www.muenster.org\/dfgms\/wp-content\/uploads\/2026\/01\/csm_Christo_und_Jeanne-Claude_-_Ausstellung_im_Picasso-Museum_b156f945a1-scaled-e1768648020379.jpg\" \/>\n\t<meta property=\"og:image:width\" content=\"212\" \/>\n\t<meta property=\"og:image:height\" content=\"300\" \/>\n\t<meta property=\"og:image:type\" content=\"image\/jpeg\" \/>\n<meta name=\"twitter:card\" content=\"summary_large_image\" \/>\n<meta name=\"twitter:label1\" content=\"Gesch\u00e4tzte Lesezeit\" \/>\n\t<meta name=\"twitter:data1\" content=\"1\u00a0Minute\" \/>\n<script type=\"application\/ld+json\" class=\"yoast-schema-graph\">{\"@context\":\"https:\/\/schema.org\",\"@graph\":[{\"@type\":\"WebPage\",\"@id\":\"https:\/\/www.muenster.org\/dfgms\/event\/besuch-in-picassomuseum-christo-und-jeanne-claude-un-realisiert\/\",\"url\":\"https:\/\/www.muenster.org\/dfgms\/event\/besuch-in-picassomuseum-christo-und-jeanne-claude-un-realisiert\/\",\"name\":\"Besuch in Picassomuseum: Christo und Jeanne-Claude \u2013 UN\/REALISIERT - Deutsch-Franz\u00f6sische Gesellschaft M\u00fcnster e.V.\",\"isPartOf\":{\"@id\":\"https:\/\/www.muenster.org\/dfgms\/#website\"},\"primaryImageOfPage\":{\"@id\":\"https:\/\/www.muenster.org\/dfgms\/event\/besuch-in-picassomuseum-christo-und-jeanne-claude-un-realisiert\/#primaryimage\"},\"image\":{\"@id\":\"https:\/\/www.muenster.org\/dfgms\/event\/besuch-in-picassomuseum-christo-und-jeanne-claude-un-realisiert\/#primaryimage\"},\"thumbnailUrl\":\"https:\/\/www.muenster.org\/dfgms\/wp-content\/uploads\/2026\/01\/csm_Christo_und_Jeanne-Claude_-_Ausstellung_im_Picasso-Museum_b156f945a1-scaled-e1768648020379.jpg\",\"datePublished\":\"2025-12-22T17:09:03+00:00\",\"dateModified\":\"2026-04-17T16:18:22+00:00\",\"breadcrumb\":{\"@id\":\"https:\/\/www.muenster.org\/dfgms\/event\/besuch-in-picassomuseum-christo-und-jeanne-claude-un-realisiert\/#breadcrumb\"},\"inLanguage\":\"de\",\"potentialAction\":[{\"@type\":\"ReadAction\",\"target\":[\"https:\/\/www.muenster.org\/dfgms\/event\/besuch-in-picassomuseum-christo-und-jeanne-claude-un-realisiert\/\"]}]},{\"@type\":\"ImageObject\",\"inLanguage\":\"de\",\"@id\":\"https:\/\/www.muenster.org\/dfgms\/event\/besuch-in-picassomuseum-christo-und-jeanne-claude-un-realisiert\/#primaryimage\",\"url\":\"https:\/\/www.muenster.org\/dfgms\/wp-content\/uploads\/2026\/01\/csm_Christo_und_Jeanne-Claude_-_Ausstellung_im_Picasso-Museum_b156f945a1-scaled-e1768648020379.jpg\",\"contentUrl\":\"https:\/\/www.muenster.org\/dfgms\/wp-content\/uploads\/2026\/01\/csm_Christo_und_Jeanne-Claude_-_Ausstellung_im_Picasso-Museum_b156f945a1-scaled-e1768648020379.jpg\",\"width\":212,\"height\":300},{\"@type\":\"BreadcrumbList\",\"@id\":\"https:\/\/www.muenster.org\/dfgms\/event\/besuch-in-picassomuseum-christo-und-jeanne-claude-un-realisiert\/#breadcrumb\",\"itemListElement\":[{\"@type\":\"ListItem\",\"position\":1,\"name\":\"Startseite\"},{\"@type\":\"ListItem\",\"position\":2,\"name\":\"Veranstaltungen\",\"item\":\"https:\/\/www.muenster.org\/dfgms\/events\/\"},{\"@type\":\"ListItem\",\"position\":3,\"name\":\"Besuch in Picassomuseum: Christo und Jeanne-Claude \u2013 UN\/REALISIERT\"}]},{\"@type\":\"WebSite\",\"@id\":\"https:\/\/www.muenster.org\/dfgms\/#website\",\"url\":\"https:\/\/www.muenster.org\/dfgms\/\",\"name\":\"Deutsch-Franz\u00f6sische Gesellschaft M\u00fcnster e.V.\",\"description\":\"\",\"publisher\":{\"@id\":\"https:\/\/www.muenster.org\/dfgms\/#organization\"},\"potentialAction\":[{\"@type\":\"SearchAction\",\"target\":{\"@type\":\"EntryPoint\",\"urlTemplate\":\"https:\/\/www.muenster.org\/dfgms\/?s={search_term_string}\"},\"query-input\":{\"@type\":\"PropertyValueSpecification\",\"valueRequired\":true,\"valueName\":\"search_term_string\"}}],\"inLanguage\":\"de\"},{\"@type\":\"Organization\",\"@id\":\"https:\/\/www.muenster.org\/dfgms\/#organization\",\"name\":\"Deutsch-Franz\u00f6sische Gesellschaft M\u00fcnster e.V.\",\"url\":\"https:\/\/www.muenster.org\/dfgms\/\",\"logo\":{\"@type\":\"ImageObject\",\"inLanguage\":\"de\",\"@id\":\"https:\/\/www.muenster.org\/dfgms\/#\/schema\/logo\/image\/\",\"url\":\"https:\/\/www.muenster.org\/dfgms\/wp-content\/uploads\/2025\/10\/NewLogoYellow-140x140-1-e1764328303462.jpg\",\"contentUrl\":\"https:\/\/www.muenster.org\/dfgms\/wp-content\/uploads\/2025\/10\/NewLogoYellow-140x140-1-e1764328303462.jpg\",\"width\":110,\"height\":108,\"caption\":\"Deutsch-Franz\u00f6sische Gesellschaft M\u00fcnster e.V.\"},\"image\":{\"@id\":\"https:\/\/www.muenster.org\/dfgms\/#\/schema\/logo\/image\/\"}}]}<\/script>\n<!-- \/ Yoast SEO plugin. -->","yoast_head_json":{"title":"Besuch in Picassomuseum: Christo und Jeanne-Claude \u2013 UN\/REALISIERT - Deutsch-Franz\u00f6sische Gesellschaft M\u00fcnster e.V.","robots":{"index":"index","follow":"follow","max-snippet":"max-snippet:-1","max-image-preview":"max-image-preview:large","max-video-preview":"max-video-preview:-1"},"canonical":"https:\/\/www.muenster.org\/dfgms\/event\/besuch-in-picassomuseum-christo-und-jeanne-claude-un-realisiert\/","og_locale":"de_DE","og_type":"article","og_title":"Besuch in Picassomuseum: Christo und Jeanne-Claude \u2013 UN\/REALISIERT - Deutsch-Franz\u00f6sische Gesellschaft M\u00fcnster e.V.","og_description":"Erstmals in Deutschland befasst sich eine Ausstellung mit den nicht realisierten Projekten von Christo und Jeanne-Claude, die vor allem durch ihre spektakul\u00e4ren Interventionen im Stadt- und Landschaftsraum Ber\u00fchmtheit erlangten. Dabei stehen den publikumswirksamen Gro\u00dfprojekten mehr als doppelt so viele Vorhaben entgegen, deren Umsetzung scheiterte und die sich entsprechend weniger ins kollektive Ged\u00e4chtnis eingebrannt haben \u2013 darunter etwa auch die Verh\u00fcllung","og_url":"https:\/\/www.muenster.org\/dfgms\/event\/besuch-in-picassomuseum-christo-und-jeanne-claude-un-realisiert\/","og_site_name":"Deutsch-Franz\u00f6sische Gesellschaft M\u00fcnster e.V.","article_modified_time":"2026-04-17T16:18:22+00:00","og_image":[{"width":212,"height":300,"url":"\/\/www.muenster.org\/dfgms\/wp-content\/uploads\/2026\/01\/csm_Christo_und_Jeanne-Claude_-_Ausstellung_im_Picasso-Museum_b156f945a1-scaled-e1768648020379.jpg","type":"image\/jpeg"}],"twitter_card":"summary_large_image","twitter_misc":{"Gesch\u00e4tzte Lesezeit":"1\u00a0Minute"},"schema":{"@context":"https:\/\/schema.org","@graph":[{"@type":"WebPage","@id":"https:\/\/www.muenster.org\/dfgms\/event\/besuch-in-picassomuseum-christo-und-jeanne-claude-un-realisiert\/","url":"https:\/\/www.muenster.org\/dfgms\/event\/besuch-in-picassomuseum-christo-und-jeanne-claude-un-realisiert\/","name":"Besuch in Picassomuseum: Christo und Jeanne-Claude \u2013 UN\/REALISIERT - Deutsch-Franz\u00f6sische Gesellschaft M\u00fcnster e.V.","isPartOf":{"@id":"https:\/\/www.muenster.org\/dfgms\/#website"},"primaryImageOfPage":{"@id":"https:\/\/www.muenster.org\/dfgms\/event\/besuch-in-picassomuseum-christo-und-jeanne-claude-un-realisiert\/#primaryimage"},"image":{"@id":"https:\/\/www.muenster.org\/dfgms\/event\/besuch-in-picassomuseum-christo-und-jeanne-claude-un-realisiert\/#primaryimage"},"thumbnailUrl":"https:\/\/www.muenster.org\/dfgms\/wp-content\/uploads\/2026\/01\/csm_Christo_und_Jeanne-Claude_-_Ausstellung_im_Picasso-Museum_b156f945a1-scaled-e1768648020379.jpg","datePublished":"2025-12-22T17:09:03+00:00","dateModified":"2026-04-17T16:18:22+00:00","breadcrumb":{"@id":"https:\/\/www.muenster.org\/dfgms\/event\/besuch-in-picassomuseum-christo-und-jeanne-claude-un-realisiert\/#breadcrumb"},"inLanguage":"de","potentialAction":[{"@type":"ReadAction","target":["https:\/\/www.muenster.org\/dfgms\/event\/besuch-in-picassomuseum-christo-und-jeanne-claude-un-realisiert\/"]}]},{"@type":"ImageObject","inLanguage":"de","@id":"https:\/\/www.muenster.org\/dfgms\/event\/besuch-in-picassomuseum-christo-und-jeanne-claude-un-realisiert\/#primaryimage","url":"https:\/\/www.muenster.org\/dfgms\/wp-content\/uploads\/2026\/01\/csm_Christo_und_Jeanne-Claude_-_Ausstellung_im_Picasso-Museum_b156f945a1-scaled-e1768648020379.jpg","contentUrl":"https:\/\/www.muenster.org\/dfgms\/wp-content\/uploads\/2026\/01\/csm_Christo_und_Jeanne-Claude_-_Ausstellung_im_Picasso-Museum_b156f945a1-scaled-e1768648020379.jpg","width":212,"height":300},{"@type":"BreadcrumbList","@id":"https:\/\/www.muenster.org\/dfgms\/event\/besuch-in-picassomuseum-christo-und-jeanne-claude-un-realisiert\/#breadcrumb","itemListElement":[{"@type":"ListItem","position":1,"name":"Startseite"},{"@type":"ListItem","position":2,"name":"Veranstaltungen","item":"https:\/\/www.muenster.org\/dfgms\/events\/"},{"@type":"ListItem","position":3,"name":"Besuch in Picassomuseum: Christo und Jeanne-Claude \u2013 UN\/REALISIERT"}]},{"@type":"WebSite","@id":"https:\/\/www.muenster.org\/dfgms\/#website","url":"https:\/\/www.muenster.org\/dfgms\/","name":"Deutsch-Franz\u00f6sische Gesellschaft M\u00fcnster e.V.","description":"","publisher":{"@id":"https:\/\/www.muenster.org\/dfgms\/#organization"},"potentialAction":[{"@type":"SearchAction","target":{"@type":"EntryPoint","urlTemplate":"https:\/\/www.muenster.org\/dfgms\/?s={search_term_string}"},"query-input":{"@type":"PropertyValueSpecification","valueRequired":true,"valueName":"search_term_string"}}],"inLanguage":"de"},{"@type":"Organization","@id":"https:\/\/www.muenster.org\/dfgms\/#organization","name":"Deutsch-Franz\u00f6sische Gesellschaft M\u00fcnster e.V.","url":"https:\/\/www.muenster.org\/dfgms\/","logo":{"@type":"ImageObject","inLanguage":"de","@id":"https:\/\/www.muenster.org\/dfgms\/#\/schema\/logo\/image\/","url":"https:\/\/www.muenster.org\/dfgms\/wp-content\/uploads\/2025\/10\/NewLogoYellow-140x140-1-e1764328303462.jpg","contentUrl":"https:\/\/www.muenster.org\/dfgms\/wp-content\/uploads\/2025\/10\/NewLogoYellow-140x140-1-e1764328303462.jpg","width":110,"height":108,"caption":"Deutsch-Franz\u00f6sische Gesellschaft M\u00fcnster e.V."},"image":{"@id":"https:\/\/www.muenster.org\/dfgms\/#\/schema\/logo\/image\/"}}]}},"_links":{"self":[{"href":"https:\/\/www.muenster.org\/dfgms\/wp-json\/wp\/v2\/tribe_events\/1749","targetHints":{"allow":["GET"]}}],"collection":[{"href":"https:\/\/www.muenster.org\/dfgms\/wp-json\/wp\/v2\/tribe_events"}],"about":[{"href":"https:\/\/www.muenster.org\/dfgms\/wp-json\/wp\/v2\/types\/tribe_events"}],"author":[{"embeddable":true,"href":"https:\/\/www.muenster.org\/dfgms\/wp-json\/wp\/v2\/users\/51"}],"version-history":[{"count":13,"href":"https:\/\/www.muenster.org\/dfgms\/wp-json\/wp\/v2\/tribe_events\/1749\/revisions"}],"predecessor-version":[{"id":1967,"href":"https:\/\/www.muenster.org\/dfgms\/wp-json\/wp\/v2\/tribe_events\/1749\/revisions\/1967"}],"wp:featuredmedia":[{"embeddable":true,"href":"https:\/\/www.muenster.org\/dfgms\/wp-json\/wp\/v2\/media\/1815"}],"wp:attachment":[{"href":"https:\/\/www.muenster.org\/dfgms\/wp-json\/wp\/v2\/media?parent=1749"}],"wp:term":[{"taxonomy":"post_tag","embeddable":true,"href":"https:\/\/www.muenster.org\/dfgms\/wp-json\/wp\/v2\/tags?post=1749"},{"taxonomy":"tribe_events_cat","embeddable":true,"href":"https:\/\/www.muenster.org\/dfgms\/wp-json\/wp\/v2\/tribe_events_cat?post=1749"}],"curies":[{"name":"wp","href":"https:\/\/api.w.org\/{rel}","templated":true}]}}