{"id":1543,"date":"2025-11-06T07:28:38","date_gmt":"2025-11-06T06:28:38","guid":{"rendered":"https:\/\/www.muenster.org\/dfgms\/?post_type=tribe_events&#038;p=1543"},"modified":"2026-01-15T12:13:30","modified_gmt":"2026-01-15T11:13:30","slug":"deutsch-franzoesischen-aktionstag-journee-daction-franco-allemande","status":"publish","type":"tribe_events","link":"https:\/\/www.muenster.org\/dfgms\/event\/deutsch-franzoesischen-aktionstag-journee-daction-franco-allemande\/","title":{"rendered":"Deutsch-Franz\u00f6sischer Aktionstag &#8211; Journ\u00e9e d&#8217;action franco-allemande"},"content":{"rendered":"<p>Wir pr\u00e4sentieren die unterschiedlichen Aktivit\u00e4ten von Personen, Vereinen und Institutionen im Rahmen der deutsch-franz\u00f6sischen Freundschaft.<\/p>\n<p>Neugierig? Alle Interessierten sind willkommen, um sich zu informieren und M\u00f6glichkeiten des Engagements zu entdecken!<\/p>\n<h4>Veranstaltungsort<\/h4>\n<p>Stadtb\u00fccherei M\u00fcnster<br \/>\nFoyer, Zeitungslesesaal<br \/>\nAlter Steinweg 11<br \/>\n48143 M\u00fcnster<\/p>\n<p>Programm: <a href=\"\/\/www.muenster.org\/dfgms\/wp-content\/uploads\/2026\/01\/De-Frz-Tag_2026__Flyer.pdf\">De-Frz-Tag_2026__Flyer<\/a><\/p>\n","protected":false},"excerpt":{"rendered":"<p>Wir pr\u00e4sentieren die unterschiedlichen Aktivit\u00e4ten von Personen, Vereinen und Institutionen im Rahmen der deutsch-franz\u00f6sischen Freundschaft. Neugierig? Alle Interessierten sind willkommen, um sich zu informieren und M\u00f6glichkeiten des Engagements zu entdecken! Veranstaltungsort Stadtb\u00fccherei M\u00fcnster Foyer, Zeitungslesesaal Alter Steinweg 11 48143 M\u00fcnster Programm: De-Frz-Tag_2026__Flyer<\/p>\n","protected":false},"author":51,"featured_media":1545,"template":"","meta":{"_tribe_events_status":"","_tribe_events_status_reason":"","footnotes":""},"tags":[],"tribe_events_cat":[29],"class_list":["post-1543","tribe_events","type-tribe_events","status-publish","has-post-thumbnail","hentry","tribe_events_cat-presentation","cat_presentation"],"yoast_head":"<!-- This site is optimized with the Yoast SEO plugin v26.0 - https:\/\/yoast.com\/wordpress\/plugins\/seo\/ -->\n<title>Deutsch-Franz\u00f6sischer Aktionstag - Journ\u00e9e d&#039;action franco-allemande - Deutsch-Franz\u00f6sische Gesellschaft M\u00fcnster e.V.<\/title>\n<meta name=\"description\" content=\"Wir pr\u00e4sentieren die unterschiedlichen Aktivit\u00e4ten von Personen, Vereinen und Institutionen im Rahmen der deutsch-franz\u00f6sischen Freundschaft.Neugierig? Alle Interessierten sind willkommen, um sich zu informieren und M\u00f6glichkeiten des Engagements zu entdecken!\" \/>\n<meta name=\"robots\" content=\"index, follow, max-snippet:-1, max-image-preview:large, max-video-preview:-1\" \/>\n<link rel=\"canonical\" href=\"https:\/\/www.muenster.org\/dfgms\/event\/deutsch-franzoesischen-aktionstag-journee-daction-franco-allemande\/\" \/>\n<meta property=\"og:locale\" content=\"de_DE\" \/>\n<meta property=\"og:type\" content=\"article\" \/>\n<meta property=\"og:title\" content=\"Deutsch-Franz\u00f6sischer Aktionstag - Journ\u00e9e d&#039;action franco-allemande - Deutsch-Franz\u00f6sische Gesellschaft M\u00fcnster e.V.\" \/>\n<meta property=\"og:description\" content=\"Wir pr\u00e4sentieren die unterschiedlichen Aktivit\u00e4ten von Personen, Vereinen und Institutionen im Rahmen der deutsch-franz\u00f6sischen Freundschaft.Neugierig? Alle Interessierten sind willkommen, um sich zu informieren und M\u00f6glichkeiten des Engagements zu entdecken!\" \/>\n<meta property=\"og:url\" content=\"https:\/\/www.muenster.org\/dfgms\/event\/deutsch-franzoesischen-aktionstag-journee-daction-franco-allemande\/\" \/>\n<meta property=\"og:site_name\" content=\"Deutsch-Franz\u00f6sische Gesellschaft M\u00fcnster e.V.\" \/>\n<meta property=\"article:modified_time\" content=\"2026-01-15T11:13:30+00:00\" \/>\n<meta property=\"og:image\" content=\"\/\/www.muenster.org\/dfgms\/wp-content\/uploads\/2025\/11\/DFG_TAG-2026-e1762410602289.jpg\" \/>\n\t<meta property=\"og:image:width\" content=\"351\" \/>\n\t<meta property=\"og:image:height\" content=\"244\" \/>\n\t<meta property=\"og:image:type\" content=\"image\/jpeg\" \/>\n<meta name=\"twitter:card\" content=\"summary_large_image\" \/>\n<meta name=\"twitter:label1\" content=\"Gesch\u00e4tzte Lesezeit\" \/>\n\t<meta name=\"twitter:data1\" content=\"1\u00a0Minute\" \/>\n<script type=\"application\/ld+json\" class=\"yoast-schema-graph\">{\"@context\":\"https:\/\/schema.org\",\"@graph\":[{\"@type\":\"WebPage\",\"@id\":\"https:\/\/www.muenster.org\/dfgms\/event\/deutsch-franzoesischen-aktionstag-journee-daction-franco-allemande\/\",\"url\":\"https:\/\/www.muenster.org\/dfgms\/event\/deutsch-franzoesischen-aktionstag-journee-daction-franco-allemande\/\",\"name\":\"Deutsch-Franz\u00f6sischer Aktionstag - Journ\u00e9e d'action franco-allemande - Deutsch-Franz\u00f6sische Gesellschaft M\u00fcnster e.V.\",\"isPartOf\":{\"@id\":\"https:\/\/www.muenster.org\/dfgms\/#website\"},\"primaryImageOfPage\":{\"@id\":\"https:\/\/www.muenster.org\/dfgms\/event\/deutsch-franzoesischen-aktionstag-journee-daction-franco-allemande\/#primaryimage\"},\"image\":{\"@id\":\"https:\/\/www.muenster.org\/dfgms\/event\/deutsch-franzoesischen-aktionstag-journee-daction-franco-allemande\/#primaryimage\"},\"thumbnailUrl\":\"https:\/\/www.muenster.org\/dfgms\/wp-content\/uploads\/2025\/11\/DFG_TAG-2026-e1762410602289.jpg\",\"datePublished\":\"2025-11-06T06:28:38+00:00\",\"dateModified\":\"2026-01-15T11:13:30+00:00\",\"description\":\"Wir pr\u00e4sentieren die unterschiedlichen Aktivit\u00e4ten von Personen, Vereinen und Institutionen im Rahmen der deutsch-franz\u00f6sischen Freundschaft.Neugierig? Alle Interessierten sind willkommen, um sich zu informieren und M\u00f6glichkeiten des Engagements zu entdecken!\",\"breadcrumb\":{\"@id\":\"https:\/\/www.muenster.org\/dfgms\/event\/deutsch-franzoesischen-aktionstag-journee-daction-franco-allemande\/#breadcrumb\"},\"inLanguage\":\"de\",\"potentialAction\":[{\"@type\":\"ReadAction\",\"target\":[\"https:\/\/www.muenster.org\/dfgms\/event\/deutsch-franzoesischen-aktionstag-journee-daction-franco-allemande\/\"]}]},{\"@type\":\"ImageObject\",\"inLanguage\":\"de\",\"@id\":\"https:\/\/www.muenster.org\/dfgms\/event\/deutsch-franzoesischen-aktionstag-journee-daction-franco-allemande\/#primaryimage\",\"url\":\"https:\/\/www.muenster.org\/dfgms\/wp-content\/uploads\/2025\/11\/DFG_TAG-2026-e1762410602289.jpg\",\"contentUrl\":\"https:\/\/www.muenster.org\/dfgms\/wp-content\/uploads\/2025\/11\/DFG_TAG-2026-e1762410602289.jpg\",\"width\":351,\"height\":244},{\"@type\":\"BreadcrumbList\",\"@id\":\"https:\/\/www.muenster.org\/dfgms\/event\/deutsch-franzoesischen-aktionstag-journee-daction-franco-allemande\/#breadcrumb\",\"itemListElement\":[{\"@type\":\"ListItem\",\"position\":1,\"name\":\"Startseite\"},{\"@type\":\"ListItem\",\"position\":2,\"name\":\"Veranstaltungen\",\"item\":\"https:\/\/www.muenster.org\/dfgms\/events\/\"},{\"@type\":\"ListItem\",\"position\":3,\"name\":\"Deutsch-Franz\u00f6sischer Aktionstag &#8211; Journ\u00e9e d&#8217;action franco-allemande\"}]},{\"@type\":\"WebSite\",\"@id\":\"https:\/\/www.muenster.org\/dfgms\/#website\",\"url\":\"https:\/\/www.muenster.org\/dfgms\/\",\"name\":\"Deutsch-Franz\u00f6sische Gesellschaft M\u00fcnster e.V.\",\"description\":\"\",\"publisher\":{\"@id\":\"https:\/\/www.muenster.org\/dfgms\/#organization\"},\"potentialAction\":[{\"@type\":\"SearchAction\",\"target\":{\"@type\":\"EntryPoint\",\"urlTemplate\":\"https:\/\/www.muenster.org\/dfgms\/?s={search_term_string}\"},\"query-input\":{\"@type\":\"PropertyValueSpecification\",\"valueRequired\":true,\"valueName\":\"search_term_string\"}}],\"inLanguage\":\"de\"},{\"@type\":\"Organization\",\"@id\":\"https:\/\/www.muenster.org\/dfgms\/#organization\",\"name\":\"Deutsch-Franz\u00f6sische Gesellschaft M\u00fcnster e.V.\",\"url\":\"https:\/\/www.muenster.org\/dfgms\/\",\"logo\":{\"@type\":\"ImageObject\",\"inLanguage\":\"de\",\"@id\":\"https:\/\/www.muenster.org\/dfgms\/#\/schema\/logo\/image\/\",\"url\":\"https:\/\/www.muenster.org\/dfgms\/wp-content\/uploads\/2025\/10\/NewLogoYellow-140x140-1-e1764328303462.jpg\",\"contentUrl\":\"https:\/\/www.muenster.org\/dfgms\/wp-content\/uploads\/2025\/10\/NewLogoYellow-140x140-1-e1764328303462.jpg\",\"width\":110,\"height\":108,\"caption\":\"Deutsch-Franz\u00f6sische Gesellschaft M\u00fcnster e.V.\"},\"image\":{\"@id\":\"https:\/\/www.muenster.org\/dfgms\/#\/schema\/logo\/image\/\"}}]}<\/script>\n<!-- \/ Yoast SEO plugin. -->","yoast_head_json":{"title":"Deutsch-Franz\u00f6sischer Aktionstag - Journ\u00e9e d'action franco-allemande - Deutsch-Franz\u00f6sische Gesellschaft M\u00fcnster e.V.","description":"Wir pr\u00e4sentieren die unterschiedlichen Aktivit\u00e4ten von Personen, Vereinen und Institutionen im Rahmen der deutsch-franz\u00f6sischen Freundschaft.Neugierig? Alle Interessierten sind willkommen, um sich zu informieren und M\u00f6glichkeiten des Engagements zu entdecken!","robots":{"index":"index","follow":"follow","max-snippet":"max-snippet:-1","max-image-preview":"max-image-preview:large","max-video-preview":"max-video-preview:-1"},"canonical":"https:\/\/www.muenster.org\/dfgms\/event\/deutsch-franzoesischen-aktionstag-journee-daction-franco-allemande\/","og_locale":"de_DE","og_type":"article","og_title":"Deutsch-Franz\u00f6sischer Aktionstag - Journ\u00e9e d'action franco-allemande - Deutsch-Franz\u00f6sische Gesellschaft M\u00fcnster e.V.","og_description":"Wir pr\u00e4sentieren die unterschiedlichen Aktivit\u00e4ten von Personen, Vereinen und Institutionen im Rahmen der deutsch-franz\u00f6sischen Freundschaft.Neugierig? Alle Interessierten sind willkommen, um sich zu informieren und M\u00f6glichkeiten des Engagements zu entdecken!","og_url":"https:\/\/www.muenster.org\/dfgms\/event\/deutsch-franzoesischen-aktionstag-journee-daction-franco-allemande\/","og_site_name":"Deutsch-Franz\u00f6sische Gesellschaft M\u00fcnster e.V.","article_modified_time":"2026-01-15T11:13:30+00:00","og_image":[{"width":351,"height":244,"url":"\/\/www.muenster.org\/dfgms\/wp-content\/uploads\/2025\/11\/DFG_TAG-2026-e1762410602289.jpg","type":"image\/jpeg"}],"twitter_card":"summary_large_image","twitter_misc":{"Gesch\u00e4tzte Lesezeit":"1\u00a0Minute"},"schema":{"@context":"https:\/\/schema.org","@graph":[{"@type":"WebPage","@id":"https:\/\/www.muenster.org\/dfgms\/event\/deutsch-franzoesischen-aktionstag-journee-daction-franco-allemande\/","url":"https:\/\/www.muenster.org\/dfgms\/event\/deutsch-franzoesischen-aktionstag-journee-daction-franco-allemande\/","name":"Deutsch-Franz\u00f6sischer Aktionstag - Journ\u00e9e d'action franco-allemande - Deutsch-Franz\u00f6sische Gesellschaft M\u00fcnster e.V.","isPartOf":{"@id":"https:\/\/www.muenster.org\/dfgms\/#website"},"primaryImageOfPage":{"@id":"https:\/\/www.muenster.org\/dfgms\/event\/deutsch-franzoesischen-aktionstag-journee-daction-franco-allemande\/#primaryimage"},"image":{"@id":"https:\/\/www.muenster.org\/dfgms\/event\/deutsch-franzoesischen-aktionstag-journee-daction-franco-allemande\/#primaryimage"},"thumbnailUrl":"https:\/\/www.muenster.org\/dfgms\/wp-content\/uploads\/2025\/11\/DFG_TAG-2026-e1762410602289.jpg","datePublished":"2025-11-06T06:28:38+00:00","dateModified":"2026-01-15T11:13:30+00:00","description":"Wir pr\u00e4sentieren die unterschiedlichen Aktivit\u00e4ten von Personen, Vereinen und Institutionen im Rahmen der deutsch-franz\u00f6sischen Freundschaft.Neugierig? Alle Interessierten sind willkommen, um sich zu informieren und M\u00f6glichkeiten des Engagements zu entdecken!","breadcrumb":{"@id":"https:\/\/www.muenster.org\/dfgms\/event\/deutsch-franzoesischen-aktionstag-journee-daction-franco-allemande\/#breadcrumb"},"inLanguage":"de","potentialAction":[{"@type":"ReadAction","target":["https:\/\/www.muenster.org\/dfgms\/event\/deutsch-franzoesischen-aktionstag-journee-daction-franco-allemande\/"]}]},{"@type":"ImageObject","inLanguage":"de","@id":"https:\/\/www.muenster.org\/dfgms\/event\/deutsch-franzoesischen-aktionstag-journee-daction-franco-allemande\/#primaryimage","url":"https:\/\/www.muenster.org\/dfgms\/wp-content\/uploads\/2025\/11\/DFG_TAG-2026-e1762410602289.jpg","contentUrl":"https:\/\/www.muenster.org\/dfgms\/wp-content\/uploads\/2025\/11\/DFG_TAG-2026-e1762410602289.jpg","width":351,"height":244},{"@type":"BreadcrumbList","@id":"https:\/\/www.muenster.org\/dfgms\/event\/deutsch-franzoesischen-aktionstag-journee-daction-franco-allemande\/#breadcrumb","itemListElement":[{"@type":"ListItem","position":1,"name":"Startseite"},{"@type":"ListItem","position":2,"name":"Veranstaltungen","item":"https:\/\/www.muenster.org\/dfgms\/events\/"},{"@type":"ListItem","position":3,"name":"Deutsch-Franz\u00f6sischer Aktionstag &#8211; Journ\u00e9e d&#8217;action franco-allemande"}]},{"@type":"WebSite","@id":"https:\/\/www.muenster.org\/dfgms\/#website","url":"https:\/\/www.muenster.org\/dfgms\/","name":"Deutsch-Franz\u00f6sische Gesellschaft M\u00fcnster e.V.","description":"","publisher":{"@id":"https:\/\/www.muenster.org\/dfgms\/#organization"},"potentialAction":[{"@type":"SearchAction","target":{"@type":"EntryPoint","urlTemplate":"https:\/\/www.muenster.org\/dfgms\/?s={search_term_string}"},"query-input":{"@type":"PropertyValueSpecification","valueRequired":true,"valueName":"search_term_string"}}],"inLanguage":"de"},{"@type":"Organization","@id":"https:\/\/www.muenster.org\/dfgms\/#organization","name":"Deutsch-Franz\u00f6sische Gesellschaft M\u00fcnster e.V.","url":"https:\/\/www.muenster.org\/dfgms\/","logo":{"@type":"ImageObject","inLanguage":"de","@id":"https:\/\/www.muenster.org\/dfgms\/#\/schema\/logo\/image\/","url":"https:\/\/www.muenster.org\/dfgms\/wp-content\/uploads\/2025\/10\/NewLogoYellow-140x140-1-e1764328303462.jpg","contentUrl":"https:\/\/www.muenster.org\/dfgms\/wp-content\/uploads\/2025\/10\/NewLogoYellow-140x140-1-e1764328303462.jpg","width":110,"height":108,"caption":"Deutsch-Franz\u00f6sische Gesellschaft M\u00fcnster e.V."},"image":{"@id":"https:\/\/www.muenster.org\/dfgms\/#\/schema\/logo\/image\/"}}]}},"_links":{"self":[{"href":"https:\/\/www.muenster.org\/dfgms\/wp-json\/wp\/v2\/tribe_events\/1543","targetHints":{"allow":["GET"]}}],"collection":[{"href":"https:\/\/www.muenster.org\/dfgms\/wp-json\/wp\/v2\/tribe_events"}],"about":[{"href":"https:\/\/www.muenster.org\/dfgms\/wp-json\/wp\/v2\/types\/tribe_events"}],"author":[{"embeddable":true,"href":"https:\/\/www.muenster.org\/dfgms\/wp-json\/wp\/v2\/users\/51"}],"version-history":[{"count":7,"href":"https:\/\/www.muenster.org\/dfgms\/wp-json\/wp\/v2\/tribe_events\/1543\/revisions"}],"predecessor-version":[{"id":1806,"href":"https:\/\/www.muenster.org\/dfgms\/wp-json\/wp\/v2\/tribe_events\/1543\/revisions\/1806"}],"wp:featuredmedia":[{"embeddable":true,"href":"https:\/\/www.muenster.org\/dfgms\/wp-json\/wp\/v2\/media\/1545"}],"wp:attachment":[{"href":"https:\/\/www.muenster.org\/dfgms\/wp-json\/wp\/v2\/media?parent=1543"}],"wp:term":[{"taxonomy":"post_tag","embeddable":true,"href":"https:\/\/www.muenster.org\/dfgms\/wp-json\/wp\/v2\/tags?post=1543"},{"taxonomy":"tribe_events_cat","embeddable":true,"href":"https:\/\/www.muenster.org\/dfgms\/wp-json\/wp\/v2\/tribe_events_cat?post=1543"}],"curies":[{"name":"wp","href":"https:\/\/api.w.org\/{rel}","templated":true}]}}