{"id":1199,"date":"2025-09-15T23:07:53","date_gmt":"2025-09-15T21:07:53","guid":{"rendered":"https:\/\/www.muenster.org\/dfgms\/?post_type=tribe_events&#038;p=1199"},"modified":"2025-11-04T18:31:46","modified_gmt":"2025-11-04T17:31:46","slug":"victor-hugo-der-jahrhundertmensch","status":"publish","type":"tribe_events","link":"https:\/\/www.muenster.org\/dfgms\/event\/victor-hugo-der-jahrhundertmensch\/","title":{"rendered":"Victor Hugo : Der Jahrhundertmensch"},"content":{"rendered":"<p>Im November dann spricht die M\u00fcnsteranerin Walburga H\u00fclk, Professorin a.D., \u00fcber ihr<br \/>\nWerk\u201c Victor Hugo \u2013 Der Jahrhundertmensch\u201c. Das Buch ist nominiert f\u00fcr den Preis<br \/>\nf\u00fcr das beste Dokumentarbuch und wurde bereits in der Elbphilharmonie vorgestellt.<\/p>\n<p>Freundlicher Weise bietet der Coppenrath Verlag daf\u00fcr attraktive R\u00e4umlichkeiten. Und alle<br \/>\ndie beim letzten Besuch im Verlagshaus schon dabei waren und hoffen weitere Winkel und<br \/>\nSch\u00e4tze zu entdecken, werden nicht entt\u00e4uscht.<\/p>\n<p>Im Anschluss machen wir einen kleinen Rundgang durch den ehemaligen Verlag.<\/p>\n<p>Reservierung per E-Mail: dfg@muenster.de<\/p>\n","protected":false},"excerpt":{"rendered":"<p>Im November dann spricht die M\u00fcnsteranerin Walburga H\u00fclk, Professorin a.D., \u00fcber ihr Werk\u201c Victor Hugo \u2013 Der Jahrhundertmensch\u201c. Das Buch ist nominiert f\u00fcr den Preis f\u00fcr das beste Dokumentarbuch und wurde bereits in der Elbphilharmonie vorgestellt. Freundlicher Weise bietet der Coppenrath Verlag daf\u00fcr attraktive R\u00e4umlichkeiten. Und alle die beim letzten Besuch im Verlagshaus schon dabei waren und hoffen weitere Winkel<\/p>\n","protected":false},"author":4,"featured_media":1220,"template":"","meta":{"_tribe_events_status":"","_tribe_events_status_reason":"","footnotes":""},"tags":[],"tribe_events_cat":[29],"class_list":["post-1199","tribe_events","type-tribe_events","status-publish","has-post-thumbnail","hentry","tribe_events_cat-presentation","cat_presentation"],"yoast_head":"<!-- This site is optimized with the Yoast SEO plugin v26.0 - https:\/\/yoast.com\/wordpress\/plugins\/seo\/ -->\n<title>Victor Hugo : Der Jahrhundertmensch - Deutsch-Franz\u00f6sische Gesellschaft M\u00fcnster e.V.<\/title>\n<meta name=\"robots\" content=\"index, follow, max-snippet:-1, max-image-preview:large, max-video-preview:-1\" \/>\n<link rel=\"canonical\" href=\"https:\/\/www.muenster.org\/dfgms\/event\/victor-hugo-der-jahrhundertmensch\/\" \/>\n<meta property=\"og:locale\" content=\"de_DE\" \/>\n<meta property=\"og:type\" content=\"article\" \/>\n<meta property=\"og:title\" content=\"Victor Hugo : Der Jahrhundertmensch - Deutsch-Franz\u00f6sische Gesellschaft M\u00fcnster e.V.\" \/>\n<meta property=\"og:description\" content=\"Im November dann spricht die M\u00fcnsteranerin Walburga H\u00fclk, Professorin a.D., \u00fcber ihr Werk\u201c Victor Hugo \u2013 Der Jahrhundertmensch\u201c. Das Buch ist nominiert f\u00fcr den Preis f\u00fcr das beste Dokumentarbuch und wurde bereits in der Elbphilharmonie vorgestellt. Freundlicher Weise bietet der Coppenrath Verlag daf\u00fcr attraktive R\u00e4umlichkeiten. Und alle die beim letzten Besuch im Verlagshaus schon dabei waren und hoffen weitere Winkel\" \/>\n<meta property=\"og:url\" content=\"https:\/\/www.muenster.org\/dfgms\/event\/victor-hugo-der-jahrhundertmensch\/\" \/>\n<meta property=\"og:site_name\" content=\"Deutsch-Franz\u00f6sische Gesellschaft M\u00fcnster e.V.\" \/>\n<meta property=\"article:modified_time\" content=\"2025-11-04T17:31:46+00:00\" \/>\n<meta property=\"og:image\" content=\"\/\/www.muenster.org\/dfgms\/wp-content\/uploads\/2025\/09\/signal-2025-09-17-07-38-02-702-e1762277488787.jpg\" \/>\n\t<meta property=\"og:image:width\" content=\"640\" \/>\n\t<meta property=\"og:image:height\" content=\"1019\" \/>\n\t<meta property=\"og:image:type\" content=\"image\/jpeg\" \/>\n<meta name=\"twitter:card\" content=\"summary_large_image\" \/>\n<meta name=\"twitter:label1\" content=\"Gesch\u00e4tzte Lesezeit\" \/>\n\t<meta name=\"twitter:data1\" content=\"1\u00a0Minute\" \/>\n<script type=\"application\/ld+json\" class=\"yoast-schema-graph\">{\"@context\":\"https:\/\/schema.org\",\"@graph\":[{\"@type\":\"WebPage\",\"@id\":\"https:\/\/www.muenster.org\/dfgms\/event\/victor-hugo-der-jahrhundertmensch\/\",\"url\":\"https:\/\/www.muenster.org\/dfgms\/event\/victor-hugo-der-jahrhundertmensch\/\",\"name\":\"Victor Hugo : Der Jahrhundertmensch - Deutsch-Franz\u00f6sische Gesellschaft M\u00fcnster e.V.\",\"isPartOf\":{\"@id\":\"https:\/\/www.muenster.org\/dfgms\/#website\"},\"primaryImageOfPage\":{\"@id\":\"https:\/\/www.muenster.org\/dfgms\/event\/victor-hugo-der-jahrhundertmensch\/#primaryimage\"},\"image\":{\"@id\":\"https:\/\/www.muenster.org\/dfgms\/event\/victor-hugo-der-jahrhundertmensch\/#primaryimage\"},\"thumbnailUrl\":\"https:\/\/www.muenster.org\/dfgms\/wp-content\/uploads\/2025\/09\/signal-2025-09-17-07-38-02-702-e1762277548808.jpg\",\"datePublished\":\"2025-09-15T21:07:53+00:00\",\"dateModified\":\"2025-11-04T17:31:46+00:00\",\"breadcrumb\":{\"@id\":\"https:\/\/www.muenster.org\/dfgms\/event\/victor-hugo-der-jahrhundertmensch\/#breadcrumb\"},\"inLanguage\":\"de\",\"potentialAction\":[{\"@type\":\"ReadAction\",\"target\":[\"https:\/\/www.muenster.org\/dfgms\/event\/victor-hugo-der-jahrhundertmensch\/\"]}]},{\"@type\":\"ImageObject\",\"inLanguage\":\"de\",\"@id\":\"https:\/\/www.muenster.org\/dfgms\/event\/victor-hugo-der-jahrhundertmensch\/#primaryimage\",\"url\":\"https:\/\/www.muenster.org\/dfgms\/wp-content\/uploads\/2025\/09\/signal-2025-09-17-07-38-02-702-e1762277548808.jpg\",\"contentUrl\":\"https:\/\/www.muenster.org\/dfgms\/wp-content\/uploads\/2025\/09\/signal-2025-09-17-07-38-02-702-e1762277548808.jpg\",\"width\":400,\"height\":637},{\"@type\":\"BreadcrumbList\",\"@id\":\"https:\/\/www.muenster.org\/dfgms\/event\/victor-hugo-der-jahrhundertmensch\/#breadcrumb\",\"itemListElement\":[{\"@type\":\"ListItem\",\"position\":1,\"name\":\"Startseite\"},{\"@type\":\"ListItem\",\"position\":2,\"name\":\"Veranstaltungen\",\"item\":\"https:\/\/www.muenster.org\/dfgms\/events\/\"},{\"@type\":\"ListItem\",\"position\":3,\"name\":\"Victor Hugo : Der Jahrhundertmensch\"}]},{\"@type\":\"WebSite\",\"@id\":\"https:\/\/www.muenster.org\/dfgms\/#website\",\"url\":\"https:\/\/www.muenster.org\/dfgms\/\",\"name\":\"Deutsch-Franz\u00f6sische Gesellschaft M\u00fcnster e.V.\",\"description\":\"\",\"publisher\":{\"@id\":\"https:\/\/www.muenster.org\/dfgms\/#organization\"},\"potentialAction\":[{\"@type\":\"SearchAction\",\"target\":{\"@type\":\"EntryPoint\",\"urlTemplate\":\"https:\/\/www.muenster.org\/dfgms\/?s={search_term_string}\"},\"query-input\":{\"@type\":\"PropertyValueSpecification\",\"valueRequired\":true,\"valueName\":\"search_term_string\"}}],\"inLanguage\":\"de\"},{\"@type\":\"Organization\",\"@id\":\"https:\/\/www.muenster.org\/dfgms\/#organization\",\"name\":\"Deutsch-Franz\u00f6sische Gesellschaft M\u00fcnster e.V.\",\"url\":\"https:\/\/www.muenster.org\/dfgms\/\",\"logo\":{\"@type\":\"ImageObject\",\"inLanguage\":\"de\",\"@id\":\"https:\/\/www.muenster.org\/dfgms\/#\/schema\/logo\/image\/\",\"url\":\"https:\/\/www.muenster.org\/dfgms\/wp-content\/uploads\/2025\/10\/NewLogoYellow-140x140-1-e1764328303462.jpg\",\"contentUrl\":\"https:\/\/www.muenster.org\/dfgms\/wp-content\/uploads\/2025\/10\/NewLogoYellow-140x140-1-e1764328303462.jpg\",\"width\":110,\"height\":108,\"caption\":\"Deutsch-Franz\u00f6sische Gesellschaft M\u00fcnster e.V.\"},\"image\":{\"@id\":\"https:\/\/www.muenster.org\/dfgms\/#\/schema\/logo\/image\/\"}}]}<\/script>\n<!-- \/ Yoast SEO plugin. -->","yoast_head_json":{"title":"Victor Hugo : Der Jahrhundertmensch - Deutsch-Franz\u00f6sische Gesellschaft M\u00fcnster e.V.","robots":{"index":"index","follow":"follow","max-snippet":"max-snippet:-1","max-image-preview":"max-image-preview:large","max-video-preview":"max-video-preview:-1"},"canonical":"https:\/\/www.muenster.org\/dfgms\/event\/victor-hugo-der-jahrhundertmensch\/","og_locale":"de_DE","og_type":"article","og_title":"Victor Hugo : Der Jahrhundertmensch - Deutsch-Franz\u00f6sische Gesellschaft M\u00fcnster e.V.","og_description":"Im November dann spricht die M\u00fcnsteranerin Walburga H\u00fclk, Professorin a.D., \u00fcber ihr Werk\u201c Victor Hugo \u2013 Der Jahrhundertmensch\u201c. Das Buch ist nominiert f\u00fcr den Preis f\u00fcr das beste Dokumentarbuch und wurde bereits in der Elbphilharmonie vorgestellt. Freundlicher Weise bietet der Coppenrath Verlag daf\u00fcr attraktive R\u00e4umlichkeiten. Und alle die beim letzten Besuch im Verlagshaus schon dabei waren und hoffen weitere Winkel","og_url":"https:\/\/www.muenster.org\/dfgms\/event\/victor-hugo-der-jahrhundertmensch\/","og_site_name":"Deutsch-Franz\u00f6sische Gesellschaft M\u00fcnster e.V.","article_modified_time":"2025-11-04T17:31:46+00:00","og_image":[{"width":640,"height":1019,"url":"\/\/www.muenster.org\/dfgms\/wp-content\/uploads\/2025\/09\/signal-2025-09-17-07-38-02-702-e1762277488787.jpg","type":"image\/jpeg"}],"twitter_card":"summary_large_image","twitter_misc":{"Gesch\u00e4tzte Lesezeit":"1\u00a0Minute"},"schema":{"@context":"https:\/\/schema.org","@graph":[{"@type":"WebPage","@id":"https:\/\/www.muenster.org\/dfgms\/event\/victor-hugo-der-jahrhundertmensch\/","url":"https:\/\/www.muenster.org\/dfgms\/event\/victor-hugo-der-jahrhundertmensch\/","name":"Victor Hugo : Der Jahrhundertmensch - Deutsch-Franz\u00f6sische Gesellschaft M\u00fcnster e.V.","isPartOf":{"@id":"https:\/\/www.muenster.org\/dfgms\/#website"},"primaryImageOfPage":{"@id":"https:\/\/www.muenster.org\/dfgms\/event\/victor-hugo-der-jahrhundertmensch\/#primaryimage"},"image":{"@id":"https:\/\/www.muenster.org\/dfgms\/event\/victor-hugo-der-jahrhundertmensch\/#primaryimage"},"thumbnailUrl":"https:\/\/www.muenster.org\/dfgms\/wp-content\/uploads\/2025\/09\/signal-2025-09-17-07-38-02-702-e1762277548808.jpg","datePublished":"2025-09-15T21:07:53+00:00","dateModified":"2025-11-04T17:31:46+00:00","breadcrumb":{"@id":"https:\/\/www.muenster.org\/dfgms\/event\/victor-hugo-der-jahrhundertmensch\/#breadcrumb"},"inLanguage":"de","potentialAction":[{"@type":"ReadAction","target":["https:\/\/www.muenster.org\/dfgms\/event\/victor-hugo-der-jahrhundertmensch\/"]}]},{"@type":"ImageObject","inLanguage":"de","@id":"https:\/\/www.muenster.org\/dfgms\/event\/victor-hugo-der-jahrhundertmensch\/#primaryimage","url":"https:\/\/www.muenster.org\/dfgms\/wp-content\/uploads\/2025\/09\/signal-2025-09-17-07-38-02-702-e1762277548808.jpg","contentUrl":"https:\/\/www.muenster.org\/dfgms\/wp-content\/uploads\/2025\/09\/signal-2025-09-17-07-38-02-702-e1762277548808.jpg","width":400,"height":637},{"@type":"BreadcrumbList","@id":"https:\/\/www.muenster.org\/dfgms\/event\/victor-hugo-der-jahrhundertmensch\/#breadcrumb","itemListElement":[{"@type":"ListItem","position":1,"name":"Startseite"},{"@type":"ListItem","position":2,"name":"Veranstaltungen","item":"https:\/\/www.muenster.org\/dfgms\/events\/"},{"@type":"ListItem","position":3,"name":"Victor Hugo : Der Jahrhundertmensch"}]},{"@type":"WebSite","@id":"https:\/\/www.muenster.org\/dfgms\/#website","url":"https:\/\/www.muenster.org\/dfgms\/","name":"Deutsch-Franz\u00f6sische Gesellschaft M\u00fcnster e.V.","description":"","publisher":{"@id":"https:\/\/www.muenster.org\/dfgms\/#organization"},"potentialAction":[{"@type":"SearchAction","target":{"@type":"EntryPoint","urlTemplate":"https:\/\/www.muenster.org\/dfgms\/?s={search_term_string}"},"query-input":{"@type":"PropertyValueSpecification","valueRequired":true,"valueName":"search_term_string"}}],"inLanguage":"de"},{"@type":"Organization","@id":"https:\/\/www.muenster.org\/dfgms\/#organization","name":"Deutsch-Franz\u00f6sische Gesellschaft M\u00fcnster e.V.","url":"https:\/\/www.muenster.org\/dfgms\/","logo":{"@type":"ImageObject","inLanguage":"de","@id":"https:\/\/www.muenster.org\/dfgms\/#\/schema\/logo\/image\/","url":"https:\/\/www.muenster.org\/dfgms\/wp-content\/uploads\/2025\/10\/NewLogoYellow-140x140-1-e1764328303462.jpg","contentUrl":"https:\/\/www.muenster.org\/dfgms\/wp-content\/uploads\/2025\/10\/NewLogoYellow-140x140-1-e1764328303462.jpg","width":110,"height":108,"caption":"Deutsch-Franz\u00f6sische Gesellschaft M\u00fcnster e.V."},"image":{"@id":"https:\/\/www.muenster.org\/dfgms\/#\/schema\/logo\/image\/"}}]}},"_links":{"self":[{"href":"https:\/\/www.muenster.org\/dfgms\/wp-json\/wp\/v2\/tribe_events\/1199","targetHints":{"allow":["GET"]}}],"collection":[{"href":"https:\/\/www.muenster.org\/dfgms\/wp-json\/wp\/v2\/tribe_events"}],"about":[{"href":"https:\/\/www.muenster.org\/dfgms\/wp-json\/wp\/v2\/types\/tribe_events"}],"author":[{"embeddable":true,"href":"https:\/\/www.muenster.org\/dfgms\/wp-json\/wp\/v2\/users\/4"}],"version-history":[{"count":8,"href":"https:\/\/www.muenster.org\/dfgms\/wp-json\/wp\/v2\/tribe_events\/1199\/revisions"}],"predecessor-version":[{"id":1540,"href":"https:\/\/www.muenster.org\/dfgms\/wp-json\/wp\/v2\/tribe_events\/1199\/revisions\/1540"}],"wp:featuredmedia":[{"embeddable":true,"href":"https:\/\/www.muenster.org\/dfgms\/wp-json\/wp\/v2\/media\/1220"}],"wp:attachment":[{"href":"https:\/\/www.muenster.org\/dfgms\/wp-json\/wp\/v2\/media?parent=1199"}],"wp:term":[{"taxonomy":"post_tag","embeddable":true,"href":"https:\/\/www.muenster.org\/dfgms\/wp-json\/wp\/v2\/tags?post=1199"},{"taxonomy":"tribe_events_cat","embeddable":true,"href":"https:\/\/www.muenster.org\/dfgms\/wp-json\/wp\/v2\/tribe_events_cat?post=1199"}],"curies":[{"name":"wp","href":"https:\/\/api.w.org\/{rel}","templated":true}]}}