{"id":1179,"date":"2025-08-25T23:29:53","date_gmt":"2025-08-25T21:29:53","guid":{"rendered":"https:\/\/www.muenster.org\/dfgms\/?post_type=tribe_events&#038;p=1179"},"modified":"2025-10-24T02:31:29","modified_gmt":"2025-10-24T00:31:29","slug":"table-ronde-15","status":"publish","type":"tribe_events","link":"https:\/\/www.muenster.org\/dfgms\/event\/table-ronde-15\/","title":{"rendered":"Table ronde"},"content":{"rendered":"<p>Jeden ersten und dritten Montag im Monat, ab 20 Uhr, findet unser offener Stammtisch im <a href=\"https:\/\/cafe-wolters.de\/\" target=\"_blank\" rel=\"noopener\">Caf\u00e9 Wolters I<\/a>, Hammerstra\u00dfe 37, in M\u00fcnster statt.<\/p>\n<p>Hier treffen sich sowohl die DFG-Mitglieder als auch Freunde oder \u2026 einfach Neugierige. Am Stammtisch sind meistens Vertreter verschiedener L\u00e4nder und Generationen anwesend, was f\u00fcr anregenden Austausch sorgt. Dabei wird \u2013 je nach Lust und Laune (oder Mut?) Deutsch oder Franz\u00f6sisch gesprochen, denn oft sitzen auch frankophone Personen mit am Tisch.<\/p>\n<p>Am Stammtisch kann man sich den spontan organisierten Helferteams f\u00fcr eine von unseren \u00f6ffentlichen Veranstaltungen anschlie\u00dfen oder auch Anschluss an andere innerhalb der DFG wirkende Projekte finden. Und wenn ein Mitglied nach Gleichgesinnten f\u00fcr die Verwirklichung einer neuen Idee im Rahmen des DFG-Programms Ausschau h\u00e4lt, so beginnt die Suche selbstverst\u00e4dlich am Stammtisch.<\/p>\n","protected":false},"excerpt":{"rendered":"<p>Jeden ersten und dritten Montag im Monat, ab 20 Uhr, findet unser offener Stammtisch im Caf\u00e9 Wolters I, Hammerstra\u00dfe 37, in M\u00fcnster statt. Hier treffen sich sowohl die DFG-Mitglieder als auch Freunde oder \u2026 einfach Neugierige. Am Stammtisch sind meistens Vertreter verschiedener L\u00e4nder und Generationen anwesend, was f\u00fcr anregenden Austausch sorgt. Dabei wird \u2013 je nach Lust und Laune (oder<\/p>\n","protected":false},"author":4,"featured_media":0,"template":"","meta":{"_tribe_events_status":"","_tribe_events_status_reason":"","footnotes":""},"tags":[],"tribe_events_cat":[27],"class_list":["post-1179","tribe_events","type-tribe_events","status-publish","hentry","tribe_events_cat-table-ronde","cat_table-ronde"],"yoast_head":"<!-- This site is optimized with the Yoast SEO plugin v26.0 - https:\/\/yoast.com\/wordpress\/plugins\/seo\/ -->\n<title>Table ronde - Deutsch-Franz\u00f6sische Gesellschaft M\u00fcnster e.V.<\/title>\n<meta name=\"robots\" content=\"index, follow, max-snippet:-1, max-image-preview:large, max-video-preview:-1\" \/>\n<link rel=\"canonical\" href=\"https:\/\/www.muenster.org\/dfgms\/event\/table-ronde-15\/\" \/>\n<meta property=\"og:locale\" content=\"de_DE\" \/>\n<meta property=\"og:type\" content=\"article\" \/>\n<meta property=\"og:title\" content=\"Table ronde - Deutsch-Franz\u00f6sische Gesellschaft M\u00fcnster e.V.\" \/>\n<meta property=\"og:description\" content=\"Jeden ersten und dritten Montag im Monat, ab 20 Uhr, findet unser offener Stammtisch im Caf\u00e9 Wolters I, Hammerstra\u00dfe 37, in M\u00fcnster statt. Hier treffen sich sowohl die DFG-Mitglieder als auch Freunde oder \u2026 einfach Neugierige. Am Stammtisch sind meistens Vertreter verschiedener L\u00e4nder und Generationen anwesend, was f\u00fcr anregenden Austausch sorgt. Dabei wird \u2013 je nach Lust und Laune (oder\" \/>\n<meta property=\"og:url\" content=\"https:\/\/www.muenster.org\/dfgms\/event\/table-ronde-15\/\" \/>\n<meta property=\"og:site_name\" content=\"Deutsch-Franz\u00f6sische Gesellschaft M\u00fcnster e.V.\" \/>\n<meta property=\"article:modified_time\" content=\"2025-10-24T00:31:29+00:00\" \/>\n<meta name=\"twitter:card\" content=\"summary_large_image\" \/>\n<meta name=\"twitter:label1\" content=\"Gesch\u00e4tzte Lesezeit\" \/>\n\t<meta name=\"twitter:data1\" content=\"1\u00a0Minute\" \/>\n<script type=\"application\/ld+json\" class=\"yoast-schema-graph\">{\"@context\":\"https:\/\/schema.org\",\"@graph\":[{\"@type\":\"WebPage\",\"@id\":\"https:\/\/www.muenster.org\/dfgms\/event\/table-ronde-15\/\",\"url\":\"https:\/\/www.muenster.org\/dfgms\/event\/table-ronde-15\/\",\"name\":\"Table ronde - Deutsch-Franz\u00f6sische Gesellschaft M\u00fcnster e.V.\",\"isPartOf\":{\"@id\":\"https:\/\/www.muenster.org\/dfgms\/#website\"},\"datePublished\":\"2025-08-25T21:29:53+00:00\",\"dateModified\":\"2025-10-24T00:31:29+00:00\",\"breadcrumb\":{\"@id\":\"https:\/\/www.muenster.org\/dfgms\/event\/table-ronde-15\/#breadcrumb\"},\"inLanguage\":\"de\",\"potentialAction\":[{\"@type\":\"ReadAction\",\"target\":[\"https:\/\/www.muenster.org\/dfgms\/event\/table-ronde-15\/\"]}]},{\"@type\":\"BreadcrumbList\",\"@id\":\"https:\/\/www.muenster.org\/dfgms\/event\/table-ronde-15\/#breadcrumb\",\"itemListElement\":[{\"@type\":\"ListItem\",\"position\":1,\"name\":\"Startseite\"},{\"@type\":\"ListItem\",\"position\":2,\"name\":\"Veranstaltungen\",\"item\":\"https:\/\/www.muenster.org\/dfgms\/events\/\"},{\"@type\":\"ListItem\",\"position\":3,\"name\":\"Table ronde\"}]},{\"@type\":\"WebSite\",\"@id\":\"https:\/\/www.muenster.org\/dfgms\/#website\",\"url\":\"https:\/\/www.muenster.org\/dfgms\/\",\"name\":\"Deutsch-Franz\u00f6sische Gesellschaft M\u00fcnster e.V.\",\"description\":\"\",\"publisher\":{\"@id\":\"https:\/\/www.muenster.org\/dfgms\/#organization\"},\"potentialAction\":[{\"@type\":\"SearchAction\",\"target\":{\"@type\":\"EntryPoint\",\"urlTemplate\":\"https:\/\/www.muenster.org\/dfgms\/?s={search_term_string}\"},\"query-input\":{\"@type\":\"PropertyValueSpecification\",\"valueRequired\":true,\"valueName\":\"search_term_string\"}}],\"inLanguage\":\"de\"},{\"@type\":\"Organization\",\"@id\":\"https:\/\/www.muenster.org\/dfgms\/#organization\",\"name\":\"Deutsch-Franz\u00f6sische Gesellschaft M\u00fcnster e.V.\",\"url\":\"https:\/\/www.muenster.org\/dfgms\/\",\"logo\":{\"@type\":\"ImageObject\",\"inLanguage\":\"de\",\"@id\":\"https:\/\/www.muenster.org\/dfgms\/#\/schema\/logo\/image\/\",\"url\":\"https:\/\/www.muenster.org\/dfgms\/wp-content\/uploads\/2025\/10\/NewLogoYellow-140x140-1-e1764328303462.jpg\",\"contentUrl\":\"https:\/\/www.muenster.org\/dfgms\/wp-content\/uploads\/2025\/10\/NewLogoYellow-140x140-1-e1764328303462.jpg\",\"width\":110,\"height\":108,\"caption\":\"Deutsch-Franz\u00f6sische Gesellschaft M\u00fcnster e.V.\"},\"image\":{\"@id\":\"https:\/\/www.muenster.org\/dfgms\/#\/schema\/logo\/image\/\"}}]}<\/script>\n<!-- \/ Yoast SEO plugin. -->","yoast_head_json":{"title":"Table ronde - Deutsch-Franz\u00f6sische Gesellschaft M\u00fcnster e.V.","robots":{"index":"index","follow":"follow","max-snippet":"max-snippet:-1","max-image-preview":"max-image-preview:large","max-video-preview":"max-video-preview:-1"},"canonical":"https:\/\/www.muenster.org\/dfgms\/event\/table-ronde-15\/","og_locale":"de_DE","og_type":"article","og_title":"Table ronde - Deutsch-Franz\u00f6sische Gesellschaft M\u00fcnster e.V.","og_description":"Jeden ersten und dritten Montag im Monat, ab 20 Uhr, findet unser offener Stammtisch im Caf\u00e9 Wolters I, Hammerstra\u00dfe 37, in M\u00fcnster statt. Hier treffen sich sowohl die DFG-Mitglieder als auch Freunde oder \u2026 einfach Neugierige. Am Stammtisch sind meistens Vertreter verschiedener L\u00e4nder und Generationen anwesend, was f\u00fcr anregenden Austausch sorgt. Dabei wird \u2013 je nach Lust und Laune (oder","og_url":"https:\/\/www.muenster.org\/dfgms\/event\/table-ronde-15\/","og_site_name":"Deutsch-Franz\u00f6sische Gesellschaft M\u00fcnster e.V.","article_modified_time":"2025-10-24T00:31:29+00:00","twitter_card":"summary_large_image","twitter_misc":{"Gesch\u00e4tzte Lesezeit":"1\u00a0Minute"},"schema":{"@context":"https:\/\/schema.org","@graph":[{"@type":"WebPage","@id":"https:\/\/www.muenster.org\/dfgms\/event\/table-ronde-15\/","url":"https:\/\/www.muenster.org\/dfgms\/event\/table-ronde-15\/","name":"Table ronde - Deutsch-Franz\u00f6sische Gesellschaft M\u00fcnster e.V.","isPartOf":{"@id":"https:\/\/www.muenster.org\/dfgms\/#website"},"datePublished":"2025-08-25T21:29:53+00:00","dateModified":"2025-10-24T00:31:29+00:00","breadcrumb":{"@id":"https:\/\/www.muenster.org\/dfgms\/event\/table-ronde-15\/#breadcrumb"},"inLanguage":"de","potentialAction":[{"@type":"ReadAction","target":["https:\/\/www.muenster.org\/dfgms\/event\/table-ronde-15\/"]}]},{"@type":"BreadcrumbList","@id":"https:\/\/www.muenster.org\/dfgms\/event\/table-ronde-15\/#breadcrumb","itemListElement":[{"@type":"ListItem","position":1,"name":"Startseite"},{"@type":"ListItem","position":2,"name":"Veranstaltungen","item":"https:\/\/www.muenster.org\/dfgms\/events\/"},{"@type":"ListItem","position":3,"name":"Table ronde"}]},{"@type":"WebSite","@id":"https:\/\/www.muenster.org\/dfgms\/#website","url":"https:\/\/www.muenster.org\/dfgms\/","name":"Deutsch-Franz\u00f6sische Gesellschaft M\u00fcnster e.V.","description":"","publisher":{"@id":"https:\/\/www.muenster.org\/dfgms\/#organization"},"potentialAction":[{"@type":"SearchAction","target":{"@type":"EntryPoint","urlTemplate":"https:\/\/www.muenster.org\/dfgms\/?s={search_term_string}"},"query-input":{"@type":"PropertyValueSpecification","valueRequired":true,"valueName":"search_term_string"}}],"inLanguage":"de"},{"@type":"Organization","@id":"https:\/\/www.muenster.org\/dfgms\/#organization","name":"Deutsch-Franz\u00f6sische Gesellschaft M\u00fcnster e.V.","url":"https:\/\/www.muenster.org\/dfgms\/","logo":{"@type":"ImageObject","inLanguage":"de","@id":"https:\/\/www.muenster.org\/dfgms\/#\/schema\/logo\/image\/","url":"https:\/\/www.muenster.org\/dfgms\/wp-content\/uploads\/2025\/10\/NewLogoYellow-140x140-1-e1764328303462.jpg","contentUrl":"https:\/\/www.muenster.org\/dfgms\/wp-content\/uploads\/2025\/10\/NewLogoYellow-140x140-1-e1764328303462.jpg","width":110,"height":108,"caption":"Deutsch-Franz\u00f6sische Gesellschaft M\u00fcnster e.V."},"image":{"@id":"https:\/\/www.muenster.org\/dfgms\/#\/schema\/logo\/image\/"}}]}},"_links":{"self":[{"href":"https:\/\/www.muenster.org\/dfgms\/wp-json\/wp\/v2\/tribe_events\/1179","targetHints":{"allow":["GET"]}}],"collection":[{"href":"https:\/\/www.muenster.org\/dfgms\/wp-json\/wp\/v2\/tribe_events"}],"about":[{"href":"https:\/\/www.muenster.org\/dfgms\/wp-json\/wp\/v2\/types\/tribe_events"}],"author":[{"embeddable":true,"href":"https:\/\/www.muenster.org\/dfgms\/wp-json\/wp\/v2\/users\/4"}],"version-history":[{"count":2,"href":"https:\/\/www.muenster.org\/dfgms\/wp-json\/wp\/v2\/tribe_events\/1179\/revisions"}],"predecessor-version":[{"id":1321,"href":"https:\/\/www.muenster.org\/dfgms\/wp-json\/wp\/v2\/tribe_events\/1179\/revisions\/1321"}],"wp:attachment":[{"href":"https:\/\/www.muenster.org\/dfgms\/wp-json\/wp\/v2\/media?parent=1179"}],"wp:term":[{"taxonomy":"post_tag","embeddable":true,"href":"https:\/\/www.muenster.org\/dfgms\/wp-json\/wp\/v2\/tags?post=1179"},{"taxonomy":"tribe_events_cat","embeddable":true,"href":"https:\/\/www.muenster.org\/dfgms\/wp-json\/wp\/v2\/tribe_events_cat?post=1179"}],"curies":[{"name":"wp","href":"https:\/\/api.w.org\/{rel}","templated":true}]}}