{"id":1171,"date":"2025-08-25T23:26:16","date_gmt":"2025-08-25T21:26:16","guid":{"rendered":"https:\/\/www.muenster.org\/dfgms\/?post_type=tribe_events&#038;p=1171"},"modified":"2025-09-15T23:02:34","modified_gmt":"2025-09-15T21:02:34","slug":"table-ronde-11","status":"publish","type":"tribe_events","link":"https:\/\/www.muenster.org\/dfgms\/event\/table-ronde-11\/","title":{"rendered":"Soir\u00e9e d&#8217;automne (Tarte \u00e0 l&#8217;oignon)"},"content":{"rendered":"<p>Liebe Mitglieder und Freunde der DFG,<\/p>\n<p>&nbsp;<\/p>\n<p>am Montag, 06.10.2024, um 19.00 Uhr findet unser herbstlicher Abend mit Zwiebelkuchen und Federweissem statt.<\/p>\n<p>Wir treffen uns dazu im Schnabulenz, Geiststrasse 50, M\u00fcnster.<\/p>\n<p>F\u00fcr eine ungef\u00e4hre Planung bitten wir um Anmeldung bis zum 14.10.2024 \u00fcber unsere Mail-Adresse dfg@muenster.de<\/p>\n<p>Ein sch\u00f6nes Wochenende!<\/p>\n<p>&nbsp;<\/p>\n<p>Viele Gr\u00fc\u00dfe<\/p>\n<p>&nbsp;<\/p>\n<p>Deutsch-franz\u00f6sische Gesellschaft M\u00fcnster e.V.<\/p>\n<p>&nbsp;<\/p>\n<p>Chers amis de l&#8217;association franco-allemande,<\/p>\n<p>le lundi 6 octobre 2024 \u00e0 19:00, nous partagerons la tarte \u00e0 l&#8217;oignon avec le vin nouveau.<\/p>\n<p>Nous nous retrouverons au Schnabulenz, Geiststrasse 50, 48151 M\u00fcnster.<\/p>\n<p>Pour pouvoir planifier, nous vous prions de bien vouloir nous contacter jusqu&#8217;au 29 septembre 2025 par notre adresse email dfg@muenster.de<\/p>\n<p>A bient\u00f4t<\/p>\n","protected":false},"excerpt":{"rendered":"<p>Liebe Mitglieder und Freunde der DFG, &nbsp; am Montag, 06.10.2024, um 19.00 Uhr findet unser herbstlicher Abend mit Zwiebelkuchen und Federweissem statt. Wir treffen uns dazu im Schnabulenz, Geiststrasse 50, M\u00fcnster. F\u00fcr eine ungef\u00e4hre Planung bitten wir um Anmeldung bis zum 14.10.2024 \u00fcber unsere Mail-Adresse dfg@muenster.de Ein sch\u00f6nes Wochenende! &nbsp; Viele Gr\u00fc\u00dfe &nbsp; Deutsch-franz\u00f6sische Gesellschaft M\u00fcnster e.V. &nbsp; Chers amis<\/p>\n","protected":false},"author":4,"featured_media":993,"template":"","meta":{"_tribe_events_status":"","_tribe_events_status_reason":"","footnotes":""},"tags":[],"tribe_events_cat":[27],"class_list":["post-1171","tribe_events","type-tribe_events","status-publish","has-post-thumbnail","hentry","tribe_events_cat-table-ronde","cat_table-ronde"],"yoast_head":"<!-- This site is optimized with the Yoast SEO plugin v26.0 - https:\/\/yoast.com\/wordpress\/plugins\/seo\/ -->\n<title>Soir\u00e9e d&#039;automne (Tarte \u00e0 l&#039;oignon) - Deutsch-Franz\u00f6sische Gesellschaft M\u00fcnster e.V.<\/title>\n<meta name=\"robots\" content=\"index, follow, max-snippet:-1, max-image-preview:large, max-video-preview:-1\" \/>\n<link rel=\"canonical\" href=\"https:\/\/www.muenster.org\/dfgms\/event\/table-ronde-11\/\" \/>\n<meta property=\"og:locale\" content=\"de_DE\" \/>\n<meta property=\"og:type\" content=\"article\" \/>\n<meta property=\"og:title\" content=\"Soir\u00e9e d&#039;automne (Tarte \u00e0 l&#039;oignon) - Deutsch-Franz\u00f6sische Gesellschaft M\u00fcnster e.V.\" \/>\n<meta property=\"og:description\" content=\"Liebe Mitglieder und Freunde der DFG, &nbsp; am Montag, 06.10.2024, um 19.00 Uhr findet unser herbstlicher Abend mit Zwiebelkuchen und Federweissem statt. Wir treffen uns dazu im Schnabulenz, Geiststrasse 50, M\u00fcnster. F\u00fcr eine ungef\u00e4hre Planung bitten wir um Anmeldung bis zum 14.10.2024 \u00fcber unsere Mail-Adresse dfg@muenster.de Ein sch\u00f6nes Wochenende! &nbsp; Viele Gr\u00fc\u00dfe &nbsp; Deutsch-franz\u00f6sische Gesellschaft M\u00fcnster e.V. &nbsp; Chers amis\" \/>\n<meta property=\"og:url\" content=\"https:\/\/www.muenster.org\/dfgms\/event\/table-ronde-11\/\" \/>\n<meta property=\"og:site_name\" content=\"Deutsch-Franz\u00f6sische Gesellschaft M\u00fcnster e.V.\" \/>\n<meta property=\"article:modified_time\" content=\"2025-09-15T21:02:34+00:00\" \/>\n<meta property=\"og:image\" content=\"\/\/www.muenster.org\/dfgms\/wp-content\/uploads\/2024\/10\/Zwiebelkuchen_und_Federweisser-scaled.jpg\" \/>\n\t<meta property=\"og:image:width\" content=\"2560\" \/>\n\t<meta property=\"og:image:height\" content=\"1920\" \/>\n\t<meta property=\"og:image:type\" content=\"image\/jpeg\" \/>\n<meta name=\"twitter:card\" content=\"summary_large_image\" \/>\n<meta name=\"twitter:label1\" content=\"Gesch\u00e4tzte Lesezeit\" \/>\n\t<meta name=\"twitter:data1\" content=\"1\u00a0Minute\" \/>\n<script type=\"application\/ld+json\" class=\"yoast-schema-graph\">{\"@context\":\"https:\/\/schema.org\",\"@graph\":[{\"@type\":\"WebPage\",\"@id\":\"https:\/\/www.muenster.org\/dfgms\/event\/table-ronde-11\/\",\"url\":\"https:\/\/www.muenster.org\/dfgms\/event\/table-ronde-11\/\",\"name\":\"Soir\u00e9e d'automne (Tarte \u00e0 l'oignon) - Deutsch-Franz\u00f6sische Gesellschaft M\u00fcnster e.V.\",\"isPartOf\":{\"@id\":\"https:\/\/www.muenster.org\/dfgms\/#website\"},\"primaryImageOfPage\":{\"@id\":\"https:\/\/www.muenster.org\/dfgms\/event\/table-ronde-11\/#primaryimage\"},\"image\":{\"@id\":\"https:\/\/www.muenster.org\/dfgms\/event\/table-ronde-11\/#primaryimage\"},\"thumbnailUrl\":\"https:\/\/www.muenster.org\/dfgms\/wp-content\/uploads\/2024\/10\/Zwiebelkuchen_und_Federweisser-scaled.jpg\",\"datePublished\":\"2025-08-25T21:26:16+00:00\",\"dateModified\":\"2025-09-15T21:02:34+00:00\",\"breadcrumb\":{\"@id\":\"https:\/\/www.muenster.org\/dfgms\/event\/table-ronde-11\/#breadcrumb\"},\"inLanguage\":\"de\",\"potentialAction\":[{\"@type\":\"ReadAction\",\"target\":[\"https:\/\/www.muenster.org\/dfgms\/event\/table-ronde-11\/\"]}]},{\"@type\":\"ImageObject\",\"inLanguage\":\"de\",\"@id\":\"https:\/\/www.muenster.org\/dfgms\/event\/table-ronde-11\/#primaryimage\",\"url\":\"https:\/\/www.muenster.org\/dfgms\/wp-content\/uploads\/2024\/10\/Zwiebelkuchen_und_Federweisser-scaled.jpg\",\"contentUrl\":\"https:\/\/www.muenster.org\/dfgms\/wp-content\/uploads\/2024\/10\/Zwiebelkuchen_und_Federweisser-scaled.jpg\",\"width\":2560,\"height\":1920},{\"@type\":\"BreadcrumbList\",\"@id\":\"https:\/\/www.muenster.org\/dfgms\/event\/table-ronde-11\/#breadcrumb\",\"itemListElement\":[{\"@type\":\"ListItem\",\"position\":1,\"name\":\"Startseite\"},{\"@type\":\"ListItem\",\"position\":2,\"name\":\"Veranstaltungen\",\"item\":\"https:\/\/www.muenster.org\/dfgms\/events\/\"},{\"@type\":\"ListItem\",\"position\":3,\"name\":\"Soir\u00e9e d&#8217;automne (Tarte \u00e0 l&#8217;oignon)\"}]},{\"@type\":\"WebSite\",\"@id\":\"https:\/\/www.muenster.org\/dfgms\/#website\",\"url\":\"https:\/\/www.muenster.org\/dfgms\/\",\"name\":\"Deutsch-Franz\u00f6sische Gesellschaft M\u00fcnster e.V.\",\"description\":\"\",\"publisher\":{\"@id\":\"https:\/\/www.muenster.org\/dfgms\/#organization\"},\"potentialAction\":[{\"@type\":\"SearchAction\",\"target\":{\"@type\":\"EntryPoint\",\"urlTemplate\":\"https:\/\/www.muenster.org\/dfgms\/?s={search_term_string}\"},\"query-input\":{\"@type\":\"PropertyValueSpecification\",\"valueRequired\":true,\"valueName\":\"search_term_string\"}}],\"inLanguage\":\"de\"},{\"@type\":\"Organization\",\"@id\":\"https:\/\/www.muenster.org\/dfgms\/#organization\",\"name\":\"Deutsch-Franz\u00f6sische Gesellschaft M\u00fcnster e.V.\",\"url\":\"https:\/\/www.muenster.org\/dfgms\/\",\"logo\":{\"@type\":\"ImageObject\",\"inLanguage\":\"de\",\"@id\":\"https:\/\/www.muenster.org\/dfgms\/#\/schema\/logo\/image\/\",\"url\":\"https:\/\/www.muenster.org\/dfgms\/wp-content\/uploads\/2025\/10\/NewLogoYellow-140x140-1-e1764328303462.jpg\",\"contentUrl\":\"https:\/\/www.muenster.org\/dfgms\/wp-content\/uploads\/2025\/10\/NewLogoYellow-140x140-1-e1764328303462.jpg\",\"width\":110,\"height\":108,\"caption\":\"Deutsch-Franz\u00f6sische Gesellschaft M\u00fcnster e.V.\"},\"image\":{\"@id\":\"https:\/\/www.muenster.org\/dfgms\/#\/schema\/logo\/image\/\"}}]}<\/script>\n<!-- \/ Yoast SEO plugin. -->","yoast_head_json":{"title":"Soir\u00e9e d'automne (Tarte \u00e0 l'oignon) - Deutsch-Franz\u00f6sische Gesellschaft M\u00fcnster e.V.","robots":{"index":"index","follow":"follow","max-snippet":"max-snippet:-1","max-image-preview":"max-image-preview:large","max-video-preview":"max-video-preview:-1"},"canonical":"https:\/\/www.muenster.org\/dfgms\/event\/table-ronde-11\/","og_locale":"de_DE","og_type":"article","og_title":"Soir\u00e9e d'automne (Tarte \u00e0 l'oignon) - Deutsch-Franz\u00f6sische Gesellschaft M\u00fcnster e.V.","og_description":"Liebe Mitglieder und Freunde der DFG, &nbsp; am Montag, 06.10.2024, um 19.00 Uhr findet unser herbstlicher Abend mit Zwiebelkuchen und Federweissem statt. Wir treffen uns dazu im Schnabulenz, Geiststrasse 50, M\u00fcnster. F\u00fcr eine ungef\u00e4hre Planung bitten wir um Anmeldung bis zum 14.10.2024 \u00fcber unsere Mail-Adresse dfg@muenster.de Ein sch\u00f6nes Wochenende! &nbsp; Viele Gr\u00fc\u00dfe &nbsp; Deutsch-franz\u00f6sische Gesellschaft M\u00fcnster e.V. &nbsp; Chers amis","og_url":"https:\/\/www.muenster.org\/dfgms\/event\/table-ronde-11\/","og_site_name":"Deutsch-Franz\u00f6sische Gesellschaft M\u00fcnster e.V.","article_modified_time":"2025-09-15T21:02:34+00:00","og_image":[{"width":2560,"height":1920,"url":"\/\/www.muenster.org\/dfgms\/wp-content\/uploads\/2024\/10\/Zwiebelkuchen_und_Federweisser-scaled.jpg","type":"image\/jpeg"}],"twitter_card":"summary_large_image","twitter_misc":{"Gesch\u00e4tzte Lesezeit":"1\u00a0Minute"},"schema":{"@context":"https:\/\/schema.org","@graph":[{"@type":"WebPage","@id":"https:\/\/www.muenster.org\/dfgms\/event\/table-ronde-11\/","url":"https:\/\/www.muenster.org\/dfgms\/event\/table-ronde-11\/","name":"Soir\u00e9e d'automne (Tarte \u00e0 l'oignon) - Deutsch-Franz\u00f6sische Gesellschaft M\u00fcnster e.V.","isPartOf":{"@id":"https:\/\/www.muenster.org\/dfgms\/#website"},"primaryImageOfPage":{"@id":"https:\/\/www.muenster.org\/dfgms\/event\/table-ronde-11\/#primaryimage"},"image":{"@id":"https:\/\/www.muenster.org\/dfgms\/event\/table-ronde-11\/#primaryimage"},"thumbnailUrl":"https:\/\/www.muenster.org\/dfgms\/wp-content\/uploads\/2024\/10\/Zwiebelkuchen_und_Federweisser-scaled.jpg","datePublished":"2025-08-25T21:26:16+00:00","dateModified":"2025-09-15T21:02:34+00:00","breadcrumb":{"@id":"https:\/\/www.muenster.org\/dfgms\/event\/table-ronde-11\/#breadcrumb"},"inLanguage":"de","potentialAction":[{"@type":"ReadAction","target":["https:\/\/www.muenster.org\/dfgms\/event\/table-ronde-11\/"]}]},{"@type":"ImageObject","inLanguage":"de","@id":"https:\/\/www.muenster.org\/dfgms\/event\/table-ronde-11\/#primaryimage","url":"https:\/\/www.muenster.org\/dfgms\/wp-content\/uploads\/2024\/10\/Zwiebelkuchen_und_Federweisser-scaled.jpg","contentUrl":"https:\/\/www.muenster.org\/dfgms\/wp-content\/uploads\/2024\/10\/Zwiebelkuchen_und_Federweisser-scaled.jpg","width":2560,"height":1920},{"@type":"BreadcrumbList","@id":"https:\/\/www.muenster.org\/dfgms\/event\/table-ronde-11\/#breadcrumb","itemListElement":[{"@type":"ListItem","position":1,"name":"Startseite"},{"@type":"ListItem","position":2,"name":"Veranstaltungen","item":"https:\/\/www.muenster.org\/dfgms\/events\/"},{"@type":"ListItem","position":3,"name":"Soir\u00e9e d&#8217;automne (Tarte \u00e0 l&#8217;oignon)"}]},{"@type":"WebSite","@id":"https:\/\/www.muenster.org\/dfgms\/#website","url":"https:\/\/www.muenster.org\/dfgms\/","name":"Deutsch-Franz\u00f6sische Gesellschaft M\u00fcnster e.V.","description":"","publisher":{"@id":"https:\/\/www.muenster.org\/dfgms\/#organization"},"potentialAction":[{"@type":"SearchAction","target":{"@type":"EntryPoint","urlTemplate":"https:\/\/www.muenster.org\/dfgms\/?s={search_term_string}"},"query-input":{"@type":"PropertyValueSpecification","valueRequired":true,"valueName":"search_term_string"}}],"inLanguage":"de"},{"@type":"Organization","@id":"https:\/\/www.muenster.org\/dfgms\/#organization","name":"Deutsch-Franz\u00f6sische Gesellschaft M\u00fcnster e.V.","url":"https:\/\/www.muenster.org\/dfgms\/","logo":{"@type":"ImageObject","inLanguage":"de","@id":"https:\/\/www.muenster.org\/dfgms\/#\/schema\/logo\/image\/","url":"https:\/\/www.muenster.org\/dfgms\/wp-content\/uploads\/2025\/10\/NewLogoYellow-140x140-1-e1764328303462.jpg","contentUrl":"https:\/\/www.muenster.org\/dfgms\/wp-content\/uploads\/2025\/10\/NewLogoYellow-140x140-1-e1764328303462.jpg","width":110,"height":108,"caption":"Deutsch-Franz\u00f6sische Gesellschaft M\u00fcnster e.V."},"image":{"@id":"https:\/\/www.muenster.org\/dfgms\/#\/schema\/logo\/image\/"}}]}},"_links":{"self":[{"href":"https:\/\/www.muenster.org\/dfgms\/wp-json\/wp\/v2\/tribe_events\/1171","targetHints":{"allow":["GET"]}}],"collection":[{"href":"https:\/\/www.muenster.org\/dfgms\/wp-json\/wp\/v2\/tribe_events"}],"about":[{"href":"https:\/\/www.muenster.org\/dfgms\/wp-json\/wp\/v2\/types\/tribe_events"}],"author":[{"embeddable":true,"href":"https:\/\/www.muenster.org\/dfgms\/wp-json\/wp\/v2\/users\/4"}],"version-history":[{"count":3,"href":"https:\/\/www.muenster.org\/dfgms\/wp-json\/wp\/v2\/tribe_events\/1171\/revisions"}],"predecessor-version":[{"id":1198,"href":"https:\/\/www.muenster.org\/dfgms\/wp-json\/wp\/v2\/tribe_events\/1171\/revisions\/1198"}],"wp:featuredmedia":[{"embeddable":true,"href":"https:\/\/www.muenster.org\/dfgms\/wp-json\/wp\/v2\/media\/993"}],"wp:attachment":[{"href":"https:\/\/www.muenster.org\/dfgms\/wp-json\/wp\/v2\/media?parent=1171"}],"wp:term":[{"taxonomy":"post_tag","embeddable":true,"href":"https:\/\/www.muenster.org\/dfgms\/wp-json\/wp\/v2\/tags?post=1171"},{"taxonomy":"tribe_events_cat","embeddable":true,"href":"https:\/\/www.muenster.org\/dfgms\/wp-json\/wp\/v2\/tribe_events_cat?post=1171"}],"curies":[{"name":"wp","href":"https:\/\/api.w.org\/{rel}","templated":true}]}}