{"id":13,"date":"2017-04-20T17:26:14","date_gmt":"2017-04-20T15:26:14","guid":{"rendered":"\/\/www.muenster.org\/dfgms\/wordpress\/?page_id=13"},"modified":"2021-12-20T22:47:49","modified_gmt":"2021-12-20T21:47:49","slug":"home","status":"publish","type":"page","link":"https:\/\/www.muenster.org\/dfgms\/home\/","title":{"rendered":"DFG-Stammtisch"},"content":{"rendered":"<p><strong>\u00a0<\/strong><img loading=\"lazy\" decoding=\"async\" class=\"alignnone size-medium wp-image-72\" src=\"\/\/www.muenster.org\/dfgms\/wordpress\/wp-content\/uploads\/2017\/04\/schnabulenz-300x119.jpeg\" alt=\"\" width=\"300\" height=\"119\" srcset=\"https:\/\/www.muenster.org\/dfgms\/wp-content\/uploads\/2017\/04\/schnabulenz-300x119.jpeg 300w, https:\/\/www.muenster.org\/dfgms\/wp-content\/uploads\/2017\/04\/schnabulenz.jpeg 700w\" sizes=\"auto, (max-width: 300px) 100vw, 300px\" \/><br \/>\nJeden ersten und dritten Montag im Monat, ab 20 Uhr, findet unser offene Stammtisch im <a href=\"https:\/\/cafe-wolters.de\/\">Cafe Wolters<\/a> , Hammerstr. 37 in M\u00fcnster statt.<\/p>\n<p>Hier treffen sich sowohl die DFG-Mitglieder als auch Freunde oder &#8230; einfach Neugierige. Am Stammtisch sind meistens Vertreter verschiedener L\u00e4nder und Generationen anwesend, was f\u00fcr anregenden Austausch sorgt. Dabei wird &#8211; je nach Lust und Laune (oder Mut?) Deutsch oder Franz\u00f6sisch gesprochen, denn oft sitzen auch frankophone Personen mit am Tisch.<\/p>\n<p>Am Stammtisch kann man sich den spontan organisierten Helferteams f\u00fcr eine von unseren \u00f6ffentlichen Veranstaltungen anschlie\u00dfen oder auch Anschluss an andere innerhalb der DFG wirkende Projekte finden. Und wenn ein Mitglied nach Gleichgesinnten f\u00fcr die Verwirklichung einer neuen Idee im Rahmen des DFG-Programms Ausschau h\u00e4lt, so beginnt die Suche selbstverst\u00e4dlich am Stammtisch.<\/p>\n","protected":false},"excerpt":{"rendered":"<p>\u00a0 Jeden ersten und dritten Montag im Monat, ab 20 Uhr, findet unser offene Stammtisch im Cafe Wolters , Hammerstr. 37 in M\u00fcnster statt. Hier treffen sich sowohl die DFG-Mitglieder als auch Freunde oder &#8230; einfach Neugierige. Am Stammtisch sind meistens Vertreter verschiedener L\u00e4nder und Generationen anwesend, was f\u00fcr anregenden Austausch sorgt. Dabei wird &#8211; je nach Lust und Laune<\/p>\n","protected":false},"author":1,"featured_media":0,"parent":0,"menu_order":0,"comment_status":"closed","ping_status":"closed","template":"","meta":{"footnotes":""},"class_list":["post-13","page","type-page","status-publish","hentry"],"yoast_head":"<!-- This site is optimized with the Yoast SEO plugin v26.0 - https:\/\/yoast.com\/wordpress\/plugins\/seo\/ -->\n<title>DFG-Stammtisch - Deutsch-Franz\u00f6sische Gesellschaft M\u00fcnster e.V.<\/title>\n<meta name=\"robots\" content=\"index, follow, max-snippet:-1, max-image-preview:large, max-video-preview:-1\" \/>\n<link rel=\"canonical\" href=\"https:\/\/www.muenster.org\/dfgms\/home\/\" \/>\n<meta property=\"og:locale\" content=\"de_DE\" \/>\n<meta property=\"og:type\" content=\"article\" \/>\n<meta property=\"og:title\" content=\"DFG-Stammtisch - Deutsch-Franz\u00f6sische Gesellschaft M\u00fcnster e.V.\" \/>\n<meta property=\"og:description\" content=\"\u00a0 Jeden ersten und dritten Montag im Monat, ab 20 Uhr, findet unser offene Stammtisch im Cafe Wolters , Hammerstr. 37 in M\u00fcnster statt. Hier treffen sich sowohl die DFG-Mitglieder als auch Freunde oder &#8230; einfach Neugierige. Am Stammtisch sind meistens Vertreter verschiedener L\u00e4nder und Generationen anwesend, was f\u00fcr anregenden Austausch sorgt. Dabei wird &#8211; je nach Lust und Laune\" \/>\n<meta property=\"og:url\" content=\"https:\/\/www.muenster.org\/dfgms\/home\/\" \/>\n<meta property=\"og:site_name\" content=\"Deutsch-Franz\u00f6sische Gesellschaft M\u00fcnster e.V.\" \/>\n<meta property=\"article:modified_time\" content=\"2021-12-20T21:47:49+00:00\" \/>\n<meta property=\"og:image\" content=\"\/\/www.muenster.org\/dfgms\/wordpress\/wp-content\/uploads\/2017\/04\/schnabulenz-300x119.jpeg\" \/>\n<meta name=\"twitter:card\" content=\"summary_large_image\" \/>\n<meta name=\"twitter:label1\" content=\"Gesch\u00e4tzte Lesezeit\" \/>\n\t<meta name=\"twitter:data1\" content=\"1\u00a0Minute\" \/>\n<script type=\"application\/ld+json\" class=\"yoast-schema-graph\">{\"@context\":\"https:\/\/schema.org\",\"@graph\":[{\"@type\":\"WebPage\",\"@id\":\"https:\/\/www.muenster.org\/dfgms\/home\/\",\"url\":\"https:\/\/www.muenster.org\/dfgms\/home\/\",\"name\":\"DFG-Stammtisch - Deutsch-Franz\u00f6sische Gesellschaft M\u00fcnster e.V.\",\"isPartOf\":{\"@id\":\"https:\/\/www.muenster.org\/dfgms\/#website\"},\"datePublished\":\"2017-04-20T15:26:14+00:00\",\"dateModified\":\"2021-12-20T21:47:49+00:00\",\"breadcrumb\":{\"@id\":\"https:\/\/www.muenster.org\/dfgms\/home\/#breadcrumb\"},\"inLanguage\":\"de\",\"potentialAction\":[{\"@type\":\"ReadAction\",\"target\":[\"https:\/\/www.muenster.org\/dfgms\/home\/\"]}]},{\"@type\":\"BreadcrumbList\",\"@id\":\"https:\/\/www.muenster.org\/dfgms\/home\/#breadcrumb\",\"itemListElement\":[{\"@type\":\"ListItem\",\"position\":1,\"name\":\"Startseite\"},{\"@type\":\"ListItem\",\"position\":2,\"name\":\"DFG-Stammtisch\"}]},{\"@type\":\"WebSite\",\"@id\":\"https:\/\/www.muenster.org\/dfgms\/#website\",\"url\":\"https:\/\/www.muenster.org\/dfgms\/\",\"name\":\"Deutsch-Franz\u00f6sische Gesellschaft M\u00fcnster e.V.\",\"description\":\"\",\"publisher\":{\"@id\":\"https:\/\/www.muenster.org\/dfgms\/#organization\"},\"potentialAction\":[{\"@type\":\"SearchAction\",\"target\":{\"@type\":\"EntryPoint\",\"urlTemplate\":\"https:\/\/www.muenster.org\/dfgms\/?s={search_term_string}\"},\"query-input\":{\"@type\":\"PropertyValueSpecification\",\"valueRequired\":true,\"valueName\":\"search_term_string\"}}],\"inLanguage\":\"de\"},{\"@type\":\"Organization\",\"@id\":\"https:\/\/www.muenster.org\/dfgms\/#organization\",\"name\":\"Deutsch-Franz\u00f6sische Gesellschaft M\u00fcnster e.V.\",\"url\":\"https:\/\/www.muenster.org\/dfgms\/\",\"logo\":{\"@type\":\"ImageObject\",\"inLanguage\":\"de\",\"@id\":\"https:\/\/www.muenster.org\/dfgms\/#\/schema\/logo\/image\/\",\"url\":\"https:\/\/www.muenster.org\/dfgms\/wp-content\/uploads\/2025\/10\/NewLogoYellow-140x140-1-e1764328303462.jpg\",\"contentUrl\":\"https:\/\/www.muenster.org\/dfgms\/wp-content\/uploads\/2025\/10\/NewLogoYellow-140x140-1-e1764328303462.jpg\",\"width\":110,\"height\":108,\"caption\":\"Deutsch-Franz\u00f6sische Gesellschaft M\u00fcnster e.V.\"},\"image\":{\"@id\":\"https:\/\/www.muenster.org\/dfgms\/#\/schema\/logo\/image\/\"}}]}<\/script>\n<!-- \/ Yoast SEO plugin. -->","yoast_head_json":{"title":"DFG-Stammtisch - Deutsch-Franz\u00f6sische Gesellschaft M\u00fcnster e.V.","robots":{"index":"index","follow":"follow","max-snippet":"max-snippet:-1","max-image-preview":"max-image-preview:large","max-video-preview":"max-video-preview:-1"},"canonical":"https:\/\/www.muenster.org\/dfgms\/home\/","og_locale":"de_DE","og_type":"article","og_title":"DFG-Stammtisch - Deutsch-Franz\u00f6sische Gesellschaft M\u00fcnster e.V.","og_description":"\u00a0 Jeden ersten und dritten Montag im Monat, ab 20 Uhr, findet unser offene Stammtisch im Cafe Wolters , Hammerstr. 37 in M\u00fcnster statt. Hier treffen sich sowohl die DFG-Mitglieder als auch Freunde oder &#8230; einfach Neugierige. Am Stammtisch sind meistens Vertreter verschiedener L\u00e4nder und Generationen anwesend, was f\u00fcr anregenden Austausch sorgt. Dabei wird &#8211; je nach Lust und Laune","og_url":"https:\/\/www.muenster.org\/dfgms\/home\/","og_site_name":"Deutsch-Franz\u00f6sische Gesellschaft M\u00fcnster e.V.","article_modified_time":"2021-12-20T21:47:49+00:00","og_image":[{"url":"\/\/www.muenster.org\/dfgms\/wordpress\/wp-content\/uploads\/2017\/04\/schnabulenz-300x119.jpeg","type":"","width":"","height":""}],"twitter_card":"summary_large_image","twitter_misc":{"Gesch\u00e4tzte Lesezeit":"1\u00a0Minute"},"schema":{"@context":"https:\/\/schema.org","@graph":[{"@type":"WebPage","@id":"https:\/\/www.muenster.org\/dfgms\/home\/","url":"https:\/\/www.muenster.org\/dfgms\/home\/","name":"DFG-Stammtisch - Deutsch-Franz\u00f6sische Gesellschaft M\u00fcnster e.V.","isPartOf":{"@id":"https:\/\/www.muenster.org\/dfgms\/#website"},"datePublished":"2017-04-20T15:26:14+00:00","dateModified":"2021-12-20T21:47:49+00:00","breadcrumb":{"@id":"https:\/\/www.muenster.org\/dfgms\/home\/#breadcrumb"},"inLanguage":"de","potentialAction":[{"@type":"ReadAction","target":["https:\/\/www.muenster.org\/dfgms\/home\/"]}]},{"@type":"BreadcrumbList","@id":"https:\/\/www.muenster.org\/dfgms\/home\/#breadcrumb","itemListElement":[{"@type":"ListItem","position":1,"name":"Startseite"},{"@type":"ListItem","position":2,"name":"DFG-Stammtisch"}]},{"@type":"WebSite","@id":"https:\/\/www.muenster.org\/dfgms\/#website","url":"https:\/\/www.muenster.org\/dfgms\/","name":"Deutsch-Franz\u00f6sische Gesellschaft M\u00fcnster e.V.","description":"","publisher":{"@id":"https:\/\/www.muenster.org\/dfgms\/#organization"},"potentialAction":[{"@type":"SearchAction","target":{"@type":"EntryPoint","urlTemplate":"https:\/\/www.muenster.org\/dfgms\/?s={search_term_string}"},"query-input":{"@type":"PropertyValueSpecification","valueRequired":true,"valueName":"search_term_string"}}],"inLanguage":"de"},{"@type":"Organization","@id":"https:\/\/www.muenster.org\/dfgms\/#organization","name":"Deutsch-Franz\u00f6sische Gesellschaft M\u00fcnster e.V.","url":"https:\/\/www.muenster.org\/dfgms\/","logo":{"@type":"ImageObject","inLanguage":"de","@id":"https:\/\/www.muenster.org\/dfgms\/#\/schema\/logo\/image\/","url":"https:\/\/www.muenster.org\/dfgms\/wp-content\/uploads\/2025\/10\/NewLogoYellow-140x140-1-e1764328303462.jpg","contentUrl":"https:\/\/www.muenster.org\/dfgms\/wp-content\/uploads\/2025\/10\/NewLogoYellow-140x140-1-e1764328303462.jpg","width":110,"height":108,"caption":"Deutsch-Franz\u00f6sische Gesellschaft M\u00fcnster e.V."},"image":{"@id":"https:\/\/www.muenster.org\/dfgms\/#\/schema\/logo\/image\/"}}]}},"_links":{"self":[{"href":"https:\/\/www.muenster.org\/dfgms\/wp-json\/wp\/v2\/pages\/13","targetHints":{"allow":["GET"]}}],"collection":[{"href":"https:\/\/www.muenster.org\/dfgms\/wp-json\/wp\/v2\/pages"}],"about":[{"href":"https:\/\/www.muenster.org\/dfgms\/wp-json\/wp\/v2\/types\/page"}],"author":[{"embeddable":true,"href":"https:\/\/www.muenster.org\/dfgms\/wp-json\/wp\/v2\/users\/1"}],"replies":[{"embeddable":true,"href":"https:\/\/www.muenster.org\/dfgms\/wp-json\/wp\/v2\/comments?post=13"}],"version-history":[{"count":6,"href":"https:\/\/www.muenster.org\/dfgms\/wp-json\/wp\/v2\/pages\/13\/revisions"}],"predecessor-version":[{"id":805,"href":"https:\/\/www.muenster.org\/dfgms\/wp-json\/wp\/v2\/pages\/13\/revisions\/805"}],"wp:attachment":[{"href":"https:\/\/www.muenster.org\/dfgms\/wp-json\/wp\/v2\/media?parent=13"}],"curies":[{"name":"wp","href":"https:\/\/api.w.org\/{rel}","templated":true}]}}