{"id":223,"date":"2010-03-01T01:38:15","date_gmt":"2010-02-28T23:38:15","guid":{"rendered":"http:\/\/www.muenster.org\/ams\/?page_id=223"},"modified":"2026-04-12T19:30:20","modified_gmt":"2026-04-12T18:30:20","slug":"startseite","status":"publish","type":"page","link":"https:\/\/www.muenster.org\/ams\/","title":{"rendered":"Startseite"},"content":{"rendered":"<h3 class=\"notranslate\" style=\"text-align: center;\"><span style=\"color: #008000;\"><strong><em>Sch\u00f6n, dass Sie bei uns vorbeischauen!<\/em><\/strong><\/span><\/h3>\n<h3 class=\"notranslate\" style=\"text-align: center;\"><span style=\"color: #008000;\"><strong><em>Unsere Selbsthilfegruppe f\u00fcr Aphasiker in M\u00fcnster hei\u00dft Sie herzlich willkommen!\u00a0<\/em><\/strong><\/span><\/h3>\n<p>&nbsp;<\/p>\n<hr \/>\n<p>&nbsp;<\/p>\n<p>_____________________________________________________________________<\/p>\n<h3 style=\"text-align: left;\"><strong><span style=\"color: #0000ff;\">Termine:<\/span><\/strong><\/h3>\n<ul>\n<li>\n<h4>08.05.2026 Besuch des Landtages NRW D\u00fcsseldorf. Bei Interesse bitte anmelden unter: Heike Marr\u00e9<br \/>\nE-Mail:\u00a0<a href=\"marre@sprechfaehig.de\">marre@sprechfaehig.de<\/a> oder Mobil:<span style=\"color: #0000ff;\"> 0155\/660 667 30<\/span><br \/>\nWeitere Informationen unter:\u00a0\u00a0<a href=\"https:\/\/sprechfaehig.de\/?p=444\">https:\/\/sprechfaehig.de\/?p=444<\/a><\/h4>\n<\/li>\n<li>\n<h4><strong>06.06.2026 Mitgliederversammlung Bundesverband BRA im Kloster Oberzell\/W\u00fcrzburg<br \/>\n<a href=\"https:\/\/www.oberzell.de\/kloster-oberzell\/rundgang\/\">https:\/\/www.oberzell.de\/kloster-oberzell\/rundgang\/<\/a><\/strong><\/h4>\n<\/li>\n<li><strong>13.06.2026 Mitgliederversammlung Landesverband NRW (ANW) im M\u00fchlenhof M\u00fcnster<br \/>\n<a href=\"http:\/\/www.muehlenhof-muenster.org\"><span style=\"color: #333399;\">http:\/\/www.muehlenhof-muenster.org<\/span><\/a><\/strong><\/li>\n<\/ul>\n<p>&nbsp;<\/p>\n<h6><\/h6>\n<h6 style=\"text-align: left;\"><\/h6>\n<p>_________________________________________________________________________<\/p>\n<ul>\n<li>\n<h6><strong>Kontakt: <span style=\"color: #3366ff;\">ams.aphasie.muenster@web.de<\/span><\/strong><\/h6>\n<h6><strong><u>Verbunden mit :<br \/>\n<\/u><\/strong><strong>ANW &#8211; Landesverband der Aphasiker NRW e.V., M\u00fcnster<br \/>\n<\/strong><strong><a href=\"https:\/\/www.aphasiker-nrw.de\/\">https:\/\/www.aphasiker-nrw.de\/<\/a><\/strong><\/h6>\n<h6><strong>BRA \u2013 Bundesverband f. die Rehabiitation der Aphasiker e.V. , W\u00fcrzburg<br \/>\n<\/strong><a href=\"https:\/\/aphasiker.de\/\">https:\/\/aphasiker.de\/<\/a><br \/>\n_______________________________________________________________________________________________<\/h6>\n<\/li>\n<\/ul>\n<h5 style=\"text-align: center;\"><strong>Beitr\u00e4ge u. Spenden sind steuerlich beg\u00fcnstigt !<br \/>\n<\/strong><strong>ANW e.V. Kennzeichen : AMS<br \/>\n<\/strong><strong>IBAN : DE80 3706 0193 2005 1850 10<br \/>\n<\/strong><strong>Pax-Bank f\u00fcr Kirche und Caritas<\/strong><\/h5>\n","protected":false},"excerpt":{"rendered":"<p>Sch\u00f6n, dass Sie bei uns vorbeischauen! Unsere Selbsthilfegruppe f\u00fcr Aphasiker in M\u00fcnster hei\u00dft Sie herzlich willkommen!\u00a0 &nbsp; &nbsp; _____________________________________________________________________ Termine: 08.05.2026 Besuch des Landtages NRW D\u00fcsseldorf. Bei Interesse bitte anmelden unter: Heike Marr\u00e9 E-Mail:\u00a0marre@sprechfaehig.de oder Mobil: 0155\/660 667 30 Weitere Informationen unter:\u00a0\u00a0https:\/\/sprechfaehig.de\/?p=444 06.06.2026 Mitgliederversammlung Bundesverband BRA im Kloster Oberzell\/W\u00fcrzburg https:\/\/www.oberzell.de\/kloster-oberzell\/rundgang\/ 13.06.2026 Mitgliederversammlung Landesverband NRW (ANW) [&hellip;]<\/p>\n","protected":false},"author":1,"featured_media":0,"parent":0,"menu_order":-5,"comment_status":"closed","ping_status":"closed","template":"","meta":{"footnotes":""},"class_list":["post-223","page","type-page","status-publish","hentry"],"_links":{"self":[{"href":"https:\/\/www.muenster.org\/ams\/index.php?rest_route=\/wp\/v2\/pages\/223","targetHints":{"allow":["GET"]}}],"collection":[{"href":"https:\/\/www.muenster.org\/ams\/index.php?rest_route=\/wp\/v2\/pages"}],"about":[{"href":"https:\/\/www.muenster.org\/ams\/index.php?rest_route=\/wp\/v2\/types\/page"}],"author":[{"embeddable":true,"href":"https:\/\/www.muenster.org\/ams\/index.php?rest_route=\/wp\/v2\/users\/1"}],"replies":[{"embeddable":true,"href":"https:\/\/www.muenster.org\/ams\/index.php?rest_route=%2Fwp%2Fv2%2Fcomments&post=223"}],"version-history":[{"count":110,"href":"https:\/\/www.muenster.org\/ams\/index.php?rest_route=\/wp\/v2\/pages\/223\/revisions"}],"predecessor-version":[{"id":1872,"href":"https:\/\/www.muenster.org\/ams\/index.php?rest_route=\/wp\/v2\/pages\/223\/revisions\/1872"}],"wp:attachment":[{"href":"https:\/\/www.muenster.org\/ams\/index.php?rest_route=%2Fwp%2Fv2%2Fmedia&parent=223"}],"curies":[{"name":"wp","href":"https:\/\/api.w.org\/{rel}","templated":true}]}}