{"id":1821,"date":"2025-11-19T17:25:08","date_gmt":"2025-11-19T16:25:08","guid":{"rendered":"https:\/\/www.muenster.org\/ams\/?page_id=1821"},"modified":"2025-11-19T18:32:30","modified_gmt":"2025-11-19T17:32:30","slug":"beitrittserklaerung","status":"publish","type":"page","link":"https:\/\/www.muenster.org\/ams\/?page_id=1821","title":{"rendered":"Mitglied werden"},"content":{"rendered":"<p><strong><span style=\"color: #333333;\">Herzlich willkommen!<\/span><\/strong><\/p>\n<p><span style=\"color: #333333;\">Wir freuen uns sehr in unserer Gemeischaft von Menschen mit Aphasie, Angeh\u00f6rigen und Unterst\u00fczter*innen werden m\u00f6chten.<\/span><\/p>\n<p><span style=\"color: #333333;\">Mit Ihrer Mitgliedschaft st\u00e4rken Sie die Selbsthifegruppe Aphasiker M\u00fcnster (AMS) sowie des Landesverband (ANW) und den Bundesverband (BRA).<\/span><\/p>\n<p><span style=\"color: #333333;\">Gemeinsam setzen wir uns f\u00fcr mehr Teilhabe, Information, Verst\u00e4ndnis und Unterst\u00fctzung im Alltag von Menschen mit Aphasie ein.<\/span><\/p>\n<p><span style=\"color: #333333;\">Bitte f\u00fcllen Sie die Beitrittserkl\u00e4rung in Ruhe aus. Wenn Sie dabei Hilfe ben\u00f6tigen, sprechen Sie uns gerne an &#8211; wir unterst\u00fctzen Sie.<\/span><\/p>\n<p><span style=\"color: #333333;\">Hier ist der der Link der Beitrittserkl\u00e4rung<\/span> <a href=\"http:\/\/www.muenster.org\/ams\/wp-content\/uploads\/2025\/11\/Beitrittserklaerung-1.pdf\">Beitrittserklaerung<\/a><\/p>\n<p><span style=\"color: #333333;\"><strong>Vielen Dank f\u00fcr Ihr Vertrauen und Ihre Mitwirkung<\/strong><\/span><\/p>\n<p>Ihre Selbsthilfegruppe M\u00fcnster (AMS)<br \/>\nMichael Kessmann \/ Leiter<br \/>\nAnnette-Allee 10<br \/>\n48149 M\u00fcnster<\/p>\n<p><a href=\"ams.aphasie.muenster@web.de\">ams.aphasie.muenster@web.de<\/a><\/p>\n<p>&#8212;&#8212;&#8212;&#8212;&#8212;&#8212;&#8212;&#8212;&#8212;&#8212;&#8212;&#8212;&#8212;&#8212;&#8212;&#8212;&#8212;&#8212;&#8212;&#8212;&#8212;&#8212;&#8212;&#8212;&#8212;&#8212;&#8212;&#8212;&#8212;&#8212;&#8212;&#8212;&#8212;&#8212;&#8212;<\/p>\n<ul>\n<li><span style=\"color: #333333;\"><strong>Einzelmitgliedschaft<br \/>\n<\/strong><\/span><span style=\"color: #333333;\">Nur 46,00 \u20ac j\u00e4hrlich\u00a0 inkl. Abonnement der Zeitschrift &#8222;Aphasie und Schlaganfall&#8220; (entspricht etwa 3,80 \u20ac mtl.)<\/span><\/li>\n<li><strong>Doppelmitgliedschaft<\/strong> (f\u00fcr Ehe- oder Lebenspartner):<br \/>\n60,00 \u20ac j\u00e4hrlich inkl. Abonnement der Zeitschrift &#8222;Aphasie und Schlaganfall&#8220;<\/li>\n<\/ul>\n<p>&nbsp;<\/p>\n<p>&nbsp;<\/p>\n","protected":false},"excerpt":{"rendered":"<p>Herzlich willkommen! Wir freuen uns sehr in unserer Gemeischaft von Menschen mit Aphasie, Angeh\u00f6rigen und Unterst\u00fczter*innen werden m\u00f6chten. Mit Ihrer Mitgliedschaft st\u00e4rken Sie die Selbsthifegruppe Aphasiker M\u00fcnster (AMS) sowie des Landesverband (ANW) und den Bundesverband (BRA). Gemeinsam setzen wir uns f\u00fcr mehr Teilhabe, Information, Verst\u00e4ndnis und Unterst\u00fctzung im Alltag von Menschen mit Aphasie ein. Bitte [&hellip;]<\/p>\n","protected":false},"author":1,"featured_media":0,"parent":0,"menu_order":0,"comment_status":"closed","ping_status":"closed","template":"","meta":{"footnotes":""},"class_list":["post-1821","page","type-page","status-publish","hentry"],"_links":{"self":[{"href":"https:\/\/www.muenster.org\/ams\/index.php?rest_route=\/wp\/v2\/pages\/1821","targetHints":{"allow":["GET"]}}],"collection":[{"href":"https:\/\/www.muenster.org\/ams\/index.php?rest_route=\/wp\/v2\/pages"}],"about":[{"href":"https:\/\/www.muenster.org\/ams\/index.php?rest_route=\/wp\/v2\/types\/page"}],"author":[{"embeddable":true,"href":"https:\/\/www.muenster.org\/ams\/index.php?rest_route=\/wp\/v2\/users\/1"}],"replies":[{"embeddable":true,"href":"https:\/\/www.muenster.org\/ams\/index.php?rest_route=%2Fwp%2Fv2%2Fcomments&post=1821"}],"version-history":[{"count":6,"href":"https:\/\/www.muenster.org\/ams\/index.php?rest_route=\/wp\/v2\/pages\/1821\/revisions"}],"predecessor-version":[{"id":1829,"href":"https:\/\/www.muenster.org\/ams\/index.php?rest_route=\/wp\/v2\/pages\/1821\/revisions\/1829"}],"wp:attachment":[{"href":"https:\/\/www.muenster.org\/ams\/index.php?rest_route=%2Fwp%2Fv2%2Fmedia&parent=1821"}],"curies":[{"name":"wp","href":"https:\/\/api.w.org\/{rel}","templated":true}]}}