{"id":1673,"date":"2025-03-30T11:10:19","date_gmt":"2025-03-30T10:10:19","guid":{"rendered":"https:\/\/www.muenster.org\/ams\/?page_id=1673"},"modified":"2025-11-16T23:25:33","modified_gmt":"2025-11-16T22:25:33","slug":"galerie-in-arbeit-2025","status":"publish","type":"page","link":"https:\/\/www.muenster.org\/ams\/?page_id=1673","title":{"rendered":"Galerie"},"content":{"rendered":"<h5><a href=\"http:\/\/www.muenster.org\/ams\/wp-content\/uploads\/2025\/06\/20250621_103720.jpg\" data-lbwps-width=\"2992\" data-lbwps-height=\"2992\" data-lbwps-srcsmall=\"http:\/\/www.muenster.org\/ams\/wp-content\/uploads\/2025\/06\/20250621_103720-300x300.jpg\"><img loading=\"lazy\" decoding=\"async\" class=\" wp-image-1707 alignleft\" src=\"http:\/\/www.muenster.org\/ams\/wp-content\/uploads\/2025\/06\/20250621_103720-300x300.jpg\" alt=\"\" width=\"160\" height=\"160\" srcset=\"https:\/\/www.muenster.org\/ams\/wp-content\/uploads\/2025\/06\/20250621_103720-300x300.jpg 300w, https:\/\/www.muenster.org\/ams\/wp-content\/uploads\/2025\/06\/20250621_103720-1024x1024.jpg 1024w, https:\/\/www.muenster.org\/ams\/wp-content\/uploads\/2025\/06\/20250621_103720-150x150.jpg 150w, https:\/\/www.muenster.org\/ams\/wp-content\/uploads\/2025\/06\/20250621_103720-768x768.jpg 768w, https:\/\/www.muenster.org\/ams\/wp-content\/uploads\/2025\/06\/20250621_103720-1536x1536.jpg 1536w, https:\/\/www.muenster.org\/ams\/wp-content\/uploads\/2025\/06\/20250621_103720-2048x2048.jpg 2048w\" sizes=\"auto, (max-width: 160px) 100vw, 160px\" \/><\/a><a href=\"http:\/\/www.muenster.org\/ams\/wp-content\/uploads\/2025\/06\/20250621_104014.jpg\" data-lbwps-width=\"2992\" data-lbwps-height=\"2992\" data-lbwps-srcsmall=\"http:\/\/www.muenster.org\/ams\/wp-content\/uploads\/2025\/06\/20250621_104014-300x300.jpg\"><img loading=\"lazy\" decoding=\"async\" class=\" wp-image-1708 alignleft\" src=\"http:\/\/www.muenster.org\/ams\/wp-content\/uploads\/2025\/06\/20250621_104014-300x300.jpg\" alt=\"\" width=\"161\" height=\"161\" srcset=\"https:\/\/www.muenster.org\/ams\/wp-content\/uploads\/2025\/06\/20250621_104014-300x300.jpg 300w, https:\/\/www.muenster.org\/ams\/wp-content\/uploads\/2025\/06\/20250621_104014-1024x1024.jpg 1024w, https:\/\/www.muenster.org\/ams\/wp-content\/uploads\/2025\/06\/20250621_104014-150x150.jpg 150w, https:\/\/www.muenster.org\/ams\/wp-content\/uploads\/2025\/06\/20250621_104014-768x768.jpg 768w, https:\/\/www.muenster.org\/ams\/wp-content\/uploads\/2025\/06\/20250621_104014-1536x1536.jpg 1536w, https:\/\/www.muenster.org\/ams\/wp-content\/uploads\/2025\/06\/20250621_104014-2048x2048.jpg 2048w\" sizes=\"auto, (max-width: 161px) 100vw, 161px\" \/><\/a><a href=\"http:\/\/www.muenster.org\/ams\/wp-content\/uploads\/2025\/06\/MV-BRA.jpg\" data-lbwps-width=\"935\" data-lbwps-height=\"1752\" data-lbwps-srcsmall=\"http:\/\/www.muenster.org\/ams\/wp-content\/uploads\/2025\/06\/MV-BRA-160x300.jpg\"><img loading=\"lazy\" decoding=\"async\" class=\" wp-image-1709 alignleft\" src=\"http:\/\/www.muenster.org\/ams\/wp-content\/uploads\/2025\/06\/MV-BRA-160x300.jpg\" alt=\"\" width=\"87\" height=\"164\" srcset=\"https:\/\/www.muenster.org\/ams\/wp-content\/uploads\/2025\/06\/MV-BRA-160x300.jpg 160w, https:\/\/www.muenster.org\/ams\/wp-content\/uploads\/2025\/06\/MV-BRA-546x1024.jpg 546w, https:\/\/www.muenster.org\/ams\/wp-content\/uploads\/2025\/06\/MV-BRA-768x1439.jpg 768w, https:\/\/www.muenster.org\/ams\/wp-content\/uploads\/2025\/06\/MV-BRA-820x1536.jpg 820w, https:\/\/www.muenster.org\/ams\/wp-content\/uploads\/2025\/06\/MV-BRA.jpg 935w\" sizes=\"auto, (max-width: 87px) 100vw, 87px\" \/><span style=\"color: #808080;\"><strong><span style=\"color: #3366ff;\">Fulda 21.06.2026<\/span><br \/>\nIn W\u00fcrdigung von Burkhard Leydag 30-j\u00e4hringem Engagement als Leiter der Selbsthilfegruppe M\u00fcnster AMS wurde ihm die Ehrenmitgliedschaft des Bundesverbandes (BRA) verliehen.<\/strong><\/span><\/a><\/h5>\n<p><span style=\"color: #808080;\"><strong>Die Selbsthilfegruppe gratuliert Burkhard zu dieser besonderen Ehrung herzlich.<\/strong><\/span><\/p>\n<p>&nbsp;<\/p>\n<p>&nbsp;<\/p>\n<hr \/>\n<p>&nbsp;<\/p>\n<h5><a href=\"http:\/\/www.muenster.org\/ams\/wp-content\/uploads\/2024\/09\/Podium_2048x1536.jpg\" data-lbwps-width=\"2048\" data-lbwps-height=\"1536\" data-lbwps-srcsmall=\"http:\/\/www.muenster.org\/ams\/wp-content\/uploads\/2024\/09\/Podium_2048x1536-300x225.jpg\"><img loading=\"lazy\" decoding=\"async\" class=\" wp-image-1474 alignleft\" src=\"http:\/\/www.muenster.org\/ams\/wp-content\/uploads\/2024\/09\/Podium_2048x1536-300x225.jpg\" alt=\"\" width=\"193\" height=\"145\" srcset=\"https:\/\/www.muenster.org\/ams\/wp-content\/uploads\/2024\/09\/Podium_2048x1536-300x225.jpg 300w, https:\/\/www.muenster.org\/ams\/wp-content\/uploads\/2024\/09\/Podium_2048x1536-1024x768.jpg 1024w, https:\/\/www.muenster.org\/ams\/wp-content\/uploads\/2024\/09\/Podium_2048x1536-768x576.jpg 768w, https:\/\/www.muenster.org\/ams\/wp-content\/uploads\/2024\/09\/Podium_2048x1536-1536x1152.jpg 1536w, https:\/\/www.muenster.org\/ams\/wp-content\/uploads\/2024\/09\/Podium_2048x1536.jpg 2048w\" sizes=\"auto, (max-width: 193px) 100vw, 193px\" \/><\/a><a href=\"http:\/\/www.muenster.org\/ams\/wp-content\/uploads\/2024\/09\/Herz_30_Jahre_2048x1536.jpg\" data-lbwps-width=\"2048\" data-lbwps-height=\"1536\" data-lbwps-srcsmall=\"http:\/\/www.muenster.org\/ams\/wp-content\/uploads\/2024\/09\/Herz_30_Jahre_2048x1536-300x225.jpg\"><img loading=\"lazy\" decoding=\"async\" class=\" wp-image-1468 alignleft\" src=\"http:\/\/www.muenster.org\/ams\/wp-content\/uploads\/2024\/09\/Herz_30_Jahre_2048x1536-300x225.jpg\" alt=\"\" width=\"190\" height=\"142\" srcset=\"https:\/\/www.muenster.org\/ams\/wp-content\/uploads\/2024\/09\/Herz_30_Jahre_2048x1536-300x225.jpg 300w, https:\/\/www.muenster.org\/ams\/wp-content\/uploads\/2024\/09\/Herz_30_Jahre_2048x1536-1024x768.jpg 1024w, https:\/\/www.muenster.org\/ams\/wp-content\/uploads\/2024\/09\/Herz_30_Jahre_2048x1536-768x576.jpg 768w, https:\/\/www.muenster.org\/ams\/wp-content\/uploads\/2024\/09\/Herz_30_Jahre_2048x1536-1536x1152.jpg 1536w, https:\/\/www.muenster.org\/ams\/wp-content\/uploads\/2024\/09\/Herz_30_Jahre_2048x1536.jpg 2048w\" sizes=\"auto, (max-width: 190px) 100vw, 190px\" \/><\/a><span style=\"color: #808080;\"><strong><span style=\"color: #3366ff;\">M\u00fcnster, 06.09.2024<\/span><br \/>\nAus den Landesverb\u00e4nden und Selbsthilfegruppen<br \/>\nAphasie und Schlaganfall 30 Jahre Aphasiegruppe M\u00fcnster<br \/>\nLV NRW.<br \/>\n<\/strong><\/span><span style=\"color: #808080;\"><strong>Am 6. September 2024 fand das Jubil\u00e4um anl\u00e4sslich des 30-j\u00e4hrigen<br \/>\nBestehens der Aphasie-SHG M\u00fcnster statt. Es war ein sehr gelungenes Fest mit<br \/>\nAphasie-Betroffenen und deren Angeh\u00f6rigen aus M\u00fcnster und dem M\u00fcnsterland,<br \/>\nden Kooperations-Teilnehmern vom Tilbecker Musikkreis aus Havixbeck und<br \/>\nverschiedenen Rede-Beitr\u00e4gen. Herzlich begr\u00fc\u00dft wurden alle von Gruppenleiter Burkhard Leydag, der die SHG am<br \/>\n2.9.1994 gr\u00fcndete. Lina Kohl, (Selbsthilfe-Kontaktstelle M\u00fcnster) betonte in ihrer Ansprache:<br \/>\n\u201eHerr Leydag war drei Jahrzehnte mit Engagement, Hingabe und Unterst\u00fctzung f\u00fcr Menschen mit Aphasie da. Das war und ist<br \/>\neine beeindruckende Leistung!\u201c<br \/>\nDer Oberb\u00fcrgermeister gratulierte aus Zeitgr\u00fcnden per E-Mail. Andrea Gatz (stellvertretende Landesvorsitzende) \u00fcberreichte Herrn Leydag die verdiente Jubil\u00e4ums-Urkunde zum 30-j\u00e4hrigen Bestehen der regionalen Aphasie-Selbsthilfegruppe M\u00fcnster mit besten Gr\u00fc\u00dfen des Bundesverbandes und hielt eine aussagekr\u00e4ftige Rede.<br \/>\nRatsherr Harald W\u00f6lter (Vorsitzender der Kommission f\u00fcr die Integration der Menschenmit Behinderung) sprach ausf\u00fchrlich \u00fcber die Umsetzung von Ma\u00dfnahmen, um Behindertenein gerechtes Leben in M\u00fcnster zu gew\u00e4hrleisten.<br \/>\n\u201eLast but not least\u201c sprach Pfarrer Heinz-Georg Surmund \u00fcber die ehrenamtlichen T\u00e4tigkeiten von Herrn Leydag. Zum<br \/>\nDer Gr\u00fcnder und langj\u00e4hrige SHG-Leiter, Burkhard Leydag, begr\u00fc\u00dft alle Teilnehmenden und G\u00e4ste sehr herzlich.<\/strong><\/span><\/h5>\n<p>&nbsp;<\/p>\n","protected":false},"excerpt":{"rendered":"<p>Fulda 21.06.2026 In W\u00fcrdigung von Burkhard Leydag 30-j\u00e4hringem Engagement als Leiter der Selbsthilfegruppe M\u00fcnster AMS wurde ihm die Ehrenmitgliedschaft des Bundesverbandes (BRA) verliehen. Die Selbsthilfegruppe gratuliert Burkhard zu dieser besonderen Ehrung herzlich. &nbsp; &nbsp; &nbsp; M\u00fcnster, 06.09.2024 Aus den Landesverb\u00e4nden und Selbsthilfegruppen Aphasie und Schlaganfall 30 Jahre Aphasiegruppe M\u00fcnster LV NRW. Am 6. September 2024 [&hellip;]<\/p>\n","protected":false},"author":1,"featured_media":0,"parent":0,"menu_order":0,"comment_status":"closed","ping_status":"closed","template":"","meta":{"footnotes":""},"class_list":["post-1673","page","type-page","status-publish","hentry"],"_links":{"self":[{"href":"https:\/\/www.muenster.org\/ams\/index.php?rest_route=\/wp\/v2\/pages\/1673","targetHints":{"allow":["GET"]}}],"collection":[{"href":"https:\/\/www.muenster.org\/ams\/index.php?rest_route=\/wp\/v2\/pages"}],"about":[{"href":"https:\/\/www.muenster.org\/ams\/index.php?rest_route=\/wp\/v2\/types\/page"}],"author":[{"embeddable":true,"href":"https:\/\/www.muenster.org\/ams\/index.php?rest_route=\/wp\/v2\/users\/1"}],"replies":[{"embeddable":true,"href":"https:\/\/www.muenster.org\/ams\/index.php?rest_route=%2Fwp%2Fv2%2Fcomments&post=1673"}],"version-history":[{"count":12,"href":"https:\/\/www.muenster.org\/ams\/index.php?rest_route=\/wp\/v2\/pages\/1673\/revisions"}],"predecessor-version":[{"id":1783,"href":"https:\/\/www.muenster.org\/ams\/index.php?rest_route=\/wp\/v2\/pages\/1673\/revisions\/1783"}],"wp:attachment":[{"href":"https:\/\/www.muenster.org\/ams\/index.php?rest_route=%2Fwp%2Fv2%2Fmedia&parent=1673"}],"curies":[{"name":"wp","href":"https:\/\/api.w.org\/{rel}","templated":true}]}}