{"id":19,"date":"2018-06-11T21:19:37","date_gmt":"2018-06-11T19:19:37","guid":{"rendered":"http:\/\/www.muenster.org\/wolbeckentdecken\/kontakt\/"},"modified":"2022-03-14T18:23:33","modified_gmt":"2022-03-14T17:23:33","slug":"kontakt","status":"publish","type":"page","link":"http:\/\/www.muenster.org\/wolbeckentdecken\/kontakt\/","title":{"rendered":"Kontakt"},"content":{"rendered":"<div class=\"ttr_Kontakt_html_row0 row\">\n<div class=\"post_column col-lg-12 col-md-6 col-sm-6 col-xs-12\">\n<div class=\"ttr_Kontakt_html_column00\">\n<div style=\"height: 0px; width: 0px; overflow: hidden; -webkit-margin-top-collapse: separate;\">&nbsp;<\/div>\n<div class=\"html_content\">\n<p>&nbsp;<\/p>\n<p style=\"margin: 0.14em 0em 0em 0.57em;\"><span style=\"font-size: 1.714em;\">Kontakt<\/span><\/p>\n<p>&nbsp;<\/p>\n<p style=\"margin: 0.14em 0em 0em 0.57em;\"><span style=\"font-weight: bold;\">B\u00fcrgerforum Wolbeck e.V.<\/span><\/p>\n<p style=\"margin: 0.14em 0em 0em 0.57em;\">Willi Schriek<\/p>\n<p style=\"margin: 0.14em 0em 0em 0.57em;\">Adresse: Silberbrink, 29 48167 M\u00fcnster<\/p>\n<p style=\"margin: 0.14em 0em 0em 0.57em;\">Telefon: 02506 460<\/p>\n<p style=\"margin: 0.14em 0em 0em 0.57em;\">E-Mail: vorstand@buergerforum-wolbeck.de<\/p>\n<p style=\"margin: 0.14em 0em 0em 0.57em;\">&nbsp;<\/p>\n<p style=\"margin: 0.14em 0em 0em 0.57em;\">&nbsp;<\/p>\n<p style=\"margin: 0.14em 0em 0em 0.57em;\">&nbsp;<\/p>\n<p style=\"margin: 0.14em 0em 0em 0.57em;\"><span style=\"font-weight: bold;\">F\u00fchrungen<\/span> (nach Vereinbarung\/Anmeldung)<\/p>\n<p style=\"margin: 0.14em 0em 0em 0.57em;\">&nbsp;<\/p>\n<p style=\"margin: 0.14em 0em 0em 0.57em;\">a) Durch den <span style=\"font-weight: bold;\">Ortskern<\/span> (das ehemalige Wigbold)<\/p>\n<p style=\"margin: 0.14em 0em 0em 0.57em;\">Heimatverein Wolbeck<\/p>\n<p style=\"margin: 0.14em 0em 0em 0.57em;\">&nbsp;<\/p>\n<p style=\"margin: 0.14em 0em 0em 0.57em;\">Alfons Gernholt, 02506\/7273<\/p>\n<p style=\"margin: 0.14em 0em 0em 0.57em;\">&nbsp;<\/p>\n<p style=\"margin: 0.14em 0em 0em 0.57em;\">b) <span style=\"font-weight: bold;\">Tiergarten<\/span> und <span style=\"font-weight: bold;\">Naturlehrpfad<\/span><\/p>\n<p style=\"margin: 0.14em 0em 0em 0.57em;\">Heimatverein Wolbeck &#8211; Alfons Gernholt, 02506\/7273<\/p>\n<p style=\"margin: 0.14em 0em 0em 0.57em;\">Naturschutzbund M\u00fcnsterland (Nabu), 0251\/9719433<\/p>\n<p style=\"margin: 0.14em 0em 0em 0.57em;\">&nbsp;<\/p>\n<p style=\"margin: 0.14em 0em 0em 0.57em;\">c) <span style=\"font-weight: bold;\">Karnevalsmuseum<\/span> der KG. ZiBoMO Wolbeck<\/p>\n<p style=\"margin: 0.14em 0em 0em 0.57em;\">Wilbernd J\u00e4ger, 02506\/307734<\/p>\n<p style=\"margin: 0.14em 0em 0em 0.57em;\">Thorsten Laumann, 02506\/816643<\/p>\n<p style=\"margin: 0.14em 0em 0em 0.57em;\">&nbsp;<\/p>\n<\/div>\n<div style=\"height: 0px; width: 0px; overflow: hidden; -webkit-margin-top-collapse: separate;\">&nbsp;<\/div>\n<div style=\"clear: both;\">&nbsp;<\/div>\n<\/div>\n<\/div>\n<div class=\"clearfix visible-lg-block visible-xs-block\">&nbsp;<\/div>\n<\/div>\n","protected":false},"excerpt":{"rendered":"<p>&nbsp; &nbsp; Kontakt &nbsp; B\u00fcrgerforum Wolbeck e.V. Willi Schriek Adresse: Silberbrink, 29 48167 M\u00fcnster Telefon: 02506 460 E-Mail: vorstand@buergerforum-wolbeck.de &nbsp; &nbsp; &nbsp; F\u00fchrungen (nach Vereinbarung\/Anmeldung) &nbsp; a) Durch den Ortskern (das ehemalige Wigbold) Heimatverein Wolbeck &nbsp; Alfons Gernholt, 02506\/7273 &nbsp; &hellip;<\/p>\n<p><a href=\"http:\/\/www.muenster.org\/wolbeckentdecken\/kontakt\/\">Continue Reading<span class=\"meta-nav\">&rarr;<\/span><\/a><\/p>\n","protected":false},"author":1,"featured_media":0,"parent":0,"menu_order":12,"comment_status":"closed","ping_status":"closed","template":"page-templates\/Kontakt_page.php","meta":{"ngg_post_thumbnail":0,"spay_email":""},"jetpack_sharing_enabled":true,"jetpack_shortlink":"https:\/\/wp.me\/Pa2lO4-j","_links":{"self":[{"href":"http:\/\/www.muenster.org\/wolbeckentdecken\/wp-json\/wp\/v2\/pages\/19"}],"collection":[{"href":"http:\/\/www.muenster.org\/wolbeckentdecken\/wp-json\/wp\/v2\/pages"}],"about":[{"href":"http:\/\/www.muenster.org\/wolbeckentdecken\/wp-json\/wp\/v2\/types\/page"}],"author":[{"embeddable":true,"href":"http:\/\/www.muenster.org\/wolbeckentdecken\/wp-json\/wp\/v2\/users\/1"}],"replies":[{"embeddable":true,"href":"http:\/\/www.muenster.org\/wolbeckentdecken\/wp-json\/wp\/v2\/comments?post=19"}],"version-history":[{"count":13,"href":"http:\/\/www.muenster.org\/wolbeckentdecken\/wp-json\/wp\/v2\/pages\/19\/revisions"}],"predecessor-version":[{"id":1337,"href":"http:\/\/www.muenster.org\/wolbeckentdecken\/wp-json\/wp\/v2\/pages\/19\/revisions\/1337"}],"wp:attachment":[{"href":"http:\/\/www.muenster.org\/wolbeckentdecken\/wp-json\/wp\/v2\/media?parent=19"}],"curies":[{"name":"wp","href":"https:\/\/api.w.org\/{rel}","templated":true}]}}