{"id":202,"date":"2015-09-18T14:46:04","date_gmt":"2015-09-18T12:46:04","guid":{"rendered":"http:\/\/www.muenster.org\/ungarn\/?page_id=202"},"modified":"2023-11-26T19:14:51","modified_gmt":"2023-11-26T18:14:51","slug":"magyarnyelvuistentiszteletek","status":"publish","type":"page","link":"http:\/\/www.muenster.org\/ungarn\/magyarnyelvuistentiszteletek\/","title":{"rendered":"Magyar nyelv\u0171 istentiszteletek"},"content":{"rendered":"<table width=\"100%\">\n<tbody>\n<tr>\n<td width=\"361\"><span style=\"text-decoration: underline;\"><strong>Magyar Katolikus Misszi\u00f3<\/strong><\/span><\/p>\n<p><strong>Simon P\u00e9ter<\/strong> (fot\u00f3)<\/p>\n<p>C\u00edm: Middelfeld 24, 48157 M\u00fcnster\/Handorf<br \/>\nTelefon: 0251 93257288<\/p>\n<p>Email: <a href=\"http:\/\/www.muenster.org\/ungarn\/ungarische-mission@bistum-muenster.de\">ungarische-mission@bistum-muenster.de<\/a><\/p>\n<p><a href=\"https:\/\/www.ungmis.de\/\">https:\/\/www.ungmis.de\/<\/a><\/td>\n<td width=\"248\">\u00a0<a href=\"http:\/\/www.muenster.org\/ungarn\/wp-content\/uploads\/2015\/09\/Peter2.jpg\"><img loading=\"lazy\" decoding=\"async\" class=\"alignright wp-image-270\" src=\"http:\/\/www.muenster.org\/ungarn\/wp-content\/uploads\/2015\/09\/Peter2.jpg\" alt=\"Peter\" width=\"212\" height=\"167\" \/><\/a><\/td>\n<\/tr>\n<\/tbody>\n<\/table>\n<p><strong>\u00a0<\/strong><\/p>\n<table width=\"100%\">\n<tbody>\n<tr>\n<td width=\"361\"><span style=\"text-decoration: underline;\"><strong>Rajna-Vesztf\u00e1liai Magyar Protest\u00e1ns Gy\u00fclekezet<\/strong><\/span><\/p>\n<p><strong>\u00a0Guly\u00e1s M\u00e1rta<\/strong> (fot\u00f3)<\/p>\n<p>C\u00edm:Tempelstr. 29, 50679 K\u00f6ln<br \/>\nTelefon: 0221 168 97 166<br \/>\nMobil: 0157 87 83 35 14<\/p>\n<p>Email: <a href=\"mailto:gulyas.m@ungarische-gemeinde.de\">gulyas.m@ungarische-gemeinde.de<\/a><\/p>\n<p><a href=\"http:\/\/ungarische-gemeinde.de\">http:\/\/ungarische-gemeinde.de<\/a><\/td>\n<td width=\"248\">\u00a0<a href=\"http:\/\/www.muenster.org\/ungarn\/wp-content\/uploads\/2015\/09\/Gulyas.jpg\"><img loading=\"lazy\" decoding=\"async\" class=\"alignright size-full wp-image-263\" src=\"http:\/\/www.muenster.org\/ungarn\/wp-content\/uploads\/2015\/09\/Gulyas.jpg\" alt=\"Gulyas\" width=\"194\" height=\"194\" srcset=\"http:\/\/www.muenster.org\/ungarn\/wp-content\/uploads\/2015\/09\/Gulyas.jpg 194w, http:\/\/www.muenster.org\/ungarn\/wp-content\/uploads\/2015\/09\/Gulyas-150x150.jpg 150w\" sizes=\"auto, (max-width: 194px) 100vw, 194px\" \/><\/a><\/td>\n<\/tr>\n<\/tbody>\n<\/table>\n","protected":false},"excerpt":{"rendered":"<p>Magyar Katolikus Misszi\u00f3 Simon P\u00e9ter (fot\u00f3) C\u00edm: Middelfeld 24, 48157 M\u00fcnster\/Handorf Telefon: 0251 93257288 Email: ungarische-mission@bistum-muenster.de https:\/\/www.ungmis.de\/ \u00a0 \u00a0 Rajna-Vesztf\u00e1liai Magyar Protest\u00e1ns Gy\u00fclekezet \u00a0Guly\u00e1s M\u00e1rta (fot\u00f3) C\u00edm:Tempelstr. 29, 50679 K\u00f6ln Telefon: 0221 168 97 166 Mobil: 0157 87 83 35 14 Email: gulyas.m@ungarische-gemeinde.de http:\/\/ungarische-gemeinde.de \u00a0<\/p>\n","protected":false},"author":1,"featured_media":0,"parent":0,"menu_order":0,"comment_status":"closed","ping_status":"closed","template":"","meta":{"footnotes":""},"class_list":["post-202","page","type-page","status-publish","hentry"],"_links":{"self":[{"href":"http:\/\/www.muenster.org\/ungarn\/wp-json\/wp\/v2\/pages\/202","targetHints":{"allow":["GET"]}}],"collection":[{"href":"http:\/\/www.muenster.org\/ungarn\/wp-json\/wp\/v2\/pages"}],"about":[{"href":"http:\/\/www.muenster.org\/ungarn\/wp-json\/wp\/v2\/types\/page"}],"author":[{"embeddable":true,"href":"http:\/\/www.muenster.org\/ungarn\/wp-json\/wp\/v2\/users\/1"}],"replies":[{"embeddable":true,"href":"http:\/\/www.muenster.org\/ungarn\/wp-json\/wp\/v2\/comments?post=202"}],"version-history":[{"count":8,"href":"http:\/\/www.muenster.org\/ungarn\/wp-json\/wp\/v2\/pages\/202\/revisions"}],"predecessor-version":[{"id":1261,"href":"http:\/\/www.muenster.org\/ungarn\/wp-json\/wp\/v2\/pages\/202\/revisions\/1261"}],"wp:attachment":[{"href":"http:\/\/www.muenster.org\/ungarn\/wp-json\/wp\/v2\/media?parent=202"}],"curies":[{"name":"wp","href":"https:\/\/api.w.org\/{rel}","templated":true}]}}